{"id":1484,"date":"2016-11-22T08:14:16","date_gmt":"2016-11-22T08:14:16","guid":{"rendered":"http:\/\/recycle.orionthemes.com\/demo-1\/?page_id=14"},"modified":"2025-07-09T20:51:43","modified_gmt":"2025-07-10T01:51:43","slug":"home","status":"publish","type":"page","link":"https:\/\/desarrollo.infobox.com.pe\/miempresacircular\/","title":{"rendered":"Home"},"content":{"rendered":"<div id=\"pl-1484\"  class=\"panel-layout\" ><div id=\"pg-1484-0\"  class=\"panel-grid panel-no-style\" ><div id=\"pgc-1484-0-0\"  class=\"panel-grid-cell\" ><div id=\"panel-1484-0-0-0\" class=\"widget_text so-panel widget widget_custom_html panel-first-child panel-last-child\" data-index=\"0\" ><div class=\"textwidget custom-html-widget\"><!-- BANNER INICIO -->\n<link rel=\"stylesheet\" href=\"https:\/\/cdn.jsdelivr.net\/npm\/swiper@9\/swiper-bundle.min.css\" \/>\n<style>\n  #inicio-slider .swiper {\n    width: 100%;\n    height: 80vh;\n    position: relative;\n  }\n\n  #inicio-slider .swiper-slide {\n    position: relative;\n    display: flex;\n    justify-content: center;\n    align-items: center;\n  }\n\n  #inicio-slider .slide-img {\n    width: 100%;\n    height: 100%;\n    object-fit: cover;\n  }\n\n  #inicio-slider .slide-texts {\n    position: absolute;\n    text-align: center;\n    z-index: 10;\n    color: white;\n    padding: 0 1rem;\n    max-width: 90%;\n  }\n\n  #inicio-slider .slide-text {\n    font-size: 2.5rem;\n    font-weight: bold;\n    opacity: 0;\n    transform: translateY(20px);\n    transition: all 1s ease;\n  }\n\n  #inicio-slider .swiper-slide-active .slide-text:nth-child(1) {\n    opacity: 1;\n    transform: translateY(0);\n    transition-delay: 0.2s;\n  }\n\n  #inicio-slider .swiper-slide-active .slide-text:nth-child(2) {\n    opacity: 1;\n    transform: translateY(0);\n    transition-delay: 0.5s;\n  }\n\n  #inicio-slider .swiper-slide-active .slide-text:nth-child(3) {\n    opacity: 1;\n    transform: translateY(0);\n    transition-delay: 0.8s;\n  }\n\n  #inicio-slider .swiper-slide-active .slide-button {\n    opacity: 1;\n    transform: translateY(0);\n    transition-delay: 1.2s;\n  }\n\n  #inicio-slider .swiper-button-next,\n  #inicio-slider .swiper-button-prev {\n    color: white;\n  }\n\n  @media (max-width: 768px) {\n    #inicio-slider .slide-text {\n      font-size: 1.5rem;\n    }\n\n    #inicio-slider .slide-button {\n      font-size: 1rem;\n      padding: 0.8rem 1.5rem;\n    }\n  }\n\n  #inicio-slider .slide-button {\n    display: inline-block;\n    margin-top: 1.5rem;\n    padding: 1rem 2rem;\n    background-color: #F9A825;\n    color: white;\n    font-weight: bold;\n    font-size: 1.3rem;\n    border-radius: 50px;\n    text-decoration: none;\n    transition: background-color 0.3s ease, transform 0.2s ease;\n    box-shadow: 0 4px 10px rgba(0, 0, 0, 0.2);\n    opacity: 0;\n    transform: translateY(20px);\n  }\n\n  #inicio-slider .slide-button:hover {\n    background-color: #f57f17;\n    transform: scale(1.05);\n  }\n<\/style>\n\n<!-- En el <body> -->\n<section id=\"inicio-slider\">\n  <div class=\"swiper mySwiper\">\n    <div class=\"swiper-wrapper\">\n      <!-- Slide 1 -->\n      <div class=\"swiper-slide\">\n        <img decoding=\"async\" src=\"\/miempresacircular\/wp-content\/uploads\/2025\/03\/Banners-web2-min.png\" class=\"slide-img\" \/>\n        <div class=\"slide-texts\">\n          <div class=\"slide-text\">\"Recuperar valor\"<\/div>\n          <div class=\"slide-text\">Comienza a cerrar el c\u00edrculo<\/div>\n        <\/div>\n      <\/div>\n\n      <!-- Slide 2 -->\n      <div class=\"swiper-slide\">\n        <img decoding=\"async\" src=\"\/miempresacircular\/wp-content\/uploads\/2025\/03\/WhatsApp-Image-2023-09-14-at-4.17.16-PM.jpeg\" class=\"slide-img\" \/>\n        <div class=\"slide-texts\">\n          <div class=\"slide-text\">\"Retener valor\"<\/div>\n          <div class=\"slide-text\">Mant\u00e9n el c\u00edrculo<\/div>\n        <\/div>\n      <\/div>\n\n      <!-- Slide 3 -->\n      <div class=\"swiper-slide\">\n        <img decoding=\"async\" src=\"\/miempresacircular\/wp-content\/uploads\/2023\/09\/WhatsApp-Image-2023-09-14-at-4.17.16-PM-2.jpeg\" class=\"slide-img\" \/>\n        <div class=\"slide-texts\">\n          <div class=\"slide-text\">\"Crear valor agregado\"<\/div>\n          <div class=\"slide-text\">Piensa Circular<\/div>\n        <\/div>\n      <\/div>\n\n      <!-- Slide 4 -->\n      <div class=\"swiper-slide\">\n        <img decoding=\"async\" src=\"\/miempresacircular\/wp-content\/uploads\/2025\/04\/Tu_mj_energia.jpg\" class=\"slide-img\" \/>\n        <div class=\"slide-texts\">\n          <div class=\"slide-text\">Aplica la estrategia \u201cMant\u00e9n el c\u00edrculo\u201d y optimiza el uso de la energ\u00eda sum\u00e1ndote al Movimiento \u201cTu Mejor Energ\u00eda\u201d<\/div>\n          <div class=\"slide-text\">\u00a1Da el primer paso hacia la circularidad!<\/div>\n          <a href=\"\/miempresacircular\/tu-mejor-energia\/\" class=\"slide-button\">\ud83d\udc49 Haz clic aqu\u00ed y descubre c\u00f3mo #TransformaLaL\u00ednea<\/a>\n        <\/div>\n      <\/div>\n\n      <!-- Slide 5 -->\n      <div class=\"swiper-slide\">\n        <img decoding=\"async\" src=\"\/miempresacircular\/wp-content\/uploads\/2025\/04\/proinnovate1__.jpg\" class=\"slide-img\" \/>\n        <div class=\"slide-texts\">\n          <div class=\"slide-text\">Fondos ProInn\u00f3vate<\/div>\n          <div class=\"slide-text\">Crea y valida productos, procesos y servicios innovadores y sostenibles.<\/div>\n          <a href=\"https:\/\/calendario.proinnovate.gob.pe\/\" class=\"slide-button\">Obt\u00e9n financiamiento para tu proyecto aqu\u00ed<\/a>\n        <\/div>\n      <\/div>\n    <\/div>\n\n    <!-- Flechas -->\n    <div class=\"swiper-button-next\"><\/div>\n    <div class=\"swiper-button-prev\"><\/div>\n  <\/div>\n<\/section>\n\n<!-- Swiper script -->\n\n<script src=\"https:\/\/cdn.jsdelivr.net\/npm\/swiper@9\/swiper-bundle.min.js\"><\/script>\n<script>\n  const swiper = new Swiper(\".mySwiper\", {\n    loop: true,\n    autoplay: {\n      delay: 4000,\n      disableOnInteraction: false,\n    },\n    effect: \"fade\",\n    speed: 1000,\n    navigation: {\n      nextEl: \".swiper-button-next\",\n      prevEl: \".swiper-button-prev\",\n    },\n    on: {\n      slideChangeTransitionEnd: function () {\n        \/\/ Forzamos reflow para activar correctamente la animaci\u00f3n cuando se repite\n        const activeSlide = this.slides[this.activeIndex];\n        const texts = activeSlide.querySelectorAll(\".slide-text, .slide-button\");\n        texts.forEach(el => {\n          el.style.opacity = \"0\";\n          el.style.transform = \"translateY(20px)\";\n          void el.offsetWidth; \/\/ \ud83d\udca1 Forzar reflow\n          el.style.opacity = \"\";\n          el.style.transform = \"\";\n        });\n      }\n    }\n  });\n<\/script>\n\n\n<\/div><\/div><\/div><\/div><div id=\"pg-1484-1\"  class=\"panel-grid panel-no-style\" ><div id=\"pgc-1484-1-0\"  class=\"panel-grid-cell\" ><div id=\"panel-1484-1-0-0\" class=\"so-panel widget widget_text panel-first-child\" data-index=\"1\" ><div class=\"container panel-widget-style panel-widget-style-for-1484-1-0-0\" ><h2 class=\"h5 widget-title\">Explorar por sector<\/h2>\t\t\t<div class=\"textwidget\"><\/div>\n\t\t<\/div><\/div><div id=\"panel-1484-1-0-1\" class=\"so-panel widget widget_custom_blocks_widget panel-last-child\" data-index=\"2\" ><div class=\"Bloques_Tematicos panel-widget-style panel-widget-style-for-1484-1-0-1\" >\t<div class=\"container\">\n        <div class=\"row g-2 bloques-tematicos\">\n            \t\t\t\t\t<div class=\"col-md-4 col-lg-2 bloque \">\n\t\t\t\t\t\t\t\t\t\t\t\t\t<a href=\"\/miempresacircular\/category\/textil-confecciones\/\" class=\"text-decoration-none bloque-link\">\n\t\t\t\t\t\t\t\t\t\t\t\t<div class=\"card theme-card bg-custom-purple text-white h-100 rounded-0 text-center\">\n\t\t\t\t\t\t<div class=\"card-body\">\n\t\t\t\t\t\t\t<h5 class=\"card-title h6\">Textil Confecciones<\/h5>\n\t\t\t\t\t\t\t<p class=\"card-text small\">Transforma el dise\u00f1o y producci\u00f3n de tus prendas con pr\u00e1cticas circulares, impulsando la moda sostenible<\/p>\n\t\t\t\t\t\t<\/div>\n\t\t\t\t\t\t<\/div>\n\t\t\t\t\t\t\t\t\t\t\t\t\t<\/a>\n\t\t\t\t\t\t\t\t\t\t\t<\/div>\n                \t\t\t\t\t<div class=\"col-md-4 col-lg-2 bloque \">\n\t\t\t\t\t\t\t\t\t\t\t\t\t<a href=\"\/miempresacircular\/category\/calzado\/\" class=\"text-decoration-none bloque-link\">\n\t\t\t\t\t\t\t\t\t\t\t\t<div class=\"card theme-card bg-custom-orange text-white h-100 rounded-0 text-center\">\n\t\t\t\t\t\t<div class=\"card-body\">\n\t\t\t\t\t\t\t<h5 class=\"card-title h6\">Cuero y calzado<\/h5>\n\t\t\t\t\t\t\t<p class=\"card-text small\">Camina hacia la sostenibilidad fusionando dise\u00f1o innovador y sostenibilidad en cada paso<\/p>\n\t\t\t\t\t\t<\/div>\n\t\t\t\t\t\t<\/div>\n\t\t\t\t\t\t\t\t\t\t\t\t\t<\/a>\n\t\t\t\t\t\t\t\t\t\t\t<\/div>\n                \t\t\t\t\t<div class=\"col-md-4 col-lg-2 bloque \">\n\t\t\t\t\t\t\t\t\t\t\t\t\t<a href=\"\/miempresacircular\/category\/agroindustria\/\" class=\"text-decoration-none bloque-link\">\n\t\t\t\t\t\t\t\t\t\t\t\t<div class=\"card theme-card bg-custom-green text-white h-100 rounded-0 text-center\">\n\t\t\t\t\t\t<div class=\"card-body\">\n\t\t\t\t\t\t\t<h5 class=\"card-title h6\">Agroindustria<\/h5>\n\t\t\t\t\t\t\t<p class=\"card-text small\">Nutre el mundo con pr\u00e1cticas circulares. Impulsando un futuro responsable y sostenible<\/p>\n\t\t\t\t\t\t<\/div>\n\t\t\t\t\t\t<\/div>\n\t\t\t\t\t\t\t\t\t\t\t\t\t<\/a>\n\t\t\t\t\t\t\t\t\t\t\t<\/div>\n                \t\t\t\t\t<div class=\"col-md-4 col-lg-2 bloque \">\n\t\t\t\t\t\t\t\t\t\t\t\t\t<a href=\"\/miempresacircular\/category\/plastico\/\" class=\"text-decoration-none bloque-link\">\n\t\t\t\t\t\t\t\t\t\t\t\t<div class=\"card theme-card bg-custom-yellow text-white h-100 rounded-0 text-center\">\n\t\t\t\t\t\t<div class=\"card-body\">\n\t\t\t\t\t\t\t<h5 class=\"card-title h6\">Pl\u00e1stico<\/h5>\n\t\t\t\t\t\t\t<p class=\"card-text small\">Transforma los desaf\u00edos del pl\u00e1stico en oportunidades, dise\u00f1ando envases y embalajes sostenibles<\/p>\n\t\t\t\t\t\t<\/div>\n\t\t\t\t\t\t<\/div>\n\t\t\t\t\t\t\t\t\t\t\t\t\t<\/a>\n\t\t\t\t\t\t\t\t\t\t\t<\/div>\n                \t\t\t\t\t<div class=\"col-md-4 col-lg-2 bloque \">\n\t\t\t\t\t\t\t\t\t\t\t\t\t<a href=\"\/miempresacircular\/category\/mobiliario\/\" class=\"text-decoration-none bloque-link\">\n\t\t\t\t\t\t\t\t\t\t\t\t<div class=\"card theme-card bg-custom-orange text-white h-100 rounded-0 text-center\">\n\t\t\t\t\t\t<div class=\"card-body\">\n\t\t\t\t\t\t\t<h5 class=\"card-title h6\">Mobiliario (metal y madera)<\/h5>\n\t\t\t\t\t\t\t<p class=\"card-text small\">Dise\u00f1a, recupera y fabrica mobiliario creando espacios acogedores aumentando tu rentabilidad<\/p>\n\t\t\t\t\t\t<\/div>\n\t\t\t\t\t\t<\/div>\n\t\t\t\t\t\t\t\t\t\t\t\t\t<\/a>\n\t\t\t\t\t\t\t\t\t\t\t<\/div>\n                \t\t\t\t\t<div class=\"col-md-4 col-lg-2 bloque \">\n\t\t\t\t\t\t\t\t\t\t\t\t<div class=\"card theme-card bg-custom-blue text-white h-100 rounded-0 text-center\">\n\t\t\t\t\t\t<div class=\"card-body\">\n\t\t\t\t\t\t\t<h5 class=\"card-title h6\">Comercio interno<\/h5>\n\t\t\t\t\t\t\t<p class=\"card-text small\">Consume de manera sostenible, promoviendo el comercio interno con pr\u00e1cticas circulares para un futuro econ\u00f3mico y sostenible.<\/p>\n\t\t\t\t\t\t<\/div>\n\t\t\t\t\t\t<\/div>\n\t\t\t\t\t\t\t\t\t\t\t<\/div>\n                        <\/div>\n\t<\/div>\n\n\t\t<script>\n\t\t\tjQuery(document).ready(function($) {\n\t\t\t\tconsole.log(\"El widget Bloques Tem\u00e1ticos se ha generado y jQuery est\u00e1 funcionando.\");\n\t\t\t});\n\t\t<\/script>\n\n        <\/div><\/div><\/div><\/div><div id=\"pg-1484-2\"  class=\"panel-grid panel-no-style\" ><div id=\"pgc-1484-2-0\"  class=\"panel-grid-cell\" ><div id=\"panel-1484-2-0-0\" class=\"widget_text so-panel widget widget_custom_html panel-first-child panel-last-child\" data-index=\"3\" ><div class=\"textwidget custom-html-widget\"><div style=\"display: flex; justify-content: space-between; align-items: center; margin-bottom: 10px; margin-top: 20px; margin-left: 8.1%; margin-right: 10.7%\">\n  <h3 style=\"color: #1e4f7e; font-size: 18px; margin: 0;\">Novedades<\/h3>\n  <a href=\"\/miempresacircular\/novedades\/\" style=\"color: #1e4f7e; font-size: 16px; text-decoration: none;\">Ver m\u00e1s<\/a>\n<\/div>\n<\/div><\/div><\/div><\/div><div id=\"pg-1484-3\"  class=\"panel-grid panel-no-style\" ><div id=\"pgc-1484-3-0\"  class=\"panel-grid-cell\" ><div id=\"panel-1484-3-0-0\" class=\"so-panel widget widget_text panel-first-child panel-last-child\" data-index=\"4\" ><div class=\"container panel-widget-style panel-widget-style-for-1484-3-0-0\" >\t\t\t<div class=\"textwidget\">\n<div class=\"wprpsp-carousel-pro-slider-wrp wprpsp-clearfix \" data-conf=\"{&quot;dots&quot;:&quot;false&quot;,&quot;arrows&quot;:&quot;true&quot;,&quot;autoplay&quot;:&quot;true&quot;,&quot;autoplay_interval&quot;:3000,&quot;speed&quot;:300,&quot;slides_to_show&quot;:4,&quot;slides_to_scroll&quot;:1,&quot;centermode&quot;:&quot;false&quot;,&quot;centerpadding&quot;:0,&quot;infinite&quot;:&quot;true&quot;,&quot;hover_pause&quot;:&quot;true&quot;,&quot;focus_pause&quot;:&quot;false&quot;,&quot;rtl&quot;:&quot;false&quot;,&quot;lazyload&quot;:&quot;&quot;}\">\n\t<div id=\"wprpsp-recent-post-carousel-1\" class=\"wprpsp-recent-post-carousel wprpsp-post-slider-init wprpsp-design-1 wprpsp-image-fit slides-to-show-4 wprpsp-clearfix\">\n<div class=\"wprpsp-post-slides\">\n\t<div class=\"wprpsp-post-grid-content \">\n\t\t\t\t\t<div class=\"wprpsp-post-image-wrap wprpsp-post-image-bg\" style=\"\">\n\t\t\t\t<a href=\"https:\/\/desarrollo.infobox.com.pe\/miempresacircular\/2025\/05\/27\/transformacion-sostenible-empresas-ancla-claves-para-impulsar-la-economia-circular-en-los-sectores-de-manufactura-y-retail\/\" target=\"_self\">\n\t\t\t\t\t<img decoding=\"async\" class=\"wprpsp-post-img\"  src=\"https:\/\/desarrollo.infobox.com.pe\/miempresacircular\/wp-content\/uploads\/2025\/05\/Pr_oCircula______.png\" alt=\"Transformaci\u00f3n sostenible: empresas ancla claves para impulsar la econom\u00eda circular en los sectores de manufactura y retail.\" \/>\n\t\t\t\t<\/a>\n\t\t\t<\/div>\n\t\t\t\t\t<h2 class=\"wprpsp-post-title\">\n\t\t\t\t<a href=\"https:\/\/desarrollo.infobox.com.pe\/miempresacircular\/2025\/05\/27\/transformacion-sostenible-empresas-ancla-claves-para-impulsar-la-economia-circular-en-los-sectores-de-manufactura-y-retail\/\" target=\"_self\">Transformaci\u00f3n sostenible: empresas ancla claves para impulsar la econom\u00eda circular en los sectores de manufactura y retail.<\/a>\n\t\t\t<\/h2>\n\t\t\t\t\t<div class=\"wprpsp-post-cats-wrap\"><ul class=\"post-categories wprpsp-post-categories\"><li><a href=\"https:\/\/desarrollo.infobox.com.pe\/miempresacircular\/category\/novedades\/noticias\/\" rel=\"category\" target=\"_self\"> Noticias <\/a><\/li><li><a href=\"https:\/\/desarrollo.infobox.com.pe\/miempresacircular\/category\/novedades\/\" rel=\"category\" target=\"_self\"> Novedades <\/a><\/li><\/ul><\/div>\n\t\t\t\t\t<div class=\"wprpsp-post-date\">\n\t\t\t\t\t\t\t\t\t\t\t\t27\/05\/2025\t\t\t<\/div>\n\t\t\t\t\t<div class=\"wprpsp-post-content\">\n\t\t\t\t<div>ProCircular identific\u00f3 y prioriz\u00f3 empresas ancla en los sectores de alimentos, bebidas y retail para...<\/div>\n\t\t\t\t\t\t\t\t\t<a class=\"wprpsp-read-more-btn\" href=\"https:\/\/desarrollo.infobox.com.pe\/miempresacircular\/2025\/05\/27\/transformacion-sostenible-empresas-ancla-claves-para-impulsar-la-economia-circular-en-los-sectores-de-manufactura-y-retail\/\" target=\"_self\">Leer m\u00e1s<\/a>\n\t\t\t\t\t\t\t<\/div>\n\t\t\t<\/div>\n<\/div>\n<div class=\"wprpsp-post-slides\">\n\t<div class=\"wprpsp-post-grid-content \">\n\t\t\t\t\t<div class=\"wprpsp-post-image-wrap wprpsp-post-image-bg\" style=\"\">\n\t\t\t\t<a href=\"https:\/\/desarrollo.infobox.com.pe\/miempresacircular\/2025\/05\/27\/produce-impulsa-hoja-de-ruta-hacia-una-economia-circular-en-la-industria-manufacturera-y-comercio-interno-2-0\/\" target=\"_self\">\n\t\t\t\t\t<img decoding=\"async\" class=\"wprpsp-post-img\"  src=\"https:\/\/desarrollo.infobox.com.pe\/miempresacircular\/wp-content\/uploads\/2025\/05\/Pr_oCircula_____.png\" alt=\"PRODUCE impulsa Hoja de Ruta hacia una Econom\u00eda Circular en la Industria Manufacturera y Comercio Interno 2.0\" \/>\n\t\t\t\t<\/a>\n\t\t\t<\/div>\n\t\t\t\t\t<h2 class=\"wprpsp-post-title\">\n\t\t\t\t<a href=\"https:\/\/desarrollo.infobox.com.pe\/miempresacircular\/2025\/05\/27\/produce-impulsa-hoja-de-ruta-hacia-una-economia-circular-en-la-industria-manufacturera-y-comercio-interno-2-0\/\" target=\"_self\">PRODUCE impulsa Hoja de Ruta hacia una Econom\u00eda Circular en la Industria Manufacturera y Comercio Interno 2.0<\/a>\n\t\t\t<\/h2>\n\t\t\t\t\t<div class=\"wprpsp-post-cats-wrap\"><ul class=\"post-categories wprpsp-post-categories\"><li><a href=\"https:\/\/desarrollo.infobox.com.pe\/miempresacircular\/category\/novedades\/noticias\/\" rel=\"category\" target=\"_self\"> Noticias <\/a><\/li><li><a href=\"https:\/\/desarrollo.infobox.com.pe\/miempresacircular\/category\/novedades\/\" rel=\"category\" target=\"_self\"> Novedades <\/a><\/li><\/ul><\/div>\n\t\t\t\t\t<div class=\"wprpsp-post-date\">\n\t\t\t\t\t\t\t\t\t\t\t\t27\/05\/2025\t\t\t<\/div>\n\t\t\t\t\t<div class=\"wprpsp-post-content\">\n\t\t\t\t<div>El 21 de febrero, PRODUCE present\u00f3 los avances de la Hoja de Ruta hacia una...<\/div>\n\t\t\t\t\t\t\t\t\t<a class=\"wprpsp-read-more-btn\" href=\"https:\/\/desarrollo.infobox.com.pe\/miempresacircular\/2025\/05\/27\/produce-impulsa-hoja-de-ruta-hacia-una-economia-circular-en-la-industria-manufacturera-y-comercio-interno-2-0\/\" target=\"_self\">Leer m\u00e1s<\/a>\n\t\t\t\t\t\t\t<\/div>\n\t\t\t<\/div>\n<\/div>\n<div class=\"wprpsp-post-slides\">\n\t<div class=\"wprpsp-post-grid-content \">\n\t\t\t\t\t<div class=\"wprpsp-post-image-wrap wprpsp-post-image-bg\" style=\"\">\n\t\t\t\t<a href=\"https:\/\/desarrollo.infobox.com.pe\/miempresacircular\/2025\/05\/27\/produce-avanza-en-la-actualizacion-de-la-hoja-de-ruta-para-la-industria-y-el-comercio-interno-2-0\/\" target=\"_self\">\n\t\t\t\t\t<img decoding=\"async\" class=\"wprpsp-post-img\"  src=\"https:\/\/desarrollo.infobox.com.pe\/miempresacircular\/wp-content\/uploads\/2025\/05\/ProCircula___.jpg.png\" alt=\"PRODUCE avanza en la actualizaci\u00f3n de la Hoja de Ruta para la industria y el comercio interno 2.0\" \/>\n\t\t\t\t<\/a>\n\t\t\t<\/div>\n\t\t\t\t\t<h2 class=\"wprpsp-post-title\">\n\t\t\t\t<a href=\"https:\/\/desarrollo.infobox.com.pe\/miempresacircular\/2025\/05\/27\/produce-avanza-en-la-actualizacion-de-la-hoja-de-ruta-para-la-industria-y-el-comercio-interno-2-0\/\" target=\"_self\">PRODUCE avanza en la actualizaci\u00f3n de la Hoja de Ruta para la industria y el comercio interno 2.0<\/a>\n\t\t\t<\/h2>\n\t\t\t\t\t<div class=\"wprpsp-post-cats-wrap\"><ul class=\"post-categories wprpsp-post-categories\"><li><a href=\"https:\/\/desarrollo.infobox.com.pe\/miempresacircular\/category\/novedades\/noticias\/\" rel=\"category\" target=\"_self\"> Noticias <\/a><\/li><li><a href=\"https:\/\/desarrollo.infobox.com.pe\/miempresacircular\/category\/novedades\/\" rel=\"category\" target=\"_self\"> Novedades <\/a><\/li><\/ul><\/div>\n\t\t\t\t\t<div class=\"wprpsp-post-date\">\n\t\t\t\t\t\t\t\t\t\t\t\t27\/05\/2025\t\t\t<\/div>\n\t\t\t\t\t<div class=\"wprpsp-post-content\">\n\t\t\t\t<div>El 21 de marzo, PRODUCE y GIZ realizaron un segundo taller participativo para actualizar la...<\/div>\n\t\t\t\t\t\t\t\t\t<a class=\"wprpsp-read-more-btn\" href=\"https:\/\/desarrollo.infobox.com.pe\/miempresacircular\/2025\/05\/27\/produce-avanza-en-la-actualizacion-de-la-hoja-de-ruta-para-la-industria-y-el-comercio-interno-2-0\/\" target=\"_self\">Leer m\u00e1s<\/a>\n\t\t\t\t\t\t\t<\/div>\n\t\t\t<\/div>\n<\/div>\n<div class=\"wprpsp-post-slides\">\n\t<div class=\"wprpsp-post-grid-content \">\n\t\t\t\t\t<div class=\"wprpsp-post-image-wrap wprpsp-post-image-bg\" style=\"\">\n\t\t\t\t<a href=\"https:\/\/desarrollo.infobox.com.pe\/miempresacircular\/2025\/05\/27\/peru-y-alemania-comprometidos-con-un-futuro-circular-se-realizo-firma-de-convenio-del-proyecto-procircular\/\" target=\"_self\">\n\t\t\t\t\t<img decoding=\"async\" class=\"wprpsp-post-img\"  src=\"https:\/\/desarrollo.infobox.com.pe\/miempresacircular\/wp-content\/uploads\/2025\/05\/logo__9.png\" alt=\"\u00a1Per\u00fa y Alemania comprometidos con un futuro circular! Se realiz\u00f3 firma de convenio del proyecto ProCircular\" \/>\n\t\t\t\t<\/a>\n\t\t\t<\/div>\n\t\t\t\t\t<h2 class=\"wprpsp-post-title\">\n\t\t\t\t<a href=\"https:\/\/desarrollo.infobox.com.pe\/miempresacircular\/2025\/05\/27\/peru-y-alemania-comprometidos-con-un-futuro-circular-se-realizo-firma-de-convenio-del-proyecto-procircular\/\" target=\"_self\">\u00a1Per\u00fa y Alemania comprometidos con un futuro circular! Se realiz\u00f3 firma de convenio del proyecto ProCircular<\/a>\n\t\t\t<\/h2>\n\t\t\t\t\t<div class=\"wprpsp-post-cats-wrap\"><ul class=\"post-categories wprpsp-post-categories\"><li><a href=\"https:\/\/desarrollo.infobox.com.pe\/miempresacircular\/category\/novedades\/noticias\/\" rel=\"category\" target=\"_self\"> Noticias <\/a><\/li><li><a href=\"https:\/\/desarrollo.infobox.com.pe\/miempresacircular\/category\/novedades\/\" rel=\"category\" target=\"_self\"> Novedades <\/a><\/li><\/ul><\/div>\n\t\t\t\t\t<div class=\"wprpsp-post-date\">\n\t\t\t\t\t\t\t\t\t\t\t\t27\/05\/2025\t\t\t<\/div>\n\t\t\t\t\t<div class=\"wprpsp-post-content\">\n\t\t\t\t<div>El 13 de diciembre, PRODUCE y la cooperaci\u00f3n alemana (GIZ) firmaron el convenio que da...<\/div>\n\t\t\t\t\t\t\t\t\t<a class=\"wprpsp-read-more-btn\" href=\"https:\/\/desarrollo.infobox.com.pe\/miempresacircular\/2025\/05\/27\/peru-y-alemania-comprometidos-con-un-futuro-circular-se-realizo-firma-de-convenio-del-proyecto-procircular\/\" target=\"_self\">Leer m\u00e1s<\/a>\n\t\t\t\t\t\t\t<\/div>\n\t\t\t<\/div>\n<\/div>\n<div class=\"wprpsp-post-slides\">\n\t<div class=\"wprpsp-post-grid-content \">\n\t\t\t\t\t<div class=\"wprpsp-post-image-wrap wprpsp-post-image-bg\" style=\"\">\n\t\t\t\t<a href=\"https:\/\/desarrollo.infobox.com.pe\/miempresacircular\/2025\/05\/27\/especialistas-del-itp-red-cite-fortalecen-capacidades-para-brindar-el-servicio-de-medicion-de-la-circularidad-para-mipyme\/\" target=\"_self\">\n\t\t\t\t\t<img decoding=\"async\" class=\"wprpsp-post-img\"  src=\"https:\/\/desarrollo.infobox.com.pe\/miempresacircular\/wp-content\/uploads\/2025\/05\/Imagen9___.jpg\" alt=\"Especialistas del ITP red CITE fortalecen capacidades para brindar el servicio de medici\u00f3n de la circularidad para MIPYME.\" \/>\n\t\t\t\t<\/a>\n\t\t\t<\/div>\n\t\t\t\t\t<h2 class=\"wprpsp-post-title\">\n\t\t\t\t<a href=\"https:\/\/desarrollo.infobox.com.pe\/miempresacircular\/2025\/05\/27\/especialistas-del-itp-red-cite-fortalecen-capacidades-para-brindar-el-servicio-de-medicion-de-la-circularidad-para-mipyme\/\" target=\"_self\">Especialistas del ITP red CITE fortalecen capacidades para brindar el servicio de medici\u00f3n de la circularidad para MIPYME.<\/a>\n\t\t\t<\/h2>\n\t\t\t\t\t<div class=\"wprpsp-post-cats-wrap\"><ul class=\"post-categories wprpsp-post-categories\"><li><a href=\"https:\/\/desarrollo.infobox.com.pe\/miempresacircular\/category\/novedades\/noticias\/\" rel=\"category\" target=\"_self\"> Noticias <\/a><\/li><li><a href=\"https:\/\/desarrollo.infobox.com.pe\/miempresacircular\/category\/novedades\/\" rel=\"category\" target=\"_self\"> Novedades <\/a><\/li><\/ul><\/div>\n\t\t\t\t\t<div class=\"wprpsp-post-date\">\n\t\t\t\t\t\t\t\t\t\t\t\t27\/05\/2025\t\t\t<\/div>\n\t\t\t\t\t<div class=\"wprpsp-post-content\">\n\t\t\t\t<div>Los d\u00edas 21 y 22 de abril, 34 especialistas de la Red CITE del ITP...<\/div>\n\t\t\t\t\t\t\t\t\t<a class=\"wprpsp-read-more-btn\" href=\"https:\/\/desarrollo.infobox.com.pe\/miempresacircular\/2025\/05\/27\/especialistas-del-itp-red-cite-fortalecen-capacidades-para-brindar-el-servicio-de-medicion-de-la-circularidad-para-mipyme\/\" target=\"_self\">Leer m\u00e1s<\/a>\n\t\t\t\t\t\t\t<\/div>\n\t\t\t<\/div>\n<\/div>\n<div class=\"wprpsp-post-slides\">\n\t<div class=\"wprpsp-post-grid-content \">\n\t\t\t\t\t<div class=\"wprpsp-post-image-wrap wprpsp-post-image-bg\" style=\"\">\n\t\t\t\t<a href=\"https:\/\/desarrollo.infobox.com.pe\/miempresacircular\/2025\/05\/27\/produce-y-cooperacion-alemana-para-el-desarrollo-impulsan-la-economia-circular-en-las-cadenas-de-valor-del-pais\/\" target=\"_self\">\n\t\t\t\t\t<img decoding=\"async\" class=\"wprpsp-post-img\"  src=\"https:\/\/desarrollo.infobox.com.pe\/miempresacircular\/wp-content\/uploads\/2025\/05\/Imagen8___.jpg\" alt=\"PRODUCE y cooperaci\u00f3n alemana para el desarrollo impulsan la econom\u00eda circular en las cadenas de valor del pa\u00eds\" \/>\n\t\t\t\t<\/a>\n\t\t\t<\/div>\n\t\t\t\t\t<h2 class=\"wprpsp-post-title\">\n\t\t\t\t<a href=\"https:\/\/desarrollo.infobox.com.pe\/miempresacircular\/2025\/05\/27\/produce-y-cooperacion-alemana-para-el-desarrollo-impulsan-la-economia-circular-en-las-cadenas-de-valor-del-pais\/\" target=\"_self\">PRODUCE y cooperaci\u00f3n alemana para el desarrollo impulsan la econom\u00eda circular en las cadenas de valor del pa\u00eds<\/a>\n\t\t\t<\/h2>\n\t\t\t\t\t<div class=\"wprpsp-post-cats-wrap\"><ul class=\"post-categories wprpsp-post-categories\"><li><a href=\"https:\/\/desarrollo.infobox.com.pe\/miempresacircular\/category\/novedades\/noticias\/\" rel=\"category\" target=\"_self\"> Noticias <\/a><\/li><li><a href=\"https:\/\/desarrollo.infobox.com.pe\/miempresacircular\/category\/novedades\/\" rel=\"category\" target=\"_self\"> Novedades <\/a><\/li><\/ul><\/div>\n\t\t\t\t\t<div class=\"wprpsp-post-date\">\n\t\t\t\t\t\t\t\t\t\t\t\t27\/05\/2025\t\t\t<\/div>\n\t\t\t\t\t<div class=\"wprpsp-post-content\">\n\t\t\t\t<div>El 4 de marzo se valid\u00f3 el plan operativo 2025 del proyecto ProCircular, liderado por...<\/div>\n\t\t\t\t\t\t\t\t\t<a class=\"wprpsp-read-more-btn\" href=\"https:\/\/desarrollo.infobox.com.pe\/miempresacircular\/2025\/05\/27\/produce-y-cooperacion-alemana-para-el-desarrollo-impulsan-la-economia-circular-en-las-cadenas-de-valor-del-pais\/\" target=\"_self\">Leer m\u00e1s<\/a>\n\t\t\t\t\t\t\t<\/div>\n\t\t\t<\/div>\n<\/div>\n<div class=\"wprpsp-post-slides\">\n\t<div class=\"wprpsp-post-grid-content \">\n\t\t\t\t\t<div class=\"wprpsp-post-image-wrap wprpsp-post-image-bg\" style=\"\">\n\t\t\t\t<a href=\"https:\/\/desarrollo.infobox.com.pe\/miempresacircular\/2025\/05\/27\/responsabilidad-extendida-del-productor-una-herramienta-estrategica-para-el-desarrollo-industrial-sostenible-en-el-peru\/\" target=\"_self\">\n\t\t\t\t\t<img decoding=\"async\" class=\"wprpsp-post-img\"  src=\"https:\/\/desarrollo.infobox.com.pe\/miempresacircular\/wp-content\/uploads\/2025\/05\/Imagen6___.jpg\" alt=\"Responsabilidad Extendida del Productor: una herramienta estrat\u00e9gica para el desarrollo industrial sostenible en el Per\u00fa\" \/>\n\t\t\t\t<\/a>\n\t\t\t<\/div>\n\t\t\t\t\t<h2 class=\"wprpsp-post-title\">\n\t\t\t\t<a href=\"https:\/\/desarrollo.infobox.com.pe\/miempresacircular\/2025\/05\/27\/responsabilidad-extendida-del-productor-una-herramienta-estrategica-para-el-desarrollo-industrial-sostenible-en-el-peru\/\" target=\"_self\">Responsabilidad Extendida del Productor: una herramienta estrat\u00e9gica para el desarrollo industrial sostenible en el Per\u00fa<\/a>\n\t\t\t<\/h2>\n\t\t\t\t\t<div class=\"wprpsp-post-cats-wrap\"><ul class=\"post-categories wprpsp-post-categories\"><li><a href=\"https:\/\/desarrollo.infobox.com.pe\/miempresacircular\/category\/novedades\/noticias\/\" rel=\"category\" target=\"_self\"> Noticias <\/a><\/li><li><a href=\"https:\/\/desarrollo.infobox.com.pe\/miempresacircular\/category\/novedades\/\" rel=\"category\" target=\"_self\"> Novedades <\/a><\/li><\/ul><\/div>\n\t\t\t\t\t<div class=\"wprpsp-post-date\">\n\t\t\t\t\t\t\t\t\t\t\t\t27\/05\/2025\t\t\t<\/div>\n\t\t\t\t\t<div class=\"wprpsp-post-content\">\n\t\t\t\t<div>El 8 de abril se realiz\u00f3 la charla \u201cDesarrollo Industrial, Econom\u00eda Circular y Responsabilidad Extendida...<\/div>\n\t\t\t\t\t\t\t\t\t<a class=\"wprpsp-read-more-btn\" href=\"https:\/\/desarrollo.infobox.com.pe\/miempresacircular\/2025\/05\/27\/responsabilidad-extendida-del-productor-una-herramienta-estrategica-para-el-desarrollo-industrial-sostenible-en-el-peru\/\" target=\"_self\">Leer m\u00e1s<\/a>\n\t\t\t\t\t\t\t<\/div>\n\t\t\t<\/div>\n<\/div>\n<div class=\"wprpsp-post-slides\">\n\t<div class=\"wprpsp-post-grid-content \">\n\t\t\t\t\t<div class=\"wprpsp-post-image-wrap wprpsp-post-image-bg\" style=\"\">\n\t\t\t\t<a href=\"https:\/\/desarrollo.infobox.com.pe\/miempresacircular\/2025\/05\/27\/la-comision-por-una-economia-circular-manufacturera-en-peru-se-prepara-para-una-nueva-etapa-que-integrara-al-sector-comercio-interno\/\" target=\"_self\">\n\t\t\t\t\t<img decoding=\"async\" class=\"wprpsp-post-img\"  src=\"https:\/\/desarrollo.infobox.com.pe\/miempresacircular\/wp-content\/uploads\/2025\/05\/proc___.gif\" alt=\"La Comisi\u00f3n por una Econom\u00eda Circular Manufacturera en Per\u00fa se prepara para una nueva etapa que integrar\u00e1 al sector comercio interno\" \/>\n\t\t\t\t<\/a>\n\t\t\t<\/div>\n\t\t\t\t\t<h2 class=\"wprpsp-post-title\">\n\t\t\t\t<a href=\"https:\/\/desarrollo.infobox.com.pe\/miempresacircular\/2025\/05\/27\/la-comision-por-una-economia-circular-manufacturera-en-peru-se-prepara-para-una-nueva-etapa-que-integrara-al-sector-comercio-interno\/\" target=\"_self\">La Comisi\u00f3n por una Econom\u00eda Circular Manufacturera en Per\u00fa se prepara para una nueva etapa que integrar\u00e1 al sector comercio interno<\/a>\n\t\t\t<\/h2>\n\t\t\t\t\t<div class=\"wprpsp-post-cats-wrap\"><ul class=\"post-categories wprpsp-post-categories\"><li><a href=\"https:\/\/desarrollo.infobox.com.pe\/miempresacircular\/category\/novedades\/noticias\/\" rel=\"category\" target=\"_self\"> Noticias <\/a><\/li><li><a href=\"https:\/\/desarrollo.infobox.com.pe\/miempresacircular\/category\/novedades\/\" rel=\"category\" target=\"_self\"> Novedades <\/a><\/li><li><a href=\"https:\/\/desarrollo.infobox.com.pe\/miempresacircular\/category\/sin-categoria\/\" rel=\"category\" target=\"_self\"> Sin categor\u00eda <\/a><\/li><\/ul><\/div>\n\t\t\t\t\t<div class=\"wprpsp-post-date\">\n\t\t\t\t\t\t\t\t\t\t\t\t27\/05\/2025\t\t\t<\/div>\n\t\t\t\t\t<div class=\"wprpsp-post-content\">\n\t\t\t\t<div>El grupo impulsor de la Comisi\u00f3n por una Econom\u00eda Circular Manufacturera se reuni\u00f3 para definir...<\/div>\n\t\t\t\t\t\t\t\t\t<a class=\"wprpsp-read-more-btn\" href=\"https:\/\/desarrollo.infobox.com.pe\/miempresacircular\/2025\/05\/27\/la-comision-por-una-economia-circular-manufacturera-en-peru-se-prepara-para-una-nueva-etapa-que-integrara-al-sector-comercio-interno\/\" target=\"_self\">Leer m\u00e1s<\/a>\n\t\t\t\t\t\t\t<\/div>\n\t\t\t<\/div>\n<\/div>\n<div class=\"wprpsp-post-slides\">\n\t<div class=\"wprpsp-post-grid-content \">\n\t\t\t\t\t<div class=\"wprpsp-post-image-wrap wprpsp-post-image-bg\" style=\"\">\n\t\t\t\t<a href=\"https:\/\/desarrollo.infobox.com.pe\/miempresacircular\/2025\/05\/27\/mujeres-lideres-en-economia-circular-fueron-reconocidas-en-el-evento-el-poder-de-lo-circular\/\" target=\"_self\">\n\t\t\t\t\t<img decoding=\"async\" class=\"wprpsp-post-img\"  src=\"https:\/\/desarrollo.infobox.com.pe\/miempresacircular\/wp-content\/uploads\/2025\/05\/ProCircular-1.jpg\" alt=\"Mujeres l\u00edderes en econom\u00eda circular fueron reconocidas en el evento \u201cEl Poder de lo Circular\u201d\" \/>\n\t\t\t\t<\/a>\n\t\t\t<\/div>\n\t\t\t\t\t<h2 class=\"wprpsp-post-title\">\n\t\t\t\t<a href=\"https:\/\/desarrollo.infobox.com.pe\/miempresacircular\/2025\/05\/27\/mujeres-lideres-en-economia-circular-fueron-reconocidas-en-el-evento-el-poder-de-lo-circular\/\" target=\"_self\">Mujeres l\u00edderes en econom\u00eda circular fueron reconocidas en el evento \u201cEl Poder de lo Circular\u201d<\/a>\n\t\t\t<\/h2>\n\t\t\t\t\t<div class=\"wprpsp-post-cats-wrap\"><ul class=\"post-categories wprpsp-post-categories\"><li><a href=\"https:\/\/desarrollo.infobox.com.pe\/miempresacircular\/category\/novedades\/noticias\/\" rel=\"category\" target=\"_self\"> Noticias <\/a><\/li><li><a href=\"https:\/\/desarrollo.infobox.com.pe\/miempresacircular\/category\/novedades\/\" rel=\"category\" target=\"_self\"> Novedades <\/a><\/li><\/ul><\/div>\n\t\t\t\t\t<div class=\"wprpsp-post-date\">\n\t\t\t\t\t\t\t\t\t\t\t\t27\/05\/2025\t\t\t<\/div>\n\t\t\t\t\t<div class=\"wprpsp-post-content\">\n\t\t\t\t<div>Ocho emprendedoras de distintas regiones del Per\u00fa compartieron sus historias de innovaci\u00f3n y sostenibilidad en...<\/div>\n\t\t\t\t\t\t\t\t\t<a class=\"wprpsp-read-more-btn\" href=\"https:\/\/desarrollo.infobox.com.pe\/miempresacircular\/2025\/05\/27\/mujeres-lideres-en-economia-circular-fueron-reconocidas-en-el-evento-el-poder-de-lo-circular\/\" target=\"_self\">Leer m\u00e1s<\/a>\n\t\t\t\t\t\t\t<\/div>\n\t\t\t<\/div>\n<\/div>\n<div class=\"wprpsp-post-slides\">\n\t<div class=\"wprpsp-post-grid-content \">\n\t\t\t\t\t<div class=\"wprpsp-post-image-wrap wprpsp-post-image-bg\" style=\"\">\n\t\t\t\t<a href=\"https:\/\/desarrollo.infobox.com.pe\/miempresacircular\/2025\/05\/27\/delegacion-de-produce-en-chile-explora-avances-en-eficiencia-energetica-hidrogeno-verde-y-economia-circular-para-fortalecer-la-industria-nacional\/\" target=\"_self\">\n\t\t\t\t\t<img decoding=\"async\" class=\"wprpsp-post-img\"  src=\"https:\/\/desarrollo.infobox.com.pe\/miempresacircular\/wp-content\/uploads\/2025\/05\/DKTI.jpg\" alt=\"Delegaci\u00f3n de PRODUCE en Chile explora avances en eficiencia energ\u00e9tica, hidr\u00f3geno verde y econom\u00eda circular para fortalecer la industria nacional\" \/>\n\t\t\t\t<\/a>\n\t\t\t<\/div>\n\t\t\t\t\t<h2 class=\"wprpsp-post-title\">\n\t\t\t\t<a href=\"https:\/\/desarrollo.infobox.com.pe\/miempresacircular\/2025\/05\/27\/delegacion-de-produce-en-chile-explora-avances-en-eficiencia-energetica-hidrogeno-verde-y-economia-circular-para-fortalecer-la-industria-nacional\/\" target=\"_self\">Delegaci\u00f3n de PRODUCE en Chile explora avances en eficiencia energ\u00e9tica, hidr\u00f3geno verde y econom\u00eda circular para fortalecer la industria nacional<\/a>\n\t\t\t<\/h2>\n\t\t\t\t\t<div class=\"wprpsp-post-cats-wrap\"><ul class=\"post-categories wprpsp-post-categories\"><li><a href=\"https:\/\/desarrollo.infobox.com.pe\/miempresacircular\/category\/novedades\/noticias\/\" rel=\"category\" target=\"_self\"> Noticias <\/a><\/li><li><a href=\"https:\/\/desarrollo.infobox.com.pe\/miempresacircular\/category\/novedades\/\" rel=\"category\" target=\"_self\"> Novedades <\/a><\/li><\/ul><\/div>\n\t\t\t\t\t<div class=\"wprpsp-post-date\">\n\t\t\t\t\t\t\t\t\t\t\t\t27\/05\/2025\t\t\t<\/div>\n\t\t\t\t\t<div class=\"wprpsp-post-content\">\n\t\t\t\t<div>Una delegaci\u00f3n del Ministerio de la Producci\u00f3n del Per\u00fa visit\u00f3 Chile para conocer avances en...<\/div>\n\t\t\t\t\t\t\t\t\t<a class=\"wprpsp-read-more-btn\" href=\"https:\/\/desarrollo.infobox.com.pe\/miempresacircular\/2025\/05\/27\/delegacion-de-produce-en-chile-explora-avances-en-eficiencia-energetica-hidrogeno-verde-y-economia-circular-para-fortalecer-la-industria-nacional\/\" target=\"_self\">Leer m\u00e1s<\/a>\n\t\t\t\t\t\t\t<\/div>\n\t\t\t<\/div>\n<\/div>\n<div class=\"wprpsp-post-slides\">\n\t<div class=\"wprpsp-post-grid-content \">\n\t\t\t\t\t<div class=\"wprpsp-post-image-wrap wprpsp-post-image-bg\" style=\"\">\n\t\t\t\t<a href=\"https:\/\/desarrollo.infobox.com.pe\/miempresacircular\/2025\/05\/19\/procircular-economia-circular-para-un-desarrollo-urbano-amigable-con-el-clima-ii\/\" target=\"_self\">\n\t\t\t\t\t<img decoding=\"async\" class=\"wprpsp-post-img\"  src=\"https:\/\/desarrollo.infobox.com.pe\/miempresacircular\/wp-content\/uploads\/2025\/05\/dek_.png\" alt=\"Rutas de aprendizaje: Per\u00fa y Uruguay intercambian conocimientos t\u00e9cnicos y experiencias en econom\u00eda circular para impulsar la sostenibilidad y la competitividad\" \/>\n\t\t\t\t<\/a>\n\t\t\t<\/div>\n\t\t\t\t\t<h2 class=\"wprpsp-post-title\">\n\t\t\t\t<a href=\"https:\/\/desarrollo.infobox.com.pe\/miempresacircular\/2025\/05\/19\/procircular-economia-circular-para-un-desarrollo-urbano-amigable-con-el-clima-ii\/\" target=\"_self\">Rutas de aprendizaje: Per\u00fa y Uruguay intercambian conocimientos t\u00e9cnicos y experiencias en econom\u00eda circular para impulsar la sostenibilidad y la competitividad<\/a>\n\t\t\t<\/h2>\n\t\t\t\t\t<div class=\"wprpsp-post-cats-wrap\"><ul class=\"post-categories wprpsp-post-categories\"><li><a href=\"https:\/\/desarrollo.infobox.com.pe\/miempresacircular\/category\/novedades\/noticias\/\" rel=\"category\" target=\"_self\"> Noticias <\/a><\/li><li><a href=\"https:\/\/desarrollo.infobox.com.pe\/miempresacircular\/category\/novedades\/\" rel=\"category\" target=\"_self\"> Novedades <\/a><\/li><\/ul><\/div>\n\t\t\t\t\t<div class=\"wprpsp-post-date\">\n\t\t\t\t\t\t\t\t\t\t\t\t19\/05\/2025\t\t\t<\/div>\n\t\t\t\t\t<div class=\"wprpsp-post-content\">\n\t\t\t\t<div>Funcionari*s y empresari*s de Per\u00fa y Uruguay participaron en una misi\u00f3n de intercambio de experiencias...<\/div>\n\t\t\t\t\t\t\t\t\t<a class=\"wprpsp-read-more-btn\" href=\"https:\/\/desarrollo.infobox.com.pe\/miempresacircular\/2025\/05\/19\/procircular-economia-circular-para-un-desarrollo-urbano-amigable-con-el-clima-ii\/\" target=\"_self\">Leer m\u00e1s<\/a>\n\t\t\t\t\t\t\t<\/div>\n\t\t\t<\/div>\n<\/div>\n<div class=\"wprpsp-post-slides\">\n\t<div class=\"wprpsp-post-grid-content \">\n\t\t\t\t\t<div class=\"wprpsp-post-image-wrap wprpsp-post-image-bg\" style=\"\">\n\t\t\t\t<a href=\"https:\/\/desarrollo.infobox.com.pe\/miempresacircular\/2024\/09\/09\/produce-alcanza-el-89-de-avance-en-la-implementacion-de-la-hoja-de-ruta-hacia-una-economia-circular-en-el-sector-industria\/\" target=\"_self\">\n\t\t\t\t\t<img decoding=\"async\" class=\"wprpsp-post-img\"  src=\"https:\/\/desarrollo.infobox.com.pe\/miempresacircular\/wp-content\/uploads\/2024\/09\/1.png\" alt=\"PRODUCE alcanza el 89% de avance en la implementaci\u00f3n de la Hoja de Ruta hacia una Econom\u00eda Circular en el Sector Industria\" \/>\n\t\t\t\t<\/a>\n\t\t\t<\/div>\n\t\t\t\t\t<h2 class=\"wprpsp-post-title\">\n\t\t\t\t<a href=\"https:\/\/desarrollo.infobox.com.pe\/miempresacircular\/2024\/09\/09\/produce-alcanza-el-89-de-avance-en-la-implementacion-de-la-hoja-de-ruta-hacia-una-economia-circular-en-el-sector-industria\/\" target=\"_self\">PRODUCE alcanza el 89% de avance en la implementaci\u00f3n de la Hoja de Ruta hacia una Econom\u00eda Circular en el Sector Industria<\/a>\n\t\t\t<\/h2>\n\t\t\t\t\t<div class=\"wprpsp-post-cats-wrap\"><ul class=\"post-categories wprpsp-post-categories\"><li><a href=\"https:\/\/desarrollo.infobox.com.pe\/miempresacircular\/category\/novedades\/noticias\/\" rel=\"category\" target=\"_self\"> Noticias <\/a><\/li><li><a href=\"https:\/\/desarrollo.infobox.com.pe\/miempresacircular\/category\/novedades\/\" rel=\"category\" target=\"_self\"> Novedades <\/a><\/li><\/ul><\/div>\n\t\t\t\t\t<div class=\"wprpsp-post-date\">\n\t\t\t\t\t\t\t\t\t\t\t\t09\/09\/2024\t\t\t<\/div>\n\t\t\t\t\t<div class=\"wprpsp-post-content\">\n\t\t\t\t<div>Con la presencia del viceministro de MYPE e Industria del Ministerio de la Producci\u00f3n, C\u00e9sar...<\/div>\n\t\t\t\t\t\t\t\t\t<a class=\"wprpsp-read-more-btn\" href=\"https:\/\/desarrollo.infobox.com.pe\/miempresacircular\/2024\/09\/09\/produce-alcanza-el-89-de-avance-en-la-implementacion-de-la-hoja-de-ruta-hacia-una-economia-circular-en-el-sector-industria\/\" target=\"_self\">Leer m\u00e1s<\/a>\n\t\t\t\t\t\t\t<\/div>\n\t\t\t<\/div>\n<\/div>\n<div class=\"wprpsp-post-slides\">\n\t<div class=\"wprpsp-post-grid-content \">\n\t\t\t\t\t<div class=\"wprpsp-post-image-wrap wprpsp-post-image-bg\" style=\"\">\n\t\t\t\t<a href=\"https:\/\/desarrollo.infobox.com.pe\/miempresacircular\/2024\/09\/02\/produce-y-cooperacion-alemana-avances-hacia-una-transicion-circular-en-la-industria-manufacturera\/\" target=\"_self\">\n\t\t\t\t\t<img decoding=\"async\" class=\"wprpsp-post-img\"  src=\"https:\/\/desarrollo.infobox.com.pe\/miempresacircular\/wp-content\/uploads\/2024\/09\/2.png\" alt=\"PRODUCE y cooperaci\u00f3n alemana: avances hacia una transici\u00f3n circular en la industria manufacturera\" \/>\n\t\t\t\t<\/a>\n\t\t\t<\/div>\n\t\t\t\t\t<h2 class=\"wprpsp-post-title\">\n\t\t\t\t<a href=\"https:\/\/desarrollo.infobox.com.pe\/miempresacircular\/2024\/09\/02\/produce-y-cooperacion-alemana-avances-hacia-una-transicion-circular-en-la-industria-manufacturera\/\" target=\"_self\">PRODUCE y cooperaci\u00f3n alemana: avances hacia una transici\u00f3n circular en la industria manufacturera<\/a>\n\t\t\t<\/h2>\n\t\t\t\t\t<div class=\"wprpsp-post-cats-wrap\"><ul class=\"post-categories wprpsp-post-categories\"><li><a href=\"https:\/\/desarrollo.infobox.com.pe\/miempresacircular\/category\/novedades\/noticias\/\" rel=\"category\" target=\"_self\"> Noticias <\/a><\/li><li><a href=\"https:\/\/desarrollo.infobox.com.pe\/miempresacircular\/category\/novedades\/\" rel=\"category\" target=\"_self\"> Novedades <\/a><\/li><\/ul><\/div>\n\t\t\t\t\t<div class=\"wprpsp-post-date\">\n\t\t\t\t\t\t\t\t\t\t\t\t02\/09\/2024\t\t\t<\/div>\n\t\t\t\t\t<div class=\"wprpsp-post-content\">\n\t\t\t\t<div>Con la presencia del ministro de la Producci\u00f3n, Sergio Gonz\u00e1lez Guerrero, y la Agregada de...<\/div>\n\t\t\t\t\t\t\t\t\t<a class=\"wprpsp-read-more-btn\" href=\"https:\/\/desarrollo.infobox.com.pe\/miempresacircular\/2024\/09\/02\/produce-y-cooperacion-alemana-avances-hacia-una-transicion-circular-en-la-industria-manufacturera\/\" target=\"_self\">Leer m\u00e1s<\/a>\n\t\t\t\t\t\t\t<\/div>\n\t\t\t<\/div>\n<\/div>\n<div class=\"wprpsp-post-slides\">\n\t<div class=\"wprpsp-post-grid-content \">\n\t\t\t\t\t<div class=\"wprpsp-post-image-wrap wprpsp-post-image-bg\" style=\"\">\n\t\t\t\t<a href=\"https:\/\/desarrollo.infobox.com.pe\/miempresacircular\/2024\/08\/26\/conoce-el-proyecto-triangular-que-impulsa-la-economia-circular-en-las-mipyme-de-peru-y-uruguay\/\" target=\"_self\">\n\t\t\t\t\t<img decoding=\"async\" class=\"wprpsp-post-img\"  src=\"https:\/\/desarrollo.infobox.com.pe\/miempresacircular\/wp-content\/uploads\/2024\/09\/3.png\" alt=\"Conoce el proyecto triangular que impulsa la econom\u00eda circular en las mipyme de Per\u00fa y Uruguay\" \/>\n\t\t\t\t<\/a>\n\t\t\t<\/div>\n\t\t\t\t\t<h2 class=\"wprpsp-post-title\">\n\t\t\t\t<a href=\"https:\/\/desarrollo.infobox.com.pe\/miempresacircular\/2024\/08\/26\/conoce-el-proyecto-triangular-que-impulsa-la-economia-circular-en-las-mipyme-de-peru-y-uruguay\/\" target=\"_self\">Conoce el proyecto triangular que impulsa la econom\u00eda circular en las mipyme de Per\u00fa y Uruguay<\/a>\n\t\t\t<\/h2>\n\t\t\t\t\t<div class=\"wprpsp-post-cats-wrap\"><ul class=\"post-categories wprpsp-post-categories\"><li><a href=\"https:\/\/desarrollo.infobox.com.pe\/miempresacircular\/category\/novedades\/noticias\/\" rel=\"category\" target=\"_self\"> Noticias <\/a><\/li><li><a href=\"https:\/\/desarrollo.infobox.com.pe\/miempresacircular\/category\/novedades\/\" rel=\"category\" target=\"_self\"> Novedades <\/a><\/li><\/ul><\/div>\n\t\t\t\t\t<div class=\"wprpsp-post-date\">\n\t\t\t\t\t\t\t\t\t\t\t\t26\/08\/2024\t\t\t<\/div>\n\t\t\t\t\t<div class=\"wprpsp-post-content\">\n\t\t\t\t<div>En el marco del proyecto \"Colaboraci\u00f3n e intercambio de experiencias en el desarrollo de iniciativas...<\/div>\n\t\t\t\t\t\t\t\t\t<a class=\"wprpsp-read-more-btn\" href=\"https:\/\/desarrollo.infobox.com.pe\/miempresacircular\/2024\/08\/26\/conoce-el-proyecto-triangular-que-impulsa-la-economia-circular-en-las-mipyme-de-peru-y-uruguay\/\" target=\"_self\">Leer m\u00e1s<\/a>\n\t\t\t\t\t\t\t<\/div>\n\t\t\t<\/div>\n<\/div>\n<div class=\"wprpsp-post-slides\">\n\t<div class=\"wprpsp-post-grid-content \">\n\t\t\t\t\t<div class=\"wprpsp-post-image-wrap wprpsp-post-image-bg\" style=\"\">\n\t\t\t\t<a href=\"https:\/\/desarrollo.infobox.com.pe\/miempresacircular\/2024\/08\/19\/gamarra-circular-produce-impulsa-la-economia-circular-en-el-mayor-centro-textil-del-peru\/\" target=\"_self\">\n\t\t\t\t\t<img decoding=\"async\" class=\"wprpsp-post-img\"  src=\"https:\/\/desarrollo.infobox.com.pe\/miempresacircular\/wp-content\/uploads\/2024\/08\/Fotografia-1-2.png\" alt=\"\u201cGamarra Circular\u201d: PRODUCE impulsa la econom\u00eda circular en el mayor centro textil del Per\u00fa\" \/>\n\t\t\t\t<\/a>\n\t\t\t<\/div>\n\t\t\t\t\t<h2 class=\"wprpsp-post-title\">\n\t\t\t\t<a href=\"https:\/\/desarrollo.infobox.com.pe\/miempresacircular\/2024\/08\/19\/gamarra-circular-produce-impulsa-la-economia-circular-en-el-mayor-centro-textil-del-peru\/\" target=\"_self\">\u201cGamarra Circular\u201d: PRODUCE impulsa la econom\u00eda circular en el mayor centro textil del Per\u00fa<\/a>\n\t\t\t<\/h2>\n\t\t\t\t\t<div class=\"wprpsp-post-cats-wrap\"><ul class=\"post-categories wprpsp-post-categories\"><li><a href=\"https:\/\/desarrollo.infobox.com.pe\/miempresacircular\/category\/novedades\/noticias\/\" rel=\"category\" target=\"_self\"> Noticias <\/a><\/li><li><a href=\"https:\/\/desarrollo.infobox.com.pe\/miempresacircular\/category\/novedades\/\" rel=\"category\" target=\"_self\"> Novedades <\/a><\/li><\/ul><\/div>\n\t\t\t\t\t<div class=\"wprpsp-post-date\">\n\t\t\t\t\t\t\t\t\t\t\t\t19\/08\/2024\t\t\t<\/div>\n\t\t\t\t\t<div class=\"wprpsp-post-content\">\n\t\t\t\t<div>El 15 de agosto de 2024, se realiz\u00f3 el evento \u201cGamarra Circular, nuevas oportunidades econ\u00f3micas\u201d,...<\/div>\n\t\t\t\t\t\t\t\t\t<a class=\"wprpsp-read-more-btn\" href=\"https:\/\/desarrollo.infobox.com.pe\/miempresacircular\/2024\/08\/19\/gamarra-circular-produce-impulsa-la-economia-circular-en-el-mayor-centro-textil-del-peru\/\" target=\"_self\">Leer m\u00e1s<\/a>\n\t\t\t\t\t\t\t<\/div>\n\t\t\t<\/div>\n<\/div>\n<div class=\"wprpsp-post-slides\">\n\t<div class=\"wprpsp-post-grid-content \">\n\t\t\t\t\t<div class=\"wprpsp-post-image-wrap wprpsp-post-image-bg\" style=\"\">\n\t\t\t\t<a href=\"https:\/\/desarrollo.infobox.com.pe\/miempresacircular\/2024\/08\/12\/produce-impulsa-la-economia-circular-con-modificatorias-a-reglamentos-ambientales-para-la-industria\/\" target=\"_self\">\n\t\t\t\t\t<img decoding=\"async\" class=\"wprpsp-post-img\"  src=\"https:\/\/desarrollo.infobox.com.pe\/miempresacircular\/wp-content\/uploads\/2024\/08\/Fotografia-1-3.png\" alt=\"PRODUCE Impulsa la Econom\u00eda Circular con modificatorias a reglamentos ambientales para la Industria\" \/>\n\t\t\t\t<\/a>\n\t\t\t<\/div>\n\t\t\t\t\t<h2 class=\"wprpsp-post-title\">\n\t\t\t\t<a href=\"https:\/\/desarrollo.infobox.com.pe\/miempresacircular\/2024\/08\/12\/produce-impulsa-la-economia-circular-con-modificatorias-a-reglamentos-ambientales-para-la-industria\/\" target=\"_self\">PRODUCE Impulsa la Econom\u00eda Circular con modificatorias a reglamentos ambientales para la Industria<\/a>\n\t\t\t<\/h2>\n\t\t\t\t\t<div class=\"wprpsp-post-cats-wrap\"><ul class=\"post-categories wprpsp-post-categories\"><li><a href=\"https:\/\/desarrollo.infobox.com.pe\/miempresacircular\/category\/novedades\/normativas\/decretos-supremos\/\" rel=\"category\" target=\"_self\"> Decretos Supremos <\/a><\/li><li><a href=\"https:\/\/desarrollo.infobox.com.pe\/miempresacircular\/category\/novedades\/normativas\/\" rel=\"category\" target=\"_self\"> Normativas <\/a><\/li><li><a href=\"https:\/\/desarrollo.infobox.com.pe\/miempresacircular\/category\/novedades\/noticias\/\" rel=\"category\" target=\"_self\"> Noticias <\/a><\/li><li><a href=\"https:\/\/desarrollo.infobox.com.pe\/miempresacircular\/category\/novedades\/\" rel=\"category\" target=\"_self\"> Novedades <\/a><\/li><\/ul><\/div>\n\t\t\t\t\t<div class=\"wprpsp-post-date\">\n\t\t\t\t\t\t\t\t\t\t\t\t12\/08\/2024\t\t\t<\/div>\n\t\t\t\t\t<div class=\"wprpsp-post-content\">\n\t\t\t\t<div>El 9 de agosto de 2024, el Ministerio de la Producci\u00f3n (PRODUCE) public\u00f3, a trav\u00e9s...<\/div>\n\t\t\t\t\t\t\t\t\t<a class=\"wprpsp-read-more-btn\" href=\"https:\/\/desarrollo.infobox.com.pe\/miempresacircular\/2024\/08\/12\/produce-impulsa-la-economia-circular-con-modificatorias-a-reglamentos-ambientales-para-la-industria\/\" target=\"_self\">Leer m\u00e1s<\/a>\n\t\t\t\t\t\t\t<\/div>\n\t\t\t<\/div>\n<\/div>\n<div class=\"wprpsp-post-slides\">\n\t<div class=\"wprpsp-post-grid-content \">\n\t\t\t\t\t<div class=\"wprpsp-post-image-wrap wprpsp-post-image-bg\" style=\"\">\n\t\t\t\t<a href=\"https:\/\/desarrollo.infobox.com.pe\/miempresacircular\/2024\/08\/12\/jornada-de-circularidad-en-el-sector-industrial-se-desarrollo-con-exito-en-arequipa\/\" target=\"_self\">\n\t\t\t\t\t<img decoding=\"async\" class=\"wprpsp-post-img\"  src=\"https:\/\/desarrollo.infobox.com.pe\/miempresacircular\/wp-content\/uploads\/2024\/08\/Fotografia-1-1.png\" alt=\"\u201cJornada de Circularidad en el Sector Industrial\u201d se desarroll\u00f3 con \u00e9xito en Arequipa\" \/>\n\t\t\t\t<\/a>\n\t\t\t<\/div>\n\t\t\t\t\t<h2 class=\"wprpsp-post-title\">\n\t\t\t\t<a href=\"https:\/\/desarrollo.infobox.com.pe\/miempresacircular\/2024\/08\/12\/jornada-de-circularidad-en-el-sector-industrial-se-desarrollo-con-exito-en-arequipa\/\" target=\"_self\">\u201cJornada de Circularidad en el Sector Industrial\u201d se desarroll\u00f3 con \u00e9xito en Arequipa<\/a>\n\t\t\t<\/h2>\n\t\t\t\t\t<div class=\"wprpsp-post-cats-wrap\"><ul class=\"post-categories wprpsp-post-categories\"><li><a href=\"https:\/\/desarrollo.infobox.com.pe\/miempresacircular\/category\/novedades\/noticias\/\" rel=\"category\" target=\"_self\"> Noticias <\/a><\/li><li><a href=\"https:\/\/desarrollo.infobox.com.pe\/miempresacircular\/category\/novedades\/\" rel=\"category\" target=\"_self\"> Novedades <\/a><\/li><\/ul><\/div>\n\t\t\t\t\t<div class=\"wprpsp-post-date\">\n\t\t\t\t\t\t\t\t\t\t\t\t12\/08\/2024\t\t\t<\/div>\n\t\t\t\t\t<div class=\"wprpsp-post-content\">\n\t\t\t\t<div>El pasado viernes 9 de agosto de 2024, la ciudad de Arequipa fue el escenario...<\/div>\n\t\t\t\t\t\t\t\t\t<a class=\"wprpsp-read-more-btn\" href=\"https:\/\/desarrollo.infobox.com.pe\/miempresacircular\/2024\/08\/12\/jornada-de-circularidad-en-el-sector-industrial-se-desarrollo-con-exito-en-arequipa\/\" target=\"_self\">Leer m\u00e1s<\/a>\n\t\t\t\t\t\t\t<\/div>\n\t\t\t<\/div>\n<\/div>\n<div class=\"wprpsp-post-slides\">\n\t<div class=\"wprpsp-post-grid-content \">\n\t\t\t\t\t<div class=\"wprpsp-post-image-wrap wprpsp-post-image-bg\" style=\"\">\n\t\t\t\t<a href=\"https:\/\/desarrollo.infobox.com.pe\/miempresacircular\/2024\/07\/29\/ministerio-de-la-produccion-articula-con-municipalidades-para-fomentar-economia-circular\/\" target=\"_self\">\n\t\t\t\t\t<img decoding=\"async\" class=\"wprpsp-post-img\"  src=\"https:\/\/desarrollo.infobox.com.pe\/miempresacircular\/wp-content\/uploads\/2024\/08\/Fotografia-1.png\" alt=\"Ministerio de la Producci\u00f3n articula con municipalidades para fomentar econom\u00eda circular\" \/>\n\t\t\t\t<\/a>\n\t\t\t<\/div>\n\t\t\t\t\t<h2 class=\"wprpsp-post-title\">\n\t\t\t\t<a href=\"https:\/\/desarrollo.infobox.com.pe\/miempresacircular\/2024\/07\/29\/ministerio-de-la-produccion-articula-con-municipalidades-para-fomentar-economia-circular\/\" target=\"_self\">Ministerio de la Producci\u00f3n articula con municipalidades para fomentar econom\u00eda circular<\/a>\n\t\t\t<\/h2>\n\t\t\t\t\t<div class=\"wprpsp-post-cats-wrap\"><ul class=\"post-categories wprpsp-post-categories\"><li><a href=\"https:\/\/desarrollo.infobox.com.pe\/miempresacircular\/category\/novedades\/noticias\/\" rel=\"category\" target=\"_self\"> Noticias <\/a><\/li><li><a href=\"https:\/\/desarrollo.infobox.com.pe\/miempresacircular\/category\/novedades\/\" rel=\"category\" target=\"_self\"> Novedades <\/a><\/li><\/ul><\/div>\n\t\t\t\t\t<div class=\"wprpsp-post-date\">\n\t\t\t\t\t\t\t\t\t\t\t\t29\/07\/2024\t\t\t<\/div>\n\t\t\t\t\t<div class=\"wprpsp-post-content\">\n\t\t\t\t<div>El Ministerio de la Producci\u00f3n (Produce) organiz\u00f3 el seminario \"Gesti\u00f3n Ambiental y Econom\u00eda Circular en...<\/div>\n\t\t\t\t\t\t\t\t\t<a class=\"wprpsp-read-more-btn\" href=\"https:\/\/desarrollo.infobox.com.pe\/miempresacircular\/2024\/07\/29\/ministerio-de-la-produccion-articula-con-municipalidades-para-fomentar-economia-circular\/\" target=\"_self\">Leer m\u00e1s<\/a>\n\t\t\t\t\t\t\t<\/div>\n\t\t\t<\/div>\n<\/div>\n<div class=\"wprpsp-post-slides\">\n\t<div class=\"wprpsp-post-grid-content \">\n\t\t\t\t\t<div class=\"wprpsp-post-image-wrap wprpsp-post-image-bg\" style=\"\">\n\t\t\t\t<a href=\"https:\/\/desarrollo.infobox.com.pe\/miempresacircular\/2024\/07\/15\/produce-aprueba-guias-clave-para-la-economia-circular-y-la-gestion-de-residuos-en-la-industria-textil\/\" target=\"_self\">\n\t\t\t\t\t<img decoding=\"async\" class=\"wprpsp-post-img\"  src=\"https:\/\/desarrollo.infobox.com.pe\/miempresacircular\/wp-content\/uploads\/2024\/07\/6.png\" alt=\"PRODUCE aprueba gu\u00edas clave para la Econom\u00eda Circular y la Gesti\u00f3n de Residuos en la industria textil\" \/>\n\t\t\t\t<\/a>\n\t\t\t<\/div>\n\t\t\t\t\t<h2 class=\"wprpsp-post-title\">\n\t\t\t\t<a href=\"https:\/\/desarrollo.infobox.com.pe\/miempresacircular\/2024\/07\/15\/produce-aprueba-guias-clave-para-la-economia-circular-y-la-gestion-de-residuos-en-la-industria-textil\/\" target=\"_self\">PRODUCE aprueba gu\u00edas clave para la Econom\u00eda Circular y la Gesti\u00f3n de Residuos en la industria textil<\/a>\n\t\t\t<\/h2>\n\t\t\t\t\t<div class=\"wprpsp-post-cats-wrap\"><ul class=\"post-categories wprpsp-post-categories\"><li><a href=\"https:\/\/desarrollo.infobox.com.pe\/miempresacircular\/category\/novedades\/noticias\/\" rel=\"category\" target=\"_self\"> Noticias <\/a><\/li><li><a href=\"https:\/\/desarrollo.infobox.com.pe\/miempresacircular\/category\/novedades\/\" rel=\"category\" target=\"_self\"> Novedades <\/a><\/li><li><a href=\"https:\/\/desarrollo.infobox.com.pe\/miempresacircular\/category\/sin-categoria\/\" rel=\"category\" target=\"_self\"> Sin categor\u00eda <\/a><\/li><li><a href=\"https:\/\/desarrollo.infobox.com.pe\/miempresacircular\/category\/textil-confecciones\/\" rel=\"category\" target=\"_self\"> Textil Confecciones <\/a><\/li><\/ul><\/div>\n\t\t\t\t\t<div class=\"wprpsp-post-date\">\n\t\t\t\t\t\t\t\t\t\t\t\t15\/07\/2024\t\t\t<\/div>\n\t\t\t\t\t<div class=\"wprpsp-post-content\">\n\t\t\t\t<div>Con el objetivo de promover la transici\u00f3n hacia un modelo econ\u00f3mico circular de las actividades...<\/div>\n\t\t\t\t\t\t\t\t\t<a class=\"wprpsp-read-more-btn\" href=\"https:\/\/desarrollo.infobox.com.pe\/miempresacircular\/2024\/07\/15\/produce-aprueba-guias-clave-para-la-economia-circular-y-la-gestion-de-residuos-en-la-industria-textil\/\" target=\"_self\">Leer m\u00e1s<\/a>\n\t\t\t\t\t\t\t<\/div>\n\t\t\t<\/div>\n<\/div>\n<div class=\"wprpsp-post-slides\">\n\t<div class=\"wprpsp-post-grid-content \">\n\t\t\t\t\t<div class=\"wprpsp-post-image-wrap wprpsp-post-image-bg\" style=\"\">\n\t\t\t\t<a href=\"https:\/\/desarrollo.infobox.com.pe\/miempresacircular\/2024\/07\/15\/cierre-del-programa-ecocanvas-empresarias-apuestan-por-la-economia-circular\/\" target=\"_self\">\n\t\t\t\t\t<img decoding=\"async\" class=\"wprpsp-post-img\"  src=\"https:\/\/desarrollo.infobox.com.pe\/miempresacircular\/wp-content\/uploads\/2024\/07\/5.png\" alt=\"Cierre del Programa Ecocanvas: \u00a1Empresarias apuestan por la econom\u00eda circular!\" \/>\n\t\t\t\t<\/a>\n\t\t\t<\/div>\n\t\t\t\t\t<h2 class=\"wprpsp-post-title\">\n\t\t\t\t<a href=\"https:\/\/desarrollo.infobox.com.pe\/miempresacircular\/2024\/07\/15\/cierre-del-programa-ecocanvas-empresarias-apuestan-por-la-economia-circular\/\" target=\"_self\">Cierre del Programa Ecocanvas: \u00a1Empresarias apuestan por la econom\u00eda circular!<\/a>\n\t\t\t<\/h2>\n\t\t\t\t\t<div class=\"wprpsp-post-cats-wrap\"><ul class=\"post-categories wprpsp-post-categories\"><li><a href=\"https:\/\/desarrollo.infobox.com.pe\/miempresacircular\/category\/novedades\/noticias\/\" rel=\"category\" target=\"_self\"> Noticias <\/a><\/li><li><a href=\"https:\/\/desarrollo.infobox.com.pe\/miempresacircular\/category\/novedades\/\" rel=\"category\" target=\"_self\"> Novedades <\/a><\/li><li><a href=\"https:\/\/desarrollo.infobox.com.pe\/miempresacircular\/category\/textil-confecciones\/\" rel=\"category\" target=\"_self\"> Textil Confecciones <\/a><\/li><\/ul><\/div>\n\t\t\t\t\t<div class=\"wprpsp-post-date\">\n\t\t\t\t\t\t\t\t\t\t\t\t15\/07\/2024\t\t\t<\/div>\n\t\t\t\t\t<div class=\"wprpsp-post-content\">\n\t\t\t\t<div>El 11 de julio se realiz\u00f3 el exitoso cierre del \"Programa Ecocanvas - MIPYMES lideradas...<\/div>\n\t\t\t\t\t\t\t\t\t<a class=\"wprpsp-read-more-btn\" href=\"https:\/\/desarrollo.infobox.com.pe\/miempresacircular\/2024\/07\/15\/cierre-del-programa-ecocanvas-empresarias-apuestan-por-la-economia-circular\/\" target=\"_self\">Leer m\u00e1s<\/a>\n\t\t\t\t\t\t\t<\/div>\n\t\t\t<\/div>\n<\/div>\n\t<\/div>\n<\/div>\n<\/div>\n\t\t<\/div><\/div><\/div><\/div><div id=\"pg-1484-4\"  class=\"panel-grid panel-no-style\" ><div id=\"pgc-1484-4-0\"  class=\"panel-grid-cell\" ><div id=\"panel-1484-4-0-0\" class=\"widget_text so-panel widget widget_custom_html panel-first-child panel-last-child\" data-index=\"5\" ><div class=\"textwidget custom-html-widget\"><!-- Swiper.js CSS -->\n<link rel=\"stylesheet\" href=\"https:\/\/cdn.jsdelivr.net\/npm\/swiper@11\/swiper-bundle.min.css\" \/>\n\n<!-- Carrusel de im\u00e1genes: Mi Empresa Circular -->\n<section class=\"py-3 position-relative\">\n  <div class=\"swiper mySwiperCircular\">\n    <div class=\"swiper-wrapper\">\n      <!-- Slide 1 -->\n      <div class=\"swiper-slide\">\n        <img decoding=\"async\" src=\"\/miempresacircular\/wp-content\/uploads\/2025\/04\/Captura-de-pantalla-2025-04-01-124638.png\" class=\"w-100\" alt=\"Mi Empresa Circular\"\n          style=\"min-height: 600px; max-height: 600px; object-fit: cover;\">\n        <div class=\"overlay-content\">\n          <h4>\"Mi Empresa Circular\"<\/h4>\n          <p><b>\"Mi Empresa Circular\"<\/b> es un hub de informaci\u00f3n sobre econom\u00eda circular en la industria manufacturera y comercio interno. Ofrece informaci\u00f3n actualizada, recursos y herramientas interactivas como una calculadora de circularidad. Con dise\u00f1o intuitivo y responsivo, facilita la navegaci\u00f3n, participaci\u00f3n y aprendizaje para empresas manufactureras.\n<\/p>\n          <a href=\"\/miempresacircular\/mi-empresa-circular-2\/\" class=\"btn btn-primary\">Ver m\u00e1s<\/a>\n        <\/div>\n      <\/div>\n\n      <!-- Slide 2 -->\n      <div class=\"swiper-slide\">\n        <img decoding=\"async\" src=\"\/miempresacircular\/wp-content\/uploads\/2025\/03\/Captura-de-pantalla-2025-03-24-113839.png\" class=\"w-100\" alt=\"Aplicaciones de diagn\u00f3stico\"\n          style=\"min-height: 600px; max-height: 600px; object-fit: cover;\">\n        <div class=\"overlay-content\">\n          <h4>\"Aplicaciones de diagn\u00f3stico\"<\/h4>\n          <p>Mide, eval\u00faa tu impacto y optimiza tus procesos con las herramientas gratuitas: calculadora de circularidad, calculadora de CO2 y test de buenas pr\u00e1cticas en eficiencia energ\u00e9tica. Al completar estas herramientas, te permitir\u00e1 tomar decisiones informadas para impulsar la sostenibilidad y productividad en tu empresa\n<\/p>\n          <a href=\"\/miempresacircular\/calculadora-circular\/\" class=\"btn btn-primary\">Ver m\u00e1s<\/a>\n        <\/div>\n      <\/div>\n\n      <!-- Slide 3 -->\n      <div class=\"swiper-slide\">\n        <img decoding=\"async\" src=\"\/miempresacircular\/wp-content\/uploads\/2025\/03\/Captura-de-pantalla-2025-03-24-114008_32.png\" class=\"w-100\" alt=\"Centro de conocimiento\"\n          style=\"min-height: 600px; max-height: 600px; object-fit: cover;\">\n        <div class=\"overlay-content\">\n          <h4>\"Centro de conocimiento\"<\/h4>\n          <p>Aqu\u00ed encontrar\u00e1s una amplia gama de recursos, desde estudios de investigaci\u00f3n hasta gu\u00edas pr\u00e1cticas, que te facilitar\u00e1 informaci\u00f3n actualizada y relevante sobre las \u00faltimas tendencias y mejores pr\u00e1cticas en circularidad. \n<\/p>\n          <a href=\"\/miempresacircular\/centro-de-conocimiento\/\" class=\"btn btn-primary\">Ver m\u00e1s<\/a>\n        <\/div>\n      <\/div>\n    <\/div>\n\n    <!-- Navegaci\u00f3n y paginaci\u00f3n (con clases \u00fanicas) -->\n    <div class=\"swiper-button-next swiper-button-next-circular\"><\/div>\n    <div class=\"swiper-button-prev swiper-button-prev-circular\"><\/div>\n    <div class=\"swiper-pagination swiper-pagination-circular\"><\/div>\n  <\/div>\n<\/section>\n\n<!-- Estilos adicionales -->\n<style>\n  .swiper-slide {\n    position: relative;\n  }\n\n  .overlay-content {\n    position: absolute;\n    top: 50%;\n    right: 5%;\n    transform: translateY(-50%);\n    background: rgba(255, 255, 255, 0.9);\n    padding: 20px;\n    max-width: 500px;\n    box-shadow: 2px 2px 10px rgba(0,0,0,0.2);\n    border-radius: 10px;\n  }\n\n  .overlay-content h4 {\n    color: #004c97;\n    font-weight: bold;\n  }\n\n  @media (max-width: 768px) {\n    .overlay-content {\n      top: 60%;\n      right: auto;\n      left: 50%;\n      transform: translate(-50%, -50%);\n      max-width: 90%;\n      padding: 15px;\n    }\n  }\n<\/style>\n\n<!-- Swiper.js JS -->\n<script src=\"https:\/\/cdn.jsdelivr.net\/npm\/swiper@11\/swiper-bundle.min.js\"><\/script>\n\n<!-- Inicializaci\u00f3n del carrusel espec\u00edfico -->\n<script>\n  document.addEventListener(\"DOMContentLoaded\", function () {\n    new Swiper(\".mySwiperCircular\", {\n      loop: true,\n      navigation: {\n        nextEl: \".swiper-button-next-circular\",\n        prevEl: \".swiper-button-prev-circular\",\n      },\n      pagination: {\n        el: \".swiper-pagination-circular\",\n        clickable: true,\n      },\n      autoplay: {\n        delay: 4000,\n        disableOnInteraction: false,\n      },\n    });\n  });\n<\/script>\n<\/div><\/div><\/div><\/div><div id=\"pg-1484-5\"  class=\"panel-grid panel-no-style\" ><div id=\"pgc-1484-5-0\"  class=\"panel-grid-cell\" ><div id=\"panel-1484-5-0-0\" class=\"so-panel widget widget_text panel-first-child\" data-index=\"6\" ><div class=\"container panel-widget-style panel-widget-style-for-1484-5-0-0\" ><h2 class=\"h5 widget-title\">Grupo impulsor<\/h2>\t\t\t<div class=\"textwidget\"><\/div>\n\t\t<\/div><\/div><div id=\"panel-1484-5-0-1\" class=\"so-panel widget widget_custom_carousel_widget panel-last-child\" data-index=\"7\" >        <div class=\"container\">\n\t<div class=\"position-relative\">\n        <div class=\"custom-carousel-widget owl-carousel grupo-impulsor-carousel px-5\">\n                                <div class=\"custom-carousel-item item\">\n                        \t\t\t\t\t\t\t<a href=\"https:\/\/www.iadb.org\/es\" target=\"_blank\">\n\t\t\t\t\t\t\t\t<img decoding=\"async\" src=\"\/miempresacircular\/wp-content\/uploads\/2025\/03\/BID.png\" class=\"d-block w-100\" alt=\"BID\">\n\t\t\t\t\t\t\t<\/a>\n                                            <\/div>\n                                    <div class=\"custom-carousel-item item\">\n                        \t\t\t\t\t\t\t<a href=\"https:\/\/camaralalibertad.org.pe\/\" target=\"_blank\">\n\t\t\t\t\t\t\t\t<img decoding=\"async\" src=\"\/miempresacircular\/wp-content\/uploads\/2025\/03\/08.-Camara-de-Comercio-de-La-Libertad.png\" class=\"d-block w-100\" alt=\"C\u00e1mara de Comercio de La Libertad\">\n\t\t\t\t\t\t\t<\/a>\n                                            <\/div>\n                                    <div class=\"custom-carousel-item item\">\n                        \t\t\t\t\t\t\t<a href=\"https:\/\/creeasll.pe\/\" target=\"_blank\">\n\t\t\t\t\t\t\t\t<img decoding=\"async\" src=\"\/miempresacircular\/wp-content\/uploads\/2025\/03\/creas.png\" class=\"d-block w-100\" alt=\"CREEAS\">\n\t\t\t\t\t\t\t<\/a>\n                                            <\/div>\n                                    <div class=\"custom-carousel-item item\">\n                        \t\t\t\t\t\t\t<a href=\"https:\/\/www.camara-arequipa.org.pe\/\" target=\"_blank\">\n\t\t\t\t\t\t\t\t<img decoding=\"async\" src=\"\/miempresacircular\/wp-content\/uploads\/2025\/03\/camaraarequipacomercio.png\" class=\"d-block w-100\" alt=\"C\u00e1mara Arequipa Comercio\">\n\t\t\t\t\t\t\t<\/a>\n                                            <\/div>\n                                    <div class=\"custom-carousel-item item\">\n                        \t\t\t\t\t\t\t<a href=\"https:\/\/utec.edu.pe\/\" target=\"_blank\">\n\t\t\t\t\t\t\t\t<img decoding=\"async\" src=\"\/miempresacircular\/wp-content\/uploads\/2025\/03\/utec.jpg\" class=\"d-block w-100\" alt=\"UTEC\">\n\t\t\t\t\t\t\t<\/a>\n                                            <\/div>\n                                    <div class=\"custom-carousel-item item\">\n                        \t\t\t\t\t\t\t<a href=\"https:\/\/www.tecsup.edu.pe\/\" target=\"_blank\">\n\t\t\t\t\t\t\t\t<img decoding=\"async\" src=\"\/miempresacircular\/wp-content\/uploads\/2025\/03\/12.-TECSUP.png\" class=\"d-block w-100\" alt=\"TECSUP\">\n\t\t\t\t\t\t\t<\/a>\n                                            <\/div>\n                                    <div class=\"custom-carousel-item item\">\n                        \t\t\t\t\t\t\t<a href=\"https:\/\/www.gob.pe\/produce\" target=\"_blank\">\n\t\t\t\t\t\t\t\t<img decoding=\"async\" src=\"\/miempresacircular\/wp-content\/uploads\/2025\/03\/1.png\" class=\"d-block w-100\" alt=\"Ministerio de la Producci\u00f3n\">\n\t\t\t\t\t\t\t<\/a>\n                                            <\/div>\n                                    <div class=\"custom-carousel-item item\">\n                        \t\t\t\t\t\t\t<a href=\"https:\/\/www.gob.pe\/minam\" target=\"_blank\">\n\t\t\t\t\t\t\t\t<img decoding=\"async\" src=\"\/miempresacircular\/wp-content\/uploads\/2025\/03\/2.png\" class=\"d-block w-100\" alt=\"Ministerio del Ambiente\">\n\t\t\t\t\t\t\t<\/a>\n                                            <\/div>\n                                    <div class=\"custom-carousel-item item\">\n                        \t\t\t\t\t\t\t<a href=\"https:\/\/sni.org.pe\/%20\" target=\"_blank\">\n\t\t\t\t\t\t\t\t<img decoding=\"async\" src=\"\/miempresacircular\/wp-content\/uploads\/2025\/03\/snilogoc-2.png\" class=\"d-block w-100\" alt=\"Sociedad Nacional de Industrias\">\n\t\t\t\t\t\t\t<\/a>\n                                            <\/div>\n                                    <div class=\"custom-carousel-item item\">\n                        \t\t\t\t\t\t\t<a href=\"https:\/\/www.giz.de\/en\/worldwide\/25819.html\" target=\"_blank\">\n\t\t\t\t\t\t\t\t<img decoding=\"async\" src=\"\/miempresacircular\/wp-content\/uploads\/2025\/03\/4.jpg\" class=\"d-block w-100\" alt=\"Cooperaci\u00f3n Alemana\">\n\t\t\t\t\t\t\t<\/a>\n                                            <\/div>\n                                    <div class=\"custom-carousel-item item\">\n                        \t\t\t\t\t\t\t<a href=\"https:\/\/www.eeas.europa.eu\/peru\/quienes-somos_es?s=162\" target=\"_blank\">\n\t\t\t\t\t\t\t\t<img decoding=\"async\" src=\"\/miempresacircular\/wp-content\/uploads\/2025\/03\/unioneuropea_7.png\" class=\"d-block w-100\" alt=\"Uni\u00f3n Europea\">\n\t\t\t\t\t\t\t<\/a>\n                                            <\/div>\n                        <\/div>\n\t<\/div>\n\t<\/div>\n\n\t\t<script>\n\t\t\tjQuery(document).ready(function($) {\n\t\t\t\tconsole.log(\"El widget Carousel se ha generado y jQuery est\u00e1 funcionando.\");\n\t\t\t});\n\t\t<\/script>\n\n        <\/div><\/div><\/div><div id=\"pg-1484-6\"  class=\"panel-grid panel-no-style\" ><div id=\"pgc-1484-6-0\"  class=\"panel-grid-cell\" ><div id=\"panel-1484-6-0-0\" class=\"so-panel widget widget_text panel-first-child\" data-index=\"8\" ><div class=\"container panel-widget-style panel-widget-style-for-1484-6-0-0\" ><h2 class=\"h5 widget-title\">Aliados<\/h2>\t\t\t<div class=\"textwidget\"><\/div>\n\t\t<\/div><\/div><div id=\"panel-1484-6-0-1\" class=\"so-panel widget widget_custom_carousel_widget panel-last-child\" data-index=\"9\" >        <div class=\"container\">\n\t<div class=\"position-relative\">\n        <div class=\"custom-carousel-widget owl-carousel grupo-impulsor-carousel px-5\">\n                                <div class=\"custom-carousel-item item\">\n                        \t\t\t\t\t\t\t<a href=\"https:\/\/www.comexperu.org.pe\/\" target=\"_blank\">\n\t\t\t\t\t\t\t\t<img decoding=\"async\" src=\"\/miempresacircular\/wp-content\/uploads\/2025\/03\/07.-COMEX-PERU.png\" class=\"d-block w-100\" alt=\"COMEX PER\u00da\">\n\t\t\t\t\t\t\t<\/a>\n                                            <\/div>\n                                    <div class=\"custom-carousel-item item\">\n                        \t\t\t\t\t\t\t<a href=\"https:\/\/desafio.kunan.org\/\" target=\"_blank\">\n\t\t\t\t\t\t\t\t<img decoding=\"async\" src=\"\/miempresacircular\/wp-content\/uploads\/2024\/05\/Picture4.png\" class=\"d-block w-100\" alt=\"Desaf\u00edo Kunan\">\n\t\t\t\t\t\t\t<\/a>\n                                            <\/div>\n                                    <div class=\"custom-carousel-item item\">\n                        \t\t\t\t\t\t\t<a href=\"https:\/\/www.adas.org.pe\/\" target=\"_blank\">\n\t\t\t\t\t\t\t\t<img decoding=\"async\" src=\"\/miempresacircular\/wp-content\/uploads\/2025\/03\/01.-Asociacion-para-el-Desarrollo-Agropecuario-Sostenible-ADA.jpg\" class=\"d-block w-100\" alt=\"ADA\">\n\t\t\t\t\t\t\t<\/a>\n                                            <\/div>\n                                    <div class=\"custom-carousel-item item\">\n                        \t\t\t\t\t\t\t<a href=\"https:\/\/www.gob.pe\/proinnovate\" target=\"_blank\">\n\t\t\t\t\t\t\t\t<img decoding=\"async\" src=\"\/miempresacircular\/wp-content\/uploads\/2025\/03\/14.-Programa-Nacional-de-Desarrollo-Tecnologico-e-Innovacion-ProInnovate.png\" class=\"d-block w-100\" alt=\"Proinn\u00f3vate\">\n\t\t\t\t\t\t\t<\/a>\n                                            <\/div>\n                                    <div class=\"custom-carousel-item item\">\n                        \t\t\t\t\t\t\t<a href=\"https:\/\/apiplastperu.com\/\" target=\"_blank\">\n\t\t\t\t\t\t\t\t<img decoding=\"async\" src=\"\/miempresacircular\/wp-content\/uploads\/2025\/03\/02.-Asociacion-Peruana-de-la-Industria-Plastica-APIPLAST.jpg\" class=\"d-block w-100\" alt=\"APIPLAST\">\n\t\t\t\t\t\t\t<\/a>\n                                            <\/div>\n                                    <div class=\"custom-carousel-item item\">\n                        \t\t\t\t\t\t\t<a href=\"https:\/\/reciclame.org\/\" target=\"_blank\">\n\t\t\t\t\t\t\t\t<img decoding=\"async\" src=\"\/miempresacircular\/wp-content\/uploads\/2025\/03\/03.-Asociacion-Civil-Reciclame-Cumple-con-Tu-Planeta-RECICLAME.png\" class=\"d-block w-100\" alt=\"Reciclame\">\n\t\t\t\t\t\t\t<\/a>\n                                            <\/div>\n                                    <div class=\"custom-carousel-item item\">\n                        \t\t\t\t\t\t\t<a href=\"https:\/\/camaradecomercio.org.pe\/?fbclid=IwAR3jsC3POtpTro-5STm5lkciAScB2oQzvJujZmxMFHLix637nrKthVQbCNM\" target=\"_blank\">\n\t\t\t\t\t\t\t\t<img decoding=\"async\" src=\"\/miempresacircular\/wp-content\/uploads\/2025\/03\/logoCDC_2.png\" class=\"d-block w-100\" alt=\"C\u00e1mara de comercio\">\n\t\t\t\t\t\t\t<\/a>\n                                            <\/div>\n                                    <div class=\"custom-carousel-item item\">\n                        \t\t\t\t\t\t\t<a href=\"https:\/\/www.camaralima.org.pe\/\" target=\"_blank\">\n\t\t\t\t\t\t\t\t<img decoding=\"async\" src=\"\/miempresacircular\/wp-content\/uploads\/2025\/03\/05.-Camara-de-Comercio-de-Lima-CCL.jpg\" class=\"d-block w-100\" alt=\"C\u00e1mara de Comercio de Lima\">\n\t\t\t\t\t\t\t<\/a>\n                                            <\/div>\n                                    <div class=\"custom-carousel-item item\">\n                        \t\t\t\t\t\t\t<a href=\"https:\/\/www.camara-arequipa.org.pe\/\" target=\"_blank\">\n\t\t\t\t\t\t\t\t<img decoding=\"async\" src=\"\/miempresacircular\/wp-content\/uploads\/2025\/03\/camaraarequipacomercio.png\" class=\"d-block w-100\" alt=\"C\u00e1mara de comercio e Industria de Arequipa\">\n\t\t\t\t\t\t\t<\/a>\n                                            <\/div>\n                                    <div class=\"custom-carousel-item item\">\n                        \t\t\t\t\t\t\t<a href=\"https:\/\/camaralalibertad.org.pe\/\" target=\"_blank\">\n\t\t\t\t\t\t\t\t<img decoding=\"async\" src=\"\/miempresacircular\/wp-content\/uploads\/2025\/03\/08.-Camara-de-Comercio-de-La-Libertad.png\" class=\"d-block w-100\" alt=\"Camara La Libertad\">\n\t\t\t\t\t\t\t<\/a>\n                                            <\/div>\n                                    <div class=\"custom-carousel-item item\">\n                        \t\t\t\t\t\t\t<a href=\"https:\/\/www.perucamaras.org.pe\/\" target=\"_blank\">\n\t\t\t\t\t\t\t\t<img decoding=\"async\" src=\"\/miempresacircular\/wp-content\/uploads\/2025\/03\/PERUcamaras_2.png\" class=\"d-block w-100\" alt=\"PERUCAMARAS\">\n\t\t\t\t\t\t\t<\/a>\n                                            <\/div>\n                                    <div class=\"custom-carousel-item item\">\n                        \t\t\t\t\t\t\t<a href=\"https:\/\/creeasll.pe\/\" target=\"_blank\">\n\t\t\t\t\t\t\t\t<img decoding=\"async\" src=\"\/miempresacircular\/wp-content\/uploads\/2025\/03\/creas.png\" class=\"d-block w-100\" alt=\"CREEAS\">\n\t\t\t\t\t\t\t<\/a>\n                                            <\/div>\n                                    <div class=\"custom-carousel-item item\">\n                        \t\t\t\t\t\t\t<a href=\"https:\/\/www.cooperacionsuiza.pe\/seco\/\" target=\"_blank\">\n\t\t\t\t\t\t\t\t<img decoding=\"async\" src=\"\/miempresacircular\/wp-content\/uploads\/2025\/03\/11.-Cooperacion-Suiza-SECO-en-el-Peru.png\" class=\"d-block w-100\" alt=\"Cooperaci\u00f3n Suiza\">\n\t\t\t\t\t\t\t<\/a>\n                                            <\/div>\n                                    <div class=\"custom-carousel-item item\">\n                        \t\t\t\t\t\t\t<a href=\"https:\/\/www.gob.pe\/inacal\" target=\"_blank\">\n\t\t\t\t\t\t\t\t<img decoding=\"async\" src=\"\/miempresacircular\/wp-content\/uploads\/2025\/03\/12.-Instituto-Nacional-de-Calidad-INACAL.jpg\" class=\"d-block w-100\" alt=\"Inacal\">\n\t\t\t\t\t\t\t<\/a>\n                                            <\/div>\n                                    <div class=\"custom-carousel-item item\">\n                        \t\t\t\t\t\t\t<a href=\"https:\/\/peru.info\/es-pe\/marca-peru\" target=\"_blank\">\n\t\t\t\t\t\t\t\t<img decoding=\"async\" src=\"\/miempresacircular\/wp-content\/uploads\/2025\/02\/marcaperu.jpg\" class=\"d-block w-100\" alt=\"Marca Per\u00fa\">\n\t\t\t\t\t\t\t<\/a>\n                                            <\/div>\n                                    <div class=\"custom-carousel-item item\">\n                        \t\t\t\t\t\t\t<a href=\"https:\/\/www.senati.edu.pe\/\" target=\"_blank\">\n\t\t\t\t\t\t\t\t<img decoding=\"async\" src=\"\/miempresacircular\/wp-content\/uploads\/2025\/03\/15.-Servicio-Nacional-de-Adiestramiento-en-Trabajo-Industrial-SENATI.png\" class=\"d-block w-100\" alt=\"SENATI\">\n\t\t\t\t\t\t\t<\/a>\n                                            <\/div>\n                                    <div class=\"custom-carousel-item item\">\n                        \t\t\t\t\t\t\t<a href=\"https:\/\/ucsp.edu.pe\/\" target=\"_blank\">\n\t\t\t\t\t\t\t\t<img decoding=\"async\" src=\"\/miempresacircular\/wp-content\/uploads\/2025\/03\/16.-Universidad-Catolica-San-Pablo.jpg\" class=\"d-block w-100\" alt=\"U. San Pablo\">\n\t\t\t\t\t\t\t<\/a>\n                                            <\/div>\n                                    <div class=\"custom-carousel-item item\">\n                        \t\t\t\t\t\t\t<a href=\"https:\/\/www.ucv.edu.pe\/\" target=\"_blank\">\n\t\t\t\t\t\t\t\t<img decoding=\"async\" src=\"\/miempresacircular\/wp-content\/uploads\/2025\/03\/17.-Universidad-Cesar-Vallejo.png\" class=\"d-block w-100\" alt=\"U. C\u00e9sar Vallejo\">\n\t\t\t\t\t\t\t<\/a>\n                                            <\/div>\n                                    <div class=\"custom-carousel-item item\">\n                        \t\t\t\t\t\t\t<a href=\"https:\/\/www.ulima.edu.pe\/\" target=\"_blank\">\n\t\t\t\t\t\t\t\t<img decoding=\"async\" src=\"\/miempresacircular\/wp-content\/uploads\/2025\/03\/18.-Universidad-de-Lima-1.jpg\" class=\"d-block w-100\" alt=\"U. Lima\">\n\t\t\t\t\t\t\t<\/a>\n                                            <\/div>\n                                    <div class=\"custom-carousel-item item\">\n                        \t\t\t\t\t\t\t<a href=\"https:\/\/www.lamolina.edu.pe\/\" target=\"_blank\">\n\t\t\t\t\t\t\t\t<img decoding=\"async\" src=\"\/miempresacircular\/wp-content\/uploads\/2025\/03\/19.-Universidad-Nacional-Agraria-la-Molina.png\" class=\"d-block w-100\" alt=\"U. La Molina\">\n\t\t\t\t\t\t\t<\/a>\n                                            <\/div>\n                                    <div class=\"custom-carousel-item item\">\n                        \t\t\t\t\t\t\t<a href=\"https:\/\/www.unitru.edu.pe\/\" target=\"_blank\">\n\t\t\t\t\t\t\t\t<img decoding=\"async\" src=\"\/miempresacircular\/wp-content\/uploads\/2025\/03\/20.-Universidad-Nacional-de-Trujillo.png\" class=\"d-block w-100\" alt=\"U. Trujillo\">\n\t\t\t\t\t\t\t<\/a>\n                                            <\/div>\n                                    <div class=\"custom-carousel-item item\">\n                        \t\t\t\t\t\t\t<a href=\"https:\/\/upao.edu.pe\/\" target=\"_blank\">\n\t\t\t\t\t\t\t\t<img decoding=\"async\" src=\"\/miempresacircular\/wp-content\/uploads\/2025\/03\/21.-Universidad-Privada-Antenor-Orrego-1.png\" class=\"d-block w-100\" alt=\"UPAO\">\n\t\t\t\t\t\t\t<\/a>\n                                            <\/div>\n                                    <div class=\"custom-carousel-item item\">\n                        \t\t\t\t\t\t\t<a href=\"https:\/\/www.upn.edu.pe\/\" target=\"_blank\">\n\t\t\t\t\t\t\t\t<img decoding=\"async\" src=\"\/miempresacircular\/wp-content\/uploads\/2025\/03\/logoUPN.png\" class=\"d-block w-100\" alt=\"UPN\">\n\t\t\t\t\t\t\t<\/a>\n                                            <\/div>\n                                    <div class=\"custom-carousel-item item\">\n                        \t\t\t\t\t\t\t<a href=\"https:\/\/www.gob.pe\/institucion\/minam\/noticias\/813231-ministerio-del-ambiente-lanza-oficialmente-la-coalicion-nacional-de-economia-circular\" target=\"_blank\">\n\t\t\t\t\t\t\t\t<img decoding=\"async\" src=\"\/miempresacircular\/wp-content\/uploads\/2025\/03\/logos-06-e1742940689188.png\" class=\"d-block w-100\" alt=\"PER\u00da PA\u00cdS CIRCULAR\">\n\t\t\t\t\t\t\t<\/a>\n                                            <\/div>\n                        <\/div>\n\t<\/div>\n\t<\/div>\n\n\t\t<script>\n\t\t\tjQuery(document).ready(function($) {\n\t\t\t\tconsole.log(\"El widget Carousel se ha generado y jQuery est\u00e1 funcionando.\");\n\t\t\t});\n\t\t<\/script>\n\n        <\/div><\/div><\/div><div id=\"pg-1484-7\"  class=\"panel-grid panel-has-style\" ><div class=\"mt-5 panel-row-style panel-row-style-for-1484-7\" ><div id=\"pgc-1484-7-0\"  class=\"panel-grid-cell panel-grid-cell-empty\" ><\/div><\/div><\/div><\/div>","protected":false},"excerpt":{"rendered":"<p>\u00abRecuperar valor\u00bb Comienza a cerrar el c\u00edrculo \u00abRetener valor\u00bb Mant\u00e9n el c\u00edrculo \u00abCrear valor agregado\u00bb Piensa Circular Aplica la estrategia \u201cMant\u00e9n el c\u00edrculo\u201d y optimiza el uso de la energ\u00eda sum\u00e1ndote al Movimiento \u201cTu Mejor Energ\u00eda\u201d \u00a1Da el primer paso hacia la circularidad! \ud83d\udc49 Haz clic aqu\u00ed y descubre c\u00f3mo #TransformaLaL\u00ednea Fondos ProInn\u00f3vate Crea y [&hellip;]<\/p>\n","protected":false},"author":1,"featured_media":0,"parent":0,"menu_order":0,"comment_status":"closed","ping_status":"closed","template":"","meta":{"footnotes":""},"tags":[],"class_list":["post-1484","page","type-page","status-publish","hentry"],"_links":{"self":[{"href":"https:\/\/desarrollo.infobox.com.pe\/miempresacircular\/wp-json\/wp\/v2\/pages\/1484","targetHints":{"allow":["GET"]}}],"collection":[{"href":"https:\/\/desarrollo.infobox.com.pe\/miempresacircular\/wp-json\/wp\/v2\/pages"}],"about":[{"href":"https:\/\/desarrollo.infobox.com.pe\/miempresacircular\/wp-json\/wp\/v2\/types\/page"}],"author":[{"embeddable":true,"href":"https:\/\/desarrollo.infobox.com.pe\/miempresacircular\/wp-json\/wp\/v2\/users\/1"}],"replies":[{"embeddable":true,"href":"https:\/\/desarrollo.infobox.com.pe\/miempresacircular\/wp-json\/wp\/v2\/comments?post=1484"}],"version-history":[{"count":722,"href":"https:\/\/desarrollo.infobox.com.pe\/miempresacircular\/wp-json\/wp\/v2\/pages\/1484\/revisions"}],"predecessor-version":[{"id":9063,"href":"https:\/\/desarrollo.infobox.com.pe\/miempresacircular\/wp-json\/wp\/v2\/pages\/1484\/revisions\/9063"}],"wp:attachment":[{"href":"https:\/\/desarrollo.infobox.com.pe\/miempresacircular\/wp-json\/wp\/v2\/media?parent=1484"}],"wp:term":[{"taxonomy":"post_tag","embeddable":true,"href":"https:\/\/desarrollo.infobox.com.pe\/miempresacircular\/wp-json\/wp\/v2\/tags?post=1484"}],"curies":[{"name":"wp","href":"https:\/\/api.w.org\/{rel}","templated":true}]}}