{"id":2314,"date":"2023-08-16T13:26:02","date_gmt":"2023-08-16T18:26:02","guid":{"rendered":"https:\/\/miempresacircular.pe\/?page_id=2314"},"modified":"2025-06-13T11:45:16","modified_gmt":"2025-06-13T16:45:16","slug":"historias-de-exito-3","status":"publish","type":"page","link":"https:\/\/desarrollo.infobox.com.pe\/miempresacircular\/historias-de-exito-3\/","title":{"rendered":"Historias de \u00e9xito"},"content":{"rendered":"<div id=\"pl-2314\"  class=\"panel-layout\" ><div id=\"pg-2314-0\"  class=\"panel-grid panel-no-style\" ><div id=\"pgc-2314-0-0\"  class=\"panel-grid-cell\" ><div id=\"panel-2314-0-0-0\" class=\"so-panel widget widget_text panel-first-child panel-last-child\" data-index=\"0\" >\t\t\t<div class=\"textwidget\"><div style=\"position: relative; width: 100%; height: 450px; background-image: url('\/miempresacircular\/wp-content\/uploads\/2023\/12\/Banners-interiores1-scaled.jpg'); background-size: cover; background-position: center; background-repeat: no-repeat; display: flex; align-items: center; justify-content: center; text-align: center; margin: 0; padding: 0;\">\n<div style=\"background: rgba(30, 76, 127, 0.9); padding: 20px 40px; border-radius: 0px; height: 200px; width: 800px; max-width: 70%; text-align: center;\">\n<h1 style=\"color: white; font-size: 2rem; margin-top: 20px; text-shadow: 2px 2px 5px rgba(0, 0, 0, 0.5);\">HISTORIAS Y CASOS DE \u00c9XITO<\/h1>\n<div style=\"display: flex; justify-content: center; align-items: center; gap: 10px; margin: 0px 0 20px 0;\">\n<div style=\"width: 80px; height: 2px; background-color: rgba(255, 255, 255, 0.5);\"><\/div>\n<div style=\"width: 80px; height: 2px; background-color: rgba(255, 255, 255);\"><\/div>\n<div style=\"width: 80px; height: 2px; background-color: rgba(255, 255, 255, 0.5);\"><\/div>\n<\/div>\n<h1 style=\"color: white; font-size: 2rem; margin-top: 20px; text-shadow: 2px 2px 5px rgba(0, 0, 0, 0.5);\">Conoce las historias de importantes emprendedores en el Per\u00fa<\/h1>\n<\/div>\n<\/div>\n<\/div>\n\t\t<\/div><\/div><\/div><div id=\"pg-2314-1\"  class=\"panel-grid panel-has-style\" ><div class=\"panel-row-style panel-row-style-for-2314-1\" ><div id=\"pgc-2314-1-0\"  class=\"panel-grid-cell panel-grid-cell-empty\" ><\/div><div id=\"pgc-2314-1-1\"  class=\"panel-grid-cell panel-grid-cell-mobile-last\" ><div id=\"panel-2314-1-1-0\" class=\"so-panel widget panel-first-child\" data-index=\"1\" ><\/div><div id=\"panel-2314-1-1-1\" class=\"so-panel widget\" data-index=\"2\" ><\/div><div id=\"panel-2314-1-1-2\" class=\"so-panel widget widget_text\" data-index=\"3\" >\t\t\t<div class=\"textwidget\"><h4 style=\"text-align: center; color: #164985; margin-top: 30px;\">HISTORIA DE \u00c9XITO<\/h4>\n<div style=\"display: flex; justify-content: center; align-items: center; gap: 10px; margin: 0px 0 40px 0;\">\n<div style=\"width: 50px; height: 2px; background-color: rgba(22, 73, 133, 0.5);\"><\/div>\n<div style=\"width: 50px; height: 2px; background-color: rgba(22, 73, 133);\"><\/div>\n<div style=\"width: 50px; height: 2px; background-color: rgba(22, 73, 133, 0.5);\"><\/div>\n<\/div>\n<\/div>\n\t\t<\/div><div id=\"panel-2314-1-1-3\" class=\"so-panel widget widget_sow-editor\" data-index=\"4\" ><div\n\t\t\t\n\t\t\tclass=\"so-widget-sow-editor so-widget-sow-editor-base\"\n\t\t\t\n\t\t>\n<div class=\"siteorigin-widget-tinymce textwidget\">\n\t<p style=\"text-align: center;\"><span style=\"font-size: 12pt;\"><strong style=\"color: #164985;\"><span class=\"TextRun SCXW41221568 BCX0\" lang=\"ES-PE\" xml:lang=\"ES-PE\" data-contrast=\"none\"><span class=\"NormalTextRun SCXW41221568 BCX0\" data-ccp-parastyle=\"Normal0\" data-ccp-parastyle-defn=\"{&quot;ObjectId&quot;:&quot;9f795a1f-960c-41e8-83d4-fb3db1764ae7|148&quot;,&quot;ClassId&quot;:1073872969,&quot;Properties&quot;:[469775450,&quot;Normal0&quot;,201340122,&quot;2&quot;,134234082,&quot;true&quot;,134233614,&quot;true&quot;,469778129,&quot;Normal0&quot;,335572020,&quot;1&quot;,469777841,&quot;Helvetica&quot;,469777842,&quot;Helvetica Neue&quot;,469777843,&quot;Helvetica Neue&quot;,469777844,&quot;Helvetica&quot;,469769226,&quot;Helvetica,Helvetica Neue&quot;,335559740,&quot;360&quot;,201341983,&quot;0&quot;,335559739,&quot;120&quot;,335559738,&quot;120&quot;,469778325,&quot;[\\&quot;heading 10\\&quot;,\\&quot;heading 20\\&quot;,\\&quot;heading 30\\&quot;,\\&quot;heading 40\\&quot;,\\&quot;heading 50\\&quot;,\\&quot;header\\&quot;,\\&quot;footer\\&quot;,\\&quot;Title0\\&quot;,\\&quot;toc 1\\&quot;,\\&quot;toc 2\\&quot;,\\&quot;toc 3\\&quot;,\\&quot;List Paragraph\\&quot;,\\&quot;paragraph\\&quot;,\\&quot;Subtitle\\&quot;]&quot;]}\">Insp\u00edrate con nuestras <\/span><span class=\"NormalTextRun SCXW41221568 BCX0\" data-ccp-parastyle=\"Normal0\">h<\/span><span class=\"NormalTextRun SCXW41221568 BCX0\" data-ccp-parastyle=\"Normal0\">istorias<\/span><\/span><\/strong><\/span><\/p>\n<p style=\"text-align: center;\"><span style=\"font-size: 12pt;\"><span class=\"TextRun SCXW41221568 BCX0\" lang=\"ES-PE\" xml:lang=\"ES-PE\" data-contrast=\"none\"><span class=\"NormalTextRun SCXW41221568 BCX0\" data-ccp-parastyle=\"Normal0\">Aqu\u00ed te contamos <\/span><span class=\"NormalTextRun SCXW41221568 BCX0\" data-ccp-parastyle=\"Normal0\">c\u00f3mo diversas organizaciones <\/span><span class=\"NormalTextRun SCXW41221568 BCX0\" data-ccp-parastyle=\"Normal0\">abrazaron<\/span><span class=\"NormalTextRun SCXW41221568 BCX0\" data-ccp-parastyle=\"Normal0\"> la econom\u00eda circular<\/span><span class=\"NormalTextRun SCXW41221568 BCX0\" data-ccp-parastyle=\"Normal0\"> con impactos significativos en sus negocios, la sociedad y el ambiente.\u00a0<\/span><\/span><\/span><span style=\"font-size: 12pt;\"><span class=\"TextRun SCXW41221568 BCX0\" lang=\"ES-PE\" xml:lang=\"ES-PE\" data-contrast=\"none\"><span class=\"NormalTextRun SCXW41221568 BCX0\" data-ccp-parastyle=\"Normal0\">Sum\u00e9rgete en estas narrativas transformadoras y \u00fanete a la comunidad de l\u00edderes circulares.\u00a0<\/span><\/span><\/span><span class=\"EOP SCXW41221568 BCX0\" data-ccp-props=\"{&quot;201341983&quot;:0,&quot;335559738&quot;:120,&quot;335559739&quot;:120,&quot;335559740&quot;:360}\">\u00a0<\/span><\/p>\n<\/div>\n<\/div><\/div><div id=\"panel-2314-1-1-4\" class=\"so-panel widget\" data-index=\"5\" ><\/div><div id=\"panel-2314-1-1-5\" class=\"so-panel widget widget_text\" data-index=\"6\" >\t\t\t<div class=\"textwidget\">\n<div class=\"wprpsp-gridbox-slider-wrp wprpsp-clearfix \" data-conf=\"{&quot;dots&quot;:&quot;true&quot;,&quot;arrows&quot;:&quot;true&quot;,&quot;fade&quot;:&quot;false&quot;,&quot;autoplay&quot;:&quot;true&quot;,&quot;autoplay_interval&quot;:3000,&quot;speed&quot;:600,&quot;design&quot;:&quot;design-3&quot;,&quot;rtl&quot;:&quot;false&quot;,&quot;infinite&quot;:&quot;true&quot;,&quot;hover_pause&quot;:&quot;true&quot;,&quot;focus_pause&quot;:&quot;false&quot;,&quot;lazyload&quot;:&quot;&quot;}\">\n\t<div id=\"wprpsp-gridbox-slider-1\" class=\"wprpsp-gridbox-slider wprpsp-post-slider-init wprpsp-design-3 wprpsp-image-fit\">\t<div class=\"wprpsp-grid-slider-wrp\">\n\t\t<div class=\"wprpsp-post-slides wprpsp-clr-1 wprpsp-medium-3 wprpsp-columns\">\n\t\t\t<a class=\"wprpsp-link-overlay wprpsp-post-link\" href=\"https:\/\/desarrollo.infobox.com.pe\/miempresacircular\/2024\/05\/21\/greendeal-economia-circular-en-el-sector-plastico\/\" target=\"_self\"><\/a>\n\t\t\t<div class=\"wprpsp-post-grid-cnt\">\n\t\t\t\t<div class=\"wprpsp-post-overlay\">\n\t\t\t\t\t<div class=\"wprpsp-post-image-wrap wprpsp-post-image-bg\" style=\"\">\n\t\t\t\t\t\t\t\t\t\t\t\t\t<img decoding=\"async\" class=\"wprpsp-post-img\"  src=\"https:\/\/desarrollo.infobox.com.pe\/miempresacircular\/wp-content\/uploads\/2024\/05\/Fotos-casos-de-exito-14-1024x576.png\" alt=\"GREENDEAL: Econom\u00eda circular en el sector pl\u00e1stico\" \/>\n\t\t\t\t\t\t\t\t\t\t\t<\/div>\n\t\t\t\t\t<div class=\"wprpsp-post-short-cnt\">\n\t\t\t\t\t\t\t\t\t\t\t\t\t<div class=\"wprpsp-post-cats-wrap\"><ul class=\"post-categories wprpsp-post-categories\"><li><a href=\"https:\/\/desarrollo.infobox.com.pe\/miempresacircular\/category\/diseno-para-la-circularidad\/\" rel=\"category\" target=\"_self\"> Dise\u00f1o para la circularidad <\/a><\/li><li><a href=\"https:\/\/desarrollo.infobox.com.pe\/miempresacircular\/category\/historias-exito-circular\/historias-de-exito\/\" rel=\"category\" target=\"_self\"> Historias de \u00e9xito <\/a><\/li><li><a href=\"https:\/\/desarrollo.infobox.com.pe\/miempresacircular\/category\/historias-exito-circular\/\" rel=\"category\" target=\"_self\"> Historias de \u00e9xito circular <\/a><\/li><li><a href=\"https:\/\/desarrollo.infobox.com.pe\/miempresacircular\/category\/optimizacion-de-procesos\/\" rel=\"category\" target=\"_self\"> Optimizaci\u00f3n de procesos <\/a><\/li><li><a href=\"https:\/\/desarrollo.infobox.com.pe\/miempresacircular\/category\/plastico\/\" rel=\"category\" target=\"_self\"> Pl\u00e1stico <\/a><\/li><\/ul><\/div>\n\t\t\t\t\t\t\t\t\t\t\t\t<div class=\"wprpsp-bottom-content\">\n\t\t\t\t\t\t\t\t\t\t\t\t\t\t\t<h2 class=\"wprpsp-post-title\">\n\t\t\t\t\t\t\t\t\t<a href=\"https:\/\/desarrollo.infobox.com.pe\/miempresacircular\/2024\/05\/21\/greendeal-economia-circular-en-el-sector-plastico\/\" target=\"_self\">GREENDEAL: Econom\u00eda circular en el sector pl\u00e1stico<\/a>\n\t\t\t\t\t\t\t\t<\/h2>\n\t\t\t\t\t\t\t\t\t\t\t\t\t\t\t<div class=\"wprpsp-post-date\">\n\t\t\t\t\t\t\t\t\t<span>By Editor1<\/span>\t\t\t\t\t\t\t\t\t&nbsp;\/&nbsp;\t\t\t\t\t\t\t\t\t21\/05\/2024\t\t\t\t\t\t\t\t<\/div>\n\t\t\t\t\t\t\t\t\t\t\t\t\t<\/div>\n\t\t\t\t\t<\/div>\n\t\t\t\t<\/div>\n\t\t\t<\/div>\n\t\t<\/div>\n\t\t<div class=\"wprpsp-post-slides wprpsp-clr-2 wprpsp-medium-6 wprpsp-columns\">\n\t\t\t<a class=\"wprpsp-link-overlay wprpsp-post-link\" href=\"https:\/\/desarrollo.infobox.com.pe\/miempresacircular\/2024\/05\/14\/qolores-economia-circular-en-el-sector-textil-confecciones\/\" target=\"_self\"><\/a>\n\t\t\t<div class=\"wprpsp-post-grid-cnt\">\n\t\t\t\t<div class=\"wprpsp-post-overlay\">\n\t\t\t\t\t<div class=\"wprpsp-post-image-wrap wprpsp-post-image-bg\" style=\"\">\n\t\t\t\t\t\t\t\t\t\t\t\t\t<img decoding=\"async\" class=\"wprpsp-post-img\"  src=\"https:\/\/desarrollo.infobox.com.pe\/miempresacircular\/wp-content\/uploads\/2024\/05\/Fotos-casos-de-exito-10-1024x576.png\" alt=\"Qolores: Econom\u00eda circular en el sector textil confecciones\" \/>\n\t\t\t\t\t\t\t\t\t\t\t<\/div>\n\t\t\t\t\t<div class=\"wprpsp-post-short-cnt\">\n\t\t\t\t\t\t\t\t\t\t\t\t\t<div class=\"wprpsp-post-cats-wrap\"><ul class=\"post-categories wprpsp-post-categories\"><li><a href=\"https:\/\/desarrollo.infobox.com.pe\/miempresacircular\/category\/historias-exito-circular\/historias-de-exito\/\" rel=\"category\" target=\"_self\"> Historias de \u00e9xito <\/a><\/li><li><a href=\"https:\/\/desarrollo.infobox.com.pe\/miempresacircular\/category\/historias-exito-circular\/\" rel=\"category\" target=\"_self\"> Historias de \u00e9xito circular <\/a><\/li><li><a href=\"https:\/\/desarrollo.infobox.com.pe\/miempresacircular\/category\/textil-confecciones\/\" rel=\"category\" target=\"_self\"> Textil Confecciones <\/a><\/li><\/ul><\/div>\n\t\t\t\t\t\t\t\t\t\t\t\t<div class=\"wprpsp-bottom-content\">\n\t\t\t\t\t\t\t\t\t\t\t\t\t\t\t<h2 class=\"wprpsp-post-title\">\n\t\t\t\t\t\t\t\t\t<a href=\"https:\/\/desarrollo.infobox.com.pe\/miempresacircular\/2024\/05\/14\/qolores-economia-circular-en-el-sector-textil-confecciones\/\" target=\"_self\">Qolores: Econom\u00eda circular en el sector textil confecciones<\/a>\n\t\t\t\t\t\t\t\t<\/h2>\n\t\t\t\t\t\t\t\t\t\t\t\t\t\t\t<div class=\"wprpsp-post-date\">\n\t\t\t\t\t\t\t\t\t<span>By Editor1<\/span>\t\t\t\t\t\t\t\t\t&nbsp;\/&nbsp;\t\t\t\t\t\t\t\t\t14\/05\/2024\t\t\t\t\t\t\t\t<\/div>\n\t\t\t\t\t\t\t\t\t\t\t\t\t<\/div>\n\t\t\t\t\t<\/div>\n\t\t\t\t<\/div>\n\t\t\t<\/div>\n\t\t<\/div>\n\t\t<div class=\"wprpsp-post-slides wprpsp-clr-3 wprpsp-medium-3 wprpsp-columns\">\n\t\t\t<a class=\"wprpsp-link-overlay wprpsp-post-link\" href=\"https:\/\/desarrollo.infobox.com.pe\/miempresacircular\/2024\/05\/14\/mazuka-economia-circular-en-el-sector-calzado\/\" target=\"_self\"><\/a>\n\t\t\t<div class=\"wprpsp-post-grid-cnt\">\n\t\t\t\t<div class=\"wprpsp-post-overlay\">\n\t\t\t\t\t<div class=\"wprpsp-post-image-wrap wprpsp-post-image-bg\" style=\"\">\n\t\t\t\t\t\t\t\t\t\t\t\t\t<img decoding=\"async\" class=\"wprpsp-post-img\"  src=\"https:\/\/desarrollo.infobox.com.pe\/miempresacircular\/wp-content\/uploads\/2024\/05\/Fotos-casos-de-exito-9-1024x576.png\" alt=\"MAZUKA: Econom\u00eda circular en el sector calzado\" \/>\n\t\t\t\t\t\t\t\t\t\t\t<\/div>\n\t\t\t\t\t<div class=\"wprpsp-post-short-cnt\">\n\t\t\t\t\t\t\t\t\t\t\t\t\t<div class=\"wprpsp-post-cats-wrap\"><ul class=\"post-categories wprpsp-post-categories\"><li><a href=\"https:\/\/desarrollo.infobox.com.pe\/miempresacircular\/category\/calzado\/\" rel=\"category\" target=\"_self\"> Cuero y calzado <\/a><\/li><li><a href=\"https:\/\/desarrollo.infobox.com.pe\/miempresacircular\/category\/historias-exito-circular\/historias-de-exito\/\" rel=\"category\" target=\"_self\"> Historias de \u00e9xito <\/a><\/li><li><a href=\"https:\/\/desarrollo.infobox.com.pe\/miempresacircular\/category\/historias-exito-circular\/\" rel=\"category\" target=\"_self\"> Historias de \u00e9xito circular <\/a><\/li><\/ul><\/div>\n\t\t\t\t\t\t\t\t\t\t\t\t<div class=\"wprpsp-bottom-content\">\n\t\t\t\t\t\t\t\t\t\t\t\t\t\t\t<h2 class=\"wprpsp-post-title\">\n\t\t\t\t\t\t\t\t\t<a href=\"https:\/\/desarrollo.infobox.com.pe\/miempresacircular\/2024\/05\/14\/mazuka-economia-circular-en-el-sector-calzado\/\" target=\"_self\">MAZUKA: Econom\u00eda circular en el sector calzado<\/a>\n\t\t\t\t\t\t\t\t<\/h2>\n\t\t\t\t\t\t\t\t\t\t\t\t\t\t\t<div class=\"wprpsp-post-date\">\n\t\t\t\t\t\t\t\t\t<span>By Editor1<\/span>\t\t\t\t\t\t\t\t\t&nbsp;\/&nbsp;\t\t\t\t\t\t\t\t\t14\/05\/2024\t\t\t\t\t\t\t\t<\/div>\n\t\t\t\t\t\t\t\t\t\t\t\t\t<\/div>\n\t\t\t\t\t<\/div>\n\t\t\t\t<\/div>\n\t\t\t<\/div>\n\t\t<\/div>\n\t\t<div class=\"wprpsp-post-slides wprpsp-clr-4 wprpsp-medium-4 wprpsp-columns\">\n\t\t\t<a class=\"wprpsp-link-overlay wprpsp-post-link\" href=\"https:\/\/desarrollo.infobox.com.pe\/miempresacircular\/2024\/05\/14\/maderas-urbanas-economia-circular-en-el-sector-mobiliario\/\" target=\"_self\"><\/a>\n\t\t\t<div class=\"wprpsp-post-grid-cnt\">\n\t\t\t\t<div class=\"wprpsp-post-overlay\">\n\t\t\t\t\t<div class=\"wprpsp-post-image-wrap wprpsp-post-image-bg\" style=\"\">\n\t\t\t\t\t\t\t\t\t\t\t\t\t<img decoding=\"async\" class=\"wprpsp-post-img\"  src=\"https:\/\/desarrollo.infobox.com.pe\/miempresacircular\/wp-content\/uploads\/2024\/05\/Fotos-casos-de-exito-8-1024x576.png\" alt=\"Maderas Urbanas: Econom\u00eda circular en el sector mobiliario\" \/>\n\t\t\t\t\t\t\t\t\t\t\t<\/div>\n\t\t\t\t\t<div class=\"wprpsp-post-short-cnt\">\n\t\t\t\t\t\t\t\t\t\t\t\t\t<div class=\"wprpsp-post-cats-wrap\"><ul class=\"post-categories wprpsp-post-categories\"><li><a href=\"https:\/\/desarrollo.infobox.com.pe\/miempresacircular\/category\/diseno-para-la-circularidad\/\" rel=\"category\" target=\"_self\"> Dise\u00f1o para la circularidad <\/a><\/li><li><a href=\"https:\/\/desarrollo.infobox.com.pe\/miempresacircular\/category\/historias-exito-circular\/historias-de-exito\/\" rel=\"category\" target=\"_self\"> Historias de \u00e9xito <\/a><\/li><li><a href=\"https:\/\/desarrollo.infobox.com.pe\/miempresacircular\/category\/historias-exito-circular\/\" rel=\"category\" target=\"_self\"> Historias de \u00e9xito circular <\/a><\/li><li><a href=\"https:\/\/desarrollo.infobox.com.pe\/miempresacircular\/category\/mobiliario\/\" rel=\"category\" target=\"_self\"> Mobiliario <\/a><\/li><li><a href=\"https:\/\/desarrollo.infobox.com.pe\/miempresacircular\/category\/optimizacion-de-procesos\/\" rel=\"category\" target=\"_self\"> Optimizaci\u00f3n de procesos <\/a><\/li><\/ul><\/div>\n\t\t\t\t\t\t\t\t\t\t\t\t<div class=\"wprpsp-bottom-content\">\n\t\t\t\t\t\t\t\t\t\t\t\t\t\t\t<h2 class=\"wprpsp-post-title\">\n\t\t\t\t\t\t\t\t\t<a href=\"https:\/\/desarrollo.infobox.com.pe\/miempresacircular\/2024\/05\/14\/maderas-urbanas-economia-circular-en-el-sector-mobiliario\/\" target=\"_self\">Maderas Urbanas: Econom\u00eda circular en el sector mobiliario<\/a>\n\t\t\t\t\t\t\t\t<\/h2>\n\t\t\t\t\t\t\t\t\t\t\t\t\t\t\t<div class=\"wprpsp-post-date\">\n\t\t\t\t\t\t\t\t\t<span>By Editor1<\/span>\t\t\t\t\t\t\t\t\t&nbsp;\/&nbsp;\t\t\t\t\t\t\t\t\t14\/05\/2024\t\t\t\t\t\t\t\t<\/div>\n\t\t\t\t\t\t\t\t\t\t\t\t\t<\/div>\n\t\t\t\t\t<\/div>\n\t\t\t\t<\/div>\n\t\t\t<\/div>\n\t\t<\/div>\n\t\t<div class=\"wprpsp-post-slides wprpsp-clr-5 wprpsp-medium-4 wprpsp-columns\">\n\t\t\t<a class=\"wprpsp-link-overlay wprpsp-post-link\" href=\"https:\/\/desarrollo.infobox.com.pe\/miempresacircular\/2024\/05\/13\/leather-lab-economia-circular-en-el-sector-cuero\/\" target=\"_self\"><\/a>\n\t\t\t<div class=\"wprpsp-post-grid-cnt\">\n\t\t\t\t<div class=\"wprpsp-post-overlay\">\n\t\t\t\t\t<div class=\"wprpsp-post-image-wrap wprpsp-post-image-bg\" style=\"\">\n\t\t\t\t\t\t\t\t\t\t\t\t\t<img decoding=\"async\" class=\"wprpsp-post-img\"  src=\"https:\/\/desarrollo.infobox.com.pe\/miempresacircular\/wp-content\/uploads\/2024\/05\/Fotos-casos-de-exito-6-1024x576.png\" alt=\"Leather Lab: Econom\u00eda circular en el sector cuero\" \/>\n\t\t\t\t\t\t\t\t\t\t\t<\/div>\n\t\t\t\t\t<div class=\"wprpsp-post-short-cnt\">\n\t\t\t\t\t\t\t\t\t\t\t\t\t<div class=\"wprpsp-post-cats-wrap\"><ul class=\"post-categories wprpsp-post-categories\"><li><a href=\"https:\/\/desarrollo.infobox.com.pe\/miempresacircular\/category\/calzado\/\" rel=\"category\" target=\"_self\"> Cuero y calzado <\/a><\/li><li><a href=\"https:\/\/desarrollo.infobox.com.pe\/miempresacircular\/category\/ecodiseno\/\" rel=\"category\" target=\"_self\"> Ecodise\u00f1o <\/a><\/li><li><a href=\"https:\/\/desarrollo.infobox.com.pe\/miempresacircular\/category\/historias-exito-circular\/historias-de-exito\/\" rel=\"category\" target=\"_self\"> Historias de \u00e9xito <\/a><\/li><li><a href=\"https:\/\/desarrollo.infobox.com.pe\/miempresacircular\/category\/historias-exito-circular\/\" rel=\"category\" target=\"_self\"> Historias de \u00e9xito circular <\/a><\/li><\/ul><\/div>\n\t\t\t\t\t\t\t\t\t\t\t\t<div class=\"wprpsp-bottom-content\">\n\t\t\t\t\t\t\t\t\t\t\t\t\t\t\t<h2 class=\"wprpsp-post-title\">\n\t\t\t\t\t\t\t\t\t<a href=\"https:\/\/desarrollo.infobox.com.pe\/miempresacircular\/2024\/05\/13\/leather-lab-economia-circular-en-el-sector-cuero\/\" target=\"_self\">Leather Lab: Econom\u00eda circular en el sector cuero<\/a>\n\t\t\t\t\t\t\t\t<\/h2>\n\t\t\t\t\t\t\t\t\t\t\t\t\t\t\t<div class=\"wprpsp-post-date\">\n\t\t\t\t\t\t\t\t\t<span>By Editor1<\/span>\t\t\t\t\t\t\t\t\t&nbsp;\/&nbsp;\t\t\t\t\t\t\t\t\t13\/05\/2024\t\t\t\t\t\t\t\t<\/div>\n\t\t\t\t\t\t\t\t\t\t\t\t\t<\/div>\n\t\t\t\t\t<\/div>\n\t\t\t\t<\/div>\n\t\t\t<\/div>\n\t\t<\/div>\n\t\t<div class=\"wprpsp-post-slides wprpsp-clr-6 wprpsp-medium-4 wprpsp-columns\">\n\t\t\t<a class=\"wprpsp-link-overlay wprpsp-post-link\" href=\"https:\/\/desarrollo.infobox.com.pe\/miempresacircular\/2024\/05\/13\/heroes-del-planeta-economia-circular-en-el-sector-plastico\/\" target=\"_self\"><\/a>\n\t\t\t<div class=\"wprpsp-post-grid-cnt\">\n\t\t\t\t<div class=\"wprpsp-post-overlay\">\n\t\t\t\t\t<div class=\"wprpsp-post-image-wrap wprpsp-post-image-bg\" style=\"\">\n\t\t\t\t\t\t\t\t\t\t\t\t\t<img decoding=\"async\" class=\"wprpsp-post-img\"  src=\"https:\/\/desarrollo.infobox.com.pe\/miempresacircular\/wp-content\/uploads\/2024\/05\/Fotos-casos-de-exito-5-1024x576.png\" alt=\"H\u00e9roes del Planeta: Econom\u00eda Circular en el sector pl\u00e1stico\" \/>\n\t\t\t\t\t\t\t\t\t\t\t<\/div>\n\t\t\t\t\t<div class=\"wprpsp-post-short-cnt\">\n\t\t\t\t\t\t\t\t\t\t\t\t\t<div class=\"wprpsp-post-cats-wrap\"><ul class=\"post-categories wprpsp-post-categories\"><li><a href=\"https:\/\/desarrollo.infobox.com.pe\/miempresacircular\/category\/historias-exito-circular\/historias-de-exito\/\" rel=\"category\" target=\"_self\"> Historias de \u00e9xito <\/a><\/li><li><a href=\"https:\/\/desarrollo.infobox.com.pe\/miempresacircular\/category\/historias-exito-circular\/\" rel=\"category\" target=\"_self\"> Historias de \u00e9xito circular <\/a><\/li><li><a href=\"https:\/\/desarrollo.infobox.com.pe\/miempresacircular\/category\/plastico\/\" rel=\"category\" target=\"_self\"> Pl\u00e1stico <\/a><\/li><\/ul><\/div>\n\t\t\t\t\t\t\t\t\t\t\t\t<div class=\"wprpsp-bottom-content\">\n\t\t\t\t\t\t\t\t\t\t\t\t\t\t\t<h2 class=\"wprpsp-post-title\">\n\t\t\t\t\t\t\t\t\t<a href=\"https:\/\/desarrollo.infobox.com.pe\/miempresacircular\/2024\/05\/13\/heroes-del-planeta-economia-circular-en-el-sector-plastico\/\" target=\"_self\">H\u00e9roes del Planeta: Econom\u00eda Circular en el sector pl\u00e1stico<\/a>\n\t\t\t\t\t\t\t\t<\/h2>\n\t\t\t\t\t\t\t\t\t\t\t\t\t\t\t<div class=\"wprpsp-post-date\">\n\t\t\t\t\t\t\t\t\t<span>By Editor1<\/span>\t\t\t\t\t\t\t\t\t&nbsp;\/&nbsp;\t\t\t\t\t\t\t\t\t13\/05\/2024\t\t\t\t\t\t\t\t<\/div>\n\t\t\t\t\t\t\t\t\t\t\t\t\t<\/div>\n\t\t\t\t\t<\/div>\n\t\t\t\t<\/div>\n\t\t\t<\/div>\n\t\t<\/div>\n<\/div>\n\t<div class=\"wprpsp-grid-slider-wrp\">\n\t\t<div class=\"wprpsp-post-slides wprpsp-clr-1 wprpsp-medium-3 wprpsp-columns\">\n\t\t\t<a class=\"wprpsp-link-overlay wprpsp-post-link\" href=\"https:\/\/desarrollo.infobox.com.pe\/miempresacircular\/2024\/05\/13\/fussion-economia-circular-en-el-sector-plastico\/\" target=\"_self\"><\/a>\n\t\t\t<div class=\"wprpsp-post-grid-cnt\">\n\t\t\t\t<div class=\"wprpsp-post-overlay\">\n\t\t\t\t\t<div class=\"wprpsp-post-image-wrap wprpsp-post-image-bg\" style=\"\">\n\t\t\t\t\t\t\t\t\t\t\t\t\t<img decoding=\"async\" class=\"wprpsp-post-img\"  src=\"https:\/\/desarrollo.infobox.com.pe\/miempresacircular\/wp-content\/uploads\/2024\/05\/Fotos-casos-de-exito-4-1024x576.png\" alt=\"FUSSION: Econom\u00eda circular en el sector pl\u00e1stico\" \/>\n\t\t\t\t\t\t\t\t\t\t\t<\/div>\n\t\t\t\t\t<div class=\"wprpsp-post-short-cnt\">\n\t\t\t\t\t\t\t\t\t\t\t\t\t<div class=\"wprpsp-post-cats-wrap\"><ul class=\"post-categories wprpsp-post-categories\"><li><a href=\"https:\/\/desarrollo.infobox.com.pe\/miempresacircular\/category\/ecodiseno\/\" rel=\"category\" target=\"_self\"> Ecodise\u00f1o <\/a><\/li><li><a href=\"https:\/\/desarrollo.infobox.com.pe\/miempresacircular\/category\/historias-exito-circular\/historias-de-exito\/\" rel=\"category\" target=\"_self\"> Historias de \u00e9xito <\/a><\/li><li><a href=\"https:\/\/desarrollo.infobox.com.pe\/miempresacircular\/category\/historias-exito-circular\/\" rel=\"category\" target=\"_self\"> Historias de \u00e9xito circular <\/a><\/li><li><a href=\"https:\/\/desarrollo.infobox.com.pe\/miempresacircular\/category\/plastico\/\" rel=\"category\" target=\"_self\"> Pl\u00e1stico <\/a><\/li><\/ul><\/div>\n\t\t\t\t\t\t\t\t\t\t\t\t<div class=\"wprpsp-bottom-content\">\n\t\t\t\t\t\t\t\t\t\t\t\t\t\t\t<h2 class=\"wprpsp-post-title\">\n\t\t\t\t\t\t\t\t\t<a href=\"https:\/\/desarrollo.infobox.com.pe\/miempresacircular\/2024\/05\/13\/fussion-economia-circular-en-el-sector-plastico\/\" target=\"_self\">FUSSION: Econom\u00eda circular en el sector pl\u00e1stico<\/a>\n\t\t\t\t\t\t\t\t<\/h2>\n\t\t\t\t\t\t\t\t\t\t\t\t\t\t\t<div class=\"wprpsp-post-date\">\n\t\t\t\t\t\t\t\t\t<span>By Editor1<\/span>\t\t\t\t\t\t\t\t\t&nbsp;\/&nbsp;\t\t\t\t\t\t\t\t\t13\/05\/2024\t\t\t\t\t\t\t\t<\/div>\n\t\t\t\t\t\t\t\t\t\t\t\t\t<\/div>\n\t\t\t\t\t<\/div>\n\t\t\t\t<\/div>\n\t\t\t<\/div>\n\t\t<\/div>\n\t\t<div class=\"wprpsp-post-slides wprpsp-clr-2 wprpsp-medium-6 wprpsp-columns\">\n\t\t\t<a class=\"wprpsp-link-overlay wprpsp-post-link\" href=\"https:\/\/desarrollo.infobox.com.pe\/miempresacircular\/2024\/05\/13\/crops-protection-economia-circular-en-el-sector-agroindustria\/\" target=\"_self\"><\/a>\n\t\t\t<div class=\"wprpsp-post-grid-cnt\">\n\t\t\t\t<div class=\"wprpsp-post-overlay\">\n\t\t\t\t\t<div class=\"wprpsp-post-image-wrap wprpsp-post-image-bg\" style=\"\">\n\t\t\t\t\t\t\t\t\t\t\t\t\t<img decoding=\"async\" class=\"wprpsp-post-img\"  src=\"https:\/\/desarrollo.infobox.com.pe\/miempresacircular\/wp-content\/uploads\/2024\/05\/Fotos-casos-de-exito-2-1024x576.png\" alt=\"Crops Protection: Econom\u00eda circular en el sector agroindustria\" \/>\n\t\t\t\t\t\t\t\t\t\t\t<\/div>\n\t\t\t\t\t<div class=\"wprpsp-post-short-cnt\">\n\t\t\t\t\t\t\t\t\t\t\t\t\t<div class=\"wprpsp-post-cats-wrap\"><ul class=\"post-categories wprpsp-post-categories\"><li><a href=\"https:\/\/desarrollo.infobox.com.pe\/miempresacircular\/category\/agroindustria\/\" rel=\"category\" target=\"_self\"> Agroindustria <\/a><\/li><li><a href=\"https:\/\/desarrollo.infobox.com.pe\/miempresacircular\/category\/historias-exito-circular\/historias-de-exito\/\" rel=\"category\" target=\"_self\"> Historias de \u00e9xito <\/a><\/li><li><a href=\"https:\/\/desarrollo.infobox.com.pe\/miempresacircular\/category\/historias-exito-circular\/\" rel=\"category\" target=\"_self\"> Historias de \u00e9xito circular <\/a><\/li><\/ul><\/div>\n\t\t\t\t\t\t\t\t\t\t\t\t<div class=\"wprpsp-bottom-content\">\n\t\t\t\t\t\t\t\t\t\t\t\t\t\t\t<h2 class=\"wprpsp-post-title\">\n\t\t\t\t\t\t\t\t\t<a href=\"https:\/\/desarrollo.infobox.com.pe\/miempresacircular\/2024\/05\/13\/crops-protection-economia-circular-en-el-sector-agroindustria\/\" target=\"_self\">Crops Protection: Econom\u00eda circular en el sector agroindustria<\/a>\n\t\t\t\t\t\t\t\t<\/h2>\n\t\t\t\t\t\t\t\t\t\t\t\t\t\t\t<div class=\"wprpsp-post-date\">\n\t\t\t\t\t\t\t\t\t<span>By Editor1<\/span>\t\t\t\t\t\t\t\t\t&nbsp;\/&nbsp;\t\t\t\t\t\t\t\t\t13\/05\/2024\t\t\t\t\t\t\t\t<\/div>\n\t\t\t\t\t\t\t\t\t\t\t\t\t<\/div>\n\t\t\t\t\t<\/div>\n\t\t\t\t<\/div>\n\t\t\t<\/div>\n\t\t<\/div>\n\t\t<div class=\"wprpsp-post-slides wprpsp-clr-3 wprpsp-medium-3 wprpsp-columns\">\n\t\t\t<a class=\"wprpsp-link-overlay wprpsp-post-link\" href=\"https:\/\/desarrollo.infobox.com.pe\/miempresacircular\/2024\/05\/13\/cartonizers-economia-circular-en-el-sector-carton\/\" target=\"_self\"><\/a>\n\t\t\t<div class=\"wprpsp-post-grid-cnt\">\n\t\t\t\t<div class=\"wprpsp-post-overlay\">\n\t\t\t\t\t<div class=\"wprpsp-post-image-wrap wprpsp-post-image-bg\" style=\"\">\n\t\t\t\t\t\t\t\t\t\t\t\t\t<img decoding=\"async\" class=\"wprpsp-post-img\"  src=\"https:\/\/desarrollo.infobox.com.pe\/miempresacircular\/wp-content\/uploads\/2024\/05\/Fotos-casos-de-exito-1-1024x576.png\" alt=\"Cartonizers: Econom\u00eda Circular en el sector papel\" \/>\n\t\t\t\t\t\t\t\t\t\t\t<\/div>\n\t\t\t\t\t<div class=\"wprpsp-post-short-cnt\">\n\t\t\t\t\t\t\t\t\t\t\t\t\t<div class=\"wprpsp-post-cats-wrap\"><ul class=\"post-categories wprpsp-post-categories\"><li><a href=\"https:\/\/desarrollo.infobox.com.pe\/miempresacircular\/category\/ecodiseno\/\" rel=\"category\" target=\"_self\"> Ecodise\u00f1o <\/a><\/li><li><a href=\"https:\/\/desarrollo.infobox.com.pe\/miempresacircular\/category\/historias-exito-circular\/historias-de-exito\/\" rel=\"category\" target=\"_self\"> Historias de \u00e9xito <\/a><\/li><li><a href=\"https:\/\/desarrollo.infobox.com.pe\/miempresacircular\/category\/historias-exito-circular\/\" rel=\"category\" target=\"_self\"> Historias de \u00e9xito circular <\/a><\/li><\/ul><\/div>\n\t\t\t\t\t\t\t\t\t\t\t\t<div class=\"wprpsp-bottom-content\">\n\t\t\t\t\t\t\t\t\t\t\t\t\t\t\t<h2 class=\"wprpsp-post-title\">\n\t\t\t\t\t\t\t\t\t<a href=\"https:\/\/desarrollo.infobox.com.pe\/miempresacircular\/2024\/05\/13\/cartonizers-economia-circular-en-el-sector-carton\/\" target=\"_self\">Cartonizers: Econom\u00eda Circular en el sector papel<\/a>\n\t\t\t\t\t\t\t\t<\/h2>\n\t\t\t\t\t\t\t\t\t\t\t\t\t\t\t<div class=\"wprpsp-post-date\">\n\t\t\t\t\t\t\t\t\t<span>By Editor1<\/span>\t\t\t\t\t\t\t\t\t&nbsp;\/&nbsp;\t\t\t\t\t\t\t\t\t13\/05\/2024\t\t\t\t\t\t\t\t<\/div>\n\t\t\t\t\t\t\t\t\t\t\t\t\t<\/div>\n\t\t\t\t\t<\/div>\n\t\t\t\t<\/div>\n\t\t\t<\/div>\n\t\t<\/div>\n\t\t<div class=\"wprpsp-post-slides wprpsp-clr-4 wprpsp-medium-4 wprpsp-columns\">\n\t\t\t<a class=\"wprpsp-link-overlay wprpsp-post-link\" href=\"https:\/\/desarrollo.infobox.com.pe\/miempresacircular\/2024\/05\/13\/circular-lab-economia-circular-en-el-sector-plastico\/\" target=\"_self\"><\/a>\n\t\t\t<div class=\"wprpsp-post-grid-cnt\">\n\t\t\t\t<div class=\"wprpsp-post-overlay\">\n\t\t\t\t\t<div class=\"wprpsp-post-image-wrap wprpsp-post-image-bg\" style=\"\">\n\t\t\t\t\t\t\t\t\t\t\t\t\t<img decoding=\"async\" class=\"wprpsp-post-img\"  src=\"https:\/\/desarrollo.infobox.com.pe\/miempresacircular\/wp-content\/uploads\/2024\/05\/Fotos-casos-de-exito-1024x576.png\" alt=\"Circular.Lab: Econom\u00eda circular en el sector pl\u00e1stico\" \/>\n\t\t\t\t\t\t\t\t\t\t\t<\/div>\n\t\t\t\t\t<div class=\"wprpsp-post-short-cnt\">\n\t\t\t\t\t\t\t\t\t\t\t\t\t<div class=\"wprpsp-post-cats-wrap\"><ul class=\"post-categories wprpsp-post-categories\"><li><a href=\"https:\/\/desarrollo.infobox.com.pe\/miempresacircular\/category\/ecodiseno\/\" rel=\"category\" target=\"_self\"> Ecodise\u00f1o <\/a><\/li><li><a href=\"https:\/\/desarrollo.infobox.com.pe\/miempresacircular\/category\/historias-exito-circular\/historias-de-exito\/\" rel=\"category\" target=\"_self\"> Historias de \u00e9xito <\/a><\/li><li><a href=\"https:\/\/desarrollo.infobox.com.pe\/miempresacircular\/category\/historias-exito-circular\/\" rel=\"category\" target=\"_self\"> Historias de \u00e9xito circular <\/a><\/li><li><a href=\"https:\/\/desarrollo.infobox.com.pe\/miempresacircular\/category\/plastico\/\" rel=\"category\" target=\"_self\"> Pl\u00e1stico <\/a><\/li><\/ul><\/div>\n\t\t\t\t\t\t\t\t\t\t\t\t<div class=\"wprpsp-bottom-content\">\n\t\t\t\t\t\t\t\t\t\t\t\t\t\t\t<h2 class=\"wprpsp-post-title\">\n\t\t\t\t\t\t\t\t\t<a href=\"https:\/\/desarrollo.infobox.com.pe\/miempresacircular\/2024\/05\/13\/circular-lab-economia-circular-en-el-sector-plastico\/\" target=\"_self\">Circular.Lab: Econom\u00eda circular en el sector pl\u00e1stico<\/a>\n\t\t\t\t\t\t\t\t<\/h2>\n\t\t\t\t\t\t\t\t\t\t\t\t\t\t\t<div class=\"wprpsp-post-date\">\n\t\t\t\t\t\t\t\t\t<span>By Editor1<\/span>\t\t\t\t\t\t\t\t\t&nbsp;\/&nbsp;\t\t\t\t\t\t\t\t\t13\/05\/2024\t\t\t\t\t\t\t\t<\/div>\n\t\t\t\t\t\t\t\t\t\t\t\t\t<\/div>\n\t\t\t\t\t<\/div>\n\t\t\t\t<\/div>\n\t\t\t<\/div>\n\t\t<\/div>\n\t\t<div class=\"wprpsp-post-slides wprpsp-clr-5 wprpsp-medium-4 wprpsp-columns\">\n\t\t\t<a class=\"wprpsp-link-overlay wprpsp-post-link\" href=\"https:\/\/desarrollo.infobox.com.pe\/miempresacircular\/2023\/10\/30\/all-center-economia-circular-en-el-sector-mobiliario\/\" target=\"_self\"><\/a>\n\t\t\t<div class=\"wprpsp-post-grid-cnt\">\n\t\t\t\t<div class=\"wprpsp-post-overlay\">\n\t\t\t\t\t<div class=\"wprpsp-post-image-wrap wprpsp-post-image-bg\" style=\"\">\n\t\t\t\t\t\t\t\t\t\t\t\t\t<img decoding=\"async\" class=\"wprpsp-post-img\"  src=\"https:\/\/desarrollo.infobox.com.pe\/miempresacircular\/wp-content\/uploads\/2023\/10\/Captura-de-pantalla-2023-10-30-a-las-20.03.55-1024x578.png\" alt=\"All Center: Econom\u00eda circular en el sector mobiliario\" \/>\n\t\t\t\t\t\t\t\t\t\t\t<\/div>\n\t\t\t\t\t<div class=\"wprpsp-post-short-cnt\">\n\t\t\t\t\t\t\t\t\t\t\t\t\t<div class=\"wprpsp-post-cats-wrap\"><ul class=\"post-categories wprpsp-post-categories\"><li><a href=\"https:\/\/desarrollo.infobox.com.pe\/miempresacircular\/category\/historias-exito-circular\/historias-de-exito\/\" rel=\"category\" target=\"_self\"> Historias de \u00e9xito <\/a><\/li><li><a href=\"https:\/\/desarrollo.infobox.com.pe\/miempresacircular\/category\/mobiliario\/\" rel=\"category\" target=\"_self\"> Mobiliario <\/a><\/li><li><a href=\"https:\/\/desarrollo.infobox.com.pe\/miempresacircular\/category\/reutilizar\/\" rel=\"category\" target=\"_self\"> Reutilizar <\/a><\/li><\/ul><\/div>\n\t\t\t\t\t\t\t\t\t\t\t\t<div class=\"wprpsp-bottom-content\">\n\t\t\t\t\t\t\t\t\t\t\t\t\t\t\t<h2 class=\"wprpsp-post-title\">\n\t\t\t\t\t\t\t\t\t<a href=\"https:\/\/desarrollo.infobox.com.pe\/miempresacircular\/2023\/10\/30\/all-center-economia-circular-en-el-sector-mobiliario\/\" target=\"_self\">All Center: Econom\u00eda circular en el sector mobiliario<\/a>\n\t\t\t\t\t\t\t\t<\/h2>\n\t\t\t\t\t\t\t\t\t\t\t\t\t\t\t<div class=\"wprpsp-post-date\">\n\t\t\t\t\t\t\t\t\t<span>By Editor<\/span>\t\t\t\t\t\t\t\t\t&nbsp;\/&nbsp;\t\t\t\t\t\t\t\t\t30\/10\/2023\t\t\t\t\t\t\t\t<\/div>\n\t\t\t\t\t\t\t\t\t\t\t\t\t<\/div>\n\t\t\t\t\t<\/div>\n\t\t\t\t<\/div>\n\t\t\t<\/div>\n\t\t<\/div>\n\t\t<div class=\"wprpsp-post-slides wprpsp-clr-6 wprpsp-medium-4 wprpsp-columns\">\n\t\t\t<a class=\"wprpsp-link-overlay wprpsp-post-link\" href=\"https:\/\/desarrollo.infobox.com.pe\/miempresacircular\/2023\/10\/30\/away-economia-circular-en-el-sector-textil\/\" target=\"_self\"><\/a>\n\t\t\t<div class=\"wprpsp-post-grid-cnt\">\n\t\t\t\t<div class=\"wprpsp-post-overlay\">\n\t\t\t\t\t<div class=\"wprpsp-post-image-wrap wprpsp-post-image-bg\" style=\"\">\n\t\t\t\t\t\t\t\t\t\t\t\t\t<img decoding=\"async\" class=\"wprpsp-post-img\"  src=\"https:\/\/desarrollo.infobox.com.pe\/miempresacircular\/wp-content\/uploads\/2023\/10\/Captura-de-pantalla-2023-10-30-a-las-19.58.14-1024x575.png\" alt=\"Away: Econom\u00eda circular en el sector textil\" \/>\n\t\t\t\t\t\t\t\t\t\t\t<\/div>\n\t\t\t\t\t<div class=\"wprpsp-post-short-cnt\">\n\t\t\t\t\t\t\t\t\t\t\t\t\t<div class=\"wprpsp-post-cats-wrap\"><ul class=\"post-categories wprpsp-post-categories\"><li><a href=\"https:\/\/desarrollo.infobox.com.pe\/miempresacircular\/category\/historias-exito-circular\/historias-de-exito\/\" rel=\"category\" target=\"_self\"> Historias de \u00e9xito <\/a><\/li><li><a href=\"https:\/\/desarrollo.infobox.com.pe\/miempresacircular\/category\/reutilizar\/\" rel=\"category\" target=\"_self\"> Reutilizar <\/a><\/li><li><a href=\"https:\/\/desarrollo.infobox.com.pe\/miempresacircular\/category\/textil-confecciones\/\" rel=\"category\" target=\"_self\"> Textil Confecciones <\/a><\/li><\/ul><\/div>\n\t\t\t\t\t\t\t\t\t\t\t\t<div class=\"wprpsp-bottom-content\">\n\t\t\t\t\t\t\t\t\t\t\t\t\t\t\t<h2 class=\"wprpsp-post-title\">\n\t\t\t\t\t\t\t\t\t<a href=\"https:\/\/desarrollo.infobox.com.pe\/miempresacircular\/2023\/10\/30\/away-economia-circular-en-el-sector-textil\/\" target=\"_self\">Away: Econom\u00eda circular en el sector textil<\/a>\n\t\t\t\t\t\t\t\t<\/h2>\n\t\t\t\t\t\t\t\t\t\t\t\t\t\t\t<div class=\"wprpsp-post-date\">\n\t\t\t\t\t\t\t\t\t<span>By Editor<\/span>\t\t\t\t\t\t\t\t\t&nbsp;\/&nbsp;\t\t\t\t\t\t\t\t\t30\/10\/2023\t\t\t\t\t\t\t\t<\/div>\n\t\t\t\t\t\t\t\t\t\t\t\t\t<\/div>\n\t\t\t\t\t<\/div>\n\t\t\t\t<\/div>\n\t\t\t<\/div>\n\t\t<\/div>\n<\/div>\n\t<div class=\"wprpsp-grid-slider-wrp\">\n\t\t<div class=\"wprpsp-post-slides wprpsp-clr-1 wprpsp-medium-3 wprpsp-columns\">\n\t\t\t<a class=\"wprpsp-link-overlay wprpsp-post-link\" href=\"https:\/\/desarrollo.infobox.com.pe\/miempresacircular\/2023\/10\/30\/fresh-farming-economia-circular-en-el-sector-agroindustria\/\" target=\"_self\"><\/a>\n\t\t\t<div class=\"wprpsp-post-grid-cnt\">\n\t\t\t\t<div class=\"wprpsp-post-overlay\">\n\t\t\t\t\t<div class=\"wprpsp-post-image-wrap wprpsp-post-image-bg\" style=\"\">\n\t\t\t\t\t\t\t\t\t\t\t\t\t<img decoding=\"async\" class=\"wprpsp-post-img\"  src=\"https:\/\/desarrollo.infobox.com.pe\/miempresacircular\/wp-content\/uploads\/2023\/10\/Captura-de-pantalla-2023-10-30-a-las-19.46.35-1024x576.png\" alt=\"Fresh Farming: Econom\u00eda circular en el sector agroindustria\" \/>\n\t\t\t\t\t\t\t\t\t\t\t<\/div>\n\t\t\t\t\t<div class=\"wprpsp-post-short-cnt\">\n\t\t\t\t\t\t\t\t\t\t\t\t\t<div class=\"wprpsp-post-cats-wrap\"><ul class=\"post-categories wprpsp-post-categories\"><li><a href=\"https:\/\/desarrollo.infobox.com.pe\/miempresacircular\/category\/agroindustria\/\" rel=\"category\" target=\"_self\"> Agroindustria <\/a><\/li><li><a href=\"https:\/\/desarrollo.infobox.com.pe\/miempresacircular\/category\/eficiencia\/\" rel=\"category\" target=\"_self\"> Eficiencia <\/a><\/li><li><a href=\"https:\/\/desarrollo.infobox.com.pe\/miempresacircular\/category\/historias-exito-circular\/historias-de-exito\/\" rel=\"category\" target=\"_self\"> Historias de \u00e9xito <\/a><\/li><li><a href=\"https:\/\/desarrollo.infobox.com.pe\/miempresacircular\/category\/reutilizar\/\" rel=\"category\" target=\"_self\"> Reutilizar <\/a><\/li><\/ul><\/div>\n\t\t\t\t\t\t\t\t\t\t\t\t<div class=\"wprpsp-bottom-content\">\n\t\t\t\t\t\t\t\t\t\t\t\t\t\t\t<h2 class=\"wprpsp-post-title\">\n\t\t\t\t\t\t\t\t\t<a href=\"https:\/\/desarrollo.infobox.com.pe\/miempresacircular\/2023\/10\/30\/fresh-farming-economia-circular-en-el-sector-agroindustria\/\" target=\"_self\">Fresh Farming: Econom\u00eda circular en el sector agroindustria<\/a>\n\t\t\t\t\t\t\t\t<\/h2>\n\t\t\t\t\t\t\t\t\t\t\t\t\t\t\t<div class=\"wprpsp-post-date\">\n\t\t\t\t\t\t\t\t\t<span>By Editor<\/span>\t\t\t\t\t\t\t\t\t&nbsp;\/&nbsp;\t\t\t\t\t\t\t\t\t30\/10\/2023\t\t\t\t\t\t\t\t<\/div>\n\t\t\t\t\t\t\t\t\t\t\t\t\t<\/div>\n\t\t\t\t\t<\/div>\n\t\t\t\t<\/div>\n\t\t\t<\/div>\n\t\t<\/div>\n\t\t<div class=\"wprpsp-post-slides wprpsp-clr-2 wprpsp-medium-6 wprpsp-columns\">\n\t\t\t<a class=\"wprpsp-link-overlay wprpsp-post-link\" href=\"https:\/\/desarrollo.infobox.com.pe\/miempresacircular\/2023\/10\/30\/el-grifo-dorado-economia-circular-en-el-sector-agroindustria\/\" target=\"_self\"><\/a>\n\t\t\t<div class=\"wprpsp-post-grid-cnt\">\n\t\t\t\t<div class=\"wprpsp-post-overlay\">\n\t\t\t\t\t<div class=\"wprpsp-post-image-wrap wprpsp-post-image-bg\" style=\"\">\n\t\t\t\t\t\t\t\t\t\t\t\t\t<img decoding=\"async\" class=\"wprpsp-post-img\"  src=\"https:\/\/desarrollo.infobox.com.pe\/miempresacircular\/wp-content\/uploads\/2023\/10\/Captura-de-pantalla-2023-10-30-a-las-19.36.40-1024x577.png\" alt=\"El Grifo Dorado: Econom\u00eda circular en el sector agroindustria\" \/>\n\t\t\t\t\t\t\t\t\t\t\t<\/div>\n\t\t\t\t\t<div class=\"wprpsp-post-short-cnt\">\n\t\t\t\t\t\t\t\t\t\t\t\t\t<div class=\"wprpsp-post-cats-wrap\"><ul class=\"post-categories wprpsp-post-categories\"><li><a href=\"https:\/\/desarrollo.infobox.com.pe\/miempresacircular\/category\/agroindustria\/\" rel=\"category\" target=\"_self\"> Agroindustria <\/a><\/li><li><a href=\"https:\/\/desarrollo.infobox.com.pe\/miempresacircular\/category\/historias-exito-circular\/historias-de-exito\/\" rel=\"category\" target=\"_self\"> Historias de \u00e9xito <\/a><\/li><li><a href=\"https:\/\/desarrollo.infobox.com.pe\/miempresacircular\/category\/regenerar\/\" rel=\"category\" target=\"_self\"> Regenerar <\/a><\/li><li><a href=\"https:\/\/desarrollo.infobox.com.pe\/miempresacircular\/category\/reutilizar\/\" rel=\"category\" target=\"_self\"> Reutilizar <\/a><\/li><\/ul><\/div>\n\t\t\t\t\t\t\t\t\t\t\t\t<div class=\"wprpsp-bottom-content\">\n\t\t\t\t\t\t\t\t\t\t\t\t\t\t\t<h2 class=\"wprpsp-post-title\">\n\t\t\t\t\t\t\t\t\t<a href=\"https:\/\/desarrollo.infobox.com.pe\/miempresacircular\/2023\/10\/30\/el-grifo-dorado-economia-circular-en-el-sector-agroindustria\/\" target=\"_self\">El Grifo Dorado: Econom\u00eda circular en el sector agroindustria<\/a>\n\t\t\t\t\t\t\t\t<\/h2>\n\t\t\t\t\t\t\t\t\t\t\t\t\t\t\t<div class=\"wprpsp-post-date\">\n\t\t\t\t\t\t\t\t\t<span>By Editor<\/span>\t\t\t\t\t\t\t\t\t&nbsp;\/&nbsp;\t\t\t\t\t\t\t\t\t30\/10\/2023\t\t\t\t\t\t\t\t<\/div>\n\t\t\t\t\t\t\t\t\t\t\t\t\t<\/div>\n\t\t\t\t\t<\/div>\n\t\t\t\t<\/div>\n\t\t\t<\/div>\n\t\t<\/div>\n\t\t<div class=\"wprpsp-post-slides wprpsp-clr-3 wprpsp-medium-3 wprpsp-columns\">\n\t\t\t<a class=\"wprpsp-link-overlay wprpsp-post-link\" href=\"https:\/\/desarrollo.infobox.com.pe\/miempresacircular\/2023\/10\/30\/curtiduria-sarco-reutilizando-la-carnaza-de-cuero\/\" target=\"_self\"><\/a>\n\t\t\t<div class=\"wprpsp-post-grid-cnt\">\n\t\t\t\t<div class=\"wprpsp-post-overlay\">\n\t\t\t\t\t<div class=\"wprpsp-post-image-wrap wprpsp-post-image-bg\" style=\"\">\n\t\t\t\t\t\t\t\t\t\t\t\t\t<img decoding=\"async\" class=\"wprpsp-post-img\"  src=\"https:\/\/desarrollo.infobox.com.pe\/miempresacircular\/wp-content\/uploads\/2023\/10\/Captura-de-pantalla-2023-10-30-a-las-19.31.22-1024x575.png\" alt=\"Curtidur\u00eda Sarco: Econom\u00eda circular en el sector cuero y calzado\" \/>\n\t\t\t\t\t\t\t\t\t\t\t<\/div>\n\t\t\t\t\t<div class=\"wprpsp-post-short-cnt\">\n\t\t\t\t\t\t\t\t\t\t\t\t\t<div class=\"wprpsp-post-cats-wrap\"><ul class=\"post-categories wprpsp-post-categories\"><li><a href=\"https:\/\/desarrollo.infobox.com.pe\/miempresacircular\/category\/calzado\/\" rel=\"category\" target=\"_self\"> Cuero y calzado <\/a><\/li><li><a href=\"https:\/\/desarrollo.infobox.com.pe\/miempresacircular\/category\/historias-exito-circular\/historias-de-exito\/\" rel=\"category\" target=\"_self\"> Historias de \u00e9xito <\/a><\/li><li><a href=\"https:\/\/desarrollo.infobox.com.pe\/miempresacircular\/category\/reutilizar\/\" rel=\"category\" target=\"_self\"> Reutilizar <\/a><\/li><\/ul><\/div>\n\t\t\t\t\t\t\t\t\t\t\t\t<div class=\"wprpsp-bottom-content\">\n\t\t\t\t\t\t\t\t\t\t\t\t\t\t\t<h2 class=\"wprpsp-post-title\">\n\t\t\t\t\t\t\t\t\t<a href=\"https:\/\/desarrollo.infobox.com.pe\/miempresacircular\/2023\/10\/30\/curtiduria-sarco-reutilizando-la-carnaza-de-cuero\/\" target=\"_self\">Curtidur\u00eda Sarco: Econom\u00eda circular en el sector cuero y calzado<\/a>\n\t\t\t\t\t\t\t\t<\/h2>\n\t\t\t\t\t\t\t\t\t\t\t\t\t\t\t<div class=\"wprpsp-post-date\">\n\t\t\t\t\t\t\t\t\t<span>By Editor<\/span>\t\t\t\t\t\t\t\t\t&nbsp;\/&nbsp;\t\t\t\t\t\t\t\t\t30\/10\/2023\t\t\t\t\t\t\t\t<\/div>\n\t\t\t\t\t\t\t\t\t\t\t\t\t<\/div>\n\t\t\t\t\t<\/div>\n\t\t\t\t<\/div>\n\t\t\t<\/div>\n\t\t<\/div>\n<\/div>\n\t\n\t<\/div>\n<\/div>\n<\/div>\n\t\t<\/div><div id=\"panel-2314-1-1-6\" class=\"so-panel widget\" data-index=\"7\" ><\/div><div id=\"panel-2314-1-1-7\" class=\"so-panel widget\" data-index=\"8\" ><\/div><div id=\"panel-2314-1-1-8\" class=\"so-panel widget widget_text\" data-index=\"9\" >\t\t\t<div class=\"textwidget\"><h4 style=\"text-align: center; color: #164985; margin-top: 30px;\">CASOS DE \u00c9XITO<\/h4>\n<div style=\"display: flex; justify-content: center; align-items: center; gap: 10px; margin: 0px 0 40px 0;\">\n<div style=\"width: 50px; height: 2px; background-color: rgba(22, 73, 133, 0.5);\"><\/div>\n<div style=\"width: 50px; height: 2px; background-color: rgba(22, 73, 133);\"><\/div>\n<div style=\"width: 50px; height: 2px; background-color: rgba(22, 73, 133, 0.5);\"><\/div>\n<\/div>\n<\/div>\n\t\t<\/div><div id=\"panel-2314-1-1-9\" class=\"so-panel widget widget_text\" data-index=\"10\" >\t\t\t<div class=\"textwidget\">\n<div class=\"wprpsp-carousel-pro-slider-wrp wprpsp-clearfix \" data-conf=\"{&quot;dots&quot;:&quot;false&quot;,&quot;arrows&quot;:&quot;true&quot;,&quot;autoplay&quot;:&quot;true&quot;,&quot;autoplay_interval&quot;:3000,&quot;speed&quot;:300,&quot;slides_to_show&quot;:3,&quot;slides_to_scroll&quot;:1,&quot;centermode&quot;:&quot;false&quot;,&quot;centerpadding&quot;:0,&quot;infinite&quot;:&quot;true&quot;,&quot;hover_pause&quot;:&quot;true&quot;,&quot;focus_pause&quot;:&quot;false&quot;,&quot;rtl&quot;:&quot;false&quot;,&quot;lazyload&quot;:&quot;&quot;}\">\n\t<div id=\"wprpsp-recent-post-carousel-2\" class=\"wprpsp-recent-post-carousel wprpsp-post-slider-init wprpsp-design-1 wprpsp-image-fit slides-to-show-3 wprpsp-clearfix\">\n<div class=\"wprpsp-post-slides\">\n\t<div class=\"wprpsp-post-grid-content \">\n\t\t\t\t\t<div class=\"wprpsp-post-image-wrap wprpsp-post-image-bg\" style=\"\">\n\t\t\t\t<a href=\"https:\/\/desarrollo.infobox.com.pe\/miempresacircular\/2024\/05\/31\/leomartex-mermas-textiles-clasificadas-y-almacenadas-para-otros-productores\/\" target=\"_self\">\n\t\t\t\t\t<img decoding=\"async\" class=\"wprpsp-post-img\"  src=\"https:\/\/desarrollo.infobox.com.pe\/miempresacircular\/wp-content\/uploads\/2024\/05\/Foto-6.png\" alt=\"Leomartex: mermas textiles clasificadas y almacenadas para otros productores\" \/>\n\t\t\t\t<\/a>\n\t\t\t<\/div>\n\t\t\t\t\t<h2 class=\"wprpsp-post-title\">\n\t\t\t\t<a href=\"https:\/\/desarrollo.infobox.com.pe\/miempresacircular\/2024\/05\/31\/leomartex-mermas-textiles-clasificadas-y-almacenadas-para-otros-productores\/\" target=\"_self\">Leomartex: mermas textiles clasificadas y almacenadas para otros productores<\/a>\n\t\t\t<\/h2>\n\t\t\t\t\t<div class=\"wprpsp-post-cats-wrap\"><ul class=\"post-categories wprpsp-post-categories\"><li><a href=\"https:\/\/desarrollo.infobox.com.pe\/miempresacircular\/category\/historias-exito-circular\/casos-de-exito\/\" rel=\"category\" target=\"_self\"> Casos de \u00e9xito <\/a><\/li><li><a href=\"https:\/\/desarrollo.infobox.com.pe\/miempresacircular\/category\/eficiencia\/\" rel=\"category\" target=\"_self\"> Eficiencia <\/a><\/li><li><a href=\"https:\/\/desarrollo.infobox.com.pe\/miempresacircular\/category\/historias-exito-circular\/\" rel=\"category\" target=\"_self\"> Historias de \u00e9xito circular <\/a><\/li><li><a href=\"https:\/\/desarrollo.infobox.com.pe\/miempresacircular\/category\/mantener-reparar\/\" rel=\"category\" target=\"_self\"> Mantener y reparar <\/a><\/li><li><a href=\"https:\/\/desarrollo.infobox.com.pe\/miempresacircular\/category\/segregar\/\" rel=\"category\" target=\"_self\"> Segregar <\/a><\/li><li><a href=\"https:\/\/desarrollo.infobox.com.pe\/miempresacircular\/category\/textil-confecciones\/\" rel=\"category\" target=\"_self\"> Textil Confecciones <\/a><\/li><\/ul><\/div>\n\t\t\t\t\t<div class=\"wprpsp-post-date\">\n\t\t\t\t\t\t\t\t\t\t\t\t31\/05\/2024\t\t\t<\/div>\n\t\t\t\t\t<div class=\"wprpsp-post-content\">\n\t\t\t\t<div>LEOMARTEX es una microempresa dedicada a la producci\u00f3n textil para marcas peruanas y extranjeras desde...<\/div>\n\t\t\t\t\t\t\t\t\t<a class=\"wprpsp-read-more-btn\" href=\"https:\/\/desarrollo.infobox.com.pe\/miempresacircular\/2024\/05\/31\/leomartex-mermas-textiles-clasificadas-y-almacenadas-para-otros-productores\/\" target=\"_self\">Leer m\u00e1s<\/a>\n\t\t\t\t\t\t\t<\/div>\n\t\t\t<\/div>\n<\/div>\n<div class=\"wprpsp-post-slides\">\n\t<div class=\"wprpsp-post-grid-content \">\n\t\t\t\t\t<div class=\"wprpsp-post-image-wrap wprpsp-post-image-bg\" style=\"\">\n\t\t\t\t<a href=\"https:\/\/desarrollo.infobox.com.pe\/miempresacircular\/2024\/05\/31\/purpuralab-prendas-de-vestir-aprovechando-mermas-textiles\/\" target=\"_self\">\n\t\t\t\t\t<img decoding=\"async\" class=\"wprpsp-post-img\"  src=\"https:\/\/desarrollo.infobox.com.pe\/miempresacircular\/wp-content\/uploads\/2024\/05\/Foto-5.png\" alt=\"Purpuralab: prendas de vestir aprovechando mermas textiles\" \/>\n\t\t\t\t<\/a>\n\t\t\t<\/div>\n\t\t\t\t\t<h2 class=\"wprpsp-post-title\">\n\t\t\t\t<a href=\"https:\/\/desarrollo.infobox.com.pe\/miempresacircular\/2024\/05\/31\/purpuralab-prendas-de-vestir-aprovechando-mermas-textiles\/\" target=\"_self\">Purpuralab: prendas de vestir aprovechando mermas textiles<\/a>\n\t\t\t<\/h2>\n\t\t\t\t\t<div class=\"wprpsp-post-cats-wrap\"><ul class=\"post-categories wprpsp-post-categories\"><li><a href=\"https:\/\/desarrollo.infobox.com.pe\/miempresacircular\/category\/historias-exito-circular\/casos-de-exito\/\" rel=\"category\" target=\"_self\"> Casos de \u00e9xito <\/a><\/li><li><a href=\"https:\/\/desarrollo.infobox.com.pe\/miempresacircular\/category\/historias-exito-circular\/\" rel=\"category\" target=\"_self\"> Historias de \u00e9xito circular <\/a><\/li><li><a href=\"https:\/\/desarrollo.infobox.com.pe\/miempresacircular\/category\/modelo-de-negocio\/\" rel=\"category\" target=\"_self\"> Modelo de negocio <\/a><\/li><li><a href=\"https:\/\/desarrollo.infobox.com.pe\/miempresacircular\/category\/reciclar\/\" rel=\"category\" target=\"_self\"> Reciclar <\/a><\/li><li><a href=\"https:\/\/desarrollo.infobox.com.pe\/miempresacircular\/category\/segregar\/\" rel=\"category\" target=\"_self\"> Segregar <\/a><\/li><li><a href=\"https:\/\/desarrollo.infobox.com.pe\/miempresacircular\/category\/textil-confecciones\/\" rel=\"category\" target=\"_self\"> Textil Confecciones <\/a><\/li><\/ul><\/div>\n\t\t\t\t\t<div class=\"wprpsp-post-date\">\n\t\t\t\t\t\t\t\t\t\t\t\t31\/05\/2024\t\t\t<\/div>\n\t\t\t\t\t<div class=\"wprpsp-post-content\">\n\t\t\t\t<div>PURPURA LAB es una microempresa dedicada a la confecci\u00f3n de prendas de vestir para distintas...<\/div>\n\t\t\t\t\t\t\t\t\t<a class=\"wprpsp-read-more-btn\" href=\"https:\/\/desarrollo.infobox.com.pe\/miempresacircular\/2024\/05\/31\/purpuralab-prendas-de-vestir-aprovechando-mermas-textiles\/\" target=\"_self\">Leer m\u00e1s<\/a>\n\t\t\t\t\t\t\t<\/div>\n\t\t\t<\/div>\n<\/div>\n<div class=\"wprpsp-post-slides\">\n\t<div class=\"wprpsp-post-grid-content \">\n\t\t\t\t\t<div class=\"wprpsp-post-image-wrap wprpsp-post-image-bg\" style=\"\">\n\t\t\t\t<a href=\"https:\/\/desarrollo.infobox.com.pe\/miempresacircular\/2024\/05\/31\/quimica-verde-productos-de-limpieza-ecologicos-y-biodegradables\/\" target=\"_self\">\n\t\t\t\t\t<img decoding=\"async\" class=\"wprpsp-post-img\"  src=\"https:\/\/desarrollo.infobox.com.pe\/miempresacircular\/wp-content\/uploads\/2024\/05\/Foto-4.png\" alt=\"Qu\u00edmica Verde: productos de limpieza ecol\u00f3gicos y biodegradables\" \/>\n\t\t\t\t<\/a>\n\t\t\t<\/div>\n\t\t\t\t\t<h2 class=\"wprpsp-post-title\">\n\t\t\t\t<a href=\"https:\/\/desarrollo.infobox.com.pe\/miempresacircular\/2024\/05\/31\/quimica-verde-productos-de-limpieza-ecologicos-y-biodegradables\/\" target=\"_self\">Qu\u00edmica Verde: productos de limpieza ecol\u00f3gicos y biodegradables<\/a>\n\t\t\t<\/h2>\n\t\t\t\t\t<div class=\"wprpsp-post-cats-wrap\"><ul class=\"post-categories wprpsp-post-categories\"><li><a href=\"https:\/\/desarrollo.infobox.com.pe\/miempresacircular\/category\/historias-exito-circular\/casos-de-exito\/\" rel=\"category\" target=\"_self\"> Casos de \u00e9xito <\/a><\/li><li><a href=\"https:\/\/desarrollo.infobox.com.pe\/miempresacircular\/category\/ecodiseno\/\" rel=\"category\" target=\"_self\"> Ecodise\u00f1o <\/a><\/li><li><a href=\"https:\/\/desarrollo.infobox.com.pe\/miempresacircular\/category\/historias-exito-circular\/\" rel=\"category\" target=\"_self\"> Historias de \u00e9xito circular <\/a><\/li><li><a href=\"https:\/\/desarrollo.infobox.com.pe\/miempresacircular\/category\/modelo-de-negocio\/\" rel=\"category\" target=\"_self\"> Modelo de negocio <\/a><\/li><li><a href=\"https:\/\/desarrollo.infobox.com.pe\/miempresacircular\/category\/reciclar\/\" rel=\"category\" target=\"_self\"> Reciclar <\/a><\/li><\/ul><\/div>\n\t\t\t\t\t<div class=\"wprpsp-post-date\">\n\t\t\t\t\t\t\t\t\t\t\t\t31\/05\/2024\t\t\t<\/div>\n\t\t\t\t\t<div class=\"wprpsp-post-content\">\n\t\t\t\t<div>QU\u00cdMICA VERDE es una peque\u00f1a empresa familiar dedicada a la investigaci\u00f3n, desarrollo, producci\u00f3n y comercializaci\u00f3n...<\/div>\n\t\t\t\t\t\t\t\t\t<a class=\"wprpsp-read-more-btn\" href=\"https:\/\/desarrollo.infobox.com.pe\/miempresacircular\/2024\/05\/31\/quimica-verde-productos-de-limpieza-ecologicos-y-biodegradables\/\" target=\"_self\">Leer m\u00e1s<\/a>\n\t\t\t\t\t\t\t<\/div>\n\t\t\t<\/div>\n<\/div>\n<div class=\"wprpsp-post-slides\">\n\t<div class=\"wprpsp-post-grid-content \">\n\t\t\t\t\t<div class=\"wprpsp-post-image-wrap wprpsp-post-image-bg\" style=\"\">\n\t\t\t\t<a href=\"https:\/\/desarrollo.infobox.com.pe\/miempresacircular\/2024\/05\/31\/maluplast-bolsas-a-partir-del-reciclaje-de-plastico\/\" target=\"_self\">\n\t\t\t\t\t<img decoding=\"async\" class=\"wprpsp-post-img\"  src=\"https:\/\/desarrollo.infobox.com.pe\/miempresacircular\/wp-content\/uploads\/2024\/05\/Foto-3.png\" alt=\"Maluplast: Bolsas a partir del reciclaje de pl\u00e1stico\" \/>\n\t\t\t\t<\/a>\n\t\t\t<\/div>\n\t\t\t\t\t<h2 class=\"wprpsp-post-title\">\n\t\t\t\t<a href=\"https:\/\/desarrollo.infobox.com.pe\/miempresacircular\/2024\/05\/31\/maluplast-bolsas-a-partir-del-reciclaje-de-plastico\/\" target=\"_self\">Maluplast: Bolsas a partir del reciclaje de pl\u00e1stico<\/a>\n\t\t\t<\/h2>\n\t\t\t\t\t<div class=\"wprpsp-post-cats-wrap\"><ul class=\"post-categories wprpsp-post-categories\"><li><a href=\"https:\/\/desarrollo.infobox.com.pe\/miempresacircular\/category\/historias-exito-circular\/casos-de-exito\/\" rel=\"category\" target=\"_self\"> Casos de \u00e9xito <\/a><\/li><li><a href=\"https:\/\/desarrollo.infobox.com.pe\/miempresacircular\/category\/ecodiseno\/\" rel=\"category\" target=\"_self\"> Ecodise\u00f1o <\/a><\/li><li><a href=\"https:\/\/desarrollo.infobox.com.pe\/miempresacircular\/category\/historias-exito-circular\/\" rel=\"category\" target=\"_self\"> Historias de \u00e9xito circular <\/a><\/li><li><a href=\"https:\/\/desarrollo.infobox.com.pe\/miempresacircular\/category\/plastico\/\" rel=\"category\" target=\"_self\"> Pl\u00e1stico <\/a><\/li><li><a href=\"https:\/\/desarrollo.infobox.com.pe\/miempresacircular\/category\/reciclar\/\" rel=\"category\" target=\"_self\"> Reciclar <\/a><\/li><\/ul><\/div>\n\t\t\t\t\t<div class=\"wprpsp-post-date\">\n\t\t\t\t\t\t\t\t\t\t\t\t31\/05\/2024\t\t\t<\/div>\n\t\t\t\t\t<div class=\"wprpsp-post-content\">\n\t\t\t\t<div>MALUPLAST es una peque\u00f1a empresa dedicada desde hace mas de 15 a\u00f1os a la fabricaci\u00f3n...<\/div>\n\t\t\t\t\t\t\t\t\t<a class=\"wprpsp-read-more-btn\" href=\"https:\/\/desarrollo.infobox.com.pe\/miempresacircular\/2024\/05\/31\/maluplast-bolsas-a-partir-del-reciclaje-de-plastico\/\" target=\"_self\">Leer m\u00e1s<\/a>\n\t\t\t\t\t\t\t<\/div>\n\t\t\t<\/div>\n<\/div>\n<div class=\"wprpsp-post-slides\">\n\t<div class=\"wprpsp-post-grid-content \">\n\t\t\t\t\t<div class=\"wprpsp-post-image-wrap wprpsp-post-image-bg\" style=\"\">\n\t\t\t\t<a href=\"https:\/\/desarrollo.infobox.com.pe\/miempresacircular\/2024\/05\/31\/yanni-calzado-a-partir-de-mermas-textiles\/\" target=\"_self\">\n\t\t\t\t\t<img decoding=\"async\" class=\"wprpsp-post-img\"  src=\"https:\/\/desarrollo.infobox.com.pe\/miempresacircular\/wp-content\/uploads\/2024\/05\/Foto-2.png\" alt=\"Yanni: calzado a partir de mermas textiles\" \/>\n\t\t\t\t<\/a>\n\t\t\t<\/div>\n\t\t\t\t\t<h2 class=\"wprpsp-post-title\">\n\t\t\t\t<a href=\"https:\/\/desarrollo.infobox.com.pe\/miempresacircular\/2024\/05\/31\/yanni-calzado-a-partir-de-mermas-textiles\/\" target=\"_self\">Yanni: calzado a partir de mermas textiles<\/a>\n\t\t\t<\/h2>\n\t\t\t\t\t<div class=\"wprpsp-post-cats-wrap\"><ul class=\"post-categories wprpsp-post-categories\"><li><a href=\"https:\/\/desarrollo.infobox.com.pe\/miempresacircular\/category\/historias-exito-circular\/casos-de-exito\/\" rel=\"category\" target=\"_self\"> Casos de \u00e9xito <\/a><\/li><li><a href=\"https:\/\/desarrollo.infobox.com.pe\/miempresacircular\/category\/calzado\/\" rel=\"category\" target=\"_self\"> Cuero y calzado <\/a><\/li><li><a href=\"https:\/\/desarrollo.infobox.com.pe\/miempresacircular\/category\/ecodiseno\/\" rel=\"category\" target=\"_self\"> Ecodise\u00f1o <\/a><\/li><li><a href=\"https:\/\/desarrollo.infobox.com.pe\/miempresacircular\/category\/eficiencia\/\" rel=\"category\" target=\"_self\"> Eficiencia <\/a><\/li><li><a href=\"https:\/\/desarrollo.infobox.com.pe\/miempresacircular\/category\/historias-exito-circular\/\" rel=\"category\" target=\"_self\"> Historias de \u00e9xito circular <\/a><\/li><li><a href=\"https:\/\/desarrollo.infobox.com.pe\/miempresacircular\/category\/reciclar\/\" rel=\"category\" target=\"_self\"> Reciclar <\/a><\/li><\/ul><\/div>\n\t\t\t\t\t<div class=\"wprpsp-post-date\">\n\t\t\t\t\t\t\t\t\t\t\t\t31\/05\/2024\t\t\t<\/div>\n\t\t\t\t\t<div class=\"wprpsp-post-content\">\n\t\t\t\t<div>YANNI es una microempresa dedicada a la fabricaci\u00f3n de calzado y accesorios de moda, brindando...<\/div>\n\t\t\t\t\t\t\t\t\t<a class=\"wprpsp-read-more-btn\" href=\"https:\/\/desarrollo.infobox.com.pe\/miempresacircular\/2024\/05\/31\/yanni-calzado-a-partir-de-mermas-textiles\/\" target=\"_self\">Leer m\u00e1s<\/a>\n\t\t\t\t\t\t\t<\/div>\n\t\t\t<\/div>\n<\/div>\n<div class=\"wprpsp-post-slides\">\n\t<div class=\"wprpsp-post-grid-content \">\n\t\t\t\t\t<div class=\"wprpsp-post-image-wrap wprpsp-post-image-bg\" style=\"\">\n\t\t\t\t<a href=\"https:\/\/desarrollo.infobox.com.pe\/miempresacircular\/2024\/05\/31\/ingenieria-termoplastica-tuberias-fabricadas-a-partir-del-reciclaje\/\" target=\"_self\">\n\t\t\t\t\t<img decoding=\"async\" class=\"wprpsp-post-img\"  src=\"https:\/\/desarrollo.infobox.com.pe\/miempresacircular\/wp-content\/uploads\/2024\/05\/Foto-1.png\" alt=\"Ingenier\u00eda Termopl\u00e1stica: tuber\u00edas fabricadas con madera y pl\u00e1stico reciclado\" \/>\n\t\t\t\t<\/a>\n\t\t\t<\/div>\n\t\t\t\t\t<h2 class=\"wprpsp-post-title\">\n\t\t\t\t<a href=\"https:\/\/desarrollo.infobox.com.pe\/miempresacircular\/2024\/05\/31\/ingenieria-termoplastica-tuberias-fabricadas-a-partir-del-reciclaje\/\" target=\"_self\">Ingenier\u00eda Termopl\u00e1stica: tuber\u00edas fabricadas con madera y pl\u00e1stico reciclado<\/a>\n\t\t\t<\/h2>\n\t\t\t\t\t<div class=\"wprpsp-post-cats-wrap\"><ul class=\"post-categories wprpsp-post-categories\"><li><a href=\"https:\/\/desarrollo.infobox.com.pe\/miempresacircular\/category\/historias-exito-circular\/casos-de-exito\/\" rel=\"category\" target=\"_self\"> Casos de \u00e9xito <\/a><\/li><li><a href=\"https:\/\/desarrollo.infobox.com.pe\/miempresacircular\/category\/ecodiseno\/\" rel=\"category\" target=\"_self\"> Ecodise\u00f1o <\/a><\/li><li><a href=\"https:\/\/desarrollo.infobox.com.pe\/miempresacircular\/category\/eficiencia\/\" rel=\"category\" target=\"_self\"> Eficiencia <\/a><\/li><li><a href=\"https:\/\/desarrollo.infobox.com.pe\/miempresacircular\/category\/historias-exito-circular\/\" rel=\"category\" target=\"_self\"> Historias de \u00e9xito circular <\/a><\/li><li><a href=\"https:\/\/desarrollo.infobox.com.pe\/miempresacircular\/category\/plastico\/\" rel=\"category\" target=\"_self\"> Pl\u00e1stico <\/a><\/li><li><a href=\"https:\/\/desarrollo.infobox.com.pe\/miempresacircular\/category\/reciclar\/\" rel=\"category\" target=\"_self\"> Reciclar <\/a><\/li><\/ul><\/div>\n\t\t\t\t\t<div class=\"wprpsp-post-date\">\n\t\t\t\t\t\t\t\t\t\t\t\t31\/05\/2024\t\t\t<\/div>\n\t\t\t\t\t<div class=\"wprpsp-post-content\">\n\t\t\t\t<div>INGENIER\u00cdA TERMOPL\u00c1STICA es una peque\u00f1a empresa dedicada a la fabricaci\u00f3n de tuber\u00edas y perfiles a...<\/div>\n\t\t\t\t\t\t\t\t\t<a class=\"wprpsp-read-more-btn\" href=\"https:\/\/desarrollo.infobox.com.pe\/miempresacircular\/2024\/05\/31\/ingenieria-termoplastica-tuberias-fabricadas-a-partir-del-reciclaje\/\" target=\"_self\">Leer m\u00e1s<\/a>\n\t\t\t\t\t\t\t<\/div>\n\t\t\t<\/div>\n<\/div>\n<div class=\"wprpsp-post-slides\">\n\t<div class=\"wprpsp-post-grid-content \">\n\t\t\t\t\t<div class=\"wprpsp-post-image-wrap wprpsp-post-image-bg\" style=\"\">\n\t\t\t\t<a href=\"https:\/\/desarrollo.infobox.com.pe\/miempresacircular\/2024\/05\/31\/kila-desing-muebles-a-partir-de-mermas-de-madera\/\" target=\"_self\">\n\t\t\t\t\t<img decoding=\"async\" class=\"wprpsp-post-img\"  src=\"https:\/\/desarrollo.infobox.com.pe\/miempresacircular\/wp-content\/uploads\/2024\/05\/Foto.png\" alt=\"Kila Desing: muebles a partir de mermas de madera\" \/>\n\t\t\t\t<\/a>\n\t\t\t<\/div>\n\t\t\t\t\t<h2 class=\"wprpsp-post-title\">\n\t\t\t\t<a href=\"https:\/\/desarrollo.infobox.com.pe\/miempresacircular\/2024\/05\/31\/kila-desing-muebles-a-partir-de-mermas-de-madera\/\" target=\"_self\">Kila Desing: muebles a partir de mermas de madera<\/a>\n\t\t\t<\/h2>\n\t\t\t\t\t<div class=\"wprpsp-post-cats-wrap\"><ul class=\"post-categories wprpsp-post-categories\"><li><a href=\"https:\/\/desarrollo.infobox.com.pe\/miempresacircular\/category\/historias-exito-circular\/casos-de-exito\/\" rel=\"category\" target=\"_self\"> Casos de \u00e9xito <\/a><\/li><li><a href=\"https:\/\/desarrollo.infobox.com.pe\/miempresacircular\/category\/ecodiseno\/\" rel=\"category\" target=\"_self\"> Ecodise\u00f1o <\/a><\/li><li><a href=\"https:\/\/desarrollo.infobox.com.pe\/miempresacircular\/category\/historias-exito-circular\/\" rel=\"category\" target=\"_self\"> Historias de \u00e9xito circular <\/a><\/li><li><a href=\"https:\/\/desarrollo.infobox.com.pe\/miempresacircular\/category\/mobiliario\/\" rel=\"category\" target=\"_self\"> Mobiliario <\/a><\/li><li><a href=\"https:\/\/desarrollo.infobox.com.pe\/miempresacircular\/category\/reciclar\/\" rel=\"category\" target=\"_self\"> Reciclar <\/a><\/li><li><a href=\"https:\/\/desarrollo.infobox.com.pe\/miempresacircular\/category\/rescatar\/\" rel=\"category\" target=\"_self\"> Rescatar <\/a><\/li><\/ul><\/div>\n\t\t\t\t\t<div class=\"wprpsp-post-date\">\n\t\t\t\t\t\t\t\t\t\t\t\t31\/05\/2024\t\t\t<\/div>\n\t\t\t\t\t<div class=\"wprpsp-post-content\">\n\t\t\t\t<div>KILA DESIGN es microempresa una dedicada al dise\u00f1o y fabricaci\u00f3n de muebles para el hogar....<\/div>\n\t\t\t\t\t\t\t\t\t<a class=\"wprpsp-read-more-btn\" href=\"https:\/\/desarrollo.infobox.com.pe\/miempresacircular\/2024\/05\/31\/kila-desing-muebles-a-partir-de-mermas-de-madera\/\" target=\"_self\">Leer m\u00e1s<\/a>\n\t\t\t\t\t\t\t<\/div>\n\t\t\t<\/div>\n<\/div>\n<div class=\"wprpsp-post-slides\">\n\t<div class=\"wprpsp-post-grid-content \">\n\t\t\t\t\t<div class=\"wprpsp-post-image-wrap wprpsp-post-image-bg\" style=\"\">\n\t\t\t\t<a href=\"https:\/\/desarrollo.infobox.com.pe\/miempresacircular\/2024\/05\/31\/killa-viva-verde-prendas-de-vestir-utilizando-100-pigmentos-naturales\/\" target=\"_self\">\n\t\t\t\t\t<img decoding=\"async\" class=\"wprpsp-post-img\"  src=\"https:\/\/desarrollo.infobox.com.pe\/miempresacircular\/wp-content\/uploads\/2024\/05\/Foto-EL-Peruano-3.png\" alt=\"Killa Viva Verde: prendas de vestir utilizando 100% pigmentos naturales\" \/>\n\t\t\t\t<\/a>\n\t\t\t<\/div>\n\t\t\t\t\t<h2 class=\"wprpsp-post-title\">\n\t\t\t\t<a href=\"https:\/\/desarrollo.infobox.com.pe\/miempresacircular\/2024\/05\/31\/killa-viva-verde-prendas-de-vestir-utilizando-100-pigmentos-naturales\/\" target=\"_self\">Killa Viva Verde: prendas de vestir utilizando 100% pigmentos naturales<\/a>\n\t\t\t<\/h2>\n\t\t\t\t\t<div class=\"wprpsp-post-cats-wrap\"><ul class=\"post-categories wprpsp-post-categories\"><li><a href=\"https:\/\/desarrollo.infobox.com.pe\/miempresacircular\/category\/historias-exito-circular\/casos-de-exito\/\" rel=\"category\" target=\"_self\"> Casos de \u00e9xito <\/a><\/li><li><a href=\"https:\/\/desarrollo.infobox.com.pe\/miempresacircular\/category\/ecodiseno\/\" rel=\"category\" target=\"_self\"> Ecodise\u00f1o <\/a><\/li><li><a href=\"https:\/\/desarrollo.infobox.com.pe\/miempresacircular\/category\/historias-exito-circular\/\" rel=\"category\" target=\"_self\"> Historias de \u00e9xito circular <\/a><\/li><li><a href=\"https:\/\/desarrollo.infobox.com.pe\/miempresacircular\/category\/modelo-de-negocio\/\" rel=\"category\" target=\"_self\"> Modelo de negocio <\/a><\/li><li><a href=\"https:\/\/desarrollo.infobox.com.pe\/miempresacircular\/category\/reciclar\/\" rel=\"category\" target=\"_self\"> Reciclar <\/a><\/li><li><a href=\"https:\/\/desarrollo.infobox.com.pe\/miempresacircular\/category\/textil-confecciones\/\" rel=\"category\" target=\"_self\"> Textil Confecciones <\/a><\/li><\/ul><\/div>\n\t\t\t\t\t<div class=\"wprpsp-post-date\">\n\t\t\t\t\t\t\t\t\t\t\t\t31\/05\/2024\t\t\t<\/div>\n\t\t\t\t\t<div class=\"wprpsp-post-content\">\n\t\t\t\t<div>KILLA VIVE VERDE es una microempresa de moda sostenible dedicada a la confecci\u00f3n de productos...<\/div>\n\t\t\t\t\t\t\t\t\t<a class=\"wprpsp-read-more-btn\" href=\"https:\/\/desarrollo.infobox.com.pe\/miempresacircular\/2024\/05\/31\/killa-viva-verde-prendas-de-vestir-utilizando-100-pigmentos-naturales\/\" target=\"_self\">Leer m\u00e1s<\/a>\n\t\t\t\t\t\t\t<\/div>\n\t\t\t<\/div>\n<\/div>\n<div class=\"wprpsp-post-slides\">\n\t<div class=\"wprpsp-post-grid-content \">\n\t\t\t\t\t<div class=\"wprpsp-post-image-wrap wprpsp-post-image-bg\" style=\"\">\n\t\t\t\t<a href=\"https:\/\/desarrollo.infobox.com.pe\/miempresacircular\/2024\/05\/31\/caxacori-studio-calzado-a-base-de-biomateriales\/\" target=\"_self\">\n\t\t\t\t\t<img decoding=\"async\" class=\"wprpsp-post-img\"  src=\"https:\/\/desarrollo.infobox.com.pe\/miempresacircular\/wp-content\/uploads\/2024\/05\/Foto-EL-Peruano-1.png\" alt=\"Caxacori Studio: Calzado a base de biomateriales\" \/>\n\t\t\t\t<\/a>\n\t\t\t<\/div>\n\t\t\t\t\t<h2 class=\"wprpsp-post-title\">\n\t\t\t\t<a href=\"https:\/\/desarrollo.infobox.com.pe\/miempresacircular\/2024\/05\/31\/caxacori-studio-calzado-a-base-de-biomateriales\/\" target=\"_self\">Caxacori Studio: Calzado a base de biomateriales<\/a>\n\t\t\t<\/h2>\n\t\t\t\t\t<div class=\"wprpsp-post-cats-wrap\"><ul class=\"post-categories wprpsp-post-categories\"><li><a href=\"https:\/\/desarrollo.infobox.com.pe\/miempresacircular\/category\/historias-exito-circular\/casos-de-exito\/\" rel=\"category\" target=\"_self\"> Casos de \u00e9xito <\/a><\/li><li><a href=\"https:\/\/desarrollo.infobox.com.pe\/miempresacircular\/category\/calzado\/\" rel=\"category\" target=\"_self\"> Cuero y calzado <\/a><\/li><li><a href=\"https:\/\/desarrollo.infobox.com.pe\/miempresacircular\/category\/historias-exito-circular\/\" rel=\"category\" target=\"_self\"> Historias de \u00e9xito circular <\/a><\/li><li><a href=\"https:\/\/desarrollo.infobox.com.pe\/miempresacircular\/category\/modelo-de-negocio\/\" rel=\"category\" target=\"_self\"> Modelo de negocio <\/a><\/li><li><a href=\"https:\/\/desarrollo.infobox.com.pe\/miempresacircular\/category\/reciclar\/\" rel=\"category\" target=\"_self\"> Reciclar <\/a><\/li><li><a href=\"https:\/\/desarrollo.infobox.com.pe\/miempresacircular\/category\/regenerar\/\" rel=\"category\" target=\"_self\"> Regenerar <\/a><\/li><\/ul><\/div>\n\t\t\t\t\t<div class=\"wprpsp-post-date\">\n\t\t\t\t\t\t\t\t\t\t\t\t31\/05\/2024\t\t\t<\/div>\n\t\t\t\t\t<div class=\"wprpsp-post-content\">\n\t\t\t\t<div>CAXACORI STUDIO es una microempresa que se dedica al desarrollo de biomateriales, calzado y accesorios...<\/div>\n\t\t\t\t\t\t\t\t\t<a class=\"wprpsp-read-more-btn\" href=\"https:\/\/desarrollo.infobox.com.pe\/miempresacircular\/2024\/05\/31\/caxacori-studio-calzado-a-base-de-biomateriales\/\" target=\"_self\">Leer m\u00e1s<\/a>\n\t\t\t\t\t\t\t<\/div>\n\t\t\t<\/div>\n<\/div>\n<div class=\"wprpsp-post-slides\">\n\t<div class=\"wprpsp-post-grid-content \">\n\t\t\t\t\t<div class=\"wprpsp-post-image-wrap wprpsp-post-image-bg\" style=\"\">\n\t\t\t\t<a href=\"https:\/\/desarrollo.infobox.com.pe\/miempresacircular\/2024\/05\/31\/ecotextil-moda-prendas-de-vestir-aplicando-upcycling-y-zero-waste\/\" target=\"_self\">\n\t\t\t\t\t<img decoding=\"async\" class=\"wprpsp-post-img\"  src=\"https:\/\/desarrollo.infobox.com.pe\/miempresacircular\/wp-content\/uploads\/2024\/05\/Metamorfosis.jpg\" alt=\"Ecotextil Moda: prendas de vestir aplicando upcycling y zero waste\" \/>\n\t\t\t\t<\/a>\n\t\t\t<\/div>\n\t\t\t\t\t<h2 class=\"wprpsp-post-title\">\n\t\t\t\t<a href=\"https:\/\/desarrollo.infobox.com.pe\/miempresacircular\/2024\/05\/31\/ecotextil-moda-prendas-de-vestir-aplicando-upcycling-y-zero-waste\/\" target=\"_self\">Ecotextil Moda: prendas de vestir aplicando upcycling y zero waste<\/a>\n\t\t\t<\/h2>\n\t\t\t\t\t<div class=\"wprpsp-post-cats-wrap\"><ul class=\"post-categories wprpsp-post-categories\"><li><a href=\"https:\/\/desarrollo.infobox.com.pe\/miempresacircular\/category\/historias-exito-circular\/casos-de-exito\/\" rel=\"category\" target=\"_self\"> Casos de \u00e9xito <\/a><\/li><li><a href=\"https:\/\/desarrollo.infobox.com.pe\/miempresacircular\/category\/eficiencia\/\" rel=\"category\" target=\"_self\"> Eficiencia <\/a><\/li><li><a href=\"https:\/\/desarrollo.infobox.com.pe\/miempresacircular\/category\/historias-exito-circular\/\" rel=\"category\" target=\"_self\"> Historias de \u00e9xito circular <\/a><\/li><li><a href=\"https:\/\/desarrollo.infobox.com.pe\/miempresacircular\/category\/reciclar\/\" rel=\"category\" target=\"_self\"> Reciclar <\/a><\/li><li><a href=\"https:\/\/desarrollo.infobox.com.pe\/miempresacircular\/category\/rescatar\/\" rel=\"category\" target=\"_self\"> Rescatar <\/a><\/li><li><a href=\"https:\/\/desarrollo.infobox.com.pe\/miempresacircular\/category\/textil-confecciones\/\" rel=\"category\" target=\"_self\"> Textil Confecciones <\/a><\/li><\/ul><\/div>\n\t\t\t\t\t<div class=\"wprpsp-post-date\">\n\t\t\t\t\t\t\t\t\t\t\t\t31\/05\/2024\t\t\t<\/div>\n\t\t\t\t\t<div class=\"wprpsp-post-content\">\n\t\t\t\t<div>ECOTEXTIL MODA es una microempresa de moda sostenible que produce prendas y accesorios para damas,...<\/div>\n\t\t\t\t\t\t\t\t\t<a class=\"wprpsp-read-more-btn\" href=\"https:\/\/desarrollo.infobox.com.pe\/miempresacircular\/2024\/05\/31\/ecotextil-moda-prendas-de-vestir-aplicando-upcycling-y-zero-waste\/\" target=\"_self\">Leer m\u00e1s<\/a>\n\t\t\t\t\t\t\t<\/div>\n\t\t\t<\/div>\n<\/div>\n<div class=\"wprpsp-post-slides\">\n\t<div class=\"wprpsp-post-grid-content \">\n\t\t\t\t\t<div class=\"wprpsp-post-image-wrap wprpsp-post-image-bg\" style=\"\">\n\t\t\t\t<a href=\"https:\/\/desarrollo.infobox.com.pe\/miempresacircular\/2024\/05\/31\/del-inca-vino-a-partir-de-mermas-organicas\/\" target=\"_self\">\n\t\t\t\t\t<img decoding=\"async\" class=\"wprpsp-post-img\"  src=\"https:\/\/desarrollo.infobox.com.pe\/miempresacircular\/wp-content\/uploads\/2024\/05\/Diseno-sin-titulo-18.png\" alt=\"Del Inca: Vino a partir de mermas org\u00e1nicas\" \/>\n\t\t\t\t<\/a>\n\t\t\t<\/div>\n\t\t\t\t\t<h2 class=\"wprpsp-post-title\">\n\t\t\t\t<a href=\"https:\/\/desarrollo.infobox.com.pe\/miempresacircular\/2024\/05\/31\/del-inca-vino-a-partir-de-mermas-organicas\/\" target=\"_self\">Del Inca: Vino a partir de mermas org\u00e1nicas<\/a>\n\t\t\t<\/h2>\n\t\t\t\t\t<div class=\"wprpsp-post-cats-wrap\"><ul class=\"post-categories wprpsp-post-categories\"><li><a href=\"https:\/\/desarrollo.infobox.com.pe\/miempresacircular\/category\/agroindustria\/\" rel=\"category\" target=\"_self\"> Agroindustria <\/a><\/li><li><a href=\"https:\/\/desarrollo.infobox.com.pe\/miempresacircular\/category\/historias-exito-circular\/casos-de-exito\/\" rel=\"category\" target=\"_self\"> Casos de \u00e9xito <\/a><\/li><li><a href=\"https:\/\/desarrollo.infobox.com.pe\/miempresacircular\/category\/historias-exito-circular\/\" rel=\"category\" target=\"_self\"> Historias de \u00e9xito circular <\/a><\/li><li><a href=\"https:\/\/desarrollo.infobox.com.pe\/miempresacircular\/category\/reciclar\/\" rel=\"category\" target=\"_self\"> Reciclar <\/a><\/li><li><a href=\"https:\/\/desarrollo.infobox.com.pe\/miempresacircular\/category\/regenerar\/\" rel=\"category\" target=\"_self\"> Regenerar <\/a><\/li><li><a href=\"https:\/\/desarrollo.infobox.com.pe\/miempresacircular\/category\/reutilizar\/\" rel=\"category\" target=\"_self\"> Reutilizar <\/a><\/li><\/ul><\/div>\n\t\t\t\t\t<div class=\"wprpsp-post-date\">\n\t\t\t\t\t\t\t\t\t\t\t\t31\/05\/2024\t\t\t<\/div>\n\t\t\t\t\t<div class=\"wprpsp-post-content\">\n\t\t\t\t<div>DEL INCA es una microempresa dedicada a la producci\u00f3n de vino a partir de la...<\/div>\n\t\t\t\t\t\t\t\t\t<a class=\"wprpsp-read-more-btn\" href=\"https:\/\/desarrollo.infobox.com.pe\/miempresacircular\/2024\/05\/31\/del-inca-vino-a-partir-de-mermas-organicas\/\" target=\"_self\">Leer m\u00e1s<\/a>\n\t\t\t\t\t\t\t<\/div>\n\t\t\t<\/div>\n<\/div>\n<div class=\"wprpsp-post-slides\">\n\t<div class=\"wprpsp-post-grid-content \">\n\t\t\t\t\t<div class=\"wprpsp-post-image-wrap wprpsp-post-image-bg\" style=\"\">\n\t\t\t\t<a href=\"https:\/\/desarrollo.infobox.com.pe\/miempresacircular\/2024\/05\/31\/nimacovij-mermelada-a-base-de-mermas-de-arandanos\/\" target=\"_self\">\n\t\t\t\t\t<img decoding=\"async\" class=\"wprpsp-post-img\"  src=\"https:\/\/desarrollo.infobox.com.pe\/miempresacircular\/wp-content\/uploads\/2024\/05\/Diseno-sin-titulo-17.png\" alt=\"Nimacovij: Mermelada a base de mermas de ar\u00e1ndanos\" \/>\n\t\t\t\t<\/a>\n\t\t\t<\/div>\n\t\t\t\t\t<h2 class=\"wprpsp-post-title\">\n\t\t\t\t<a href=\"https:\/\/desarrollo.infobox.com.pe\/miempresacircular\/2024\/05\/31\/nimacovij-mermelada-a-base-de-mermas-de-arandanos\/\" target=\"_self\">Nimacovij: Mermelada a base de mermas de ar\u00e1ndanos<\/a>\n\t\t\t<\/h2>\n\t\t\t\t\t<div class=\"wprpsp-post-cats-wrap\"><ul class=\"post-categories wprpsp-post-categories\"><li><a href=\"https:\/\/desarrollo.infobox.com.pe\/miempresacircular\/category\/agroindustria\/\" rel=\"category\" target=\"_self\"> Agroindustria <\/a><\/li><li><a href=\"https:\/\/desarrollo.infobox.com.pe\/miempresacircular\/category\/historias-exito-circular\/casos-de-exito\/\" rel=\"category\" target=\"_self\"> Casos de \u00e9xito <\/a><\/li><li><a href=\"https:\/\/desarrollo.infobox.com.pe\/miempresacircular\/category\/ecodiseno\/\" rel=\"category\" target=\"_self\"> Ecodise\u00f1o <\/a><\/li><li><a href=\"https:\/\/desarrollo.infobox.com.pe\/miempresacircular\/category\/historias-exito-circular\/\" rel=\"category\" target=\"_self\"> Historias de \u00e9xito circular <\/a><\/li><li><a href=\"https:\/\/desarrollo.infobox.com.pe\/miempresacircular\/category\/modelo-de-negocio\/\" rel=\"category\" target=\"_self\"> Modelo de negocio <\/a><\/li><li><a href=\"https:\/\/desarrollo.infobox.com.pe\/miempresacircular\/category\/reciclar\/\" rel=\"category\" target=\"_self\"> Reciclar <\/a><\/li><\/ul><\/div>\n\t\t\t\t\t<div class=\"wprpsp-post-date\">\n\t\t\t\t\t\t\t\t\t\t\t\t31\/05\/2024\t\t\t<\/div>\n\t\t\t\t\t<div class=\"wprpsp-post-content\">\n\t\t\t\t<div>NIMACOVIJ es una microempresa creada y conformada por mujeres, que se dedica a la producci\u00f3n,...<\/div>\n\t\t\t\t\t\t\t\t\t<a class=\"wprpsp-read-more-btn\" href=\"https:\/\/desarrollo.infobox.com.pe\/miempresacircular\/2024\/05\/31\/nimacovij-mermelada-a-base-de-mermas-de-arandanos\/\" target=\"_self\">Leer m\u00e1s<\/a>\n\t\t\t\t\t\t\t<\/div>\n\t\t\t<\/div>\n<\/div>\n<div class=\"wprpsp-post-slides\">\n\t<div class=\"wprpsp-post-grid-content \">\n\t\t\t\t\t<div class=\"wprpsp-post-image-wrap wprpsp-post-image-bg\" style=\"\">\n\t\t\t\t<a href=\"https:\/\/desarrollo.infobox.com.pe\/miempresacircular\/2024\/05\/31\/bioalternativa-insumos-biologicos-para-una-agricultura-sostenible\/\" target=\"_self\">\n\t\t\t\t\t<img decoding=\"async\" class=\"wprpsp-post-img\"  src=\"https:\/\/desarrollo.infobox.com.pe\/miempresacircular\/wp-content\/uploads\/2024\/05\/Diseno-sin-titulo-16.png\" alt=\"Bioalternativa: insumos biol\u00f3gicos para una agricultura sostenible\" \/>\n\t\t\t\t<\/a>\n\t\t\t<\/div>\n\t\t\t\t\t<h2 class=\"wprpsp-post-title\">\n\t\t\t\t<a href=\"https:\/\/desarrollo.infobox.com.pe\/miempresacircular\/2024\/05\/31\/bioalternativa-insumos-biologicos-para-una-agricultura-sostenible\/\" target=\"_self\">Bioalternativa: insumos biol\u00f3gicos para una agricultura sostenible<\/a>\n\t\t\t<\/h2>\n\t\t\t\t\t<div class=\"wprpsp-post-cats-wrap\"><ul class=\"post-categories wprpsp-post-categories\"><li><a href=\"https:\/\/desarrollo.infobox.com.pe\/miempresacircular\/category\/agroindustria\/\" rel=\"category\" target=\"_self\"> Agroindustria <\/a><\/li><li><a href=\"https:\/\/desarrollo.infobox.com.pe\/miempresacircular\/category\/historias-exito-circular\/casos-de-exito\/\" rel=\"category\" target=\"_self\"> Casos de \u00e9xito <\/a><\/li><li><a href=\"https:\/\/desarrollo.infobox.com.pe\/miempresacircular\/category\/ecodiseno\/\" rel=\"category\" target=\"_self\"> Ecodise\u00f1o <\/a><\/li><li><a href=\"https:\/\/desarrollo.infobox.com.pe\/miempresacircular\/category\/eficiencia\/\" rel=\"category\" target=\"_self\"> Eficiencia <\/a><\/li><li><a href=\"https:\/\/desarrollo.infobox.com.pe\/miempresacircular\/category\/historias-exito-circular\/\" rel=\"category\" target=\"_self\"> Historias de \u00e9xito circular <\/a><\/li><li><a href=\"https:\/\/desarrollo.infobox.com.pe\/miempresacircular\/category\/mantener-reparar\/\" rel=\"category\" target=\"_self\"> Mantener y reparar <\/a><\/li><\/ul><\/div>\n\t\t\t\t\t<div class=\"wprpsp-post-date\">\n\t\t\t\t\t\t\t\t\t\t\t\t31\/05\/2024\t\t\t<\/div>\n\t\t\t\t\t<div class=\"wprpsp-post-content\">\n\t\t\t\t<div>BIOALTERNATIVA es microempresa una dedicada a la producci\u00f3n de insumos agr\u00edcolas de origen biol\u00f3gico para...<\/div>\n\t\t\t\t\t\t\t\t\t<a class=\"wprpsp-read-more-btn\" href=\"https:\/\/desarrollo.infobox.com.pe\/miempresacircular\/2024\/05\/31\/bioalternativa-insumos-biologicos-para-una-agricultura-sostenible\/\" target=\"_self\">Leer m\u00e1s<\/a>\n\t\t\t\t\t\t\t<\/div>\n\t\t\t<\/div>\n<\/div>\n<div class=\"wprpsp-post-slides\">\n\t<div class=\"wprpsp-post-grid-content \">\n\t\t\t\t\t<div class=\"wprpsp-post-image-wrap wprpsp-post-image-bg\" style=\"\">\n\t\t\t\t<a href=\"https:\/\/desarrollo.infobox.com.pe\/miempresacircular\/2024\/05\/31\/microagro-soluciones-eco-amigables-para-agricultura\/\" target=\"_self\">\n\t\t\t\t\t<img decoding=\"async\" class=\"wprpsp-post-img\"  src=\"https:\/\/desarrollo.infobox.com.pe\/miempresacircular\/wp-content\/uploads\/2024\/05\/Diseno-sin-titulo-15.png\" alt=\"Microagro: soluciones eco amigables para la agricultura\" \/>\n\t\t\t\t<\/a>\n\t\t\t<\/div>\n\t\t\t\t\t<h2 class=\"wprpsp-post-title\">\n\t\t\t\t<a href=\"https:\/\/desarrollo.infobox.com.pe\/miempresacircular\/2024\/05\/31\/microagro-soluciones-eco-amigables-para-agricultura\/\" target=\"_self\">Microagro: soluciones eco amigables para la agricultura<\/a>\n\t\t\t<\/h2>\n\t\t\t\t\t<div class=\"wprpsp-post-cats-wrap\"><ul class=\"post-categories wprpsp-post-categories\"><li><a href=\"https:\/\/desarrollo.infobox.com.pe\/miempresacircular\/category\/historias-exito-circular\/casos-de-exito\/\" rel=\"category\" target=\"_self\"> Casos de \u00e9xito <\/a><\/li><li><a href=\"https:\/\/desarrollo.infobox.com.pe\/miempresacircular\/category\/ecodiseno\/\" rel=\"category\" target=\"_self\"> Ecodise\u00f1o <\/a><\/li><li><a href=\"https:\/\/desarrollo.infobox.com.pe\/miempresacircular\/category\/eficiencia\/\" rel=\"category\" target=\"_self\"> Eficiencia <\/a><\/li><li><a href=\"https:\/\/desarrollo.infobox.com.pe\/miempresacircular\/category\/historias-exito-circular\/\" rel=\"category\" target=\"_self\"> Historias de \u00e9xito circular <\/a><\/li><li><a href=\"https:\/\/desarrollo.infobox.com.pe\/miempresacircular\/category\/reciclar\/\" rel=\"category\" target=\"_self\"> Reciclar <\/a><\/li><\/ul><\/div>\n\t\t\t\t\t<div class=\"wprpsp-post-date\">\n\t\t\t\t\t\t\t\t\t\t\t\t31\/05\/2024\t\t\t<\/div>\n\t\t\t\t\t<div class=\"wprpsp-post-content\">\n\t\t\t\t<div>MICROAGRO es una microempresa dedicada a la formulaci\u00f3n, producci\u00f3n y comercializaci\u00f3n de insumos agr\u00edcolas biol\u00f3gicos...<\/div>\n\t\t\t\t\t\t\t\t\t<a class=\"wprpsp-read-more-btn\" href=\"https:\/\/desarrollo.infobox.com.pe\/miempresacircular\/2024\/05\/31\/microagro-soluciones-eco-amigables-para-agricultura\/\" target=\"_self\">Leer m\u00e1s<\/a>\n\t\t\t\t\t\t\t<\/div>\n\t\t\t<\/div>\n<\/div>\n<div class=\"wprpsp-post-slides\">\n\t<div class=\"wprpsp-post-grid-content \">\n\t\t\t\t\t<div class=\"wprpsp-post-image-wrap wprpsp-post-image-bg\" style=\"\">\n\t\t\t\t<a href=\"https:\/\/desarrollo.infobox.com.pe\/miempresacircular\/2024\/05\/30\/coco-chumino-calzados-que-incorporan-materiales-reciclados\/\" target=\"_self\">\n\t\t\t\t\t<img decoding=\"async\" class=\"wprpsp-post-img\"  src=\"https:\/\/desarrollo.infobox.com.pe\/miempresacircular\/wp-content\/uploads\/2024\/05\/Diseno-sin-titulo-14.png\" alt=\"Coco Chumino: calzados que incorporan materiales reciclados\" \/>\n\t\t\t\t<\/a>\n\t\t\t<\/div>\n\t\t\t\t\t<h2 class=\"wprpsp-post-title\">\n\t\t\t\t<a href=\"https:\/\/desarrollo.infobox.com.pe\/miempresacircular\/2024\/05\/30\/coco-chumino-calzados-que-incorporan-materiales-reciclados\/\" target=\"_self\">Coco Chumino: calzados que incorporan materiales reciclados<\/a>\n\t\t\t<\/h2>\n\t\t\t\t\t<div class=\"wprpsp-post-cats-wrap\"><ul class=\"post-categories wprpsp-post-categories\"><li><a href=\"https:\/\/desarrollo.infobox.com.pe\/miempresacircular\/category\/historias-exito-circular\/casos-de-exito\/\" rel=\"category\" target=\"_self\"> Casos de \u00e9xito <\/a><\/li><li><a href=\"https:\/\/desarrollo.infobox.com.pe\/miempresacircular\/category\/calzado\/\" rel=\"category\" target=\"_self\"> Cuero y calzado <\/a><\/li><li><a href=\"https:\/\/desarrollo.infobox.com.pe\/miempresacircular\/category\/ecodiseno\/\" rel=\"category\" target=\"_self\"> Ecodise\u00f1o <\/a><\/li><li><a href=\"https:\/\/desarrollo.infobox.com.pe\/miempresacircular\/category\/historias-exito-circular\/\" rel=\"category\" target=\"_self\"> Historias de \u00e9xito circular <\/a><\/li><li><a href=\"https:\/\/desarrollo.infobox.com.pe\/miempresacircular\/category\/reciclar\/\" rel=\"category\" target=\"_self\"> Reciclar <\/a><\/li><\/ul><\/div>\n\t\t\t\t\t<div class=\"wprpsp-post-date\">\n\t\t\t\t\t\t\t\t\t\t\t\t30\/05\/2024\t\t\t<\/div>\n\t\t\t\t\t<div class=\"wprpsp-post-content\">\n\t\t\t\t<div>COCO CHUMINO es una microempresa de moda dedicada al dise\u00f1o y fabricaci\u00f3n de calzado. Con...<\/div>\n\t\t\t\t\t\t\t\t\t<a class=\"wprpsp-read-more-btn\" href=\"https:\/\/desarrollo.infobox.com.pe\/miempresacircular\/2024\/05\/30\/coco-chumino-calzados-que-incorporan-materiales-reciclados\/\" target=\"_self\">Leer m\u00e1s<\/a>\n\t\t\t\t\t\t\t<\/div>\n\t\t\t<\/div>\n<\/div>\n<div class=\"wprpsp-post-slides\">\n\t<div class=\"wprpsp-post-grid-content \">\n\t\t\t\t\t<div class=\"wprpsp-post-image-wrap wprpsp-post-image-bg\" style=\"\">\n\t\t\t\t<a href=\"https:\/\/desarrollo.infobox.com.pe\/miempresacircular\/2024\/05\/30\/brisan-prendas-de-vestir-aprovechando-mermas\/\" target=\"_self\">\n\t\t\t\t\t<img decoding=\"async\" class=\"wprpsp-post-img\"  src=\"https:\/\/desarrollo.infobox.com.pe\/miempresacircular\/wp-content\/uploads\/2024\/05\/Diseno-sin-titulo-13.png\" alt=\"Brisan: prendas de vestir aprovechando mermas\" \/>\n\t\t\t\t<\/a>\n\t\t\t<\/div>\n\t\t\t\t\t<h2 class=\"wprpsp-post-title\">\n\t\t\t\t<a href=\"https:\/\/desarrollo.infobox.com.pe\/miempresacircular\/2024\/05\/30\/brisan-prendas-de-vestir-aprovechando-mermas\/\" target=\"_self\">Brisan: prendas de vestir aprovechando mermas<\/a>\n\t\t\t<\/h2>\n\t\t\t\t\t<div class=\"wprpsp-post-cats-wrap\"><ul class=\"post-categories wprpsp-post-categories\"><li><a href=\"https:\/\/desarrollo.infobox.com.pe\/miempresacircular\/category\/historias-exito-circular\/casos-de-exito\/\" rel=\"category\" target=\"_self\"> Casos de \u00e9xito <\/a><\/li><li><a href=\"https:\/\/desarrollo.infobox.com.pe\/miempresacircular\/category\/eficiencia\/\" rel=\"category\" target=\"_self\"> Eficiencia <\/a><\/li><li><a href=\"https:\/\/desarrollo.infobox.com.pe\/miempresacircular\/category\/historias-exito-circular\/\" rel=\"category\" target=\"_self\"> Historias de \u00e9xito circular <\/a><\/li><li><a href=\"https:\/\/desarrollo.infobox.com.pe\/miempresacircular\/category\/reciclar\/\" rel=\"category\" target=\"_self\"> Reciclar <\/a><\/li><li><a href=\"https:\/\/desarrollo.infobox.com.pe\/miempresacircular\/category\/textil-confecciones\/\" rel=\"category\" target=\"_self\"> Textil Confecciones <\/a><\/li><\/ul><\/div>\n\t\t\t\t\t<div class=\"wprpsp-post-date\">\n\t\t\t\t\t\t\t\t\t\t\t\t30\/05\/2024\t\t\t<\/div>\n\t\t\t\t\t<div class=\"wprpsp-post-content\">\n\t\t\t\t<div>BRISAN es una microempresa dedicada al dise\u00f1o y confecci\u00f3n de prendas de vestir, adem\u00e1s de...<\/div>\n\t\t\t\t\t\t\t\t\t<a class=\"wprpsp-read-more-btn\" href=\"https:\/\/desarrollo.infobox.com.pe\/miempresacircular\/2024\/05\/30\/brisan-prendas-de-vestir-aprovechando-mermas\/\" target=\"_self\">Leer m\u00e1s<\/a>\n\t\t\t\t\t\t\t<\/div>\n\t\t\t<\/div>\n<\/div>\n<div class=\"wprpsp-post-slides\">\n\t<div class=\"wprpsp-post-grid-content \">\n\t\t\t\t\t<div class=\"wprpsp-post-image-wrap wprpsp-post-image-bg\" style=\"\">\n\t\t\t\t<a href=\"https:\/\/desarrollo.infobox.com.pe\/miempresacircular\/2024\/05\/30\/mambra-prendas-de-vestir-y-accesorios-de-cuero-sostenibles\/\" target=\"_self\">\n\t\t\t\t\t<img decoding=\"async\" class=\"wprpsp-post-img\"  src=\"https:\/\/desarrollo.infobox.com.pe\/miempresacircular\/wp-content\/uploads\/2024\/05\/Diseno-sin-titulo-12.png\" alt=\"Mambra: prendas de vestir y accesorios de cuero sostenible\" \/>\n\t\t\t\t<\/a>\n\t\t\t<\/div>\n\t\t\t\t\t<h2 class=\"wprpsp-post-title\">\n\t\t\t\t<a href=\"https:\/\/desarrollo.infobox.com.pe\/miempresacircular\/2024\/05\/30\/mambra-prendas-de-vestir-y-accesorios-de-cuero-sostenibles\/\" target=\"_self\">Mambra: prendas de vestir y accesorios de cuero sostenible<\/a>\n\t\t\t<\/h2>\n\t\t\t\t\t<div class=\"wprpsp-post-cats-wrap\"><ul class=\"post-categories wprpsp-post-categories\"><li><a href=\"https:\/\/desarrollo.infobox.com.pe\/miempresacircular\/category\/historias-exito-circular\/casos-de-exito\/\" rel=\"category\" target=\"_self\"> Casos de \u00e9xito <\/a><\/li><li><a href=\"https:\/\/desarrollo.infobox.com.pe\/miempresacircular\/category\/calzado\/\" rel=\"category\" target=\"_self\"> Cuero y calzado <\/a><\/li><li><a href=\"https:\/\/desarrollo.infobox.com.pe\/miempresacircular\/category\/eficiencia\/\" rel=\"category\" target=\"_self\"> Eficiencia <\/a><\/li><li><a href=\"https:\/\/desarrollo.infobox.com.pe\/miempresacircular\/category\/historias-exito-circular\/\" rel=\"category\" target=\"_self\"> Historias de \u00e9xito circular <\/a><\/li><li><a href=\"https:\/\/desarrollo.infobox.com.pe\/miempresacircular\/category\/mantener-reparar\/\" rel=\"category\" target=\"_self\"> Mantener y reparar <\/a><\/li><li><a href=\"https:\/\/desarrollo.infobox.com.pe\/miempresacircular\/category\/reciclar\/\" rel=\"category\" target=\"_self\"> Reciclar <\/a><\/li><li><a href=\"https:\/\/desarrollo.infobox.com.pe\/miempresacircular\/category\/textil-confecciones\/\" rel=\"category\" target=\"_self\"> Textil Confecciones <\/a><\/li><\/ul><\/div>\n\t\t\t\t\t<div class=\"wprpsp-post-date\">\n\t\t\t\t\t\t\t\t\t\t\t\t30\/05\/2024\t\t\t<\/div>\n\t\t\t\t\t<div class=\"wprpsp-post-content\">\n\t\t\t\t<div>MAMBRA es una microempresa familiar que hace m\u00e1s de 35 a\u00f1os se dedica a la...<\/div>\n\t\t\t\t\t\t\t\t\t<a class=\"wprpsp-read-more-btn\" href=\"https:\/\/desarrollo.infobox.com.pe\/miempresacircular\/2024\/05\/30\/mambra-prendas-de-vestir-y-accesorios-de-cuero-sostenibles\/\" target=\"_self\">Leer m\u00e1s<\/a>\n\t\t\t\t\t\t\t<\/div>\n\t\t\t<\/div>\n<\/div>\n<div class=\"wprpsp-post-slides\">\n\t<div class=\"wprpsp-post-grid-content \">\n\t\t\t\t\t<div class=\"wprpsp-post-image-wrap wprpsp-post-image-bg\" style=\"\">\n\t\t\t\t<a href=\"https:\/\/desarrollo.infobox.com.pe\/miempresacircular\/2024\/05\/30\/quripacucha-prendas-de-vestir-aprovechando-mermas\/\" target=\"_self\">\n\t\t\t\t\t<img decoding=\"async\" class=\"wprpsp-post-img\"  src=\"https:\/\/desarrollo.infobox.com.pe\/miempresacircular\/wp-content\/uploads\/2024\/05\/Diseno-sin-titulo-10.png\" alt=\"Quripacucha: prendas de vestir aprovechando mermas\" \/>\n\t\t\t\t<\/a>\n\t\t\t<\/div>\n\t\t\t\t\t<h2 class=\"wprpsp-post-title\">\n\t\t\t\t<a href=\"https:\/\/desarrollo.infobox.com.pe\/miempresacircular\/2024\/05\/30\/quripacucha-prendas-de-vestir-aprovechando-mermas\/\" target=\"_self\">Quripacucha: prendas de vestir aprovechando mermas<\/a>\n\t\t\t<\/h2>\n\t\t\t\t\t<div class=\"wprpsp-post-cats-wrap\"><ul class=\"post-categories wprpsp-post-categories\"><li><a href=\"https:\/\/desarrollo.infobox.com.pe\/miempresacircular\/category\/historias-exito-circular\/casos-de-exito\/\" rel=\"category\" target=\"_self\"> Casos de \u00e9xito <\/a><\/li><li><a href=\"https:\/\/desarrollo.infobox.com.pe\/miempresacircular\/category\/historias-exito-circular\/\" rel=\"category\" target=\"_self\"> Historias de \u00e9xito circular <\/a><\/li><li><a href=\"https:\/\/desarrollo.infobox.com.pe\/miempresacircular\/category\/mantener-reparar\/\" rel=\"category\" target=\"_self\"> Mantener y reparar <\/a><\/li><li><a href=\"https:\/\/desarrollo.infobox.com.pe\/miempresacircular\/category\/reciclar\/\" rel=\"category\" target=\"_self\"> Reciclar <\/a><\/li><li><a href=\"https:\/\/desarrollo.infobox.com.pe\/miempresacircular\/category\/textil-confecciones\/\" rel=\"category\" target=\"_self\"> Textil Confecciones <\/a><\/li><\/ul><\/div>\n\t\t\t\t\t<div class=\"wprpsp-post-date\">\n\t\t\t\t\t\t\t\t\t\t\t\t30\/05\/2024\t\t\t<\/div>\n\t\t\t\t\t<div class=\"wprpsp-post-content\">\n\t\t\t\t<div>QURIPACUCHA es una microempresa familiar con m\u00e1s de 20 a\u00f1os de experiencia en la fabricaci\u00f3n...<\/div>\n\t\t\t\t\t\t\t\t\t<a class=\"wprpsp-read-more-btn\" href=\"https:\/\/desarrollo.infobox.com.pe\/miempresacircular\/2024\/05\/30\/quripacucha-prendas-de-vestir-aprovechando-mermas\/\" target=\"_self\">Leer m\u00e1s<\/a>\n\t\t\t\t\t\t\t<\/div>\n\t\t\t<\/div>\n<\/div>\n<div class=\"wprpsp-post-slides\">\n\t<div class=\"wprpsp-post-grid-content \">\n\t\t\t\t\t<div class=\"wprpsp-post-image-wrap wprpsp-post-image-bg\" style=\"\">\n\t\t\t\t<a href=\"https:\/\/desarrollo.infobox.com.pe\/miempresacircular\/2024\/05\/30\/arequipa-destillery-co-produccion-de-destilados-haciendo-uso-eficiente-del-agua\/\" target=\"_self\">\n\t\t\t\t\t<img decoding=\"async\" class=\"wprpsp-post-img\"  src=\"https:\/\/desarrollo.infobox.com.pe\/miempresacircular\/wp-content\/uploads\/2024\/05\/Diseno-sin-titulo-8.png\" alt=\"Arequipa Destillery Co.: destilados producidos con menos agua\" \/>\n\t\t\t\t<\/a>\n\t\t\t<\/div>\n\t\t\t\t\t<h2 class=\"wprpsp-post-title\">\n\t\t\t\t<a href=\"https:\/\/desarrollo.infobox.com.pe\/miempresacircular\/2024\/05\/30\/arequipa-destillery-co-produccion-de-destilados-haciendo-uso-eficiente-del-agua\/\" target=\"_self\">Arequipa Destillery Co.: destilados producidos con menos agua<\/a>\n\t\t\t<\/h2>\n\t\t\t\t\t<div class=\"wprpsp-post-cats-wrap\"><ul class=\"post-categories wprpsp-post-categories\"><li><a href=\"https:\/\/desarrollo.infobox.com.pe\/miempresacircular\/category\/agroindustria\/\" rel=\"category\" target=\"_self\"> Agroindustria <\/a><\/li><li><a href=\"https:\/\/desarrollo.infobox.com.pe\/miempresacircular\/category\/historias-exito-circular\/casos-de-exito\/\" rel=\"category\" target=\"_self\"> Casos de \u00e9xito <\/a><\/li><li><a href=\"https:\/\/desarrollo.infobox.com.pe\/miempresacircular\/category\/eficiencia\/\" rel=\"category\" target=\"_self\"> Eficiencia <\/a><\/li><li><a href=\"https:\/\/desarrollo.infobox.com.pe\/miempresacircular\/category\/historias-exito-circular\/\" rel=\"category\" target=\"_self\"> Historias de \u00e9xito circular <\/a><\/li><li><a href=\"https:\/\/desarrollo.infobox.com.pe\/miempresacircular\/category\/reutilizar\/\" rel=\"category\" target=\"_self\"> Reutilizar <\/a><\/li><\/ul><\/div>\n\t\t\t\t\t<div class=\"wprpsp-post-date\">\n\t\t\t\t\t\t\t\t\t\t\t\t30\/05\/2024\t\t\t<\/div>\n\t\t\t\t\t<div class=\"wprpsp-post-content\">\n\t\t\t\t<div>AREQUIPA DESTILLERY COMPANY es una peque\u00f1a empresa familiar que dedicada a la producci\u00f3n de destilados...<\/div>\n\t\t\t\t\t\t\t\t\t<a class=\"wprpsp-read-more-btn\" href=\"https:\/\/desarrollo.infobox.com.pe\/miempresacircular\/2024\/05\/30\/arequipa-destillery-co-produccion-de-destilados-haciendo-uso-eficiente-del-agua\/\" target=\"_self\">Leer m\u00e1s<\/a>\n\t\t\t\t\t\t\t<\/div>\n\t\t\t<\/div>\n<\/div>\n<div class=\"wprpsp-post-slides\">\n\t<div class=\"wprpsp-post-grid-content \">\n\t\t\t\t\t<div class=\"wprpsp-post-image-wrap wprpsp-post-image-bg\" style=\"\">\n\t\t\t\t<a href=\"https:\/\/desarrollo.infobox.com.pe\/miempresacircular\/2023\/10\/30\/bananica-piezas-de-construccion-con-plastico-reciclado\/\" target=\"_self\">\n\t\t\t\t\t<img decoding=\"async\" class=\"wprpsp-post-img\"  src=\"https:\/\/desarrollo.infobox.com.pe\/miempresacircular\/wp-content\/uploads\/2023\/10\/Bananica.jpg\" alt=\"Ban\u00e1nica: piezas de construcci\u00f3n con pl\u00e1stico reciclado\" \/>\n\t\t\t\t<\/a>\n\t\t\t<\/div>\n\t\t\t\t\t<h2 class=\"wprpsp-post-title\">\n\t\t\t\t<a href=\"https:\/\/desarrollo.infobox.com.pe\/miempresacircular\/2023\/10\/30\/bananica-piezas-de-construccion-con-plastico-reciclado\/\" target=\"_self\">Ban\u00e1nica: piezas de construcci\u00f3n con pl\u00e1stico reciclado<\/a>\n\t\t\t<\/h2>\n\t\t\t\t\t<div class=\"wprpsp-post-cats-wrap\"><ul class=\"post-categories wprpsp-post-categories\"><li><a href=\"https:\/\/desarrollo.infobox.com.pe\/miempresacircular\/category\/agroindustria\/\" rel=\"category\" target=\"_self\"> Agroindustria <\/a><\/li><li><a href=\"https:\/\/desarrollo.infobox.com.pe\/miempresacircular\/category\/historias-exito-circular\/casos-de-exito\/\" rel=\"category\" target=\"_self\"> Casos de \u00e9xito <\/a><\/li><li><a href=\"https:\/\/desarrollo.infobox.com.pe\/miempresacircular\/category\/reciclar\/\" rel=\"category\" target=\"_self\"> Reciclar <\/a><\/li><\/ul><\/div>\n\t\t\t\t\t<div class=\"wprpsp-post-date\">\n\t\t\t\t\t\t\t\t\t\t\t\t30\/10\/2023\t\t\t<\/div>\n\t\t\t\t\t<div class=\"wprpsp-post-content\">\n\t\t\t\t<div>La empresa Ban\u00e1nica, de la regi\u00f3n Piura, ha logrado fabricar ladrillos y piezas de construcci\u00f3n...<\/div>\n\t\t\t\t\t\t\t\t\t<a class=\"wprpsp-read-more-btn\" href=\"https:\/\/desarrollo.infobox.com.pe\/miempresacircular\/2023\/10\/30\/bananica-piezas-de-construccion-con-plastico-reciclado\/\" target=\"_self\">Leer m\u00e1s<\/a>\n\t\t\t\t\t\t\t<\/div>\n\t\t\t<\/div>\n<\/div>\n\t<\/div>\n<\/div>\n<\/div>\n\t\t<\/div><div id=\"panel-2314-1-1-10\" class=\"so-panel widget\" data-index=\"11\" ><\/div><div id=\"panel-2314-1-1-11\" class=\"so-panel widget widget_sow-editor panel-last-child\" data-index=\"12\" ><div\n\t\t\t\n\t\t\tclass=\"so-widget-sow-editor so-widget-sow-editor-base\"\n\t\t\t\n\t\t>\n<div class=\"siteorigin-widget-tinymce textwidget\">\n\t<h3 style=\"text-align: center;\"><span style=\"color: #164985;\">\u00bfTe gustar\u00eda ser una de nuestras historias de \u00e9xito en liderazgo circular?<\/span><\/h3>\n<p style=\"text-align: center;\">Descarga el formulario, compl\u00e9talo y env\u00edalo a ceda@niras.de para postular.<\/p>\n<\/div>\n<\/div><\/div><\/div><div id=\"pgc-2314-1-2\"  class=\"panel-grid-cell panel-grid-cell-empty\" ><\/div><\/div><\/div><div id=\"pg-2314-2\"  class=\"panel-grid panel-no-style\" ><div id=\"pgc-2314-2-0\"  class=\"panel-grid-cell panel-grid-cell-empty\" ><\/div><div id=\"pgc-2314-2-1\"  class=\"panel-grid-cell panel-grid-cell-mobile-last\" ><div id=\"panel-2314-2-1-0\" class=\"so-panel widget widget_text panel-first-child panel-last-child\" data-index=\"13\" >\t\t\t<div class=\"textwidget\"><p><a style=\"display: inline-block; position: relative; width: 100%; max-width: 600px; text-align: center; text-decoration: none;\" href=\"https:\/\/miempresacircular.pe\/Docs\/GIZ_Ficha%20de%20Historias%20EC.xlsm\"><br \/>\n<img decoding=\"async\" style=\"width: 100%; height: 50%; display: block;\" src=\"https:\/\/desarrollo.infobox.com.pe\/miempresacircular\/wp-content\/uploads\/2025\/05\/boton.jpg\" alt=\"Ir a la calculadora\" \/><br \/>\n<span style=\"position: absolute; top: 25%; left: 50%; transform: translate(-50%, -50%); color: white; font-size: 25px; font-weight: bold; white-space: nowrap; display: inline-block;\"><br \/>\nDescargar<br \/>\n<\/span><br \/>\n<\/a><\/p>\n<\/div>\n\t\t<\/div><\/div><div id=\"pgc-2314-2-2\"  class=\"panel-grid-cell panel-grid-cell-empty\" ><\/div><\/div><\/div>","protected":false},"excerpt":{"rendered":"<p>HISTORIAS Y CASOS DE \u00c9XITO Conoce las historias de importantes emprendedores en el Per\u00fa HISTORIA DE \u00c9XITO Insp\u00edrate con nuestras historias Aqu\u00ed te contamos c\u00f3mo diversas organizaciones abrazaron la econom\u00eda circular con impactos significativos en sus negocios, la sociedad y el ambiente.\u00a0Sum\u00e9rgete en estas narrativas transformadoras y \u00fanete a la comunidad de l\u00edderes circulares.\u00a0\u00a0 CASOS [&hellip;]<\/p>\n","protected":false},"author":1,"featured_media":0,"parent":0,"menu_order":0,"comment_status":"closed","ping_status":"closed","template":"","meta":{"footnotes":""},"tags":[],"class_list":["post-2314","page","type-page","status-publish","hentry"],"_links":{"self":[{"href":"https:\/\/desarrollo.infobox.com.pe\/miempresacircular\/wp-json\/wp\/v2\/pages\/2314","targetHints":{"allow":["GET"]}}],"collection":[{"href":"https:\/\/desarrollo.infobox.com.pe\/miempresacircular\/wp-json\/wp\/v2\/pages"}],"about":[{"href":"https:\/\/desarrollo.infobox.com.pe\/miempresacircular\/wp-json\/wp\/v2\/types\/page"}],"author":[{"embeddable":true,"href":"https:\/\/desarrollo.infobox.com.pe\/miempresacircular\/wp-json\/wp\/v2\/users\/1"}],"replies":[{"embeddable":true,"href":"https:\/\/desarrollo.infobox.com.pe\/miempresacircular\/wp-json\/wp\/v2\/comments?post=2314"}],"version-history":[{"count":78,"href":"https:\/\/desarrollo.infobox.com.pe\/miempresacircular\/wp-json\/wp\/v2\/pages\/2314\/revisions"}],"predecessor-version":[{"id":10473,"href":"https:\/\/desarrollo.infobox.com.pe\/miempresacircular\/wp-json\/wp\/v2\/pages\/2314\/revisions\/10473"}],"wp:attachment":[{"href":"https:\/\/desarrollo.infobox.com.pe\/miempresacircular\/wp-json\/wp\/v2\/media?parent=2314"}],"wp:term":[{"taxonomy":"post_tag","embeddable":true,"href":"https:\/\/desarrollo.infobox.com.pe\/miempresacircular\/wp-json\/wp\/v2\/tags?post=2314"}],"curies":[{"name":"wp","href":"https:\/\/api.w.org\/{rel}","templated":true}]}}