{"id":8937,"date":"2025-03-27T21:11:20","date_gmt":"2025-03-28T02:11:20","guid":{"rendered":"https:\/\/desarrollo.infobox.com.pe\/miempresacircular\/?page_id=8937"},"modified":"2025-06-13T11:03:24","modified_gmt":"2025-06-13T16:03:24","slug":"normativa","status":"publish","type":"page","link":"https:\/\/desarrollo.infobox.com.pe\/miempresacircular\/normativa\/","title":{"rendered":"Normativa"},"content":{"rendered":"<div id=\"pl-8937\"  class=\"panel-layout\" ><div id=\"pg-8937-0\"  class=\"panel-grid panel-no-style\" ><div id=\"pgc-8937-0-0\"  class=\"panel-grid-cell\" ><div id=\"panel-8937-0-0-0\" class=\"so-panel widget widget_text panel-first-child panel-last-child\" data-index=\"0\" >\t\t\t<div class=\"textwidget\"><div style=\"position: relative; width: 100%; height: 450px; background-image: url('\/miempresacircular\/wp-content\/uploads\/2025\/05\/4.png'); background-size: cover; background-position: center; background-repeat: no-repeat; display: flex; align-items: center; justify-content: center; text-align: center; margin: 0; padding: 0;\">\n<div style=\"background: rgba(30, 76, 127, 0.9); padding: 20px 40px; border-radius: 0px; height: 200px; width: 800px; max-width: 70%; text-align: center;\">\n<h1 style=\"color: white; font-size: 2rem; margin-top: 30px; text-shadow: 2px 2px 5px rgba(0, 0, 0, 0.5);\">NORMATIVAS<\/h1>\n<div style=\"display: flex; justify-content: center; align-items: center; gap: 10px; margin: 0px 0 20px 0;\">\n<div style=\"width: 80px; height: 2px; background-color: rgba(255, 255, 255, 0.5);\"><\/div>\n<div style=\"width: 80px; height: 2px; background-color: rgba(255, 255, 255);\"><\/div>\n<div style=\"width: 80px; height: 2px; background-color: rgba(255, 255, 255, 0.5);\"><\/div>\n<\/div>\n<h1 style=\"color: white; font-size: 1.5rem; margin-bottom: 50px; text-shadow: 2px 2px 5px rgba(0, 0, 0, 0.5);\">Marco Legal para la transici\u00f3n hacia la Econom\u00eda Circular en Per\u00fa<\/h1>\n<\/div>\n<\/div>\n<\/div>\n\t\t<\/div><\/div><\/div><div id=\"pg-8937-1\"  class=\"panel-grid panel-no-style\" ><div id=\"pgc-8937-1-0\"  class=\"panel-grid-cell panel-grid-cell-empty\" ><\/div><div id=\"pgc-8937-1-1\"  class=\"panel-grid-cell panel-grid-cell-mobile-last\" ><div id=\"panel-8937-1-1-0\" class=\"so-panel widget widget_text panel-first-child\" data-index=\"1\" >\t\t\t<div class=\"textwidget\"><div style=\"text-align: justify; margin-top: 30px;\">\n<h4 style=\"color: #164985;\">Normativas y Pol\u00edticas para Empresas Sostenibles<\/h4>\n<p><span style=\"color: #5a5d60; font-weight: 400;\">Aqu\u00ed encontrar\u00e1s un recopilatorio de leyes, decretos, reglamentos y pol\u00edticas p\u00fablicas relacionadas con la econom\u00eda circular. Esta secci\u00f3n busca orientar a empresas en el cumplimiento del marco legal vigente, as\u00ed como en la incorporaci\u00f3n de principios de circularidad en sus operaciones, incluye normativas sobre gesti\u00f3n de residuos, eficiencia energ\u00e9tica, responsabilidad extendida del productor, producci\u00f3n limpia, entre otros temas clave.<\/span><\/p>\n<\/div>\n<\/div>\n\t\t<\/div><div id=\"panel-8937-1-1-1\" class=\"so-panel widget widget_text panel-last-child\" data-index=\"2\" >\t\t\t<div class=\"textwidget\">\n<div class=\"wprpsp-carousel-pro-slider-wrp wprpsp-clearfix \" data-conf=\"{&quot;dots&quot;:&quot;false&quot;,&quot;arrows&quot;:&quot;true&quot;,&quot;autoplay&quot;:&quot;true&quot;,&quot;autoplay_interval&quot;:3000,&quot;speed&quot;:300,&quot;slides_to_show&quot;:3,&quot;slides_to_scroll&quot;:1,&quot;centermode&quot;:&quot;false&quot;,&quot;centerpadding&quot;:0,&quot;infinite&quot;:&quot;true&quot;,&quot;hover_pause&quot;:&quot;true&quot;,&quot;focus_pause&quot;:&quot;false&quot;,&quot;rtl&quot;:&quot;false&quot;,&quot;lazyload&quot;:&quot;&quot;}\">\n\t<div id=\"wprpsp-recent-post-carousel-1\" class=\"wprpsp-recent-post-carousel wprpsp-post-slider-init wprpsp-design-1 wprpsp-image-fit slides-to-show-3 wprpsp-clearfix\">\n<div class=\"wprpsp-post-slides\">\n\t<div class=\"wprpsp-post-grid-content \">\n\t\t\t\t\t<div class=\"wprpsp-post-image-wrap wprpsp-post-image-bg\" style=\"\">\n\t\t\t\t<a href=\"https:\/\/desarrollo.infobox.com.pe\/miempresacircular\/2024\/08\/12\/produce-impulsa-la-economia-circular-con-modificatorias-a-reglamentos-ambientales-para-la-industria\/\" target=\"_self\">\n\t\t\t\t\t<img decoding=\"async\" class=\"wprpsp-post-img\"  src=\"https:\/\/desarrollo.infobox.com.pe\/miempresacircular\/wp-content\/uploads\/2024\/08\/Fotografia-1-3.png\" alt=\"PRODUCE Impulsa la Econom\u00eda Circular con modificatorias a reglamentos ambientales para la Industria\" \/>\n\t\t\t\t<\/a>\n\t\t\t<\/div>\n\t\t\t\t\t<h2 class=\"wprpsp-post-title\">\n\t\t\t\t<a href=\"https:\/\/desarrollo.infobox.com.pe\/miempresacircular\/2024\/08\/12\/produce-impulsa-la-economia-circular-con-modificatorias-a-reglamentos-ambientales-para-la-industria\/\" target=\"_self\">PRODUCE Impulsa la Econom\u00eda Circular con modificatorias a reglamentos ambientales para la Industria<\/a>\n\t\t\t<\/h2>\n\t\t\t\t\t<div class=\"wprpsp-post-cats-wrap\"><ul class=\"post-categories wprpsp-post-categories\"><li><a href=\"https:\/\/desarrollo.infobox.com.pe\/miempresacircular\/category\/novedades\/normativas\/decretos-supremos\/\" rel=\"category\" target=\"_self\"> Decretos Supremos <\/a><\/li><li><a href=\"https:\/\/desarrollo.infobox.com.pe\/miempresacircular\/category\/novedades\/normativas\/\" rel=\"category\" target=\"_self\"> Normativas <\/a><\/li><li><a href=\"https:\/\/desarrollo.infobox.com.pe\/miempresacircular\/category\/novedades\/noticias\/\" rel=\"category\" target=\"_self\"> Noticias <\/a><\/li><li><a href=\"https:\/\/desarrollo.infobox.com.pe\/miempresacircular\/category\/novedades\/\" rel=\"category\" target=\"_self\"> Novedades <\/a><\/li><\/ul><\/div>\n\t\t\t\t\t<div class=\"wprpsp-post-date\">\n\t\t\t\t\t\t\t\t\t\t\t\t12\/08\/2024\t\t\t<\/div>\n\t\t\t\t\t<div class=\"wprpsp-post-content\">\n\t\t\t\t<div>El 9 de agosto de 2024, el Ministerio de la Producci\u00f3n (PRODUCE) public\u00f3, a trav\u00e9s...<\/div>\n\t\t\t\t\t\t\t\t\t<a class=\"wprpsp-read-more-btn\" href=\"https:\/\/desarrollo.infobox.com.pe\/miempresacircular\/2024\/08\/12\/produce-impulsa-la-economia-circular-con-modificatorias-a-reglamentos-ambientales-para-la-industria\/\" target=\"_self\">Leer m\u00e1s<\/a>\n\t\t\t\t\t\t\t<\/div>\n\t\t\t<\/div>\n<\/div>\n<div class=\"wprpsp-post-slides\">\n\t<div class=\"wprpsp-post-grid-content \">\n\t\t\t\t\t<div class=\"wprpsp-post-image-wrap wprpsp-post-image-bg\" style=\"\">\n\t\t\t\t<a href=\"https:\/\/desarrollo.infobox.com.pe\/miempresacircular\/2024\/04\/01\/produce-economia-circular-presente-en-el-pesem-del-sector-produccion-2024-2030\/\" target=\"_self\">\n\t\t\t\t\t<img decoding=\"async\" class=\"wprpsp-post-img\"  src=\"https:\/\/desarrollo.infobox.com.pe\/miempresacircular\/wp-content\/uploads\/2024\/04\/Nota-KLW-4-21.png\" alt=\"PRODUCE: Econom\u00eda Circular presente en el PESEM del Sector Producci\u00f3n 2024-2030\" \/>\n\t\t\t\t<\/a>\n\t\t\t<\/div>\n\t\t\t\t\t<h2 class=\"wprpsp-post-title\">\n\t\t\t\t<a href=\"https:\/\/desarrollo.infobox.com.pe\/miempresacircular\/2024\/04\/01\/produce-economia-circular-presente-en-el-pesem-del-sector-produccion-2024-2030\/\" target=\"_self\">PRODUCE: Econom\u00eda Circular presente en el PESEM del Sector Producci\u00f3n 2024-2030<\/a>\n\t\t\t<\/h2>\n\t\t\t\t\t<div class=\"wprpsp-post-cats-wrap\"><ul class=\"post-categories wprpsp-post-categories\"><li><a href=\"https:\/\/desarrollo.infobox.com.pe\/miempresacircular\/category\/novedades\/normativas\/\" rel=\"category\" target=\"_self\"> Normativas <\/a><\/li><li><a href=\"https:\/\/desarrollo.infobox.com.pe\/miempresacircular\/category\/novedades\/noticias\/\" rel=\"category\" target=\"_self\"> Noticias <\/a><\/li><li><a href=\"https:\/\/desarrollo.infobox.com.pe\/miempresacircular\/category\/novedades\/\" rel=\"category\" target=\"_self\"> Novedades <\/a><\/li><\/ul><\/div>\n\t\t\t\t\t<div class=\"wprpsp-post-date\">\n\t\t\t\t\t\t\t\t\t\t\t\t01\/04\/2024\t\t\t<\/div>\n\t\t\t\t\t<div class=\"wprpsp-post-content\">\n\t\t\t\t<div>El Per\u00fa avanza firme hacia un modelo productivo que permite enfrentar el cambio clim\u00e1tico, la...<\/div>\n\t\t\t\t\t\t\t\t\t<a class=\"wprpsp-read-more-btn\" href=\"https:\/\/desarrollo.infobox.com.pe\/miempresacircular\/2024\/04\/01\/produce-economia-circular-presente-en-el-pesem-del-sector-produccion-2024-2030\/\" target=\"_self\">Leer m\u00e1s<\/a>\n\t\t\t\t\t\t\t<\/div>\n\t\t\t<\/div>\n<\/div>\n<div class=\"wprpsp-post-slides\">\n\t<div class=\"wprpsp-post-grid-content \">\n\t\t\t\t\t<div class=\"wprpsp-post-image-wrap wprpsp-post-image-bg\" style=\"\">\n\t\t\t\t<a href=\"https:\/\/desarrollo.infobox.com.pe\/miempresacircular\/2023\/11\/23\/proyectos-de-normas-en-elaboracion-por-produce\/\" target=\"_self\">\n\t\t\t\t\t<img decoding=\"async\" class=\"wprpsp-post-img\"  src=\"https:\/\/desarrollo.infobox.com.pe\/miempresacircular\/wp-content\/uploads\/2023\/11\/20250219_162812-scaled.jpg\" alt=\"Proyectos de normas en elaboraci\u00f3n por Produce\" \/>\n\t\t\t\t<\/a>\n\t\t\t<\/div>\n\t\t\t\t\t<h2 class=\"wprpsp-post-title\">\n\t\t\t\t<a href=\"https:\/\/desarrollo.infobox.com.pe\/miempresacircular\/2023\/11\/23\/proyectos-de-normas-en-elaboracion-por-produce\/\" target=\"_self\">Proyectos de normas en elaboraci\u00f3n por Produce<\/a>\n\t\t\t<\/h2>\n\t\t\t\t\t<div class=\"wprpsp-post-cats-wrap\"><ul class=\"post-categories wprpsp-post-categories\"><li><a href=\"https:\/\/desarrollo.infobox.com.pe\/miempresacircular\/category\/novedades\/normativas\/\" rel=\"category\" target=\"_self\"> Normativas <\/a><\/li><li><a href=\"https:\/\/desarrollo.infobox.com.pe\/miempresacircular\/category\/novedades\/normativas\/proyectos\/\" rel=\"category\" target=\"_self\"> Proyectos <\/a><\/li><\/ul><\/div>\n\t\t\t\t\t<div class=\"wprpsp-post-date\">\n\t\t\t\t\t\t\t\t\t\t\t\t23\/11\/2023\t\t\t<\/div>\n\t\t\t\t\t<div class=\"wprpsp-post-content\">\n\t\t\t\t<div>Listado de proyectos normativos que se vienen elaborando en el Ministerio de la Producci\u00f3n. Proyecto...<\/div>\n\t\t\t\t\t\t\t\t\t<a class=\"wprpsp-read-more-btn\" href=\"https:\/\/desarrollo.infobox.com.pe\/miempresacircular\/2023\/11\/23\/proyectos-de-normas-en-elaboracion-por-produce\/\" target=\"_self\">Leer m\u00e1s<\/a>\n\t\t\t\t\t\t\t<\/div>\n\t\t\t<\/div>\n<\/div>\n<div class=\"wprpsp-post-slides\">\n\t<div class=\"wprpsp-post-grid-content \">\n\t\t\t\t\t<div class=\"wprpsp-post-image-wrap wprpsp-post-image-bg\" style=\"\">\n\t\t\t\t<a href=\"https:\/\/desarrollo.infobox.com.pe\/miempresacircular\/2023\/11\/23\/modifica-el-reglamento-del-decreto-legislativo-1414\/\" target=\"_self\">\n\t\t\t\t\t<img decoding=\"async\" class=\"wprpsp-post-img\"  src=\"https:\/\/desarrollo.infobox.com.pe\/miempresacircular\/wp-content\/uploads\/2023\/11\/20250219_161152-scaled.jpg\" alt=\"Modifica el Reglamento del Decreto Legislativo  1414\" \/>\n\t\t\t\t<\/a>\n\t\t\t<\/div>\n\t\t\t\t\t<h2 class=\"wprpsp-post-title\">\n\t\t\t\t<a href=\"https:\/\/desarrollo.infobox.com.pe\/miempresacircular\/2023\/11\/23\/modifica-el-reglamento-del-decreto-legislativo-1414\/\" target=\"_self\">Modifica el Reglamento del Decreto Legislativo  1414<\/a>\n\t\t\t<\/h2>\n\t\t\t\t\t<div class=\"wprpsp-post-cats-wrap\"><ul class=\"post-categories wprpsp-post-categories\"><li><a href=\"https:\/\/desarrollo.infobox.com.pe\/miempresacircular\/category\/novedades\/normativas\/decretos-supremos\/\" rel=\"category\" target=\"_self\"> Decretos Supremos <\/a><\/li><li><a href=\"https:\/\/desarrollo.infobox.com.pe\/miempresacircular\/category\/novedades\/normativas\/\" rel=\"category\" target=\"_self\"> Normativas <\/a><\/li><\/ul><\/div>\n\t\t\t\t\t<div class=\"wprpsp-post-date\">\n\t\t\t\t\t\t\t\t\t\t\t\t23\/11\/2023\t\t\t<\/div>\n\t\t\t\t\t<div class=\"wprpsp-post-content\">\n\t\t\t\t<div>Decreto Supremo 007-2023-PRODUCE.\u00a0 Decreto Supremo que modifica el Reglamento del Decreto Legislativo 1414, Decreto Legislativo...<\/div>\n\t\t\t\t\t\t\t\t\t<a class=\"wprpsp-read-more-btn\" href=\"https:\/\/desarrollo.infobox.com.pe\/miempresacircular\/2023\/11\/23\/modifica-el-reglamento-del-decreto-legislativo-1414\/\" target=\"_self\">Leer m\u00e1s<\/a>\n\t\t\t\t\t\t\t<\/div>\n\t\t\t<\/div>\n<\/div>\n<div class=\"wprpsp-post-slides\">\n\t<div class=\"wprpsp-post-grid-content \">\n\t\t\t\t\t<div class=\"wprpsp-post-image-wrap wprpsp-post-image-bg\" style=\"\">\n\t\t\t\t<a href=\"https:\/\/desarrollo.infobox.com.pe\/miempresacircular\/2023\/11\/23\/estrategia-nacional-para-el-desarrollo-de-parques-industriales\/\" target=\"_self\">\n\t\t\t\t\t<img decoding=\"async\" class=\"wprpsp-post-img\"  src=\"https:\/\/desarrollo.infobox.com.pe\/miempresacircular\/wp-content\/uploads\/2023\/11\/20250219_160636-scaled.jpg\" alt=\"Estrategia Nacional para el Desarrollo de Parques Industriales\" \/>\n\t\t\t\t<\/a>\n\t\t\t<\/div>\n\t\t\t\t\t<h2 class=\"wprpsp-post-title\">\n\t\t\t\t<a href=\"https:\/\/desarrollo.infobox.com.pe\/miempresacircular\/2023\/11\/23\/estrategia-nacional-para-el-desarrollo-de-parques-industriales\/\" target=\"_self\">Estrategia Nacional para el Desarrollo de Parques Industriales<\/a>\n\t\t\t<\/h2>\n\t\t\t\t\t<div class=\"wprpsp-post-cats-wrap\"><ul class=\"post-categories wprpsp-post-categories\"><li><a href=\"https:\/\/desarrollo.infobox.com.pe\/miempresacircular\/category\/novedades\/normativas\/decretos-supremos\/\" rel=\"category\" target=\"_self\"> Decretos Supremos <\/a><\/li><li><a href=\"https:\/\/desarrollo.infobox.com.pe\/miempresacircular\/category\/novedades\/normativas\/\" rel=\"category\" target=\"_self\"> Normativas <\/a><\/li><\/ul><\/div>\n\t\t\t\t\t<div class=\"wprpsp-post-date\">\n\t\t\t\t\t\t\t\t\t\t\t\t23\/11\/2023\t\t\t<\/div>\n\t\t\t\t\t<div class=\"wprpsp-post-content\">\n\t\t\t\t<div>Decreto Supremo 005-2020-PRODUCE Ent\u00e9rate m\u00e1s<\/div>\n\t\t\t\t\t\t\t\t\t<a class=\"wprpsp-read-more-btn\" href=\"https:\/\/desarrollo.infobox.com.pe\/miempresacircular\/2023\/11\/23\/estrategia-nacional-para-el-desarrollo-de-parques-industriales\/\" target=\"_self\">Leer m\u00e1s<\/a>\n\t\t\t\t\t\t\t<\/div>\n\t\t\t<\/div>\n<\/div>\n<div class=\"wprpsp-post-slides\">\n\t<div class=\"wprpsp-post-grid-content \">\n\t\t\t\t\t<div class=\"wprpsp-post-image-wrap wprpsp-post-image-bg\" style=\"\">\n\t\t\t\t<a href=\"https:\/\/desarrollo.infobox.com.pe\/miempresacircular\/2023\/11\/23\/reglamento-del-sistema-nacional-de-parques-industriales\/\" target=\"_self\">\n\t\t\t\t\t<img decoding=\"async\" class=\"wprpsp-post-img\"  src=\"https:\/\/desarrollo.infobox.com.pe\/miempresacircular\/wp-content\/uploads\/2025\/05\/20250219_160206-scaled.jpg\" alt=\"Reglamento del Sistema Nacional de Parques Industriales\" \/>\n\t\t\t\t<\/a>\n\t\t\t<\/div>\n\t\t\t\t\t<h2 class=\"wprpsp-post-title\">\n\t\t\t\t<a href=\"https:\/\/desarrollo.infobox.com.pe\/miempresacircular\/2023\/11\/23\/reglamento-del-sistema-nacional-de-parques-industriales\/\" target=\"_self\">Reglamento del Sistema Nacional de Parques Industriales<\/a>\n\t\t\t<\/h2>\n\t\t\t\t\t<div class=\"wprpsp-post-cats-wrap\"><ul class=\"post-categories wprpsp-post-categories\"><li><a href=\"https:\/\/desarrollo.infobox.com.pe\/miempresacircular\/category\/novedades\/normativas\/decretos-supremos\/\" rel=\"category\" target=\"_self\"> Decretos Supremos <\/a><\/li><li><a href=\"https:\/\/desarrollo.infobox.com.pe\/miempresacircular\/category\/novedades\/normativas\/\" rel=\"category\" target=\"_self\"> Normativas <\/a><\/li><\/ul><\/div>\n\t\t\t\t\t<div class=\"wprpsp-post-date\">\n\t\t\t\t\t\t\t\t\t\t\t\t23\/11\/2023\t\t\t<\/div>\n\t\t\t\t\t<div class=\"wprpsp-post-content\">\n\t\t\t\t<div>Decreto Supremo 017-2016-PRODUCE Ent\u00e9rate m\u00e1s<\/div>\n\t\t\t\t\t\t\t\t\t<a class=\"wprpsp-read-more-btn\" href=\"https:\/\/desarrollo.infobox.com.pe\/miempresacircular\/2023\/11\/23\/reglamento-del-sistema-nacional-de-parques-industriales\/\" target=\"_self\">Leer m\u00e1s<\/a>\n\t\t\t\t\t\t\t<\/div>\n\t\t\t<\/div>\n<\/div>\n<div class=\"wprpsp-post-slides\">\n\t<div class=\"wprpsp-post-grid-content \">\n\t\t\t\t\t<div class=\"wprpsp-post-image-wrap wprpsp-post-image-bg\" style=\"\">\n\t\t\t\t<a href=\"https:\/\/desarrollo.infobox.com.pe\/miempresacircular\/2023\/11\/23\/lineas-prioritarias-del-sector-produccion-peru-produce\/\" target=\"_self\">\n\t\t\t\t\t<img decoding=\"async\" class=\"wprpsp-post-img\"  src=\"https:\/\/desarrollo.infobox.com.pe\/miempresacircular\/wp-content\/uploads\/2025\/05\/20250219_124021-scaled.jpg\" alt=\"L\u00edneas Prioritarias del Sector Producci\u00f3n \u201cPer\u00fa Produce\u201d\" \/>\n\t\t\t\t<\/a>\n\t\t\t<\/div>\n\t\t\t\t\t<h2 class=\"wprpsp-post-title\">\n\t\t\t\t<a href=\"https:\/\/desarrollo.infobox.com.pe\/miempresacircular\/2023\/11\/23\/lineas-prioritarias-del-sector-produccion-peru-produce\/\" target=\"_self\">L\u00edneas Prioritarias del Sector Producci\u00f3n \u201cPer\u00fa Produce\u201d<\/a>\n\t\t\t<\/h2>\n\t\t\t\t\t<div class=\"wprpsp-post-cats-wrap\"><ul class=\"post-categories wprpsp-post-categories\"><li><a href=\"https:\/\/desarrollo.infobox.com.pe\/miempresacircular\/category\/novedades\/normativas\/decretos-supremos\/\" rel=\"category\" target=\"_self\"> Decretos Supremos <\/a><\/li><li><a href=\"https:\/\/desarrollo.infobox.com.pe\/miempresacircular\/category\/novedades\/normativas\/\" rel=\"category\" target=\"_self\"> Normativas <\/a><\/li><\/ul><\/div>\n\t\t\t\t\t<div class=\"wprpsp-post-date\">\n\t\t\t\t\t\t\t\t\t\t\t\t23\/11\/2023\t\t\t<\/div>\n\t\t\t\t\t<div class=\"wprpsp-post-content\">\n\t\t\t\t<div>Decreto Supremo 006-2023-PRODUCE.\u00a0Incluye l\u00edneas \u201cMype Sostenible\u201d y \u201cMujer Produce\u201d Ent\u00e9rate m\u00e1s<\/div>\n\t\t\t\t\t\t\t\t\t<a class=\"wprpsp-read-more-btn\" href=\"https:\/\/desarrollo.infobox.com.pe\/miempresacircular\/2023\/11\/23\/lineas-prioritarias-del-sector-produccion-peru-produce\/\" target=\"_self\">Leer m\u00e1s<\/a>\n\t\t\t\t\t\t\t<\/div>\n\t\t\t<\/div>\n<\/div>\n<div class=\"wprpsp-post-slides\">\n\t<div class=\"wprpsp-post-grid-content \">\n\t\t\t\t\t<div class=\"wprpsp-post-image-wrap wprpsp-post-image-bg\" style=\"\">\n\t\t\t\t<a href=\"https:\/\/desarrollo.infobox.com.pe\/miempresacircular\/2023\/11\/23\/reglamento-de-la-ley-31072-ley-de-la-sociedad-bic\/\" target=\"_self\">\n\t\t\t\t\t<img decoding=\"async\" class=\"wprpsp-post-img\"  src=\"https:\/\/desarrollo.infobox.com.pe\/miempresacircular\/wp-content\/uploads\/2025\/05\/20250219_124320-scaled.jpg\" alt=\"Reglamento de la Ley 31072, Ley de la Sociedad BIC\" \/>\n\t\t\t\t<\/a>\n\t\t\t<\/div>\n\t\t\t\t\t<h2 class=\"wprpsp-post-title\">\n\t\t\t\t<a href=\"https:\/\/desarrollo.infobox.com.pe\/miempresacircular\/2023\/11\/23\/reglamento-de-la-ley-31072-ley-de-la-sociedad-bic\/\" target=\"_self\">Reglamento de la Ley 31072, Ley de la Sociedad BIC<\/a>\n\t\t\t<\/h2>\n\t\t\t\t\t<div class=\"wprpsp-post-cats-wrap\"><ul class=\"post-categories wprpsp-post-categories\"><li><a href=\"https:\/\/desarrollo.infobox.com.pe\/miempresacircular\/category\/novedades\/normativas\/decretos-supremos\/\" rel=\"category\" target=\"_self\"> Decretos Supremos <\/a><\/li><li><a href=\"https:\/\/desarrollo.infobox.com.pe\/miempresacircular\/category\/novedades\/normativas\/\" rel=\"category\" target=\"_self\"> Normativas <\/a><\/li><\/ul><\/div>\n\t\t\t\t\t<div class=\"wprpsp-post-date\">\n\t\t\t\t\t\t\t\t\t\t\t\t23\/11\/2023\t\t\t<\/div>\n\t\t\t\t\t<div class=\"wprpsp-post-content\">\n\t\t\t\t<div>Decreto Supremo 004-2021-PRODUCE.\u00a0Primera norma que introduce el t\u00e9rmino \"Econom\u00eda Circular\" en Per\u00fa. Ent\u00e9rate m\u00e1s<\/div>\n\t\t\t\t\t\t\t\t\t<a class=\"wprpsp-read-more-btn\" href=\"https:\/\/desarrollo.infobox.com.pe\/miempresacircular\/2023\/11\/23\/reglamento-de-la-ley-31072-ley-de-la-sociedad-bic\/\" target=\"_self\">Leer m\u00e1s<\/a>\n\t\t\t\t\t\t\t<\/div>\n\t\t\t<\/div>\n<\/div>\n<div class=\"wprpsp-post-slides\">\n\t<div class=\"wprpsp-post-grid-content \">\n\t\t\t\t\t<div class=\"wprpsp-post-image-wrap wprpsp-post-image-bg\" style=\"\">\n\t\t\t\t<a href=\"https:\/\/desarrollo.infobox.com.pe\/miempresacircular\/2023\/11\/23\/reglamento-tecnico-sobre-bolsas-de-plastico-biodegradables\/\" target=\"_self\">\n\t\t\t\t\t<img decoding=\"async\" class=\"wprpsp-post-img\"  src=\"https:\/\/desarrollo.infobox.com.pe\/miempresacircular\/wp-content\/uploads\/2025\/05\/20250219_155437-scaled.jpg\" alt=\"Reglamento T\u00e9cnico sobre Bolsas de Pl\u00e1stico Biodegradables\" \/>\n\t\t\t\t<\/a>\n\t\t\t<\/div>\n\t\t\t\t\t<h2 class=\"wprpsp-post-title\">\n\t\t\t\t<a href=\"https:\/\/desarrollo.infobox.com.pe\/miempresacircular\/2023\/11\/23\/reglamento-tecnico-sobre-bolsas-de-plastico-biodegradables\/\" target=\"_self\">Reglamento T\u00e9cnico sobre Bolsas de Pl\u00e1stico Biodegradables<\/a>\n\t\t\t<\/h2>\n\t\t\t\t\t<div class=\"wprpsp-post-cats-wrap\"><ul class=\"post-categories wprpsp-post-categories\"><li><a href=\"https:\/\/desarrollo.infobox.com.pe\/miempresacircular\/category\/novedades\/normativas\/decretos-supremos\/\" rel=\"category\" target=\"_self\"> Decretos Supremos <\/a><\/li><li><a href=\"https:\/\/desarrollo.infobox.com.pe\/miempresacircular\/category\/novedades\/normativas\/\" rel=\"category\" target=\"_self\"> Normativas <\/a><\/li><\/ul><\/div>\n\t\t\t\t\t<div class=\"wprpsp-post-date\">\n\t\t\t\t\t\t\t\t\t\t\t\t23\/11\/2023\t\t\t<\/div>\n\t\t\t\t\t<div class=\"wprpsp-post-content\">\n\t\t\t\t<div>Decreto Supremo 025-2021-PRODUCE Ent\u00e9rate m\u00e1s<\/div>\n\t\t\t\t\t\t\t\t\t<a class=\"wprpsp-read-more-btn\" href=\"https:\/\/desarrollo.infobox.com.pe\/miempresacircular\/2023\/11\/23\/reglamento-tecnico-sobre-bolsas-de-plastico-biodegradables\/\" target=\"_self\">Leer m\u00e1s<\/a>\n\t\t\t\t\t\t\t<\/div>\n\t\t\t<\/div>\n<\/div>\n<div class=\"wprpsp-post-slides\">\n\t<div class=\"wprpsp-post-grid-content \">\n\t\t\t\t\t<div class=\"wprpsp-post-image-wrap wprpsp-post-image-bg\" style=\"\">\n\t\t\t\t<a href=\"https:\/\/desarrollo.infobox.com.pe\/miempresacircular\/2023\/11\/23\/reglamento-del-decreto-legislativo-1278-decreto-legislativo-que-aprueba-la-ley-de-gestion-integral-de-residuos-solidos\/\" target=\"_self\">\n\t\t\t\t\t<img decoding=\"async\" class=\"wprpsp-post-img\"  src=\"https:\/\/desarrollo.infobox.com.pe\/miempresacircular\/wp-content\/uploads\/2025\/05\/20250218_101011-scaled.jpg\" alt=\"Reglamento del Decreto Legislativo 1278, Decreto Legislativo que aprueba la Ley de Gesti\u00f3n Integral de Residuos S\u00f3lidos\" \/>\n\t\t\t\t<\/a>\n\t\t\t<\/div>\n\t\t\t\t\t<h2 class=\"wprpsp-post-title\">\n\t\t\t\t<a href=\"https:\/\/desarrollo.infobox.com.pe\/miempresacircular\/2023\/11\/23\/reglamento-del-decreto-legislativo-1278-decreto-legislativo-que-aprueba-la-ley-de-gestion-integral-de-residuos-solidos\/\" target=\"_self\">Reglamento del Decreto Legislativo 1278, Decreto Legislativo que aprueba la Ley de Gesti\u00f3n Integral de Residuos S\u00f3lidos<\/a>\n\t\t\t<\/h2>\n\t\t\t\t\t<div class=\"wprpsp-post-cats-wrap\"><ul class=\"post-categories wprpsp-post-categories\"><li><a href=\"https:\/\/desarrollo.infobox.com.pe\/miempresacircular\/category\/novedades\/normativas\/decretos-supremos\/\" rel=\"category\" target=\"_self\"> Decretos Supremos <\/a><\/li><li><a href=\"https:\/\/desarrollo.infobox.com.pe\/miempresacircular\/category\/novedades\/normativas\/\" rel=\"category\" target=\"_self\"> Normativas <\/a><\/li><\/ul><\/div>\n\t\t\t\t\t<div class=\"wprpsp-post-date\">\n\t\t\t\t\t\t\t\t\t\t\t\t23\/11\/2023\t\t\t<\/div>\n\t\t\t\t\t<div class=\"wprpsp-post-content\">\n\t\t\t\t<div>Decreto Supremo 014-2017-MINAM Ent\u00e9rate m\u00e1s<\/div>\n\t\t\t\t\t\t\t\t\t<a class=\"wprpsp-read-more-btn\" href=\"https:\/\/desarrollo.infobox.com.pe\/miempresacircular\/2023\/11\/23\/reglamento-del-decreto-legislativo-1278-decreto-legislativo-que-aprueba-la-ley-de-gestion-integral-de-residuos-solidos\/\" target=\"_self\">Leer m\u00e1s<\/a>\n\t\t\t\t\t\t\t<\/div>\n\t\t\t<\/div>\n<\/div>\n<div class=\"wprpsp-post-slides\">\n\t<div class=\"wprpsp-post-grid-content \">\n\t\t\t\t\t<div class=\"wprpsp-post-image-wrap wprpsp-post-image-bg\" style=\"\">\n\t\t\t\t<a href=\"https:\/\/desarrollo.infobox.com.pe\/miempresacircular\/2023\/11\/23\/reglamento-de-la-ley-30988-ley-que-promueve-la-reduccion-y-prevencion-de-perdidas-y-desperdicios-de-alimentos\/\" target=\"_self\">\n\t\t\t\t\t<img decoding=\"async\" class=\"wprpsp-post-img\"  src=\"https:\/\/desarrollo.infobox.com.pe\/miempresacircular\/wp-content\/uploads\/2025\/05\/20250219_110451-scaled.jpg\" alt=\"Reglamento de la Ley 30988, Ley que promueve la reducci\u00f3n y prevenci\u00f3n de p\u00e9rdidas y desperdicios de alimentos\" \/>\n\t\t\t\t<\/a>\n\t\t\t<\/div>\n\t\t\t\t\t<h2 class=\"wprpsp-post-title\">\n\t\t\t\t<a href=\"https:\/\/desarrollo.infobox.com.pe\/miempresacircular\/2023\/11\/23\/reglamento-de-la-ley-30988-ley-que-promueve-la-reduccion-y-prevencion-de-perdidas-y-desperdicios-de-alimentos\/\" target=\"_self\">Reglamento de la Ley 30988, Ley que promueve la reducci\u00f3n y prevenci\u00f3n de p\u00e9rdidas y desperdicios de alimentos<\/a>\n\t\t\t<\/h2>\n\t\t\t\t\t<div class=\"wprpsp-post-cats-wrap\"><ul class=\"post-categories wprpsp-post-categories\"><li><a href=\"https:\/\/desarrollo.infobox.com.pe\/miempresacircular\/category\/novedades\/normativas\/decretos-supremos\/\" rel=\"category\" target=\"_self\"> Decretos Supremos <\/a><\/li><li><a href=\"https:\/\/desarrollo.infobox.com.pe\/miempresacircular\/category\/novedades\/normativas\/\" rel=\"category\" target=\"_self\"> Normativas <\/a><\/li><\/ul><\/div>\n\t\t\t\t\t<div class=\"wprpsp-post-date\">\n\t\t\t\t\t\t\t\t\t\t\t\t23\/11\/2023\t\t\t<\/div>\n\t\t\t\t\t<div class=\"wprpsp-post-content\">\n\t\t\t\t<div>Decreto Supremo 003-2020-MINAGRI Ent\u00e9rate m\u00e1s<\/div>\n\t\t\t\t\t\t\t\t\t<a class=\"wprpsp-read-more-btn\" href=\"https:\/\/desarrollo.infobox.com.pe\/miempresacircular\/2023\/11\/23\/reglamento-de-la-ley-30988-ley-que-promueve-la-reduccion-y-prevencion-de-perdidas-y-desperdicios-de-alimentos\/\" target=\"_self\">Leer m\u00e1s<\/a>\n\t\t\t\t\t\t\t<\/div>\n\t\t\t<\/div>\n<\/div>\n<div class=\"wprpsp-post-slides\">\n\t<div class=\"wprpsp-post-grid-content \">\n\t\t\t\t\t<div class=\"wprpsp-post-image-wrap wprpsp-post-image-bg\" style=\"\">\n\t\t\t\t<a href=\"https:\/\/desarrollo.infobox.com.pe\/miempresacircular\/2023\/11\/23\/reglamento-de-la-ley-30884-ley-que-regula-el-plastico-de-un-solo-uso-y-los-recipientes-o-envases-descartables\/\" target=\"_self\">\n\t\t\t\t\t<img decoding=\"async\" class=\"wprpsp-post-img\"  src=\"https:\/\/desarrollo.infobox.com.pe\/miempresacircular\/wp-content\/uploads\/2025\/05\/20250218_100409-scaled.jpg\" alt=\"Reglamento de la Ley 30884, Ley que regula el pl\u00e1stico de un solo uso y los recipientes o envases descartables\" \/>\n\t\t\t\t<\/a>\n\t\t\t<\/div>\n\t\t\t\t\t<h2 class=\"wprpsp-post-title\">\n\t\t\t\t<a href=\"https:\/\/desarrollo.infobox.com.pe\/miempresacircular\/2023\/11\/23\/reglamento-de-la-ley-30884-ley-que-regula-el-plastico-de-un-solo-uso-y-los-recipientes-o-envases-descartables\/\" target=\"_self\">Reglamento de la Ley 30884, Ley que regula el pl\u00e1stico de un solo uso y los recipientes o envases descartables<\/a>\n\t\t\t<\/h2>\n\t\t\t\t\t<div class=\"wprpsp-post-cats-wrap\"><ul class=\"post-categories wprpsp-post-categories\"><li><a href=\"https:\/\/desarrollo.infobox.com.pe\/miempresacircular\/category\/novedades\/normativas\/decretos-supremos\/\" rel=\"category\" target=\"_self\"> Decretos Supremos <\/a><\/li><li><a href=\"https:\/\/desarrollo.infobox.com.pe\/miempresacircular\/category\/novedades\/normativas\/\" rel=\"category\" target=\"_self\"> Normativas <\/a><\/li><\/ul><\/div>\n\t\t\t\t\t<div class=\"wprpsp-post-date\">\n\t\t\t\t\t\t\t\t\t\t\t\t23\/11\/2023\t\t\t<\/div>\n\t\t\t\t\t<div class=\"wprpsp-post-content\">\n\t\t\t\t<div>Decreto Supremo 006-2019-MINAM Ent\u00e9rate m\u00e1s<\/div>\n\t\t\t\t\t\t\t\t\t<a class=\"wprpsp-read-more-btn\" href=\"https:\/\/desarrollo.infobox.com.pe\/miempresacircular\/2023\/11\/23\/reglamento-de-la-ley-30884-ley-que-regula-el-plastico-de-un-solo-uso-y-los-recipientes-o-envases-descartables\/\" target=\"_self\">Leer m\u00e1s<\/a>\n\t\t\t\t\t\t\t<\/div>\n\t\t\t<\/div>\n<\/div>\n<div class=\"wprpsp-post-slides\">\n\t<div class=\"wprpsp-post-grid-content \">\n\t\t\t\t\t<div class=\"wprpsp-post-image-wrap wprpsp-post-image-bg\" style=\"\">\n\t\t\t\t<a href=\"https:\/\/desarrollo.infobox.com.pe\/miempresacircular\/2023\/11\/23\/hoja-de-ruta-hacia-una-economia-circular-en-el-sector-industria\/\" target=\"_self\">\n\t\t\t\t\t<img decoding=\"async\" class=\"wprpsp-post-img\"  src=\"https:\/\/desarrollo.infobox.com.pe\/miempresacircular\/wp-content\/uploads\/2025\/05\/20250218_104321-scaled.jpg\" alt=\"Hoja de Ruta hacia una Econom\u00eda Circular en el Sector Industria\" \/>\n\t\t\t\t<\/a>\n\t\t\t<\/div>\n\t\t\t\t\t<h2 class=\"wprpsp-post-title\">\n\t\t\t\t<a href=\"https:\/\/desarrollo.infobox.com.pe\/miempresacircular\/2023\/11\/23\/hoja-de-ruta-hacia-una-economia-circular-en-el-sector-industria\/\" target=\"_self\">Hoja de Ruta hacia una Econom\u00eda Circular en el Sector Industria<\/a>\n\t\t\t<\/h2>\n\t\t\t\t\t<div class=\"wprpsp-post-cats-wrap\"><ul class=\"post-categories wprpsp-post-categories\"><li><a href=\"https:\/\/desarrollo.infobox.com.pe\/miempresacircular\/category\/novedades\/normativas\/decretos-supremos\/\" rel=\"category\" target=\"_self\"> Decretos Supremos <\/a><\/li><li><a href=\"https:\/\/desarrollo.infobox.com.pe\/miempresacircular\/category\/novedades\/normativas\/\" rel=\"category\" target=\"_self\"> Normativas <\/a><\/li><\/ul><\/div>\n\t\t\t\t\t<div class=\"wprpsp-post-date\">\n\t\t\t\t\t\t\t\t\t\t\t\t23\/11\/2023\t\t\t<\/div>\n\t\t\t\t\t<div class=\"wprpsp-post-content\">\n\t\t\t\t<div>Decreto Supremo 003-2020-PRODUCE.\u00a0Establece acciones para impulsar y promover la transici\u00f3n de un modelo econ\u00f3mico lineal...<\/div>\n\t\t\t\t\t\t\t\t\t<a class=\"wprpsp-read-more-btn\" href=\"https:\/\/desarrollo.infobox.com.pe\/miempresacircular\/2023\/11\/23\/hoja-de-ruta-hacia-una-economia-circular-en-el-sector-industria\/\" target=\"_self\">Leer m\u00e1s<\/a>\n\t\t\t\t\t\t\t<\/div>\n\t\t\t<\/div>\n<\/div>\n<div class=\"wprpsp-post-slides\">\n\t<div class=\"wprpsp-post-grid-content \">\n\t\t\t\t\t<div class=\"wprpsp-post-image-wrap wprpsp-post-image-bg\" style=\"\">\n\t\t\t\t<a href=\"https:\/\/desarrollo.infobox.com.pe\/miempresacircular\/2023\/11\/23\/decreto-legislativo-que-aprueba-la-ley-de-gestion-integral-de-residuos-solidos\/\" target=\"_self\">\n\t\t\t\t\t<img decoding=\"async\" class=\"wprpsp-post-img\"  src=\"https:\/\/desarrollo.infobox.com.pe\/miempresacircular\/wp-content\/uploads\/2025\/05\/20250218_170935-scaled.jpg\" alt=\"Decreto Legislativo que aprueba la Ley de gesti\u00f3n integral de residuos s\u00f3lidos\" \/>\n\t\t\t\t<\/a>\n\t\t\t<\/div>\n\t\t\t\t\t<h2 class=\"wprpsp-post-title\">\n\t\t\t\t<a href=\"https:\/\/desarrollo.infobox.com.pe\/miempresacircular\/2023\/11\/23\/decreto-legislativo-que-aprueba-la-ley-de-gestion-integral-de-residuos-solidos\/\" target=\"_self\">Decreto Legislativo que aprueba la Ley de gesti\u00f3n integral de residuos s\u00f3lidos<\/a>\n\t\t\t<\/h2>\n\t\t\t\t\t<div class=\"wprpsp-post-cats-wrap\"><ul class=\"post-categories wprpsp-post-categories\"><li><a href=\"https:\/\/desarrollo.infobox.com.pe\/miempresacircular\/category\/novedades\/normativas\/leyes\/\" rel=\"category\" target=\"_self\"> Leyes <\/a><\/li><li><a href=\"https:\/\/desarrollo.infobox.com.pe\/miempresacircular\/category\/novedades\/normativas\/\" rel=\"category\" target=\"_self\"> Normativas <\/a><\/li><\/ul><\/div>\n\t\t\t\t\t<div class=\"wprpsp-post-date\">\n\t\t\t\t\t\t\t\t\t\t\t\t23\/11\/2023\t\t\t<\/div>\n\t\t\t\t\t<div class=\"wprpsp-post-content\">\n\t\t\t\t<div>Decreto Legislativo 1278.\u00a0Establece los derechos, atribuciones y responsabilidades de la sociedad en su conjunto, con...<\/div>\n\t\t\t\t\t\t\t\t\t<a class=\"wprpsp-read-more-btn\" href=\"https:\/\/desarrollo.infobox.com.pe\/miempresacircular\/2023\/11\/23\/decreto-legislativo-que-aprueba-la-ley-de-gestion-integral-de-residuos-solidos\/\" target=\"_self\">Leer m\u00e1s<\/a>\n\t\t\t\t\t\t\t<\/div>\n\t\t\t<\/div>\n<\/div>\n<div class=\"wprpsp-post-slides\">\n\t<div class=\"wprpsp-post-grid-content \">\n\t\t\t\t\t<div class=\"wprpsp-post-image-wrap wprpsp-post-image-bg\" style=\"\">\n\t\t\t\t<a href=\"https:\/\/desarrollo.infobox.com.pe\/miempresacircular\/2023\/11\/23\/decreto-legislativo-que-crea-el-sistema-nacional-de-parques-industriales\/\" target=\"_self\">\n\t\t\t\t\t<img decoding=\"async\" class=\"wprpsp-post-img\"  src=\"https:\/\/desarrollo.infobox.com.pe\/miempresacircular\/wp-content\/uploads\/2025\/05\/20250219_123543.jpg\" alt=\"Decreto Legislativo que crea el Sistema Nacional de Parques industriales\" \/>\n\t\t\t\t<\/a>\n\t\t\t<\/div>\n\t\t\t\t\t<h2 class=\"wprpsp-post-title\">\n\t\t\t\t<a href=\"https:\/\/desarrollo.infobox.com.pe\/miempresacircular\/2023\/11\/23\/decreto-legislativo-que-crea-el-sistema-nacional-de-parques-industriales\/\" target=\"_self\">Decreto Legislativo que crea el Sistema Nacional de Parques industriales<\/a>\n\t\t\t<\/h2>\n\t\t\t\t\t<div class=\"wprpsp-post-cats-wrap\"><ul class=\"post-categories wprpsp-post-categories\"><li><a href=\"https:\/\/desarrollo.infobox.com.pe\/miempresacircular\/category\/novedades\/normativas\/leyes\/\" rel=\"category\" target=\"_self\"> Leyes <\/a><\/li><li><a href=\"https:\/\/desarrollo.infobox.com.pe\/miempresacircular\/category\/novedades\/normativas\/\" rel=\"category\" target=\"_self\"> Normativas <\/a><\/li><\/ul><\/div>\n\t\t\t\t\t<div class=\"wprpsp-post-date\">\n\t\t\t\t\t\t\t\t\t\t\t\t23\/11\/2023\t\t\t<\/div>\n\t\t\t\t\t<div class=\"wprpsp-post-content\">\n\t\t\t\t<div>Decreto Legislativo 1199.\u00a0Entre los objetivos del Sistema est\u00e1 concertar el desarrollo de parques industriales con...<\/div>\n\t\t\t\t\t\t\t\t\t<a class=\"wprpsp-read-more-btn\" href=\"https:\/\/desarrollo.infobox.com.pe\/miempresacircular\/2023\/11\/23\/decreto-legislativo-que-crea-el-sistema-nacional-de-parques-industriales\/\" target=\"_self\">Leer m\u00e1s<\/a>\n\t\t\t\t\t\t\t<\/div>\n\t\t\t<\/div>\n<\/div>\n<div class=\"wprpsp-post-slides\">\n\t<div class=\"wprpsp-post-grid-content \">\n\t\t\t\t\t<div class=\"wprpsp-post-image-wrap wprpsp-post-image-bg\" style=\"\">\n\t\t\t\t<a href=\"https:\/\/desarrollo.infobox.com.pe\/miempresacircular\/2023\/11\/23\/ley-de-la-sociedad-de-beneficio-e-interes-colectivo-sociedad-bic\/\" target=\"_self\">\n\t\t\t\t\t<img decoding=\"async\" class=\"wprpsp-post-img\"  src=\"https:\/\/desarrollo.infobox.com.pe\/miempresacircular\/wp-content\/uploads\/2025\/05\/20250218_155325-scaled.jpg\" alt=\"Ley de la sociedad de beneficio e inter\u00e9s colectivo (Sociedad BIC)\" \/>\n\t\t\t\t<\/a>\n\t\t\t<\/div>\n\t\t\t\t\t<h2 class=\"wprpsp-post-title\">\n\t\t\t\t<a href=\"https:\/\/desarrollo.infobox.com.pe\/miempresacircular\/2023\/11\/23\/ley-de-la-sociedad-de-beneficio-e-interes-colectivo-sociedad-bic\/\" target=\"_self\">Ley de la sociedad de beneficio e inter\u00e9s colectivo (Sociedad BIC)<\/a>\n\t\t\t<\/h2>\n\t\t\t\t\t<div class=\"wprpsp-post-cats-wrap\"><ul class=\"post-categories wprpsp-post-categories\"><li><a href=\"https:\/\/desarrollo.infobox.com.pe\/miempresacircular\/category\/novedades\/normativas\/leyes\/\" rel=\"category\" target=\"_self\"> Leyes <\/a><\/li><li><a href=\"https:\/\/desarrollo.infobox.com.pe\/miempresacircular\/category\/novedades\/normativas\/\" rel=\"category\" target=\"_self\"> Normativas <\/a><\/li><\/ul><\/div>\n\t\t\t\t\t<div class=\"wprpsp-post-date\">\n\t\t\t\t\t\t\t\t\t\t\t\t23\/11\/2023\t\t\t<\/div>\n\t\t\t\t\t<div class=\"wprpsp-post-content\">\n\t\t\t\t<div>Ley 31072.\u00a0Establece el marco jur\u00eddico para la Sociedad BIC. De acuerdo con la ley, el...<\/div>\n\t\t\t\t\t\t\t\t\t<a class=\"wprpsp-read-more-btn\" href=\"https:\/\/desarrollo.infobox.com.pe\/miempresacircular\/2023\/11\/23\/ley-de-la-sociedad-de-beneficio-e-interes-colectivo-sociedad-bic\/\" target=\"_self\">Leer m\u00e1s<\/a>\n\t\t\t\t\t\t\t<\/div>\n\t\t\t<\/div>\n<\/div>\n<div class=\"wprpsp-post-slides\">\n\t<div class=\"wprpsp-post-grid-content \">\n\t\t\t\t\t<div class=\"wprpsp-post-image-wrap wprpsp-post-image-bg\" style=\"\">\n\t\t\t\t<a href=\"https:\/\/desarrollo.infobox.com.pe\/miempresacircular\/2023\/11\/23\/ley-que-promueve-la-reduccion-y-prevencion-de-perdidas-y-desperdicios-de-alimentos\/\" target=\"_self\">\n\t\t\t\t\t<img decoding=\"async\" class=\"wprpsp-post-img\"  src=\"https:\/\/desarrollo.infobox.com.pe\/miempresacircular\/wp-content\/uploads\/2025\/05\/20250218_095905-scaled.jpg\" alt=\"Ley que promueve la reducci\u00f3n y prevenci\u00f3n de p\u00e9rdidas y desperdicios de alimentos\" \/>\n\t\t\t\t<\/a>\n\t\t\t<\/div>\n\t\t\t\t\t<h2 class=\"wprpsp-post-title\">\n\t\t\t\t<a href=\"https:\/\/desarrollo.infobox.com.pe\/miempresacircular\/2023\/11\/23\/ley-que-promueve-la-reduccion-y-prevencion-de-perdidas-y-desperdicios-de-alimentos\/\" target=\"_self\">Ley que promueve la reducci\u00f3n y prevenci\u00f3n de p\u00e9rdidas y desperdicios de alimentos<\/a>\n\t\t\t<\/h2>\n\t\t\t\t\t<div class=\"wprpsp-post-cats-wrap\"><ul class=\"post-categories wprpsp-post-categories\"><li><a href=\"https:\/\/desarrollo.infobox.com.pe\/miempresacircular\/category\/novedades\/normativas\/leyes\/\" rel=\"category\" target=\"_self\"> Leyes <\/a><\/li><li><a href=\"https:\/\/desarrollo.infobox.com.pe\/miempresacircular\/category\/novedades\/normativas\/\" rel=\"category\" target=\"_self\"> Normativas <\/a><\/li><\/ul><\/div>\n\t\t\t\t\t<div class=\"wprpsp-post-date\">\n\t\t\t\t\t\t\t\t\t\t\t\t23\/11\/2023\t\t\t<\/div>\n\t\t\t\t\t<div class=\"wprpsp-post-content\">\n\t\t\t\t<div>Ley 30988.\u00a0Tiene por objeto reducir y prevenir p\u00e9rdidas y desperdicios de alimentos, en todas las...<\/div>\n\t\t\t\t\t\t\t\t\t<a class=\"wprpsp-read-more-btn\" href=\"https:\/\/desarrollo.infobox.com.pe\/miempresacircular\/2023\/11\/23\/ley-que-promueve-la-reduccion-y-prevencion-de-perdidas-y-desperdicios-de-alimentos\/\" target=\"_self\">Leer m\u00e1s<\/a>\n\t\t\t\t\t\t\t<\/div>\n\t\t\t<\/div>\n<\/div>\n<div class=\"wprpsp-post-slides\">\n\t<div class=\"wprpsp-post-grid-content \">\n\t\t\t\t\t<div class=\"wprpsp-post-image-wrap wprpsp-post-image-bg\" style=\"\">\n\t\t\t\t<a href=\"https:\/\/desarrollo.infobox.com.pe\/miempresacircular\/2023\/11\/23\/ley-que-regula-el-plastico-de-un-solo-uso-y-los-recipientes-o-envases-descartables\/\" target=\"_self\">\n\t\t\t\t\t<img decoding=\"async\" class=\"wprpsp-post-img\"  src=\"https:\/\/desarrollo.infobox.com.pe\/miempresacircular\/wp-content\/uploads\/2025\/05\/20250218_170935-scaled.jpg\" alt=\"Ley que regula el pl\u00e1stico de un solo uso y los recipientes o envases descartables\" \/>\n\t\t\t\t<\/a>\n\t\t\t<\/div>\n\t\t\t\t\t<h2 class=\"wprpsp-post-title\">\n\t\t\t\t<a href=\"https:\/\/desarrollo.infobox.com.pe\/miempresacircular\/2023\/11\/23\/ley-que-regula-el-plastico-de-un-solo-uso-y-los-recipientes-o-envases-descartables\/\" target=\"_self\">Ley que regula el pl\u00e1stico de un solo uso y los recipientes o envases descartables<\/a>\n\t\t\t<\/h2>\n\t\t\t\t\t<div class=\"wprpsp-post-cats-wrap\"><ul class=\"post-categories wprpsp-post-categories\"><li><a href=\"https:\/\/desarrollo.infobox.com.pe\/miempresacircular\/category\/novedades\/normativas\/leyes\/\" rel=\"category\" target=\"_self\"> Leyes <\/a><\/li><li><a href=\"https:\/\/desarrollo.infobox.com.pe\/miempresacircular\/category\/novedades\/normativas\/\" rel=\"category\" target=\"_self\"> Normativas <\/a><\/li><\/ul><\/div>\n\t\t\t\t\t<div class=\"wprpsp-post-date\">\n\t\t\t\t\t\t\t\t\t\t\t\t23\/11\/2023\t\t\t<\/div>\n\t\t\t\t\t<div class=\"wprpsp-post-content\">\n\t\t\t\t<div>Ley 30884.\u00a0Regula el pl\u00e1stico de un solo uso, otros pl\u00e1sticos no reutilizables y los recipientes...<\/div>\n\t\t\t\t\t\t\t\t\t<a class=\"wprpsp-read-more-btn\" href=\"https:\/\/desarrollo.infobox.com.pe\/miempresacircular\/2023\/11\/23\/ley-que-regula-el-plastico-de-un-solo-uso-y-los-recipientes-o-envases-descartables\/\" target=\"_self\">Leer m\u00e1s<\/a>\n\t\t\t\t\t\t\t<\/div>\n\t\t\t<\/div>\n<\/div>\n<div class=\"wprpsp-post-slides\">\n\t<div class=\"wprpsp-post-grid-content \">\n\t\t\t\t\t<div class=\"wprpsp-post-image-wrap wprpsp-post-image-bg\" style=\"\">\n\t\t\t\t<a href=\"https:\/\/desarrollo.infobox.com.pe\/miempresacircular\/2023\/11\/22\/ley-sobre-la-conservacion-y-aprovechamiento-sostenible-de-la-diversidad-biologica\/\" target=\"_self\">\n\t\t\t\t\t<img decoding=\"async\" class=\"wprpsp-post-img\"  src=\"https:\/\/desarrollo.infobox.com.pe\/miempresacircular\/wp-content\/uploads\/2025\/05\/20250218_155332-scaled.jpg\" alt=\"Ley sobre la conservaci\u00f3n y aprovechamiento sostenible de la diversidad biol\u00f3gica\" \/>\n\t\t\t\t<\/a>\n\t\t\t<\/div>\n\t\t\t\t\t<h2 class=\"wprpsp-post-title\">\n\t\t\t\t<a href=\"https:\/\/desarrollo.infobox.com.pe\/miempresacircular\/2023\/11\/22\/ley-sobre-la-conservacion-y-aprovechamiento-sostenible-de-la-diversidad-biologica\/\" target=\"_self\">Ley sobre la conservaci\u00f3n y aprovechamiento sostenible de la diversidad biol\u00f3gica<\/a>\n\t\t\t<\/h2>\n\t\t\t\t\t<div class=\"wprpsp-post-cats-wrap\"><ul class=\"post-categories wprpsp-post-categories\"><li><a href=\"https:\/\/desarrollo.infobox.com.pe\/miempresacircular\/category\/novedades\/normativas\/leyes\/\" rel=\"category\" target=\"_self\"> Leyes <\/a><\/li><li><a href=\"https:\/\/desarrollo.infobox.com.pe\/miempresacircular\/category\/novedades\/normativas\/\" rel=\"category\" target=\"_self\"> Normativas <\/a><\/li><\/ul><\/div>\n\t\t\t\t\t<div class=\"wprpsp-post-date\">\n\t\t\t\t\t\t\t\t\t\t\t\t22\/11\/2023\t\t\t<\/div>\n\t\t\t\t\t<div class=\"wprpsp-post-content\">\n\t\t\t\t<div>Ley 26839.\u00a0Regula el desarrollo sostenible, la conservaci\u00f3n y utilizaci\u00f3n sostenible de la diversidad biol\u00f3gica. Ent\u00e9rate...<\/div>\n\t\t\t\t\t\t\t\t\t<a class=\"wprpsp-read-more-btn\" href=\"https:\/\/desarrollo.infobox.com.pe\/miempresacircular\/2023\/11\/22\/ley-sobre-la-conservacion-y-aprovechamiento-sostenible-de-la-diversidad-biologica\/\" target=\"_self\">Leer m\u00e1s<\/a>\n\t\t\t\t\t\t\t<\/div>\n\t\t\t<\/div>\n<\/div>\n<div class=\"wprpsp-post-slides\">\n\t<div class=\"wprpsp-post-grid-content \">\n\t\t\t\t\t<div class=\"wprpsp-post-image-wrap wprpsp-post-image-bg\" style=\"\">\n\t\t\t\t<a href=\"https:\/\/desarrollo.infobox.com.pe\/miempresacircular\/2023\/11\/22\/politica-nacional-de-desarrollo-industrial\/\" target=\"_self\">\n\t\t\t\t\t<img decoding=\"async\" class=\"wprpsp-post-img\"  src=\"https:\/\/desarrollo.infobox.com.pe\/miempresacircular\/wp-content\/uploads\/2025\/05\/20250218_100150-scaled.jpg\" alt=\"Pol\u00edtica Nacional de Desarrollo Industrial\" \/>\n\t\t\t\t<\/a>\n\t\t\t<\/div>\n\t\t\t\t\t<h2 class=\"wprpsp-post-title\">\n\t\t\t\t<a href=\"https:\/\/desarrollo.infobox.com.pe\/miempresacircular\/2023\/11\/22\/politica-nacional-de-desarrollo-industrial\/\" target=\"_self\">Pol\u00edtica Nacional de Desarrollo Industrial<\/a>\n\t\t\t<\/h2>\n\t\t\t\t\t<div class=\"wprpsp-post-cats-wrap\"><ul class=\"post-categories wprpsp-post-categories\"><li><a href=\"https:\/\/desarrollo.infobox.com.pe\/miempresacircular\/category\/novedades\/normativas\/\" rel=\"category\" target=\"_self\"> Normativas <\/a><\/li><li><a href=\"https:\/\/desarrollo.infobox.com.pe\/miempresacircular\/category\/novedades\/normativas\/politicas\/\" rel=\"category\" target=\"_self\"> Pol\u00edticas <\/a><\/li><\/ul><\/div>\n\t\t\t\t\t<div class=\"wprpsp-post-date\">\n\t\t\t\t\t\t\t\t\t\t\t\t22\/11\/2023\t\t\t<\/div>\n\t\t\t\t\t<div class=\"wprpsp-post-content\">\n\t\t\t\t<div>Decreto Supremo 016-2022-PRODUCE.\u00a0Lineamiento 1.5: \"Mejorar los instrumentos financieros y no financieros que incentiven la adquisici\u00f3n...<\/div>\n\t\t\t\t\t\t\t\t\t<a class=\"wprpsp-read-more-btn\" href=\"https:\/\/desarrollo.infobox.com.pe\/miempresacircular\/2023\/11\/22\/politica-nacional-de-desarrollo-industrial\/\" target=\"_self\">Leer m\u00e1s<\/a>\n\t\t\t\t\t\t\t<\/div>\n\t\t\t<\/div>\n<\/div>\n\t<\/div>\n<\/div>\n<\/div>\n\t\t<\/div><\/div><div id=\"pgc-8937-1-2\"  class=\"panel-grid-cell panel-grid-cell-empty\" ><\/div><\/div><\/div>","protected":false},"excerpt":{"rendered":"<p>NORMATIVAS Marco Legal para la transici\u00f3n hacia la Econom\u00eda Circular en Per\u00fa Normativas y Pol\u00edticas para Empresas Sostenibles Aqu\u00ed encontrar\u00e1s un recopilatorio de leyes, decretos, reglamentos y pol\u00edticas p\u00fablicas relacionadas con la econom\u00eda circular. Esta secci\u00f3n busca orientar a empresas en el cumplimiento del marco legal vigente, as\u00ed como en la incorporaci\u00f3n de principios de [&hellip;]<\/p>\n","protected":false},"author":1,"featured_media":0,"parent":0,"menu_order":0,"comment_status":"closed","ping_status":"closed","template":"","meta":{"footnotes":""},"tags":[],"class_list":["post-8937","page","type-page","status-publish","hentry"],"_links":{"self":[{"href":"https:\/\/desarrollo.infobox.com.pe\/miempresacircular\/wp-json\/wp\/v2\/pages\/8937","targetHints":{"allow":["GET"]}}],"collection":[{"href":"https:\/\/desarrollo.infobox.com.pe\/miempresacircular\/wp-json\/wp\/v2\/pages"}],"about":[{"href":"https:\/\/desarrollo.infobox.com.pe\/miempresacircular\/wp-json\/wp\/v2\/types\/page"}],"author":[{"embeddable":true,"href":"https:\/\/desarrollo.infobox.com.pe\/miempresacircular\/wp-json\/wp\/v2\/users\/1"}],"replies":[{"embeddable":true,"href":"https:\/\/desarrollo.infobox.com.pe\/miempresacircular\/wp-json\/wp\/v2\/comments?post=8937"}],"version-history":[{"count":28,"href":"https:\/\/desarrollo.infobox.com.pe\/miempresacircular\/wp-json\/wp\/v2\/pages\/8937\/revisions"}],"predecessor-version":[{"id":10458,"href":"https:\/\/desarrollo.infobox.com.pe\/miempresacircular\/wp-json\/wp\/v2\/pages\/8937\/revisions\/10458"}],"wp:attachment":[{"href":"https:\/\/desarrollo.infobox.com.pe\/miempresacircular\/wp-json\/wp\/v2\/media?parent=8937"}],"wp:term":[{"taxonomy":"post_tag","embeddable":true,"href":"https:\/\/desarrollo.infobox.com.pe\/miempresacircular\/wp-json\/wp\/v2\/tags?post=8937"}],"curies":[{"name":"wp","href":"https:\/\/api.w.org\/{rel}","templated":true}]}}