{"id":8938,"date":"2025-03-27T21:13:04","date_gmt":"2025-03-28T02:13:04","guid":{"rendered":"https:\/\/desarrollo.infobox.com.pe\/miempresacircular\/?page_id=8938"},"modified":"2025-06-13T11:31:41","modified_gmt":"2025-06-13T16:31:41","slug":"informacion-de-interes-2","status":"publish","type":"page","link":"https:\/\/desarrollo.infobox.com.pe\/miempresacircular\/informacion-de-interes-2\/","title":{"rendered":"Informaci\u00f3n de Inter\u00e9s"},"content":{"rendered":"<div id=\"pl-8938\"  class=\"panel-layout\" ><div id=\"pg-8938-0\"  class=\"panel-grid panel-no-style\" ><div id=\"pgc-8938-0-0\"  class=\"panel-grid-cell\" ><div id=\"panel-8938-0-0-0\" class=\"so-panel widget widget_text panel-first-child panel-last-child\" data-index=\"0\" >\t\t\t<div class=\"textwidget\"><div style=\"position: relative; width: 100%; height: 450px; background-image: url('\/miempresacircular\/wp-content\/uploads\/2025\/05\/5.png'); background-size: cover; background-position: center; background-repeat: no-repeat; display: flex; align-items: center; justify-content: center; text-align: center; margin: 0; padding: 0;\">\n<div style=\"background: rgba(30, 76, 127, 0.9); padding: 20px 40px; border-radius: 0px; height: 200px; width: 800px; max-width: 70%; text-align: center;\">\n<h1 style=\"color: white; font-size: 2rem; margin-top: 30px; text-shadow: 2px 2px 5px rgba(0, 0, 0, 0.5);\">INFORMACI\u00d3N DE INTER\u00c9S<\/h1>\n<div style=\"display: flex; justify-content: center; align-items: center; gap: 10px; margin: 8px 0 20px 0;\">\n<div style=\"width: 80px; height: 2px; background-color: rgba(255, 255, 255, 0.5);\"><\/div>\n<div style=\"width: 80px; height: 2px; background-color: rgba(255, 255, 255);\"><\/div>\n<div style=\"width: 80px; height: 2px; background-color: rgba(255, 255, 255, 0.5);\"><\/div>\n<\/div>\n<h1 style=\"color: white; font-size: 1.5rem; margin-bottom: 50px; text-shadow: 2px 2px 5px rgba(0, 0, 0, 0.5);\">Ent\u00e9rate de nuestras \u00faltimas noticias y eventos<\/h1>\n<\/div>\n<\/div>\n<\/div>\n\t\t<\/div><\/div><\/div><div id=\"pg-8938-1\"  class=\"panel-grid panel-no-style\" ><div id=\"pgc-8938-1-0\"  class=\"panel-grid-cell panel-grid-cell-empty\" ><\/div><div id=\"pgc-8938-1-1\"  class=\"panel-grid-cell panel-grid-cell-mobile-last\" ><div id=\"panel-8938-1-1-0\" class=\"so-panel widget widget_text panel-first-child\" data-index=\"1\" >\t\t\t<div class=\"textwidget\"><h4 style=\"text-align: center; color: #164985; margin-top: 30px;\">NOTICIAS<\/h4>\n<div style=\"display: flex; justify-content: center; align-items: center; gap: 10px; margin: 0px 0 40px 0;\">\n<div style=\"width: 50px; height: 2px; background-color: rgba(22, 73, 133, 0.5);\"><\/div>\n<div style=\"width: 50px; height: 2px; background-color: rgba(22, 73, 133);\"><\/div>\n<div style=\"width: 50px; height: 2px; background-color: rgba(22, 73, 133, 0.5);\"><\/div>\n<\/div>\n<\/div>\n\t\t<\/div><div id=\"panel-8938-1-1-1\" class=\"so-panel widget widget_text panel-last-child\" data-index=\"2\" >\t\t\t<div class=\"textwidget\">\n<div class=\"wprpsp-carousel-pro-slider-wrp wprpsp-clearfix \" data-conf=\"{&quot;dots&quot;:&quot;false&quot;,&quot;arrows&quot;:&quot;true&quot;,&quot;autoplay&quot;:&quot;true&quot;,&quot;autoplay_interval&quot;:3000,&quot;speed&quot;:300,&quot;slides_to_show&quot;:3,&quot;slides_to_scroll&quot;:1,&quot;centermode&quot;:&quot;false&quot;,&quot;centerpadding&quot;:0,&quot;infinite&quot;:&quot;true&quot;,&quot;hover_pause&quot;:&quot;true&quot;,&quot;focus_pause&quot;:&quot;false&quot;,&quot;rtl&quot;:&quot;false&quot;,&quot;lazyload&quot;:&quot;&quot;}\">\n\t<div id=\"wprpsp-recent-post-carousel-1\" class=\"wprpsp-recent-post-carousel wprpsp-post-slider-init wprpsp-design-1 wprpsp-image-fit slides-to-show-3 wprpsp-clearfix\">\n<div class=\"wprpsp-post-slides\">\n\t<div class=\"wprpsp-post-grid-content \">\n\t\t\t\t\t<div class=\"wprpsp-post-image-wrap wprpsp-post-image-bg\" style=\"\">\n\t\t\t\t<a href=\"https:\/\/desarrollo.infobox.com.pe\/miempresacircular\/2025\/05\/27\/transformacion-sostenible-empresas-ancla-claves-para-impulsar-la-economia-circular-en-los-sectores-de-manufactura-y-retail\/\" target=\"_self\">\n\t\t\t\t\t<img decoding=\"async\" class=\"wprpsp-post-img\"  src=\"https:\/\/desarrollo.infobox.com.pe\/miempresacircular\/wp-content\/uploads\/2025\/05\/Pr_oCircula______.png\" alt=\"Transformaci\u00f3n sostenible: empresas ancla claves para impulsar la econom\u00eda circular en los sectores de manufactura y retail.\" \/>\n\t\t\t\t<\/a>\n\t\t\t<\/div>\n\t\t\t\t\t<h2 class=\"wprpsp-post-title\">\n\t\t\t\t<a href=\"https:\/\/desarrollo.infobox.com.pe\/miempresacircular\/2025\/05\/27\/transformacion-sostenible-empresas-ancla-claves-para-impulsar-la-economia-circular-en-los-sectores-de-manufactura-y-retail\/\" target=\"_self\">Transformaci\u00f3n sostenible: empresas ancla claves para impulsar la econom\u00eda circular en los sectores de manufactura y retail.<\/a>\n\t\t\t<\/h2>\n\t\t\t\t\t<div class=\"wprpsp-post-cats-wrap\"><ul class=\"post-categories wprpsp-post-categories\"><li><a href=\"https:\/\/desarrollo.infobox.com.pe\/miempresacircular\/category\/novedades\/noticias\/\" rel=\"category\" target=\"_self\"> Noticias <\/a><\/li><li><a href=\"https:\/\/desarrollo.infobox.com.pe\/miempresacircular\/category\/novedades\/\" rel=\"category\" target=\"_self\"> Novedades <\/a><\/li><\/ul><\/div>\n\t\t\t\t\t<div class=\"wprpsp-post-date\">\n\t\t\t\t\t\t\t\t\t\t\t\t27\/05\/2025\t\t\t<\/div>\n\t\t\t\t\t<div class=\"wprpsp-post-content\">\n\t\t\t\t<div>ProCircular identific\u00f3 y prioriz\u00f3 empresas ancla en los sectores de alimentos, bebidas y retail para...<\/div>\n\t\t\t\t\t\t\t\t\t<a class=\"wprpsp-read-more-btn\" href=\"https:\/\/desarrollo.infobox.com.pe\/miempresacircular\/2025\/05\/27\/transformacion-sostenible-empresas-ancla-claves-para-impulsar-la-economia-circular-en-los-sectores-de-manufactura-y-retail\/\" target=\"_self\">Leer m\u00e1s<\/a>\n\t\t\t\t\t\t\t<\/div>\n\t\t\t<\/div>\n<\/div>\n<div class=\"wprpsp-post-slides\">\n\t<div class=\"wprpsp-post-grid-content \">\n\t\t\t\t\t<div class=\"wprpsp-post-image-wrap wprpsp-post-image-bg\" style=\"\">\n\t\t\t\t<a href=\"https:\/\/desarrollo.infobox.com.pe\/miempresacircular\/2025\/05\/27\/produce-impulsa-hoja-de-ruta-hacia-una-economia-circular-en-la-industria-manufacturera-y-comercio-interno-2-0\/\" target=\"_self\">\n\t\t\t\t\t<img decoding=\"async\" class=\"wprpsp-post-img\"  src=\"https:\/\/desarrollo.infobox.com.pe\/miempresacircular\/wp-content\/uploads\/2025\/05\/Pr_oCircula_____.png\" alt=\"PRODUCE impulsa Hoja de Ruta hacia una Econom\u00eda Circular en la Industria Manufacturera y Comercio Interno 2.0\" \/>\n\t\t\t\t<\/a>\n\t\t\t<\/div>\n\t\t\t\t\t<h2 class=\"wprpsp-post-title\">\n\t\t\t\t<a href=\"https:\/\/desarrollo.infobox.com.pe\/miempresacircular\/2025\/05\/27\/produce-impulsa-hoja-de-ruta-hacia-una-economia-circular-en-la-industria-manufacturera-y-comercio-interno-2-0\/\" target=\"_self\">PRODUCE impulsa Hoja de Ruta hacia una Econom\u00eda Circular en la Industria Manufacturera y Comercio Interno 2.0<\/a>\n\t\t\t<\/h2>\n\t\t\t\t\t<div class=\"wprpsp-post-cats-wrap\"><ul class=\"post-categories wprpsp-post-categories\"><li><a href=\"https:\/\/desarrollo.infobox.com.pe\/miempresacircular\/category\/novedades\/noticias\/\" rel=\"category\" target=\"_self\"> Noticias <\/a><\/li><li><a href=\"https:\/\/desarrollo.infobox.com.pe\/miempresacircular\/category\/novedades\/\" rel=\"category\" target=\"_self\"> Novedades <\/a><\/li><\/ul><\/div>\n\t\t\t\t\t<div class=\"wprpsp-post-date\">\n\t\t\t\t\t\t\t\t\t\t\t\t27\/05\/2025\t\t\t<\/div>\n\t\t\t\t\t<div class=\"wprpsp-post-content\">\n\t\t\t\t<div>El 21 de febrero, PRODUCE present\u00f3 los avances de la Hoja de Ruta hacia una...<\/div>\n\t\t\t\t\t\t\t\t\t<a class=\"wprpsp-read-more-btn\" href=\"https:\/\/desarrollo.infobox.com.pe\/miempresacircular\/2025\/05\/27\/produce-impulsa-hoja-de-ruta-hacia-una-economia-circular-en-la-industria-manufacturera-y-comercio-interno-2-0\/\" target=\"_self\">Leer m\u00e1s<\/a>\n\t\t\t\t\t\t\t<\/div>\n\t\t\t<\/div>\n<\/div>\n<div class=\"wprpsp-post-slides\">\n\t<div class=\"wprpsp-post-grid-content \">\n\t\t\t\t\t<div class=\"wprpsp-post-image-wrap wprpsp-post-image-bg\" style=\"\">\n\t\t\t\t<a href=\"https:\/\/desarrollo.infobox.com.pe\/miempresacircular\/2025\/05\/27\/produce-avanza-en-la-actualizacion-de-la-hoja-de-ruta-para-la-industria-y-el-comercio-interno-2-0\/\" target=\"_self\">\n\t\t\t\t\t<img decoding=\"async\" class=\"wprpsp-post-img\"  src=\"https:\/\/desarrollo.infobox.com.pe\/miempresacircular\/wp-content\/uploads\/2025\/05\/ProCircula___.jpg.png\" alt=\"PRODUCE avanza en la actualizaci\u00f3n de la Hoja de Ruta para la industria y el comercio interno 2.0\" \/>\n\t\t\t\t<\/a>\n\t\t\t<\/div>\n\t\t\t\t\t<h2 class=\"wprpsp-post-title\">\n\t\t\t\t<a href=\"https:\/\/desarrollo.infobox.com.pe\/miempresacircular\/2025\/05\/27\/produce-avanza-en-la-actualizacion-de-la-hoja-de-ruta-para-la-industria-y-el-comercio-interno-2-0\/\" target=\"_self\">PRODUCE avanza en la actualizaci\u00f3n de la Hoja de Ruta para la industria y el comercio interno 2.0<\/a>\n\t\t\t<\/h2>\n\t\t\t\t\t<div class=\"wprpsp-post-cats-wrap\"><ul class=\"post-categories wprpsp-post-categories\"><li><a href=\"https:\/\/desarrollo.infobox.com.pe\/miempresacircular\/category\/novedades\/noticias\/\" rel=\"category\" target=\"_self\"> Noticias <\/a><\/li><li><a href=\"https:\/\/desarrollo.infobox.com.pe\/miempresacircular\/category\/novedades\/\" rel=\"category\" target=\"_self\"> Novedades <\/a><\/li><\/ul><\/div>\n\t\t\t\t\t<div class=\"wprpsp-post-date\">\n\t\t\t\t\t\t\t\t\t\t\t\t27\/05\/2025\t\t\t<\/div>\n\t\t\t\t\t<div class=\"wprpsp-post-content\">\n\t\t\t\t<div>El 21 de marzo, PRODUCE y GIZ realizaron un segundo taller participativo para actualizar la...<\/div>\n\t\t\t\t\t\t\t\t\t<a class=\"wprpsp-read-more-btn\" href=\"https:\/\/desarrollo.infobox.com.pe\/miempresacircular\/2025\/05\/27\/produce-avanza-en-la-actualizacion-de-la-hoja-de-ruta-para-la-industria-y-el-comercio-interno-2-0\/\" target=\"_self\">Leer m\u00e1s<\/a>\n\t\t\t\t\t\t\t<\/div>\n\t\t\t<\/div>\n<\/div>\n<div class=\"wprpsp-post-slides\">\n\t<div class=\"wprpsp-post-grid-content \">\n\t\t\t\t\t<div class=\"wprpsp-post-image-wrap wprpsp-post-image-bg\" style=\"\">\n\t\t\t\t<a href=\"https:\/\/desarrollo.infobox.com.pe\/miempresacircular\/2025\/05\/27\/peru-y-alemania-comprometidos-con-un-futuro-circular-se-realizo-firma-de-convenio-del-proyecto-procircular\/\" target=\"_self\">\n\t\t\t\t\t<img decoding=\"async\" class=\"wprpsp-post-img\"  src=\"https:\/\/desarrollo.infobox.com.pe\/miempresacircular\/wp-content\/uploads\/2025\/05\/logo__9.png\" alt=\"\u00a1Per\u00fa y Alemania comprometidos con un futuro circular! Se realiz\u00f3 firma de convenio del proyecto ProCircular\" \/>\n\t\t\t\t<\/a>\n\t\t\t<\/div>\n\t\t\t\t\t<h2 class=\"wprpsp-post-title\">\n\t\t\t\t<a href=\"https:\/\/desarrollo.infobox.com.pe\/miempresacircular\/2025\/05\/27\/peru-y-alemania-comprometidos-con-un-futuro-circular-se-realizo-firma-de-convenio-del-proyecto-procircular\/\" target=\"_self\">\u00a1Per\u00fa y Alemania comprometidos con un futuro circular! Se realiz\u00f3 firma de convenio del proyecto ProCircular<\/a>\n\t\t\t<\/h2>\n\t\t\t\t\t<div class=\"wprpsp-post-cats-wrap\"><ul class=\"post-categories wprpsp-post-categories\"><li><a href=\"https:\/\/desarrollo.infobox.com.pe\/miempresacircular\/category\/novedades\/noticias\/\" rel=\"category\" target=\"_self\"> Noticias <\/a><\/li><li><a href=\"https:\/\/desarrollo.infobox.com.pe\/miempresacircular\/category\/novedades\/\" rel=\"category\" target=\"_self\"> Novedades <\/a><\/li><\/ul><\/div>\n\t\t\t\t\t<div class=\"wprpsp-post-date\">\n\t\t\t\t\t\t\t\t\t\t\t\t27\/05\/2025\t\t\t<\/div>\n\t\t\t\t\t<div class=\"wprpsp-post-content\">\n\t\t\t\t<div>El 13 de diciembre, PRODUCE y la cooperaci\u00f3n alemana (GIZ) firmaron el convenio que da...<\/div>\n\t\t\t\t\t\t\t\t\t<a class=\"wprpsp-read-more-btn\" href=\"https:\/\/desarrollo.infobox.com.pe\/miempresacircular\/2025\/05\/27\/peru-y-alemania-comprometidos-con-un-futuro-circular-se-realizo-firma-de-convenio-del-proyecto-procircular\/\" target=\"_self\">Leer m\u00e1s<\/a>\n\t\t\t\t\t\t\t<\/div>\n\t\t\t<\/div>\n<\/div>\n<div class=\"wprpsp-post-slides\">\n\t<div class=\"wprpsp-post-grid-content \">\n\t\t\t\t\t<div class=\"wprpsp-post-image-wrap wprpsp-post-image-bg\" style=\"\">\n\t\t\t\t<a href=\"https:\/\/desarrollo.infobox.com.pe\/miempresacircular\/2025\/05\/27\/especialistas-del-itp-red-cite-fortalecen-capacidades-para-brindar-el-servicio-de-medicion-de-la-circularidad-para-mipyme\/\" target=\"_self\">\n\t\t\t\t\t<img decoding=\"async\" class=\"wprpsp-post-img\"  src=\"https:\/\/desarrollo.infobox.com.pe\/miempresacircular\/wp-content\/uploads\/2025\/05\/Imagen9___.jpg\" alt=\"Especialistas del ITP red CITE fortalecen capacidades para brindar el servicio de medici\u00f3n de la circularidad para MIPYME.\" \/>\n\t\t\t\t<\/a>\n\t\t\t<\/div>\n\t\t\t\t\t<h2 class=\"wprpsp-post-title\">\n\t\t\t\t<a href=\"https:\/\/desarrollo.infobox.com.pe\/miempresacircular\/2025\/05\/27\/especialistas-del-itp-red-cite-fortalecen-capacidades-para-brindar-el-servicio-de-medicion-de-la-circularidad-para-mipyme\/\" target=\"_self\">Especialistas del ITP red CITE fortalecen capacidades para brindar el servicio de medici\u00f3n de la circularidad para MIPYME.<\/a>\n\t\t\t<\/h2>\n\t\t\t\t\t<div class=\"wprpsp-post-cats-wrap\"><ul class=\"post-categories wprpsp-post-categories\"><li><a href=\"https:\/\/desarrollo.infobox.com.pe\/miempresacircular\/category\/novedades\/noticias\/\" rel=\"category\" target=\"_self\"> Noticias <\/a><\/li><li><a href=\"https:\/\/desarrollo.infobox.com.pe\/miempresacircular\/category\/novedades\/\" rel=\"category\" target=\"_self\"> Novedades <\/a><\/li><\/ul><\/div>\n\t\t\t\t\t<div class=\"wprpsp-post-date\">\n\t\t\t\t\t\t\t\t\t\t\t\t27\/05\/2025\t\t\t<\/div>\n\t\t\t\t\t<div class=\"wprpsp-post-content\">\n\t\t\t\t<div>Los d\u00edas 21 y 22 de abril, 34 especialistas de la Red CITE del ITP...<\/div>\n\t\t\t\t\t\t\t\t\t<a class=\"wprpsp-read-more-btn\" href=\"https:\/\/desarrollo.infobox.com.pe\/miempresacircular\/2025\/05\/27\/especialistas-del-itp-red-cite-fortalecen-capacidades-para-brindar-el-servicio-de-medicion-de-la-circularidad-para-mipyme\/\" target=\"_self\">Leer m\u00e1s<\/a>\n\t\t\t\t\t\t\t<\/div>\n\t\t\t<\/div>\n<\/div>\n<div class=\"wprpsp-post-slides\">\n\t<div class=\"wprpsp-post-grid-content \">\n\t\t\t\t\t<div class=\"wprpsp-post-image-wrap wprpsp-post-image-bg\" style=\"\">\n\t\t\t\t<a href=\"https:\/\/desarrollo.infobox.com.pe\/miempresacircular\/2025\/05\/27\/produce-y-cooperacion-alemana-para-el-desarrollo-impulsan-la-economia-circular-en-las-cadenas-de-valor-del-pais\/\" target=\"_self\">\n\t\t\t\t\t<img decoding=\"async\" class=\"wprpsp-post-img\"  src=\"https:\/\/desarrollo.infobox.com.pe\/miempresacircular\/wp-content\/uploads\/2025\/05\/Imagen8___.jpg\" alt=\"PRODUCE y cooperaci\u00f3n alemana para el desarrollo impulsan la econom\u00eda circular en las cadenas de valor del pa\u00eds\" \/>\n\t\t\t\t<\/a>\n\t\t\t<\/div>\n\t\t\t\t\t<h2 class=\"wprpsp-post-title\">\n\t\t\t\t<a href=\"https:\/\/desarrollo.infobox.com.pe\/miempresacircular\/2025\/05\/27\/produce-y-cooperacion-alemana-para-el-desarrollo-impulsan-la-economia-circular-en-las-cadenas-de-valor-del-pais\/\" target=\"_self\">PRODUCE y cooperaci\u00f3n alemana para el desarrollo impulsan la econom\u00eda circular en las cadenas de valor del pa\u00eds<\/a>\n\t\t\t<\/h2>\n\t\t\t\t\t<div class=\"wprpsp-post-cats-wrap\"><ul class=\"post-categories wprpsp-post-categories\"><li><a href=\"https:\/\/desarrollo.infobox.com.pe\/miempresacircular\/category\/novedades\/noticias\/\" rel=\"category\" target=\"_self\"> Noticias <\/a><\/li><li><a href=\"https:\/\/desarrollo.infobox.com.pe\/miempresacircular\/category\/novedades\/\" rel=\"category\" target=\"_self\"> Novedades <\/a><\/li><\/ul><\/div>\n\t\t\t\t\t<div class=\"wprpsp-post-date\">\n\t\t\t\t\t\t\t\t\t\t\t\t27\/05\/2025\t\t\t<\/div>\n\t\t\t\t\t<div class=\"wprpsp-post-content\">\n\t\t\t\t<div>El 4 de marzo se valid\u00f3 el plan operativo 2025 del proyecto ProCircular, liderado por...<\/div>\n\t\t\t\t\t\t\t\t\t<a class=\"wprpsp-read-more-btn\" href=\"https:\/\/desarrollo.infobox.com.pe\/miempresacircular\/2025\/05\/27\/produce-y-cooperacion-alemana-para-el-desarrollo-impulsan-la-economia-circular-en-las-cadenas-de-valor-del-pais\/\" target=\"_self\">Leer m\u00e1s<\/a>\n\t\t\t\t\t\t\t<\/div>\n\t\t\t<\/div>\n<\/div>\n<div class=\"wprpsp-post-slides\">\n\t<div class=\"wprpsp-post-grid-content \">\n\t\t\t\t\t<div class=\"wprpsp-post-image-wrap wprpsp-post-image-bg\" style=\"\">\n\t\t\t\t<a href=\"https:\/\/desarrollo.infobox.com.pe\/miempresacircular\/2025\/05\/27\/responsabilidad-extendida-del-productor-una-herramienta-estrategica-para-el-desarrollo-industrial-sostenible-en-el-peru\/\" target=\"_self\">\n\t\t\t\t\t<img decoding=\"async\" class=\"wprpsp-post-img\"  src=\"https:\/\/desarrollo.infobox.com.pe\/miempresacircular\/wp-content\/uploads\/2025\/05\/Imagen6___.jpg\" alt=\"Responsabilidad Extendida del Productor: una herramienta estrat\u00e9gica para el desarrollo industrial sostenible en el Per\u00fa\" \/>\n\t\t\t\t<\/a>\n\t\t\t<\/div>\n\t\t\t\t\t<h2 class=\"wprpsp-post-title\">\n\t\t\t\t<a href=\"https:\/\/desarrollo.infobox.com.pe\/miempresacircular\/2025\/05\/27\/responsabilidad-extendida-del-productor-una-herramienta-estrategica-para-el-desarrollo-industrial-sostenible-en-el-peru\/\" target=\"_self\">Responsabilidad Extendida del Productor: una herramienta estrat\u00e9gica para el desarrollo industrial sostenible en el Per\u00fa<\/a>\n\t\t\t<\/h2>\n\t\t\t\t\t<div class=\"wprpsp-post-cats-wrap\"><ul class=\"post-categories wprpsp-post-categories\"><li><a href=\"https:\/\/desarrollo.infobox.com.pe\/miempresacircular\/category\/novedades\/noticias\/\" rel=\"category\" target=\"_self\"> Noticias <\/a><\/li><li><a href=\"https:\/\/desarrollo.infobox.com.pe\/miempresacircular\/category\/novedades\/\" rel=\"category\" target=\"_self\"> Novedades <\/a><\/li><\/ul><\/div>\n\t\t\t\t\t<div class=\"wprpsp-post-date\">\n\t\t\t\t\t\t\t\t\t\t\t\t27\/05\/2025\t\t\t<\/div>\n\t\t\t\t\t<div class=\"wprpsp-post-content\">\n\t\t\t\t<div>El 8 de abril se realiz\u00f3 la charla \u201cDesarrollo Industrial, Econom\u00eda Circular y Responsabilidad Extendida...<\/div>\n\t\t\t\t\t\t\t\t\t<a class=\"wprpsp-read-more-btn\" href=\"https:\/\/desarrollo.infobox.com.pe\/miempresacircular\/2025\/05\/27\/responsabilidad-extendida-del-productor-una-herramienta-estrategica-para-el-desarrollo-industrial-sostenible-en-el-peru\/\" target=\"_self\">Leer m\u00e1s<\/a>\n\t\t\t\t\t\t\t<\/div>\n\t\t\t<\/div>\n<\/div>\n<div class=\"wprpsp-post-slides\">\n\t<div class=\"wprpsp-post-grid-content \">\n\t\t\t\t\t<div class=\"wprpsp-post-image-wrap wprpsp-post-image-bg\" style=\"\">\n\t\t\t\t<a href=\"https:\/\/desarrollo.infobox.com.pe\/miempresacircular\/2025\/05\/27\/la-comision-por-una-economia-circular-manufacturera-en-peru-se-prepara-para-una-nueva-etapa-que-integrara-al-sector-comercio-interno\/\" target=\"_self\">\n\t\t\t\t\t<img decoding=\"async\" class=\"wprpsp-post-img\"  src=\"https:\/\/desarrollo.infobox.com.pe\/miempresacircular\/wp-content\/uploads\/2025\/05\/proc___.gif\" alt=\"La Comisi\u00f3n por una Econom\u00eda Circular Manufacturera en Per\u00fa se prepara para una nueva etapa que integrar\u00e1 al sector comercio interno\" \/>\n\t\t\t\t<\/a>\n\t\t\t<\/div>\n\t\t\t\t\t<h2 class=\"wprpsp-post-title\">\n\t\t\t\t<a href=\"https:\/\/desarrollo.infobox.com.pe\/miempresacircular\/2025\/05\/27\/la-comision-por-una-economia-circular-manufacturera-en-peru-se-prepara-para-una-nueva-etapa-que-integrara-al-sector-comercio-interno\/\" target=\"_self\">La Comisi\u00f3n por una Econom\u00eda Circular Manufacturera en Per\u00fa se prepara para una nueva etapa que integrar\u00e1 al sector comercio interno<\/a>\n\t\t\t<\/h2>\n\t\t\t\t\t<div class=\"wprpsp-post-cats-wrap\"><ul class=\"post-categories wprpsp-post-categories\"><li><a href=\"https:\/\/desarrollo.infobox.com.pe\/miempresacircular\/category\/novedades\/noticias\/\" rel=\"category\" target=\"_self\"> Noticias <\/a><\/li><li><a href=\"https:\/\/desarrollo.infobox.com.pe\/miempresacircular\/category\/novedades\/\" rel=\"category\" target=\"_self\"> Novedades <\/a><\/li><li><a href=\"https:\/\/desarrollo.infobox.com.pe\/miempresacircular\/category\/sin-categoria\/\" rel=\"category\" target=\"_self\"> Sin categor\u00eda <\/a><\/li><\/ul><\/div>\n\t\t\t\t\t<div class=\"wprpsp-post-date\">\n\t\t\t\t\t\t\t\t\t\t\t\t27\/05\/2025\t\t\t<\/div>\n\t\t\t\t\t<div class=\"wprpsp-post-content\">\n\t\t\t\t<div>El grupo impulsor de la Comisi\u00f3n por una Econom\u00eda Circular Manufacturera se reuni\u00f3 para definir...<\/div>\n\t\t\t\t\t\t\t\t\t<a class=\"wprpsp-read-more-btn\" href=\"https:\/\/desarrollo.infobox.com.pe\/miempresacircular\/2025\/05\/27\/la-comision-por-una-economia-circular-manufacturera-en-peru-se-prepara-para-una-nueva-etapa-que-integrara-al-sector-comercio-interno\/\" target=\"_self\">Leer m\u00e1s<\/a>\n\t\t\t\t\t\t\t<\/div>\n\t\t\t<\/div>\n<\/div>\n<div class=\"wprpsp-post-slides\">\n\t<div class=\"wprpsp-post-grid-content \">\n\t\t\t\t\t<div class=\"wprpsp-post-image-wrap wprpsp-post-image-bg\" style=\"\">\n\t\t\t\t<a href=\"https:\/\/desarrollo.infobox.com.pe\/miempresacircular\/2025\/05\/27\/mujeres-lideres-en-economia-circular-fueron-reconocidas-en-el-evento-el-poder-de-lo-circular\/\" target=\"_self\">\n\t\t\t\t\t<img decoding=\"async\" class=\"wprpsp-post-img\"  src=\"https:\/\/desarrollo.infobox.com.pe\/miempresacircular\/wp-content\/uploads\/2025\/05\/ProCircular-1.jpg\" alt=\"Mujeres l\u00edderes en econom\u00eda circular fueron reconocidas en el evento \u201cEl Poder de lo Circular\u201d\" \/>\n\t\t\t\t<\/a>\n\t\t\t<\/div>\n\t\t\t\t\t<h2 class=\"wprpsp-post-title\">\n\t\t\t\t<a href=\"https:\/\/desarrollo.infobox.com.pe\/miempresacircular\/2025\/05\/27\/mujeres-lideres-en-economia-circular-fueron-reconocidas-en-el-evento-el-poder-de-lo-circular\/\" target=\"_self\">Mujeres l\u00edderes en econom\u00eda circular fueron reconocidas en el evento \u201cEl Poder de lo Circular\u201d<\/a>\n\t\t\t<\/h2>\n\t\t\t\t\t<div class=\"wprpsp-post-cats-wrap\"><ul class=\"post-categories wprpsp-post-categories\"><li><a href=\"https:\/\/desarrollo.infobox.com.pe\/miempresacircular\/category\/novedades\/noticias\/\" rel=\"category\" target=\"_self\"> Noticias <\/a><\/li><li><a href=\"https:\/\/desarrollo.infobox.com.pe\/miempresacircular\/category\/novedades\/\" rel=\"category\" target=\"_self\"> Novedades <\/a><\/li><\/ul><\/div>\n\t\t\t\t\t<div class=\"wprpsp-post-date\">\n\t\t\t\t\t\t\t\t\t\t\t\t27\/05\/2025\t\t\t<\/div>\n\t\t\t\t\t<div class=\"wprpsp-post-content\">\n\t\t\t\t<div>Ocho emprendedoras de distintas regiones del Per\u00fa compartieron sus historias de innovaci\u00f3n y sostenibilidad en...<\/div>\n\t\t\t\t\t\t\t\t\t<a class=\"wprpsp-read-more-btn\" href=\"https:\/\/desarrollo.infobox.com.pe\/miempresacircular\/2025\/05\/27\/mujeres-lideres-en-economia-circular-fueron-reconocidas-en-el-evento-el-poder-de-lo-circular\/\" target=\"_self\">Leer m\u00e1s<\/a>\n\t\t\t\t\t\t\t<\/div>\n\t\t\t<\/div>\n<\/div>\n<div class=\"wprpsp-post-slides\">\n\t<div class=\"wprpsp-post-grid-content \">\n\t\t\t\t\t<div class=\"wprpsp-post-image-wrap wprpsp-post-image-bg\" style=\"\">\n\t\t\t\t<a href=\"https:\/\/desarrollo.infobox.com.pe\/miempresacircular\/2025\/05\/27\/delegacion-de-produce-en-chile-explora-avances-en-eficiencia-energetica-hidrogeno-verde-y-economia-circular-para-fortalecer-la-industria-nacional\/\" target=\"_self\">\n\t\t\t\t\t<img decoding=\"async\" class=\"wprpsp-post-img\"  src=\"https:\/\/desarrollo.infobox.com.pe\/miempresacircular\/wp-content\/uploads\/2025\/05\/DKTI.jpg\" alt=\"Delegaci\u00f3n de PRODUCE en Chile explora avances en eficiencia energ\u00e9tica, hidr\u00f3geno verde y econom\u00eda circular para fortalecer la industria nacional\" \/>\n\t\t\t\t<\/a>\n\t\t\t<\/div>\n\t\t\t\t\t<h2 class=\"wprpsp-post-title\">\n\t\t\t\t<a href=\"https:\/\/desarrollo.infobox.com.pe\/miempresacircular\/2025\/05\/27\/delegacion-de-produce-en-chile-explora-avances-en-eficiencia-energetica-hidrogeno-verde-y-economia-circular-para-fortalecer-la-industria-nacional\/\" target=\"_self\">Delegaci\u00f3n de PRODUCE en Chile explora avances en eficiencia energ\u00e9tica, hidr\u00f3geno verde y econom\u00eda circular para fortalecer la industria nacional<\/a>\n\t\t\t<\/h2>\n\t\t\t\t\t<div class=\"wprpsp-post-cats-wrap\"><ul class=\"post-categories wprpsp-post-categories\"><li><a href=\"https:\/\/desarrollo.infobox.com.pe\/miempresacircular\/category\/novedades\/noticias\/\" rel=\"category\" target=\"_self\"> Noticias <\/a><\/li><li><a href=\"https:\/\/desarrollo.infobox.com.pe\/miempresacircular\/category\/novedades\/\" rel=\"category\" target=\"_self\"> Novedades <\/a><\/li><\/ul><\/div>\n\t\t\t\t\t<div class=\"wprpsp-post-date\">\n\t\t\t\t\t\t\t\t\t\t\t\t27\/05\/2025\t\t\t<\/div>\n\t\t\t\t\t<div class=\"wprpsp-post-content\">\n\t\t\t\t<div>Una delegaci\u00f3n del Ministerio de la Producci\u00f3n del Per\u00fa visit\u00f3 Chile para conocer avances en...<\/div>\n\t\t\t\t\t\t\t\t\t<a class=\"wprpsp-read-more-btn\" href=\"https:\/\/desarrollo.infobox.com.pe\/miempresacircular\/2025\/05\/27\/delegacion-de-produce-en-chile-explora-avances-en-eficiencia-energetica-hidrogeno-verde-y-economia-circular-para-fortalecer-la-industria-nacional\/\" target=\"_self\">Leer m\u00e1s<\/a>\n\t\t\t\t\t\t\t<\/div>\n\t\t\t<\/div>\n<\/div>\n<div class=\"wprpsp-post-slides\">\n\t<div class=\"wprpsp-post-grid-content \">\n\t\t\t\t\t<div class=\"wprpsp-post-image-wrap wprpsp-post-image-bg\" style=\"\">\n\t\t\t\t<a href=\"https:\/\/desarrollo.infobox.com.pe\/miempresacircular\/2025\/05\/19\/procircular-economia-circular-para-un-desarrollo-urbano-amigable-con-el-clima-ii\/\" target=\"_self\">\n\t\t\t\t\t<img decoding=\"async\" class=\"wprpsp-post-img\"  src=\"https:\/\/desarrollo.infobox.com.pe\/miempresacircular\/wp-content\/uploads\/2025\/05\/dek_.png\" alt=\"Rutas de aprendizaje: Per\u00fa y Uruguay intercambian conocimientos t\u00e9cnicos y experiencias en econom\u00eda circular para impulsar la sostenibilidad y la competitividad\" \/>\n\t\t\t\t<\/a>\n\t\t\t<\/div>\n\t\t\t\t\t<h2 class=\"wprpsp-post-title\">\n\t\t\t\t<a href=\"https:\/\/desarrollo.infobox.com.pe\/miempresacircular\/2025\/05\/19\/procircular-economia-circular-para-un-desarrollo-urbano-amigable-con-el-clima-ii\/\" target=\"_self\">Rutas de aprendizaje: Per\u00fa y Uruguay intercambian conocimientos t\u00e9cnicos y experiencias en econom\u00eda circular para impulsar la sostenibilidad y la competitividad<\/a>\n\t\t\t<\/h2>\n\t\t\t\t\t<div class=\"wprpsp-post-cats-wrap\"><ul class=\"post-categories wprpsp-post-categories\"><li><a href=\"https:\/\/desarrollo.infobox.com.pe\/miempresacircular\/category\/novedades\/noticias\/\" rel=\"category\" target=\"_self\"> Noticias <\/a><\/li><li><a href=\"https:\/\/desarrollo.infobox.com.pe\/miempresacircular\/category\/novedades\/\" rel=\"category\" target=\"_self\"> Novedades <\/a><\/li><\/ul><\/div>\n\t\t\t\t\t<div class=\"wprpsp-post-date\">\n\t\t\t\t\t\t\t\t\t\t\t\t19\/05\/2025\t\t\t<\/div>\n\t\t\t\t\t<div class=\"wprpsp-post-content\">\n\t\t\t\t<div>Funcionari*s y empresari*s de Per\u00fa y Uruguay participaron en una misi\u00f3n de intercambio de experiencias...<\/div>\n\t\t\t\t\t\t\t\t\t<a class=\"wprpsp-read-more-btn\" href=\"https:\/\/desarrollo.infobox.com.pe\/miempresacircular\/2025\/05\/19\/procircular-economia-circular-para-un-desarrollo-urbano-amigable-con-el-clima-ii\/\" target=\"_self\">Leer m\u00e1s<\/a>\n\t\t\t\t\t\t\t<\/div>\n\t\t\t<\/div>\n<\/div>\n<div class=\"wprpsp-post-slides\">\n\t<div class=\"wprpsp-post-grid-content \">\n\t\t\t\t\t<div class=\"wprpsp-post-image-wrap wprpsp-post-image-bg\" style=\"\">\n\t\t\t\t<a href=\"https:\/\/desarrollo.infobox.com.pe\/miempresacircular\/2024\/09\/09\/produce-alcanza-el-89-de-avance-en-la-implementacion-de-la-hoja-de-ruta-hacia-una-economia-circular-en-el-sector-industria\/\" target=\"_self\">\n\t\t\t\t\t<img decoding=\"async\" class=\"wprpsp-post-img\"  src=\"https:\/\/desarrollo.infobox.com.pe\/miempresacircular\/wp-content\/uploads\/2024\/09\/1.png\" alt=\"PRODUCE alcanza el 89% de avance en la implementaci\u00f3n de la Hoja de Ruta hacia una Econom\u00eda Circular en el Sector Industria\" \/>\n\t\t\t\t<\/a>\n\t\t\t<\/div>\n\t\t\t\t\t<h2 class=\"wprpsp-post-title\">\n\t\t\t\t<a href=\"https:\/\/desarrollo.infobox.com.pe\/miempresacircular\/2024\/09\/09\/produce-alcanza-el-89-de-avance-en-la-implementacion-de-la-hoja-de-ruta-hacia-una-economia-circular-en-el-sector-industria\/\" target=\"_self\">PRODUCE alcanza el 89% de avance en la implementaci\u00f3n de la Hoja de Ruta hacia una Econom\u00eda Circular en el Sector Industria<\/a>\n\t\t\t<\/h2>\n\t\t\t\t\t<div class=\"wprpsp-post-cats-wrap\"><ul class=\"post-categories wprpsp-post-categories\"><li><a href=\"https:\/\/desarrollo.infobox.com.pe\/miempresacircular\/category\/novedades\/noticias\/\" rel=\"category\" target=\"_self\"> Noticias <\/a><\/li><li><a href=\"https:\/\/desarrollo.infobox.com.pe\/miempresacircular\/category\/novedades\/\" rel=\"category\" target=\"_self\"> Novedades <\/a><\/li><\/ul><\/div>\n\t\t\t\t\t<div class=\"wprpsp-post-date\">\n\t\t\t\t\t\t\t\t\t\t\t\t09\/09\/2024\t\t\t<\/div>\n\t\t\t\t\t<div class=\"wprpsp-post-content\">\n\t\t\t\t<div>Con la presencia del viceministro de MYPE e Industria del Ministerio de la Producci\u00f3n, C\u00e9sar...<\/div>\n\t\t\t\t\t\t\t\t\t<a class=\"wprpsp-read-more-btn\" href=\"https:\/\/desarrollo.infobox.com.pe\/miempresacircular\/2024\/09\/09\/produce-alcanza-el-89-de-avance-en-la-implementacion-de-la-hoja-de-ruta-hacia-una-economia-circular-en-el-sector-industria\/\" target=\"_self\">Leer m\u00e1s<\/a>\n\t\t\t\t\t\t\t<\/div>\n\t\t\t<\/div>\n<\/div>\n<div class=\"wprpsp-post-slides\">\n\t<div class=\"wprpsp-post-grid-content \">\n\t\t\t\t\t<div class=\"wprpsp-post-image-wrap wprpsp-post-image-bg\" style=\"\">\n\t\t\t\t<a href=\"https:\/\/desarrollo.infobox.com.pe\/miempresacircular\/2024\/09\/02\/produce-y-cooperacion-alemana-avances-hacia-una-transicion-circular-en-la-industria-manufacturera\/\" target=\"_self\">\n\t\t\t\t\t<img decoding=\"async\" class=\"wprpsp-post-img\"  src=\"https:\/\/desarrollo.infobox.com.pe\/miempresacircular\/wp-content\/uploads\/2024\/09\/2.png\" alt=\"PRODUCE y cooperaci\u00f3n alemana: avances hacia una transici\u00f3n circular en la industria manufacturera\" \/>\n\t\t\t\t<\/a>\n\t\t\t<\/div>\n\t\t\t\t\t<h2 class=\"wprpsp-post-title\">\n\t\t\t\t<a href=\"https:\/\/desarrollo.infobox.com.pe\/miempresacircular\/2024\/09\/02\/produce-y-cooperacion-alemana-avances-hacia-una-transicion-circular-en-la-industria-manufacturera\/\" target=\"_self\">PRODUCE y cooperaci\u00f3n alemana: avances hacia una transici\u00f3n circular en la industria manufacturera<\/a>\n\t\t\t<\/h2>\n\t\t\t\t\t<div class=\"wprpsp-post-cats-wrap\"><ul class=\"post-categories wprpsp-post-categories\"><li><a href=\"https:\/\/desarrollo.infobox.com.pe\/miempresacircular\/category\/novedades\/noticias\/\" rel=\"category\" target=\"_self\"> Noticias <\/a><\/li><li><a href=\"https:\/\/desarrollo.infobox.com.pe\/miempresacircular\/category\/novedades\/\" rel=\"category\" target=\"_self\"> Novedades <\/a><\/li><\/ul><\/div>\n\t\t\t\t\t<div class=\"wprpsp-post-date\">\n\t\t\t\t\t\t\t\t\t\t\t\t02\/09\/2024\t\t\t<\/div>\n\t\t\t\t\t<div class=\"wprpsp-post-content\">\n\t\t\t\t<div>Con la presencia del ministro de la Producci\u00f3n, Sergio Gonz\u00e1lez Guerrero, y la Agregada de...<\/div>\n\t\t\t\t\t\t\t\t\t<a class=\"wprpsp-read-more-btn\" href=\"https:\/\/desarrollo.infobox.com.pe\/miempresacircular\/2024\/09\/02\/produce-y-cooperacion-alemana-avances-hacia-una-transicion-circular-en-la-industria-manufacturera\/\" target=\"_self\">Leer m\u00e1s<\/a>\n\t\t\t\t\t\t\t<\/div>\n\t\t\t<\/div>\n<\/div>\n<div class=\"wprpsp-post-slides\">\n\t<div class=\"wprpsp-post-grid-content \">\n\t\t\t\t\t<div class=\"wprpsp-post-image-wrap wprpsp-post-image-bg\" style=\"\">\n\t\t\t\t<a href=\"https:\/\/desarrollo.infobox.com.pe\/miempresacircular\/2024\/08\/26\/conoce-el-proyecto-triangular-que-impulsa-la-economia-circular-en-las-mipyme-de-peru-y-uruguay\/\" target=\"_self\">\n\t\t\t\t\t<img decoding=\"async\" class=\"wprpsp-post-img\"  src=\"https:\/\/desarrollo.infobox.com.pe\/miempresacircular\/wp-content\/uploads\/2024\/09\/3.png\" alt=\"Conoce el proyecto triangular que impulsa la econom\u00eda circular en las mipyme de Per\u00fa y Uruguay\" \/>\n\t\t\t\t<\/a>\n\t\t\t<\/div>\n\t\t\t\t\t<h2 class=\"wprpsp-post-title\">\n\t\t\t\t<a href=\"https:\/\/desarrollo.infobox.com.pe\/miempresacircular\/2024\/08\/26\/conoce-el-proyecto-triangular-que-impulsa-la-economia-circular-en-las-mipyme-de-peru-y-uruguay\/\" target=\"_self\">Conoce el proyecto triangular que impulsa la econom\u00eda circular en las mipyme de Per\u00fa y Uruguay<\/a>\n\t\t\t<\/h2>\n\t\t\t\t\t<div class=\"wprpsp-post-cats-wrap\"><ul class=\"post-categories wprpsp-post-categories\"><li><a href=\"https:\/\/desarrollo.infobox.com.pe\/miempresacircular\/category\/novedades\/noticias\/\" rel=\"category\" target=\"_self\"> Noticias <\/a><\/li><li><a href=\"https:\/\/desarrollo.infobox.com.pe\/miempresacircular\/category\/novedades\/\" rel=\"category\" target=\"_self\"> Novedades <\/a><\/li><\/ul><\/div>\n\t\t\t\t\t<div class=\"wprpsp-post-date\">\n\t\t\t\t\t\t\t\t\t\t\t\t26\/08\/2024\t\t\t<\/div>\n\t\t\t\t\t<div class=\"wprpsp-post-content\">\n\t\t\t\t<div>En el marco del proyecto \"Colaboraci\u00f3n e intercambio de experiencias en el desarrollo de iniciativas...<\/div>\n\t\t\t\t\t\t\t\t\t<a class=\"wprpsp-read-more-btn\" href=\"https:\/\/desarrollo.infobox.com.pe\/miempresacircular\/2024\/08\/26\/conoce-el-proyecto-triangular-que-impulsa-la-economia-circular-en-las-mipyme-de-peru-y-uruguay\/\" target=\"_self\">Leer m\u00e1s<\/a>\n\t\t\t\t\t\t\t<\/div>\n\t\t\t<\/div>\n<\/div>\n<div class=\"wprpsp-post-slides\">\n\t<div class=\"wprpsp-post-grid-content \">\n\t\t\t\t\t<div class=\"wprpsp-post-image-wrap wprpsp-post-image-bg\" style=\"\">\n\t\t\t\t<a href=\"https:\/\/desarrollo.infobox.com.pe\/miempresacircular\/2024\/08\/19\/gamarra-circular-produce-impulsa-la-economia-circular-en-el-mayor-centro-textil-del-peru\/\" target=\"_self\">\n\t\t\t\t\t<img decoding=\"async\" class=\"wprpsp-post-img\"  src=\"https:\/\/desarrollo.infobox.com.pe\/miempresacircular\/wp-content\/uploads\/2024\/08\/Fotografia-1-2.png\" alt=\"\u201cGamarra Circular\u201d: PRODUCE impulsa la econom\u00eda circular en el mayor centro textil del Per\u00fa\" \/>\n\t\t\t\t<\/a>\n\t\t\t<\/div>\n\t\t\t\t\t<h2 class=\"wprpsp-post-title\">\n\t\t\t\t<a href=\"https:\/\/desarrollo.infobox.com.pe\/miempresacircular\/2024\/08\/19\/gamarra-circular-produce-impulsa-la-economia-circular-en-el-mayor-centro-textil-del-peru\/\" target=\"_self\">\u201cGamarra Circular\u201d: PRODUCE impulsa la econom\u00eda circular en el mayor centro textil del Per\u00fa<\/a>\n\t\t\t<\/h2>\n\t\t\t\t\t<div class=\"wprpsp-post-cats-wrap\"><ul class=\"post-categories wprpsp-post-categories\"><li><a href=\"https:\/\/desarrollo.infobox.com.pe\/miempresacircular\/category\/novedades\/noticias\/\" rel=\"category\" target=\"_self\"> Noticias <\/a><\/li><li><a href=\"https:\/\/desarrollo.infobox.com.pe\/miempresacircular\/category\/novedades\/\" rel=\"category\" target=\"_self\"> Novedades <\/a><\/li><\/ul><\/div>\n\t\t\t\t\t<div class=\"wprpsp-post-date\">\n\t\t\t\t\t\t\t\t\t\t\t\t19\/08\/2024\t\t\t<\/div>\n\t\t\t\t\t<div class=\"wprpsp-post-content\">\n\t\t\t\t<div>El 15 de agosto de 2024, se realiz\u00f3 el evento \u201cGamarra Circular, nuevas oportunidades econ\u00f3micas\u201d,...<\/div>\n\t\t\t\t\t\t\t\t\t<a class=\"wprpsp-read-more-btn\" href=\"https:\/\/desarrollo.infobox.com.pe\/miempresacircular\/2024\/08\/19\/gamarra-circular-produce-impulsa-la-economia-circular-en-el-mayor-centro-textil-del-peru\/\" target=\"_self\">Leer m\u00e1s<\/a>\n\t\t\t\t\t\t\t<\/div>\n\t\t\t<\/div>\n<\/div>\n<div class=\"wprpsp-post-slides\">\n\t<div class=\"wprpsp-post-grid-content \">\n\t\t\t\t\t<div class=\"wprpsp-post-image-wrap wprpsp-post-image-bg\" style=\"\">\n\t\t\t\t<a href=\"https:\/\/desarrollo.infobox.com.pe\/miempresacircular\/2024\/08\/12\/produce-impulsa-la-economia-circular-con-modificatorias-a-reglamentos-ambientales-para-la-industria\/\" target=\"_self\">\n\t\t\t\t\t<img decoding=\"async\" class=\"wprpsp-post-img\"  src=\"https:\/\/desarrollo.infobox.com.pe\/miempresacircular\/wp-content\/uploads\/2024\/08\/Fotografia-1-3.png\" alt=\"PRODUCE Impulsa la Econom\u00eda Circular con modificatorias a reglamentos ambientales para la Industria\" \/>\n\t\t\t\t<\/a>\n\t\t\t<\/div>\n\t\t\t\t\t<h2 class=\"wprpsp-post-title\">\n\t\t\t\t<a href=\"https:\/\/desarrollo.infobox.com.pe\/miempresacircular\/2024\/08\/12\/produce-impulsa-la-economia-circular-con-modificatorias-a-reglamentos-ambientales-para-la-industria\/\" target=\"_self\">PRODUCE Impulsa la Econom\u00eda Circular con modificatorias a reglamentos ambientales para la Industria<\/a>\n\t\t\t<\/h2>\n\t\t\t\t\t<div class=\"wprpsp-post-cats-wrap\"><ul class=\"post-categories wprpsp-post-categories\"><li><a href=\"https:\/\/desarrollo.infobox.com.pe\/miempresacircular\/category\/novedades\/normativas\/decretos-supremos\/\" rel=\"category\" target=\"_self\"> Decretos Supremos <\/a><\/li><li><a href=\"https:\/\/desarrollo.infobox.com.pe\/miempresacircular\/category\/novedades\/normativas\/\" rel=\"category\" target=\"_self\"> Normativas <\/a><\/li><li><a href=\"https:\/\/desarrollo.infobox.com.pe\/miempresacircular\/category\/novedades\/noticias\/\" rel=\"category\" target=\"_self\"> Noticias <\/a><\/li><li><a href=\"https:\/\/desarrollo.infobox.com.pe\/miempresacircular\/category\/novedades\/\" rel=\"category\" target=\"_self\"> Novedades <\/a><\/li><\/ul><\/div>\n\t\t\t\t\t<div class=\"wprpsp-post-date\">\n\t\t\t\t\t\t\t\t\t\t\t\t12\/08\/2024\t\t\t<\/div>\n\t\t\t\t\t<div class=\"wprpsp-post-content\">\n\t\t\t\t<div>El 9 de agosto de 2024, el Ministerio de la Producci\u00f3n (PRODUCE) public\u00f3, a trav\u00e9s...<\/div>\n\t\t\t\t\t\t\t\t\t<a class=\"wprpsp-read-more-btn\" href=\"https:\/\/desarrollo.infobox.com.pe\/miempresacircular\/2024\/08\/12\/produce-impulsa-la-economia-circular-con-modificatorias-a-reglamentos-ambientales-para-la-industria\/\" target=\"_self\">Leer m\u00e1s<\/a>\n\t\t\t\t\t\t\t<\/div>\n\t\t\t<\/div>\n<\/div>\n<div class=\"wprpsp-post-slides\">\n\t<div class=\"wprpsp-post-grid-content \">\n\t\t\t\t\t<div class=\"wprpsp-post-image-wrap wprpsp-post-image-bg\" style=\"\">\n\t\t\t\t<a href=\"https:\/\/desarrollo.infobox.com.pe\/miempresacircular\/2024\/08\/12\/jornada-de-circularidad-en-el-sector-industrial-se-desarrollo-con-exito-en-arequipa\/\" target=\"_self\">\n\t\t\t\t\t<img decoding=\"async\" class=\"wprpsp-post-img\"  src=\"https:\/\/desarrollo.infobox.com.pe\/miempresacircular\/wp-content\/uploads\/2024\/08\/Fotografia-1-1.png\" alt=\"\u201cJornada de Circularidad en el Sector Industrial\u201d se desarroll\u00f3 con \u00e9xito en Arequipa\" \/>\n\t\t\t\t<\/a>\n\t\t\t<\/div>\n\t\t\t\t\t<h2 class=\"wprpsp-post-title\">\n\t\t\t\t<a href=\"https:\/\/desarrollo.infobox.com.pe\/miempresacircular\/2024\/08\/12\/jornada-de-circularidad-en-el-sector-industrial-se-desarrollo-con-exito-en-arequipa\/\" target=\"_self\">\u201cJornada de Circularidad en el Sector Industrial\u201d se desarroll\u00f3 con \u00e9xito en Arequipa<\/a>\n\t\t\t<\/h2>\n\t\t\t\t\t<div class=\"wprpsp-post-cats-wrap\"><ul class=\"post-categories wprpsp-post-categories\"><li><a href=\"https:\/\/desarrollo.infobox.com.pe\/miempresacircular\/category\/novedades\/noticias\/\" rel=\"category\" target=\"_self\"> Noticias <\/a><\/li><li><a href=\"https:\/\/desarrollo.infobox.com.pe\/miempresacircular\/category\/novedades\/\" rel=\"category\" target=\"_self\"> Novedades <\/a><\/li><\/ul><\/div>\n\t\t\t\t\t<div class=\"wprpsp-post-date\">\n\t\t\t\t\t\t\t\t\t\t\t\t12\/08\/2024\t\t\t<\/div>\n\t\t\t\t\t<div class=\"wprpsp-post-content\">\n\t\t\t\t<div>El pasado viernes 9 de agosto de 2024, la ciudad de Arequipa fue el escenario...<\/div>\n\t\t\t\t\t\t\t\t\t<a class=\"wprpsp-read-more-btn\" href=\"https:\/\/desarrollo.infobox.com.pe\/miempresacircular\/2024\/08\/12\/jornada-de-circularidad-en-el-sector-industrial-se-desarrollo-con-exito-en-arequipa\/\" target=\"_self\">Leer m\u00e1s<\/a>\n\t\t\t\t\t\t\t<\/div>\n\t\t\t<\/div>\n<\/div>\n<div class=\"wprpsp-post-slides\">\n\t<div class=\"wprpsp-post-grid-content \">\n\t\t\t\t\t<div class=\"wprpsp-post-image-wrap wprpsp-post-image-bg\" style=\"\">\n\t\t\t\t<a href=\"https:\/\/desarrollo.infobox.com.pe\/miempresacircular\/2024\/07\/29\/ministerio-de-la-produccion-articula-con-municipalidades-para-fomentar-economia-circular\/\" target=\"_self\">\n\t\t\t\t\t<img decoding=\"async\" class=\"wprpsp-post-img\"  src=\"https:\/\/desarrollo.infobox.com.pe\/miempresacircular\/wp-content\/uploads\/2024\/08\/Fotografia-1.png\" alt=\"Ministerio de la Producci\u00f3n articula con municipalidades para fomentar econom\u00eda circular\" \/>\n\t\t\t\t<\/a>\n\t\t\t<\/div>\n\t\t\t\t\t<h2 class=\"wprpsp-post-title\">\n\t\t\t\t<a href=\"https:\/\/desarrollo.infobox.com.pe\/miempresacircular\/2024\/07\/29\/ministerio-de-la-produccion-articula-con-municipalidades-para-fomentar-economia-circular\/\" target=\"_self\">Ministerio de la Producci\u00f3n articula con municipalidades para fomentar econom\u00eda circular<\/a>\n\t\t\t<\/h2>\n\t\t\t\t\t<div class=\"wprpsp-post-cats-wrap\"><ul class=\"post-categories wprpsp-post-categories\"><li><a href=\"https:\/\/desarrollo.infobox.com.pe\/miempresacircular\/category\/novedades\/noticias\/\" rel=\"category\" target=\"_self\"> Noticias <\/a><\/li><li><a href=\"https:\/\/desarrollo.infobox.com.pe\/miempresacircular\/category\/novedades\/\" rel=\"category\" target=\"_self\"> Novedades <\/a><\/li><\/ul><\/div>\n\t\t\t\t\t<div class=\"wprpsp-post-date\">\n\t\t\t\t\t\t\t\t\t\t\t\t29\/07\/2024\t\t\t<\/div>\n\t\t\t\t\t<div class=\"wprpsp-post-content\">\n\t\t\t\t<div>El Ministerio de la Producci\u00f3n (Produce) organiz\u00f3 el seminario \"Gesti\u00f3n Ambiental y Econom\u00eda Circular en...<\/div>\n\t\t\t\t\t\t\t\t\t<a class=\"wprpsp-read-more-btn\" href=\"https:\/\/desarrollo.infobox.com.pe\/miempresacircular\/2024\/07\/29\/ministerio-de-la-produccion-articula-con-municipalidades-para-fomentar-economia-circular\/\" target=\"_self\">Leer m\u00e1s<\/a>\n\t\t\t\t\t\t\t<\/div>\n\t\t\t<\/div>\n<\/div>\n<div class=\"wprpsp-post-slides\">\n\t<div class=\"wprpsp-post-grid-content \">\n\t\t\t\t\t<div class=\"wprpsp-post-image-wrap wprpsp-post-image-bg\" style=\"\">\n\t\t\t\t<a href=\"https:\/\/desarrollo.infobox.com.pe\/miempresacircular\/2024\/07\/15\/produce-aprueba-guias-clave-para-la-economia-circular-y-la-gestion-de-residuos-en-la-industria-textil\/\" target=\"_self\">\n\t\t\t\t\t<img decoding=\"async\" class=\"wprpsp-post-img\"  src=\"https:\/\/desarrollo.infobox.com.pe\/miempresacircular\/wp-content\/uploads\/2024\/07\/6.png\" alt=\"PRODUCE aprueba gu\u00edas clave para la Econom\u00eda Circular y la Gesti\u00f3n de Residuos en la industria textil\" \/>\n\t\t\t\t<\/a>\n\t\t\t<\/div>\n\t\t\t\t\t<h2 class=\"wprpsp-post-title\">\n\t\t\t\t<a href=\"https:\/\/desarrollo.infobox.com.pe\/miempresacircular\/2024\/07\/15\/produce-aprueba-guias-clave-para-la-economia-circular-y-la-gestion-de-residuos-en-la-industria-textil\/\" target=\"_self\">PRODUCE aprueba gu\u00edas clave para la Econom\u00eda Circular y la Gesti\u00f3n de Residuos en la industria textil<\/a>\n\t\t\t<\/h2>\n\t\t\t\t\t<div class=\"wprpsp-post-cats-wrap\"><ul class=\"post-categories wprpsp-post-categories\"><li><a href=\"https:\/\/desarrollo.infobox.com.pe\/miempresacircular\/category\/novedades\/noticias\/\" rel=\"category\" target=\"_self\"> Noticias <\/a><\/li><li><a href=\"https:\/\/desarrollo.infobox.com.pe\/miempresacircular\/category\/novedades\/\" rel=\"category\" target=\"_self\"> Novedades <\/a><\/li><li><a href=\"https:\/\/desarrollo.infobox.com.pe\/miempresacircular\/category\/sin-categoria\/\" rel=\"category\" target=\"_self\"> Sin categor\u00eda <\/a><\/li><li><a href=\"https:\/\/desarrollo.infobox.com.pe\/miempresacircular\/category\/textil-confecciones\/\" rel=\"category\" target=\"_self\"> Textil Confecciones <\/a><\/li><\/ul><\/div>\n\t\t\t\t\t<div class=\"wprpsp-post-date\">\n\t\t\t\t\t\t\t\t\t\t\t\t15\/07\/2024\t\t\t<\/div>\n\t\t\t\t\t<div class=\"wprpsp-post-content\">\n\t\t\t\t<div>Con el objetivo de promover la transici\u00f3n hacia un modelo econ\u00f3mico circular de las actividades...<\/div>\n\t\t\t\t\t\t\t\t\t<a class=\"wprpsp-read-more-btn\" href=\"https:\/\/desarrollo.infobox.com.pe\/miempresacircular\/2024\/07\/15\/produce-aprueba-guias-clave-para-la-economia-circular-y-la-gestion-de-residuos-en-la-industria-textil\/\" target=\"_self\">Leer m\u00e1s<\/a>\n\t\t\t\t\t\t\t<\/div>\n\t\t\t<\/div>\n<\/div>\n<div class=\"wprpsp-post-slides\">\n\t<div class=\"wprpsp-post-grid-content \">\n\t\t\t\t\t<div class=\"wprpsp-post-image-wrap wprpsp-post-image-bg\" style=\"\">\n\t\t\t\t<a href=\"https:\/\/desarrollo.infobox.com.pe\/miempresacircular\/2024\/07\/15\/cierre-del-programa-ecocanvas-empresarias-apuestan-por-la-economia-circular\/\" target=\"_self\">\n\t\t\t\t\t<img decoding=\"async\" class=\"wprpsp-post-img\"  src=\"https:\/\/desarrollo.infobox.com.pe\/miempresacircular\/wp-content\/uploads\/2024\/07\/5.png\" alt=\"Cierre del Programa Ecocanvas: \u00a1Empresarias apuestan por la econom\u00eda circular!\" \/>\n\t\t\t\t<\/a>\n\t\t\t<\/div>\n\t\t\t\t\t<h2 class=\"wprpsp-post-title\">\n\t\t\t\t<a href=\"https:\/\/desarrollo.infobox.com.pe\/miempresacircular\/2024\/07\/15\/cierre-del-programa-ecocanvas-empresarias-apuestan-por-la-economia-circular\/\" target=\"_self\">Cierre del Programa Ecocanvas: \u00a1Empresarias apuestan por la econom\u00eda circular!<\/a>\n\t\t\t<\/h2>\n\t\t\t\t\t<div class=\"wprpsp-post-cats-wrap\"><ul class=\"post-categories wprpsp-post-categories\"><li><a href=\"https:\/\/desarrollo.infobox.com.pe\/miempresacircular\/category\/novedades\/noticias\/\" rel=\"category\" target=\"_self\"> Noticias <\/a><\/li><li><a href=\"https:\/\/desarrollo.infobox.com.pe\/miempresacircular\/category\/novedades\/\" rel=\"category\" target=\"_self\"> Novedades <\/a><\/li><li><a href=\"https:\/\/desarrollo.infobox.com.pe\/miempresacircular\/category\/textil-confecciones\/\" rel=\"category\" target=\"_self\"> Textil Confecciones <\/a><\/li><\/ul><\/div>\n\t\t\t\t\t<div class=\"wprpsp-post-date\">\n\t\t\t\t\t\t\t\t\t\t\t\t15\/07\/2024\t\t\t<\/div>\n\t\t\t\t\t<div class=\"wprpsp-post-content\">\n\t\t\t\t<div>El 11 de julio se realiz\u00f3 el exitoso cierre del \"Programa Ecocanvas - MIPYMES lideradas...<\/div>\n\t\t\t\t\t\t\t\t\t<a class=\"wprpsp-read-more-btn\" href=\"https:\/\/desarrollo.infobox.com.pe\/miempresacircular\/2024\/07\/15\/cierre-del-programa-ecocanvas-empresarias-apuestan-por-la-economia-circular\/\" target=\"_self\">Leer m\u00e1s<\/a>\n\t\t\t\t\t\t\t<\/div>\n\t\t\t<\/div>\n<\/div>\n\t<\/div>\n<\/div>\n<\/div>\n\t\t<\/div><\/div><div id=\"pgc-8938-1-2\"  class=\"panel-grid-cell panel-grid-cell-empty\" ><\/div><\/div><div id=\"pg-8938-2\"  class=\"panel-grid panel-no-style\" ><div id=\"pgc-8938-2-0\"  class=\"panel-grid-cell panel-grid-cell-empty\" ><\/div><div id=\"pgc-8938-2-1\"  class=\"panel-grid-cell panel-grid-cell-mobile-last\" ><div id=\"panel-8938-2-1-0\" class=\"so-panel widget widget_text panel-first-child panel-last-child\" data-index=\"3\" >\t\t\t<div class=\"textwidget\"><div style=\"color: #5a5d60;\">\n<h4 style=\"text-align: center; color: #164985; margin-top: 30px;\">CALENDARIO DE EVENTOS DE\u00a0 ECONOM\u00cdA CIRCULAR<\/h4>\n<div style=\"display: flex; justify-content: center; align-items: center; gap: 10px; margin: 0px 0 40px 0;\">\n<div style=\"width: 50px; height: 2px; background-color: rgba(22, 73, 133, 0.5);\"><\/div>\n<div style=\"width: 50px; height: 2px; background-color: rgba(22, 73, 133);\"><\/div>\n<div style=\"width: 50px; height: 2px; background-color: rgba(22, 73, 133, 0.5);\"><\/div>\n<\/div>\n<p style=\"text-align: center;\"><span style=\"font-size: 12pt;\"><strong><span class=\"TextRun SCXW135026622 BCX0\" lang=\"ES-PE\" xml:lang=\"ES-PE\" data-contrast=\"none\"><span class=\"NormalTextRun SCXW135026622 BCX0\" data-ccp-parastyle=\"heading 30\" data-ccp-parastyle-defn=\"{&quot;ObjectId&quot;:&quot;9f795a1f-960c-41e8-83d4-fb3db1764ae7|151&quot;,&quot;ClassId&quot;:1073872969,&quot;Properties&quot;:[469775450,&quot;heading 30&quot;,201340122,&quot;2&quot;,134234082,&quot;true&quot;,134233614,&quot;true&quot;,469778129,&quot;heading30&quot;,335572020,&quot;9&quot;,134234073,&quot;true&quot;,201342447,&quot;4&quot;,201342448,&quot;2&quot;,469777841,&quot;Helvetica&quot;,469777842,&quot;&quot;,469777843,&quot;&quot;,469777844,&quot;Helvetica&quot;,469769226,&quot;Helvetica&quot;,335551500,&quot;13196317&quot;,268442635,&quot;24&quot;,335559740,&quot;360&quot;,201341983,&quot;0&quot;,335559739,&quot;120&quot;,335559738,&quot;120&quot;,335560102,&quot;2&quot;,134245418,&quot;true&quot;,134245529,&quot;true&quot;,469777929,&quot;T\u00edtulo 3 Car&quot;,469775498,&quot;Normal0&quot;,469778324,&quot;Normal0&quot;]}\" data-ccp-parastyle-linked-defn=\"{&quot;ObjectId&quot;:&quot;9f795a1f-960c-41e8-83d4-fb3db1764ae7|168&quot;,&quot;ClassId&quot;:1073872969,&quot;Properties&quot;:[469775450,&quot;T\u00edtulo 3 Car&quot;,201340122,&quot;1&quot;,134233614,&quot;true&quot;,469778129,&quot;Ttulo3Car&quot;,335572020,&quot;9&quot;,134231262,&quot;true&quot;,201342447,&quot;4&quot;,201342448,&quot;2&quot;,469777841,&quot;Helvetica&quot;,469777842,&quot;&quot;,469777843,&quot;&quot;,469777844,&quot;Helvetica&quot;,469769226,&quot;Helvetica&quot;,335551500,&quot;13196317&quot;,268442635,&quot;24&quot;,469777929,&quot;heading 30&quot;,469778324,&quot;Default Paragraph Font&quot;]}\">Visita nuestro calendario<\/span><\/span><\/strong><\/span><\/p>\n<p style=\"text-align: center;\"><span style=\"font-size: 12pt;\"><span class=\"TextRun SCXW135026622 BCX0\" lang=\"ES-PE\" xml:lang=\"ES-PE\" data-contrast=\"none\"><span class=\"NormalTextRun SCXW135026622 BCX0\" data-ccp-parastyle=\"heading 30\">Aqu\u00ed encontrar\u00e1s un completo registro de actividades, charlas, talleres y conferencias que<\/span><span class=\"NormalTextRun SCXW135026622 BCX0\" data-ccp-parastyle=\"heading 30\"> te mantendr\u00e1n <\/span><span class=\"NormalTextRun SCXW135026622 BCX0\" data-ccp-parastyle=\"heading 30\">informad<\/span><span class=\"NormalTextRun SCXW135026622 BCX0\" data-ccp-parastyle=\"heading 30\">o\/<\/span><span class=\"NormalTextRun SCXW135026622 BCX0\" data-ccp-parastyle=\"heading 30\">a y conectad<\/span><span class=\"NormalTextRun SCXW135026622 BCX0\" data-ccp-parastyle=\"heading 30\">o\/<\/span><span class=\"NormalTextRun SCXW135026622 BCX0\" data-ccp-parastyle=\"heading 30\">a con oportunidades de aprendizaje y colaboraci\u00f3n. <\/span><span class=\"NormalTextRun SCXW135026622 BCX0\" data-ccp-parastyle=\"heading 30\">Vive estas experiencias <\/span><span class=\"NormalTextRun SCXW135026622 BCX0\" data-ccp-parastyle=\"heading 30\">y s\u00e9 parte de<\/span><span class=\"NormalTextRun SCXW135026622 BCX0\" data-ccp-parastyle=\"heading 30\"> la transformaci\u00f3n circular <\/span><span class=\"NormalTextRun SCXW135026622 BCX0\" data-ccp-parastyle=\"heading 30\">hacia un futuro m\u00e1s <\/span><span class=\"NormalTextRun SCXW135026622 BCX0\" data-ccp-parastyle=\"heading 30\">pr\u00f3spero y <\/span><span class=\"NormalTextRun SCXW135026622 BCX0\" data-ccp-parastyle=\"heading 30\">sostenible.<\/span><\/span><span class=\"EOP SCXW135026622 BCX0\" data-ccp-props=\"{&quot;134245418&quot;:true,&quot;134245529&quot;:true,&quot;201341983&quot;:0,&quot;335559738&quot;:120,&quot;335559739&quot;:120,&quot;335559740&quot;:360}\">\u00a0<\/span><\/span><\/p>\n<\/div>\n<\/div>\n\t\t<\/div><\/div><div id=\"pgc-8938-2-2\"  class=\"panel-grid-cell panel-grid-cell-empty\" ><\/div><\/div><div id=\"pg-8938-3\"  class=\"panel-grid panel-no-style\" ><div id=\"pgc-8938-3-0\"  class=\"panel-grid-cell panel-grid-cell-empty\" ><\/div><div id=\"pgc-8938-3-1\"  class=\"panel-grid-cell\" ><div id=\"panel-8938-3-1-0\" class=\"so-panel widget widget_text panel-first-child panel-last-child\" data-index=\"4\" >\t\t\t<div class=\"textwidget\"><!-- EventON Calendar --><div id='evcal_calendar_377' class='ajde_evcal_calendar sev cev color esty_2 ajax_loading_cal' ><div id='evcal_head' class='calendar_header ' ><div class='evo_cal_above'><span class='evo-jumper-btn'>FILTRAR POR MESES \/ A\u00d1O<\/span><span class='evo-gototoday-btn' style='display:none' data-mo='4' data-yr='2026' data-dy=''>Mes actual<\/span><span class='evo-filter-btn'><em><\/em><\/span><\/div><div class='evo_cal_above_content'><div class='evo_j_container' style='display:none'>\n\t\t\t\t\t\t<div class='evo_j_months evo_j_dates' data-val='m'>\n\t\t\t\t\t\t\t<div class='legend evo_jumper_months'><a data-val='1'  title='Enero' >Enero<\/a><a data-val='2'  title='Febrero' >Febrero<\/a><a data-val='3'  title='Marzo' >Marzo<\/a><a data-val='4' class=\"current set\" title='Abril' >Abril<\/a><a data-val='5'  title='Mayo' >Mayo<\/a><a data-val='6'  title='Junio' >Junio<\/a><a data-val='7'  title='Julio' >Julio<\/a><a data-val='8'  title='Agosto' >Agosto<\/a><a data-val='9'  title='Septiembre' >Septiembre<\/a><a data-val='10'  title='Octubre' >Octubre<\/a><a data-val='11'  title='Noviembre' >Noviembre<\/a><a data-val='12'  title='Diciembre' >Diciembre<\/a><\/div><div class='clear'><\/div><\/div>\n\t\t\t\t\t\t\n\t\t\t\t\t\t<div class='evo_j_years evo_j_dates' data-val='y'>\n\t\t\t\t\t\t\t<p class='legend'><a data-val=\"2024\">2024<\/a><a data-val=\"2025\">2025<\/a><a class='current set' data-val=\"2026\">2026<\/a><a data-val=\"2027\">2027<\/a><a data-val=\"2028\">2028<\/a><\/p><div class='clear'><\/div>\n\t\t\t\t\t\t<\/div>\n\t\t\t\t\t<\/div><\/div><div class='evo_header_title right'><p id='evcal_cur' class='evo_month_title'> Abril, 2026<\/p><p class='evo_arrows'><span id='evcal_prev' class='evcal_arrows evcal_btn_prev' ><\/span><span id='evcal_next' class='evcal_arrows evo_arrow_next evcal_btn_next' ><\/span><\/p><\/div><\/div><div class='eventon_sorting_section' style='display:none'><div class='eventon_filter_line ' data-filter_type='default'><div class='eventon_filter evo_sortOpt evo_sortList_event_type' data-filter_field=\"event_type\" data-filter_type=\"tax\" data-filter_val=\"all\" data-fldef=\"all\" data-notvals=\"[]\" data-invals=\"[&quot;all&quot;]\" >\n\t\t\t\t\t\t\t\t\t<p class='filtering_set_val'>Tipo de evento<em class='fa fa-check'><\/em><\/p>\n\t\t\t\t\t\t\t\t\t<div class='eventon_filter_dropdown' style='display:none'><p class='evo_filter_val select all' data-filter_val='all'>Todos<\/p><p class='evo_filter_val select event_type_6 difusion ' data-filter_val='6' data-filter_slug='difusion'>Difusi\u00f3n<\/p><p class='evo_filter_val select event_type_7 divulgacion ' data-filter_val='7' data-filter_slug='divulgacion'>Divulgaci\u00f3n<\/p><p class='evo_filter_val select event_type_9 estrategico ' data-filter_val='9' data-filter_slug='estrategico'>Estrat\u00e9gico<\/p><p class='evo_filter_val select event_type_124 general ' data-filter_val='124' data-filter_slug='general'>General<\/p><p class='evo_filter_val select event_type_8 practico ' data-filter_val='8' data-filter_slug='practico'>Pr\u00e1ctico<\/p><\/div>\t\n\t\t\t\t\t\t\t<\/div><div class='eventon_filter evo_sortOpt evo_sortList_event_organizer' data-filter_field=\"event_organizer\" data-filter_type=\"tax\" data-filter_val=\"all\" data-fldef=\"all\" data-notvals=\"[]\" data-invals=\"[&quot;all&quot;]\" >\n\t\t\t\t\t\t\t\t\t<p class='filtering_set_val'>Event Organizer<em class='fa fa-check'><\/em><\/p>\n\t\t\t\t\t\t\t\t\t<div class='eventon_filter_dropdown' style='display:none'><p class='evo_filter_val select all' data-filter_val='all'>Todos<\/p><p class='evo_filter_val select event_organizer_163 sociedad-nacional-de-industrias-y-la-ahk-peru-en-el-marco-del-programa-al-invest-verde-junto-con-el-gobierno-regional-de-lambayeque-y-promperu ' data-filter_val='163' data-filter_slug='sociedad-nacional-de-industrias-y-la-ahk-peru-en-el-marco-del-programa-al-invest-verde-junto-con-el-gobierno-regional-de-lambayeque-y-promperu'>Sociedad Nacional de Industrias y la AHK Per\u00fa en el marco del Programa AL-INVEST Verde, junto con el Gobierno Regional de Lambayeque y Promper\u00fa<\/p><\/div>\t\n\t\t\t\t\t\t\t<\/div><div class='eventon_filter evo_hideshow_evotag' data-filter_field='event_tag' data-filter_val='all' data-filter_type='tax' data-fldef='all' data-notvals=\"[]\" data-invals=\"[&quot;all&quot;]\" >\t\t\t\t\t\t\t\t\n\t\t\t\t\t\t\t\t\n\t\t\t\t\t\t\t\t<div class='eventon_filter_selection'>\n\t\t\t\t\t\t\t\t\t<p class='filtering_set_val' data-opts='evs4_in'>Event Tag<em class='fa fa-check'><\/em><\/p>\n\t\t\t\t\t\t\t\t\t<div class='eventon_filter_dropdown evo_hideshow' style='display:none'><p class='evo_filter_val select all' data-filter_val='all'>Todos<\/p><p class='evo_filter_val select' data-filter_val='141'>Econom\u00eda Circular<\/p><p class='evo_filter_val select' data-filter_val='144'>Sostenibilidad<\/p><p class='evo_filter_val select' data-filter_val='200'>Financiamiento<\/p><\/div>\n\t\t\t\t\t\t\t\t<\/div><div class='clear'><\/div>\n\t\t\t\t\t\t\t<\/div><div class='eventon_filter evo_hideshow_pastfuture' data-filter_field='event_past_future' \n\t\t\t\t\t\t\t\tdata-filter_val='all' data-filter_type='custom' data-fldef='all' data-notvals=\"[]\" data-invals=\"[&quot;all&quot;]\" >\t\t\t\t\t\t\t\t\n\t\t\t\t\t\t\t\t<div class='eventon_filter_selection'>\n\t\t\t\t\t\t\t\t\t<p class='filtering_set_val' data-opts='evs4_in'>Eventos pasados y futuros<em class='fa fa-check'><\/em><\/p>\n\t\t\t\t\t\t\t\t\t<div class='eventon_filter_dropdown evo_hideshow select_one' style='display:none'><p class='evo_filter_val select all' data-filter_val='all'>Todos<\/p><p class='evo_filter_val past select' data-filter_val='past'>Eventos pasados<\/p><p class='evo_filter_val future select' data-filter_val='future'>Eventos futuros<\/p><\/div>\n\t\t\t\t\t\t\t\t<\/div><div class='clear'><\/div>\n\t\t\t\t\t\t\t<\/div><\/div><div class='clear'><\/div><\/div><div id='eventon_loadbar_section'><div id='eventon_loadbar'><\/div><\/div><div class='evo_ajax_load_events'><span><\/span><span><\/span><span><\/span><\/div><!-- Events List --><div id='evcal_list' \n\t\t\t\t\tclass='eventon_events_list '>\t\t\t<div class='clear'><\/div>\n\t\t\t<\/div>\n\t\t\t<div class='clear'><\/div>\n\t\t\t\t\t \t<div id='evcal_footer' class='evo_bottom' style='display:none'>\n\t\t \t\t<div class='evo_cal_data'  data-sc='{\"accord\":\"no\",\"bottom_nav\":\"no\",\"cal_id\":\"\",\"cal_init_nonajax\":\"no\",\"calendar_type\":\"default\",\"day_incre\":0,\"ep_fields\":\"\",\"etc_override\":\"yes\",\"evc_open\":\"no\",\"event_count\":0,\"event_location\":\"all\",\"event_order\":\"ASC\",\"event_organizer\":\"all\",\"event_parts\":\"no\",\"event_past_future\":\"all\",\"event_status\":\"all\",\"event_tag\":\"all\",\"event_type\":\"all\",\"event_type_2\":\"all\",\"event_type_3\":\"all\",\"event_type_4\":\"all\",\"event_type_5\":\"all\",\"event_virtual\":\"all\",\"eventtop_date_style\":0,\"eventtop_style\":\"2\",\"exp_jumper\":\"no\",\"exp_so\":\"no\",\"filter_relationship\":\"AND\",\"filter_show_set_only\":\"no\",\"filter_type\":\"default\",\"filters\":\"yes\",\"fixed_day\":0,\"fixed_month\":\"4\",\"fixed_year\":\"2026\",\"focus_end_date_range\":\"1777593599\",\"focus_start_date_range\":\"1775001600\",\"ft_event_priority\":\"no\",\"grid_ux\":0,\"heat\":\"no\",\"hide_arrows\":\"no\",\"hide_cancels\":\"no\",\"hide_empty_months\":\"no\",\"hide_end_time\":\"no\",\"hide_et_dn\":\"no\",\"hide_et_extra\":\"no\",\"hide_et_tags\":\"no\",\"hide_et_tl\":\"no\",\"hide_ft\":\"no\",\"hide_ft_img\":\"no\",\"hide_month_headers\":\"no\",\"hide_mult_occur\":\"no\",\"hide_past\":\"no\",\"hide_past_by\":\"ee\",\"hide_so\":\"no\",\"hide_sort_options\":\"no\",\"hover\":\"number\",\"ics\":\"no\",\"jumper\":\"yes\",\"jumper_count\":5,\"jumper_offset\":\"0\",\"lang\":\"L1\",\"layout_changer\":\"no\",\"livenow_bar\":\"yes\",\"load_fullmonth\":\"no\",\"mapformat\":\"roadmap\",\"mapiconurl\":\"\",\"maps_load\":\"yes\",\"mapscroll\":\"true\",\"mapzoom\":\"18\",\"members_only\":\"no\",\"ml_priority\":\"no\",\"ml_toend\":\"no\",\"mo1st\":\"\",\"month_incre\":0,\"nexttogrid\":\"no\",\"number_of_months\":\"1\",\"only_ft\":\"no\",\"pec\":\"\",\"s\":\"\",\"search\":\"\",\"search_all\":\"no\",\"sep_month\":\"no\",\"show_et_ft_img\":\"no\",\"show_limit\":\"no\",\"show_limit_ajax\":\"no\",\"show_limit_paged\":1,\"show_limit_redir\":\"\",\"show_repeats\":\"no\",\"show_upcoming\":0,\"show_year\":\"no\",\"social_share\":\"no\",\"sort_by\":\"sort_date\",\"style\":\"\",\"tile_bg\":0,\"tile_bg_size\":\"full\",\"tile_count\":2,\"tile_height\":0,\"tile_style\":0,\"tiles\":\"no\",\"ux_val\":\"0\",\"view_switcher\":\"no\",\"wpml_l1\":\"\",\"wpml_l2\":\"\",\"wpml_l3\":\"\",\"yl_priority\":\"no\",\"yl_toend\":\"no\",\"_cver\":\"4.5.4\"}' data-od='{\"lang_no_events\":\"No Events\"}'><\/div>\n\t\t \t\t<div class='evo_cal_events' data-events=\"\"><\/div>\n\t\t \t<\/div>\n\t\t\t\t\n\t\t\t\n\t\t\t\t\t\t<\/div><!-- EventON End -->\n\t\t\t\n<\/div>\n\t\t<\/div><\/div><div id=\"pgc-8938-3-2\"  class=\"panel-grid-cell panel-grid-cell-mobile-last\" ><div id=\"panel-8938-3-2-0\" class=\"so-panel widget widget_text panel-first-child panel-last-child\" data-index=\"5\" >\t\t\t<div class=\"textwidget\"><!-- EventON Calendar --><div id='evcal_calendar_831' class='ajde_evcal_calendar sev cev color esty_2 evofc_nolist evoFC ajax_loading_cal' ><div id='evcal_head' class='calendar_header ' ><div class='evo_cal_above'><span class='evo-jumper-btn'>FILTRAR POR D\u00cdA \/ MES \/ A\u00d1O<\/span><span class='evo-gototoday-btn' style='display:none' data-mo='4' data-yr='2026' data-dy=''>Mes actual<\/span><span class='evo-filter-btn'><em><\/em><\/span><\/div><div class='evo_cal_above_content'><div class='evo_j_container' style='display:none'>\n\t\t\t\t\t\t<div class='evo_j_months evo_j_dates' data-val='m'>\n\t\t\t\t\t\t\t<div class='legend evo_jumper_months'><a data-val='1'  title='Enero' >Enero<\/a><a data-val='2'  title='Febrero' >Febrero<\/a><a data-val='3'  title='Marzo' >Marzo<\/a><a data-val='4' class=\"current set\" title='Abril' >Abril<\/a><a data-val='5'  title='Mayo' >Mayo<\/a><a data-val='6'  title='Junio' >Junio<\/a><a data-val='7'  title='Julio' >Julio<\/a><a data-val='8'  title='Agosto' >Agosto<\/a><a data-val='9'  title='Setiembre' >Setiembre<\/a><a data-val='10'  title='Octubre' >Octubre<\/a><a data-val='11'  title='Noviembre' >Noviembre<\/a><a data-val='12'  title='Diciembre' >Diciembre<\/a><\/div><div class='clear'><\/div><\/div>\n\t\t\t\t\t\t\n\t\t\t\t\t\t<div class='evo_j_years evo_j_dates' data-val='y'>\n\t\t\t\t\t\t\t<p class='legend'><a data-val=\"2024\">2024<\/a><a data-val=\"2025\">2025<\/a><a class='current set' data-val=\"2026\">2026<\/a><a data-val=\"2027\">2027<\/a><a data-val=\"2028\">2028<\/a><\/p><div class='clear'><\/div>\n\t\t\t\t\t\t<\/div>\n\t\t\t\t\t<\/div><\/div><div class='evo_header_title right'><p id='evcal_cur' class='evo_month_title'> Abril, 2026<\/p><p class='evo_arrows'><span id='evcal_prev' class='evcal_arrows evcal_btn_prev' ><\/span><span id='evcal_next' class='evcal_arrows evo_arrow_next evcal_btn_next' ><\/span><\/p><\/div><\/div><div class='eventon_sorting_section' style='display:none'><div class='eventon_filter_line ' data-filter_type='default'><div class='eventon_filter evo_sortOpt evo_sortList_event_type' data-filter_field=\"event_type\" data-filter_type=\"tax\" data-filter_val=\"all\" data-fldef=\"all\" data-notvals=\"[]\" data-invals=\"[&quot;all&quot;]\" >\n\t\t\t\t\t\t\t\t\t<p class='filtering_set_val'>Tipo de evento<em class='fa fa-check'><\/em><\/p>\n\t\t\t\t\t\t\t\t\t<div class='eventon_filter_dropdown' style='display:none'><p class='evo_filter_val select all' data-filter_val='all'>Todos<\/p><p class='evo_filter_val select event_type_6 difusion ' data-filter_val='6' data-filter_slug='difusion'>Difusi\u00f3n<\/p><p class='evo_filter_val select event_type_7 divulgacion ' data-filter_val='7' data-filter_slug='divulgacion'>Divulgaci\u00f3n<\/p><p class='evo_filter_val select event_type_9 estrategico ' data-filter_val='9' data-filter_slug='estrategico'>Estrat\u00e9gico<\/p><p class='evo_filter_val select event_type_124 general ' data-filter_val='124' data-filter_slug='general'>General<\/p><p class='evo_filter_val select event_type_8 practico ' data-filter_val='8' data-filter_slug='practico'>Pr\u00e1ctico<\/p><\/div>\t\n\t\t\t\t\t\t\t<\/div><div class='eventon_filter evo_sortOpt evo_sortList_event_organizer' data-filter_field=\"event_organizer\" data-filter_type=\"tax\" data-filter_val=\"all\" data-fldef=\"all\" data-notvals=\"[]\" data-invals=\"[&quot;all&quot;]\" >\n\t\t\t\t\t\t\t\t\t<p class='filtering_set_val'>Event Organizer<em class='fa fa-check'><\/em><\/p>\n\t\t\t\t\t\t\t\t\t<div class='eventon_filter_dropdown' style='display:none'><p class='evo_filter_val select all' data-filter_val='all'>Todos<\/p><p class='evo_filter_val select event_organizer_163 sociedad-nacional-de-industrias-y-la-ahk-peru-en-el-marco-del-programa-al-invest-verde-junto-con-el-gobierno-regional-de-lambayeque-y-promperu ' data-filter_val='163' data-filter_slug='sociedad-nacional-de-industrias-y-la-ahk-peru-en-el-marco-del-programa-al-invest-verde-junto-con-el-gobierno-regional-de-lambayeque-y-promperu'>Sociedad Nacional de Industrias y la AHK Per\u00fa en el marco del Programa AL-INVEST Verde, junto con el Gobierno Regional de Lambayeque y Promper\u00fa<\/p><\/div>\t\n\t\t\t\t\t\t\t<\/div><div class='eventon_filter evo_hideshow_evotag' data-filter_field='event_tag' data-filter_val='all' data-filter_type='tax' data-fldef='all' data-notvals=\"[]\" data-invals=\"[&quot;all&quot;]\" >\t\t\t\t\t\t\t\t\n\t\t\t\t\t\t\t\t\n\t\t\t\t\t\t\t\t<div class='eventon_filter_selection'>\n\t\t\t\t\t\t\t\t\t<p class='filtering_set_val' data-opts='evs4_in'>Event Tag<em class='fa fa-check'><\/em><\/p>\n\t\t\t\t\t\t\t\t\t<div class='eventon_filter_dropdown evo_hideshow' style='display:none'><p class='evo_filter_val select all' data-filter_val='all'>Todos<\/p><p class='evo_filter_val select' data-filter_val='141'>Econom\u00eda Circular<\/p><p class='evo_filter_val select' data-filter_val='144'>Sostenibilidad<\/p><p class='evo_filter_val select' data-filter_val='200'>Financiamiento<\/p><\/div>\n\t\t\t\t\t\t\t\t<\/div><div class='clear'><\/div>\n\t\t\t\t\t\t\t<\/div><div class='eventon_filter evo_hideshow_pastfuture' data-filter_field='event_past_future' \n\t\t\t\t\t\t\t\tdata-filter_val='all' data-filter_type='custom' data-fldef='all' data-notvals=\"[]\" data-invals=\"[&quot;all&quot;]\" >\t\t\t\t\t\t\t\t\n\t\t\t\t\t\t\t\t<div class='eventon_filter_selection'>\n\t\t\t\t\t\t\t\t\t<p class='filtering_set_val' data-opts='evs4_in'>Eventos pasados y futuros<em class='fa fa-check'><\/em><\/p>\n\t\t\t\t\t\t\t\t\t<div class='eventon_filter_dropdown evo_hideshow select_one' style='display:none'><p class='evo_filter_val select all' data-filter_val='all'>Todos<\/p><p class='evo_filter_val past select' data-filter_val='past'>Eventos pasados<\/p><p class='evo_filter_val future select' data-filter_val='future'>Eventos futuros<\/p><\/div>\n\t\t\t\t\t\t\t\t<\/div><div class='clear'><\/div>\n\t\t\t\t\t\t\t<\/div><\/div><div class='clear'><\/div><\/div>\t\t\t<div class='evo_ajax_load_events evofc_pre_loader'>\n\t\t\t\t<span ><\/span>\n\t\t\t<\/div>\n\t\t\t<div id='eventon_loadbar_section'><div id='eventon_loadbar'><\/div><\/div><div class='evo_ajax_load_events'><span><\/span><span><\/span><span><\/span><\/div><!-- Events List --><div id='evcal_list' \n\t\t\t\t\tclass='eventon_events_list '>\t\t\t<div class='clear'><\/div>\n\t\t\t<\/div>\n\t\t\t<div class='clear'><\/div>\n\t\t\t\t\t \t<div id='evcal_footer' class='evo_bottom' style='display:none'>\n\t\t \t\t<div class='evo_cal_data'  data-sc='{\"accord\":\"no\",\"bottom_nav\":\"no\",\"cal_id\":\"\",\"cal_init_nonajax\":\"no\",\"calendar_type\":\"fullcal\",\"day_incre\":0,\"ep_fields\":\"\",\"etc_override\":\"yes\",\"evc_open\":\"no\",\"event_count\":0,\"event_location\":\"all\",\"event_order\":\"ASC\",\"event_organizer\":\"all\",\"event_parts\":\"no\",\"event_past_future\":\"all\",\"event_status\":\"all\",\"event_tag\":\"all\",\"event_type\":\"all\",\"event_type_2\":\"all\",\"event_type_3\":\"all\",\"event_type_4\":\"all\",\"event_type_5\":\"all\",\"event_virtual\":\"all\",\"eventtop_date_style\":0,\"eventtop_style\":\"2\",\"exp_jumper\":\"no\",\"exp_so\":\"no\",\"filter_relationship\":\"AND\",\"filter_show_set_only\":\"no\",\"filter_type\":\"default\",\"filters\":\"yes\",\"fixed_day\":\"30\",\"fixed_month\":\"4\",\"fixed_year\":\"2026\",\"focus_end_date_range\":\"1777593599\",\"focus_start_date_range\":\"1775001600\",\"ft_event_priority\":\"no\",\"grid_ux\":\"2\",\"heat\":\"no\",\"hide_arrows\":\"no\",\"hide_cancels\":\"no\",\"hide_empty_months\":\"no\",\"hide_end_time\":\"no\",\"hide_et_dn\":\"no\",\"hide_et_extra\":\"no\",\"hide_et_tags\":\"no\",\"hide_et_tl\":\"no\",\"hide_ft\":\"no\",\"hide_ft_img\":\"no\",\"hide_month_headers\":\"no\",\"hide_mult_occur\":\"no\",\"hide_past\":\"no\",\"hide_past_by\":\"ee\",\"hide_so\":\"no\",\"hide_sort_options\":\"no\",\"hover\":\"number\",\"ics\":\"no\",\"jumper\":\"yes\",\"jumper_count\":5,\"jumper_offset\":\"0\",\"lang\":\"L2\",\"layout_changer\":\"no\",\"livenow_bar\":\"yes\",\"load_fullmonth\":\"no\",\"mapformat\":\"roadmap\",\"mapiconurl\":\"\",\"maps_load\":\"yes\",\"mapscroll\":\"true\",\"mapzoom\":\"18\",\"members_only\":\"no\",\"ml_priority\":\"no\",\"ml_toend\":\"no\",\"mo1st\":\"no\",\"month_incre\":0,\"nexttogrid\":\"yes\",\"number_of_months\":\"1\",\"only_ft\":\"no\",\"pec\":\"\",\"s\":\"\",\"search\":\"\",\"search_all\":\"no\",\"sep_month\":\"no\",\"show_et_ft_img\":\"no\",\"show_limit\":\"no\",\"show_limit_ajax\":\"no\",\"show_limit_paged\":1,\"show_limit_redir\":\"\",\"show_repeats\":\"no\",\"show_upcoming\":0,\"show_year\":\"no\",\"social_share\":\"no\",\"sort_by\":\"sort_date\",\"style\":\"names\",\"tile_bg\":0,\"tile_bg_size\":\"full\",\"tile_count\":2,\"tile_height\":0,\"tile_style\":0,\"tiles\":\"no\",\"ux_val\":\"0\",\"view_switcher\":\"no\",\"wpml_l1\":\"\",\"wpml_l2\":\"\",\"wpml_l3\":\"\",\"yl_priority\":\"no\",\"yl_toend\":\"no\",\"_cver\":\"4.5.4\"}' data-od='{\"lang_no_events\":\"No Events\"}'><\/div>\n\t\t \t\t<div class='evo_cal_events' data-events=\"\"><\/div>\n\t\t \t<\/div>\n\t\t\t\t\n\t\t\t\n\t\t\t\t\t\t<\/div><!-- EventON End -->\n\t\t\t\n<\/div>\n\t\t<\/div><\/div><div id=\"pgc-8938-3-3\"  class=\"panel-grid-cell panel-grid-cell-empty\" ><\/div><\/div><\/div>","protected":false},"excerpt":{"rendered":"<p>INFORMACI\u00d3N DE INTER\u00c9S Ent\u00e9rate de nuestras \u00faltimas noticias y eventos NOTICIAS<\/p>\n","protected":false},"author":1,"featured_media":0,"parent":0,"menu_order":0,"comment_status":"closed","ping_status":"closed","template":"","meta":{"footnotes":""},"tags":[],"class_list":["post-8938","page","type-page","status-publish","hentry"],"_links":{"self":[{"href":"https:\/\/desarrollo.infobox.com.pe\/miempresacircular\/wp-json\/wp\/v2\/pages\/8938","targetHints":{"allow":["GET"]}}],"collection":[{"href":"https:\/\/desarrollo.infobox.com.pe\/miempresacircular\/wp-json\/wp\/v2\/pages"}],"about":[{"href":"https:\/\/desarrollo.infobox.com.pe\/miempresacircular\/wp-json\/wp\/v2\/types\/page"}],"author":[{"embeddable":true,"href":"https:\/\/desarrollo.infobox.com.pe\/miempresacircular\/wp-json\/wp\/v2\/users\/1"}],"replies":[{"embeddable":true,"href":"https:\/\/desarrollo.infobox.com.pe\/miempresacircular\/wp-json\/wp\/v2\/comments?post=8938"}],"version-history":[{"count":22,"href":"https:\/\/desarrollo.infobox.com.pe\/miempresacircular\/wp-json\/wp\/v2\/pages\/8938\/revisions"}],"predecessor-version":[{"id":10465,"href":"https:\/\/desarrollo.infobox.com.pe\/miempresacircular\/wp-json\/wp\/v2\/pages\/8938\/revisions\/10465"}],"wp:attachment":[{"href":"https:\/\/desarrollo.infobox.com.pe\/miempresacircular\/wp-json\/wp\/v2\/media?parent=8938"}],"wp:term":[{"taxonomy":"post_tag","embeddable":true,"href":"https:\/\/desarrollo.infobox.com.pe\/miempresacircular\/wp-json\/wp\/v2\/tags?post=8938"}],"curies":[{"name":"wp","href":"https:\/\/api.w.org\/{rel}","templated":true}]}}