{"id":9235,"date":"2025-05-12T10:16:14","date_gmt":"2025-05-12T15:16:14","guid":{"rendered":"https:\/\/desarrollo.infobox.com.pe\/miempresacircular\/?page_id=9235"},"modified":"2025-06-13T11:25:53","modified_gmt":"2025-06-13T16:25:53","slug":"centro-de-conocimiento-3","status":"publish","type":"page","link":"https:\/\/desarrollo.infobox.com.pe\/miempresacircular\/centro-de-conocimiento-3\/","title":{"rendered":"Centro de conocimiento"},"content":{"rendered":"<div id=\"pl-9235\"  class=\"panel-layout\" ><div id=\"pg-9235-0\"  class=\"panel-grid panel-no-style\" ><div id=\"pgc-9235-0-0\"  class=\"panel-grid-cell\" ><div id=\"panel-9235-0-0-0\" class=\"so-panel widget widget_text panel-first-child panel-last-child\" data-index=\"0\" >\t\t\t<div class=\"textwidget\"><div style=\"position: relative; width: 100%; height: 450px; background-image: url('\/miempresacircular\/wp-content\/uploads\/2025\/05\/2.png'); background-size: cover; background-position: center; background-repeat: no-repeat; display: flex; align-items: center; justify-content: center; text-align: center; margin: 0; padding-top: 0px; padding-bottom: 0px;\">\n<div style=\"background: rgba(30, 76, 127, 0.9); border-radius: 0px; height: 200px; width: 800px; max-width: 70%; text-align: center;\">\n<h1 style=\"color: white; font-size: 2rem; margin-top: 45px; margin-bottom: 10px; text-shadow: 2px 2px 5px rgba(0, 0, 0, 0.5);\"><b>CENTRO DE CONOCIMIENTO<\/b><\/h1>\n<div style=\"display: flex; justify-content: center; align-items: center; gap: 10px; margin: 0px 0 40px 0;\">\n<div style=\"width: 80px; height: 2px; background-color: rgba(255, 255, 255, 0.5);\"><\/div>\n<div style=\"width: 80px; height: 2px; background-color: rgba(255, 255, 255);\"><\/div>\n<div style=\"width: 80px; height: 2px; background-color: rgba(255, 255, 255, 0.5);\"><\/div>\n<\/div>\n<h1 style=\"color: white; font-size: 1.5rem; margin-bottom: 50px; text-shadow: 2px 2px 5px rgba(0, 0, 0, 0.5);\">Aprende, innova y transforma tu negocio<\/h1>\n<\/div>\n<\/div>\n<\/div>\n\t\t<\/div><\/div><\/div><div id=\"pg-9235-1\"  class=\"panel-grid panel-no-style\" ><div id=\"pgc-9235-1-0\"  class=\"panel-grid-cell panel-grid-cell-empty\" ><\/div><div id=\"pgc-9235-1-1\"  class=\"panel-grid-cell panel-grid-cell-mobile-last\" ><div id=\"panel-9235-1-1-0\" class=\"so-panel widget widget_text panel-first-child\" data-index=\"1\" >\t\t\t<div class=\"textwidget\"><div style=\"text-align: justify; margin-top: 30px;\">\n<h4 style=\"color: #164985;\">Conecta con ideas, experiencias y soluciones para innovar con prop\u00f3sito<\/h4>\n<p style=\"color: #5a5d60;\">Sum\u00e9rgete en esta biblioteca virtual. Aqu\u00ed encontrar\u00e1s una amplia gama de recursos, desde estudios de investigaci\u00f3n hasta casos pr\u00e1cticos, que te facilitar\u00e1 informaci\u00f3n actualizada y relevante sobre las \u00faltimas tendencias y mejores pr\u00e1cticas en circularidad.<\/p>\n<\/div>\n<\/div>\n\t\t<\/div><div id=\"panel-9235-1-1-1\" class=\"so-panel widget widget_text\" data-index=\"2\" >\t\t\t<div class=\"textwidget\"><h4 style=\"text-align: center; color: #164985;\">INFORMATIVO<\/h4>\n<div style=\"display: flex; justify-content: center; align-items: center; gap: 10px; margin: 0px 0 40px 0;\">\n<div style=\"width: 50px; height: 2px; background-color: rgba(22, 73, 133, 0.5);\"><\/div>\n<div style=\"width: 50px; height: 2px; background-color: rgba(22, 73, 133);\"><\/div>\n<div style=\"width: 50px; height: 2px; background-color: rgba(22, 73, 133, 0.5);\"><\/div>\n<\/div>\n<p style=\"text-align: right;\"><a style=\"color: #164985; text-decoration: none;\" href=\"\/miempresacircular\/category\/centro-de-conocimiento\/informativo\/\">Ver m\u00e1s<\/a><\/p>\n<\/div>\n\t\t<\/div><div id=\"panel-9235-1-1-2\" class=\"so-panel widget widget_text\" data-index=\"3\" >\t\t\t<div class=\"textwidget\">\n<div class=\"wprpsp-carousel-pro-slider-wrp wprpsp-clearfix \" data-conf=\"{&quot;dots&quot;:&quot;false&quot;,&quot;arrows&quot;:&quot;true&quot;,&quot;autoplay&quot;:&quot;true&quot;,&quot;autoplay_interval&quot;:3000,&quot;speed&quot;:300,&quot;slides_to_show&quot;:4,&quot;slides_to_scroll&quot;:1,&quot;centermode&quot;:&quot;false&quot;,&quot;centerpadding&quot;:0,&quot;infinite&quot;:&quot;true&quot;,&quot;hover_pause&quot;:&quot;true&quot;,&quot;focus_pause&quot;:&quot;false&quot;,&quot;rtl&quot;:&quot;false&quot;,&quot;lazyload&quot;:&quot;&quot;}\">\n\t<div id=\"wprpsp-recent-post-carousel-1\" class=\"wprpsp-recent-post-carousel wprpsp-post-slider-init wprpsp-design-1 wprpsp-image-fit slides-to-show-4 wprpsp-clearfix\">\n<div class=\"wprpsp-post-slides\">\n\t<div class=\"wprpsp-post-grid-content \">\n\t\t\t\t\t<div class=\"wprpsp-post-image-wrap wprpsp-post-image-bg\" style=\"\">\n\t\t\t\t<a href=\"https:\/\/desarrollo.infobox.com.pe\/miempresacircular\/2024\/04\/02\/textiles-circulares-hacer-de-la-moda-una-industria-sostenible\/\" target=\"_self\">\n\t\t\t\t\t<img decoding=\"async\" class=\"wprpsp-post-img\"  src=\"https:\/\/desarrollo.infobox.com.pe\/miempresacircular\/wp-content\/uploads\/2024\/04\/Imagen-pagina-web-3-2.png\" alt=\"Textiles circulares. Hacer de la moda una industria sostenible\" \/>\n\t\t\t\t<\/a>\n\t\t\t<\/div>\n\t\t\t\t\t<h2 class=\"wprpsp-post-title\">\n\t\t\t\t<a href=\"https:\/\/desarrollo.infobox.com.pe\/miempresacircular\/2024\/04\/02\/textiles-circulares-hacer-de-la-moda-una-industria-sostenible\/\" target=\"_self\">Textiles circulares. Hacer de la moda una industria sostenible<\/a>\n\t\t\t<\/h2>\n\t\t\t\t\t<div class=\"wprpsp-post-cats-wrap\"><ul class=\"post-categories wprpsp-post-categories\"><li><a href=\"https:\/\/desarrollo.infobox.com.pe\/miempresacircular\/category\/centro-de-conocimiento\/\" rel=\"category\" target=\"_self\"> Centro de conocimiento <\/a><\/li><li><a href=\"https:\/\/desarrollo.infobox.com.pe\/miempresacircular\/category\/centro-de-conocimiento\/informativo\/\" rel=\"category\" target=\"_self\"> Informativo <\/a><\/li><\/ul><\/div>\n\t\t\t\t\t<div class=\"wprpsp-post-date\">\n\t\t\t\t\t\t\t\t\t\t\t\t02\/04\/2024\t\t\t<\/div>\n\t\t\t\t\t<div class=\"wprpsp-post-content\">\n\t\t\t\t<div>&nbsp;La moda r\u00e1pida ha tenido un enorme impacto en la velocidad a la que un...<\/div>\n\t\t\t\t\t\t\t\t\t<a class=\"wprpsp-read-more-btn\" href=\"https:\/\/desarrollo.infobox.com.pe\/miempresacircular\/2024\/04\/02\/textiles-circulares-hacer-de-la-moda-una-industria-sostenible\/\" target=\"_self\">Leer m\u00e1s<\/a>\n\t\t\t\t\t\t\t<\/div>\n\t\t\t<\/div>\n<\/div>\n<div class=\"wprpsp-post-slides\">\n\t<div class=\"wprpsp-post-grid-content \">\n\t\t\t\t\t<div class=\"wprpsp-post-image-wrap wprpsp-post-image-bg\" style=\"\">\n\t\t\t\t<a href=\"https:\/\/desarrollo.infobox.com.pe\/miempresacircular\/2023\/11\/26\/mide-tu-huella-de-carbono-se-sostenible-y-obten-el-reconocimiento-de-tus-clientes\/\" target=\"_self\">\n\t\t\t\t\t<img decoding=\"async\" class=\"wprpsp-post-img\"  src=\"https:\/\/desarrollo.infobox.com.pe\/miempresacircular\/wp-content\/uploads\/2023\/11\/Huella.png\" alt=\"Mide tu huella de carbono y obt\u00e9n el reconocimiento de tus clientes\" \/>\n\t\t\t\t<\/a>\n\t\t\t<\/div>\n\t\t\t\t\t<h2 class=\"wprpsp-post-title\">\n\t\t\t\t<a href=\"https:\/\/desarrollo.infobox.com.pe\/miempresacircular\/2023\/11\/26\/mide-tu-huella-de-carbono-se-sostenible-y-obten-el-reconocimiento-de-tus-clientes\/\" target=\"_self\">Mide tu huella de carbono y obt\u00e9n el reconocimiento de tus clientes<\/a>\n\t\t\t<\/h2>\n\t\t\t\t\t<div class=\"wprpsp-post-cats-wrap\"><ul class=\"post-categories wprpsp-post-categories\"><li><a href=\"https:\/\/desarrollo.infobox.com.pe\/miempresacircular\/category\/centro-de-conocimiento\/informativo\/\" rel=\"category\" target=\"_self\"> Informativo <\/a><\/li><\/ul><\/div>\n\t\t\t\t\t<div class=\"wprpsp-post-date\">\n\t\t\t\t\t\t\t\t\t\t\t\t26\/11\/2023\t\t\t<\/div>\n\t\t\t\t\t<div class=\"wprpsp-post-content\">\n\t\t\t\t<div>Medir tus emisiones para reducirlas y\/o neutralizarlas es sin\u00f3nimo de sostenibilidad. Esto contribuye a tu...<\/div>\n\t\t\t\t\t\t\t\t\t<a class=\"wprpsp-read-more-btn\" href=\"https:\/\/desarrollo.infobox.com.pe\/miempresacircular\/2023\/11\/26\/mide-tu-huella-de-carbono-se-sostenible-y-obten-el-reconocimiento-de-tus-clientes\/\" target=\"_self\">Leer m\u00e1s<\/a>\n\t\t\t\t\t\t\t<\/div>\n\t\t\t<\/div>\n<\/div>\n<div class=\"wprpsp-post-slides\">\n\t<div class=\"wprpsp-post-grid-content \">\n\t\t\t\t\t<div class=\"wprpsp-post-image-wrap wprpsp-post-image-bg\" style=\"\">\n\t\t\t\t<a href=\"https:\/\/desarrollo.infobox.com.pe\/miempresacircular\/2023\/11\/26\/financiamiento-nacional-e-internacional-para-el-desarrollo-de-proyectos-innovadores\/\" target=\"_self\">\n\t\t\t\t\t<img decoding=\"async\" class=\"wprpsp-post-img\"  src=\"https:\/\/desarrollo.infobox.com.pe\/miempresacircular\/wp-content\/uploads\/2023\/11\/Fondos.png\" alt=\"Financiamiento para el desarrollo de proyectos innovadores\" \/>\n\t\t\t\t<\/a>\n\t\t\t<\/div>\n\t\t\t\t\t<h2 class=\"wprpsp-post-title\">\n\t\t\t\t<a href=\"https:\/\/desarrollo.infobox.com.pe\/miempresacircular\/2023\/11\/26\/financiamiento-nacional-e-internacional-para-el-desarrollo-de-proyectos-innovadores\/\" target=\"_self\">Financiamiento para el desarrollo de proyectos innovadores<\/a>\n\t\t\t<\/h2>\n\t\t\t\t\t<div class=\"wprpsp-post-cats-wrap\"><ul class=\"post-categories wprpsp-post-categories\"><li><a href=\"https:\/\/desarrollo.infobox.com.pe\/miempresacircular\/category\/centro-de-conocimiento\/informativo\/\" rel=\"category\" target=\"_self\"> Informativo <\/a><\/li><\/ul><\/div>\n\t\t\t\t\t<div class=\"wprpsp-post-date\">\n\t\t\t\t\t\t\t\t\t\t\t\t26\/11\/2023\t\t\t<\/div>\n\t\t\t\t\t<div class=\"wprpsp-post-content\">\n\t\t\t\t<div>Cuenta con un cat\u00e1logo de fondos concursables que ofrece fuentes de financiamiento para proyectos que...<\/div>\n\t\t\t\t\t\t\t\t\t<a class=\"wprpsp-read-more-btn\" href=\"https:\/\/desarrollo.infobox.com.pe\/miempresacircular\/2023\/11\/26\/financiamiento-nacional-e-internacional-para-el-desarrollo-de-proyectos-innovadores\/\" target=\"_self\">Leer m\u00e1s<\/a>\n\t\t\t\t\t\t\t<\/div>\n\t\t\t<\/div>\n<\/div>\n<div class=\"wprpsp-post-slides\">\n\t<div class=\"wprpsp-post-grid-content \">\n\t\t\t\t\t<div class=\"wprpsp-post-image-wrap wprpsp-post-image-bg\" style=\"\">\n\t\t\t\t<a href=\"https:\/\/desarrollo.infobox.com.pe\/miempresacircular\/2023\/11\/26\/financiamiento-para-proyecto-de-innovacion-economia-circular-y-o-eficiencia-energetica\/\" target=\"_self\">\n\t\t\t\t\t<img decoding=\"async\" class=\"wprpsp-post-img\"  src=\"https:\/\/desarrollo.infobox.com.pe\/miempresacircular\/wp-content\/uploads\/2023\/11\/Financiamiento.png\" alt=\"Financiamiento para proyecto de innovaci\u00f3n\" \/>\n\t\t\t\t<\/a>\n\t\t\t<\/div>\n\t\t\t\t\t<h2 class=\"wprpsp-post-title\">\n\t\t\t\t<a href=\"https:\/\/desarrollo.infobox.com.pe\/miempresacircular\/2023\/11\/26\/financiamiento-para-proyecto-de-innovacion-economia-circular-y-o-eficiencia-energetica\/\" target=\"_self\">Financiamiento para proyecto de innovaci\u00f3n<\/a>\n\t\t\t<\/h2>\n\t\t\t\t\t<div class=\"wprpsp-post-cats-wrap\"><ul class=\"post-categories wprpsp-post-categories\"><li><a href=\"https:\/\/desarrollo.infobox.com.pe\/miempresacircular\/category\/financiamiento\/\" rel=\"category\" target=\"_self\"> Financiamiento <\/a><\/li><li><a href=\"https:\/\/desarrollo.infobox.com.pe\/miempresacircular\/category\/centro-de-conocimiento\/informativo\/\" rel=\"category\" target=\"_self\"> Informativo <\/a><\/li><\/ul><\/div>\n\t\t\t\t\t<div class=\"wprpsp-post-date\">\n\t\t\t\t\t\t\t\t\t\t\t\t26\/11\/2023\t\t\t<\/div>\n\t\t\t\t\t<div class=\"wprpsp-post-content\">\n\t\t\t\t<div>El programa AL-INVEST Verde, que promueve el crecimiento sostenible y la creaci\u00f3n de empleo en...<\/div>\n\t\t\t\t\t\t\t\t\t<a class=\"wprpsp-read-more-btn\" href=\"https:\/\/desarrollo.infobox.com.pe\/miempresacircular\/2023\/11\/26\/financiamiento-para-proyecto-de-innovacion-economia-circular-y-o-eficiencia-energetica\/\" target=\"_self\">Leer m\u00e1s<\/a>\n\t\t\t\t\t\t\t<\/div>\n\t\t\t<\/div>\n<\/div>\n<div class=\"wprpsp-post-slides\">\n\t<div class=\"wprpsp-post-grid-content \">\n\t\t\t\t\t<div class=\"wprpsp-post-image-wrap wprpsp-post-image-bg\" style=\"\">\n\t\t\t\t<a href=\"https:\/\/desarrollo.infobox.com.pe\/miempresacircular\/2023\/11\/26\/financiamiento-para-planes-de-negocio-con-enfoque-de-ec\/\" target=\"_self\">\n\t\t\t\t\t<img decoding=\"async\" class=\"wprpsp-post-img\"  src=\"https:\/\/desarrollo.infobox.com.pe\/miempresacircular\/wp-content\/uploads\/2023\/11\/Procompite.png\" alt=\"Financiamiento para planes de negocio con enfoque de EC\" \/>\n\t\t\t\t<\/a>\n\t\t\t<\/div>\n\t\t\t\t\t<h2 class=\"wprpsp-post-title\">\n\t\t\t\t<a href=\"https:\/\/desarrollo.infobox.com.pe\/miempresacircular\/2023\/11\/26\/financiamiento-para-planes-de-negocio-con-enfoque-de-ec\/\" target=\"_self\">Financiamiento para planes de negocio con enfoque de EC<\/a>\n\t\t\t<\/h2>\n\t\t\t\t\t<div class=\"wprpsp-post-cats-wrap\"><ul class=\"post-categories wprpsp-post-categories\"><li><a href=\"https:\/\/desarrollo.infobox.com.pe\/miempresacircular\/category\/financiamiento\/\" rel=\"category\" target=\"_self\"> Financiamiento <\/a><\/li><li><a href=\"https:\/\/desarrollo.infobox.com.pe\/miempresacircular\/category\/centro-de-conocimiento\/informativo\/\" rel=\"category\" target=\"_self\"> Informativo <\/a><\/li><\/ul><\/div>\n\t\t\t\t\t<div class=\"wprpsp-post-date\">\n\t\t\t\t\t\t\t\t\t\t\t\t26\/11\/2023\t\t\t<\/div>\n\t\t\t\t\t<div class=\"wprpsp-post-content\">\n\t\t\t\t<div>Procompite brinda co financiamiento para planes de negocio, a trav\u00e9s de fondos concursables para mejorar...<\/div>\n\t\t\t\t\t\t\t\t\t<a class=\"wprpsp-read-more-btn\" href=\"https:\/\/desarrollo.infobox.com.pe\/miempresacircular\/2023\/11\/26\/financiamiento-para-planes-de-negocio-con-enfoque-de-ec\/\" target=\"_self\">Leer m\u00e1s<\/a>\n\t\t\t\t\t\t\t<\/div>\n\t\t\t<\/div>\n<\/div>\n<div class=\"wprpsp-post-slides\">\n\t<div class=\"wprpsp-post-grid-content \">\n\t\t\t\t\t<div class=\"wprpsp-post-image-wrap wprpsp-post-image-bg\" style=\"\">\n\t\t\t\t<a href=\"https:\/\/desarrollo.infobox.com.pe\/miempresacircular\/2023\/11\/26\/lineamientos-sectoriales-para-gestion-de-residuos-solidos-y-avance-hacia-la-economia-circular\/\" target=\"_self\">\n\t\t\t\t\t<img decoding=\"async\" class=\"wprpsp-post-img\"  src=\"https:\/\/desarrollo.infobox.com.pe\/miempresacircular\/wp-content\/uploads\/2023\/11\/BID.png\" alt=\"Lineamientos sectoriales para gesti\u00f3n de residuos s\u00f3lidos\" \/>\n\t\t\t\t<\/a>\n\t\t\t<\/div>\n\t\t\t\t\t<h2 class=\"wprpsp-post-title\">\n\t\t\t\t<a href=\"https:\/\/desarrollo.infobox.com.pe\/miempresacircular\/2023\/11\/26\/lineamientos-sectoriales-para-gestion-de-residuos-solidos-y-avance-hacia-la-economia-circular\/\" target=\"_self\">Lineamientos sectoriales para gesti\u00f3n de residuos s\u00f3lidos<\/a>\n\t\t\t<\/h2>\n\t\t\t\t\t<div class=\"wprpsp-post-cats-wrap\"><ul class=\"post-categories wprpsp-post-categories\"><li><a href=\"https:\/\/desarrollo.infobox.com.pe\/miempresacircular\/category\/centro-de-conocimiento\/informativo\/\" rel=\"category\" target=\"_self\"> Informativo <\/a><\/li><\/ul><\/div>\n\t\t\t\t\t<div class=\"wprpsp-post-date\">\n\t\t\t\t\t\t\t\t\t\t\t\t26\/11\/2023\t\t\t<\/div>\n\t\t\t\t\t<div class=\"wprpsp-post-content\">\n\t\t\t\t<div>Los Lineamientos Sectoriales para la Gesti\u00f3n de Residuos S\u00f3lidos y el Avance hacia la Econom\u00eda...<\/div>\n\t\t\t\t\t\t\t\t\t<a class=\"wprpsp-read-more-btn\" href=\"https:\/\/desarrollo.infobox.com.pe\/miempresacircular\/2023\/11\/26\/lineamientos-sectoriales-para-gestion-de-residuos-solidos-y-avance-hacia-la-economia-circular\/\" target=\"_self\">Leer m\u00e1s<\/a>\n\t\t\t\t\t\t\t<\/div>\n\t\t\t<\/div>\n<\/div>\n<div class=\"wprpsp-post-slides\">\n\t<div class=\"wprpsp-post-grid-content \">\n\t\t\t\t\t<div class=\"wprpsp-post-image-wrap wprpsp-post-image-bg\" style=\"\">\n\t\t\t\t<a href=\"https:\/\/desarrollo.infobox.com.pe\/miempresacircular\/2023\/11\/26\/economia-circular-en-america-latina-y-el-caribe-oportunidad-para-una-recuperacion-transformadora\/\" target=\"_self\">\n\t\t\t\t\t<img decoding=\"async\" class=\"wprpsp-post-img\"  src=\"https:\/\/desarrollo.infobox.com.pe\/miempresacircular\/wp-content\/uploads\/2023\/11\/EC-AMLAC.png\" alt=\"Econom\u00eda circular en ALC: oportunidad para recuperaci\u00f3n\" \/>\n\t\t\t\t<\/a>\n\t\t\t<\/div>\n\t\t\t\t\t<h2 class=\"wprpsp-post-title\">\n\t\t\t\t<a href=\"https:\/\/desarrollo.infobox.com.pe\/miempresacircular\/2023\/11\/26\/economia-circular-en-america-latina-y-el-caribe-oportunidad-para-una-recuperacion-transformadora\/\" target=\"_self\">Econom\u00eda circular en ALC: oportunidad para recuperaci\u00f3n<\/a>\n\t\t\t<\/h2>\n\t\t\t\t\t<div class=\"wprpsp-post-cats-wrap\"><ul class=\"post-categories wprpsp-post-categories\"><li><a href=\"https:\/\/desarrollo.infobox.com.pe\/miempresacircular\/category\/centro-de-conocimiento\/informativo\/\" rel=\"category\" target=\"_self\"> Informativo <\/a><\/li><\/ul><\/div>\n\t\t\t\t\t<div class=\"wprpsp-post-date\">\n\t\t\t\t\t\t\t\t\t\t\t\t26\/11\/2023\t\t\t<\/div>\n\t\t\t\t\t<div class=\"wprpsp-post-content\">\n\t\t\t\t<div>Este documento analiza las caracter\u00edsticas de la econom\u00eda circular y su potencial para contribuir al...<\/div>\n\t\t\t\t\t\t\t\t\t<a class=\"wprpsp-read-more-btn\" href=\"https:\/\/desarrollo.infobox.com.pe\/miempresacircular\/2023\/11\/26\/economia-circular-en-america-latina-y-el-caribe-oportunidad-para-una-recuperacion-transformadora\/\" target=\"_self\">Leer m\u00e1s<\/a>\n\t\t\t\t\t\t\t<\/div>\n\t\t\t<\/div>\n<\/div>\n<div class=\"wprpsp-post-slides\">\n\t<div class=\"wprpsp-post-grid-content \">\n\t\t\t\t\t<div class=\"wprpsp-post-image-wrap wprpsp-post-image-bg\" style=\"\">\n\t\t\t\t<a href=\"https:\/\/desarrollo.infobox.com.pe\/miempresacircular\/2023\/11\/26\/jugo-de-bio-amayu-desde-las-comunidades-nativas-del-amazonas\/\" target=\"_self\">\n\t\t\t\t\t<img decoding=\"async\" class=\"wprpsp-post-img\"  src=\"https:\/\/desarrollo.infobox.com.pe\/miempresacircular\/wp-content\/uploads\/2023\/11\/Bio-amayu.png\" alt=\"Jugo de Bio Amayu desde las comunidades nativas del Amazonas\" \/>\n\t\t\t\t<\/a>\n\t\t\t<\/div>\n\t\t\t\t\t<h2 class=\"wprpsp-post-title\">\n\t\t\t\t<a href=\"https:\/\/desarrollo.infobox.com.pe\/miempresacircular\/2023\/11\/26\/jugo-de-bio-amayu-desde-las-comunidades-nativas-del-amazonas\/\" target=\"_self\">Jugo de Bio Amayu desde las comunidades nativas del Amazonas<\/a>\n\t\t\t<\/h2>\n\t\t\t\t\t<div class=\"wprpsp-post-cats-wrap\"><ul class=\"post-categories wprpsp-post-categories\"><li><a href=\"https:\/\/desarrollo.infobox.com.pe\/miempresacircular\/category\/agroindustria\/\" rel=\"category\" target=\"_self\"> Agroindustria <\/a><\/li><li><a href=\"https:\/\/desarrollo.infobox.com.pe\/miempresacircular\/category\/centro-de-conocimiento\/informativo\/\" rel=\"category\" target=\"_self\"> Informativo <\/a><\/li><li><a href=\"https:\/\/desarrollo.infobox.com.pe\/miempresacircular\/category\/regenerar\/\" rel=\"category\" target=\"_self\"> Regenerar <\/a><\/li><\/ul><\/div>\n\t\t\t\t\t<div class=\"wprpsp-post-date\">\n\t\t\t\t\t\t\t\t\t\t\t\t26\/11\/2023\t\t\t<\/div>\n\t\t\t\t\t<div class=\"wprpsp-post-content\">\n\t\t\t\t<div>El movimiento AMARUMAYU promueve la conservaci\u00f3n de los bosques de las comunidades ind\u00edgenas, recolectando frutos...<\/div>\n\t\t\t\t\t\t\t\t\t<a class=\"wprpsp-read-more-btn\" href=\"https:\/\/desarrollo.infobox.com.pe\/miempresacircular\/2023\/11\/26\/jugo-de-bio-amayu-desde-las-comunidades-nativas-del-amazonas\/\" target=\"_self\">Leer m\u00e1s<\/a>\n\t\t\t\t\t\t\t<\/div>\n\t\t\t<\/div>\n<\/div>\n<div class=\"wprpsp-post-slides\">\n\t<div class=\"wprpsp-post-grid-content \">\n\t\t\t\t\t<div class=\"wprpsp-post-image-wrap wprpsp-post-image-bg\" style=\"\">\n\t\t\t\t<a href=\"https:\/\/desarrollo.infobox.com.pe\/miempresacircular\/2023\/11\/26\/financiamiento-para-proyectos-de-innovacion-economia-circular-y-o-eficiencia-energetica\/\" target=\"_self\">\n\t\t\t\t\t<img decoding=\"async\" class=\"wprpsp-post-img\"  src=\"https:\/\/desarrollo.infobox.com.pe\/miempresacircular\/wp-content\/uploads\/2023\/11\/Captura-de-pantalla-2023-11-26-a-las-12.06.58.png\" alt=\"Financiamiento para innovaci\u00f3n, econom\u00eda circular y\/o eficiencia energ\u00e9tica\" \/>\n\t\t\t\t<\/a>\n\t\t\t<\/div>\n\t\t\t\t\t<h2 class=\"wprpsp-post-title\">\n\t\t\t\t<a href=\"https:\/\/desarrollo.infobox.com.pe\/miempresacircular\/2023\/11\/26\/financiamiento-para-proyectos-de-innovacion-economia-circular-y-o-eficiencia-energetica\/\" target=\"_self\">Financiamiento para innovaci\u00f3n, econom\u00eda circular y\/o eficiencia energ\u00e9tica<\/a>\n\t\t\t<\/h2>\n\t\t\t\t\t<div class=\"wprpsp-post-cats-wrap\"><ul class=\"post-categories wprpsp-post-categories\"><li><a href=\"https:\/\/desarrollo.infobox.com.pe\/miempresacircular\/category\/financiamiento\/\" rel=\"category\" target=\"_self\"> Financiamiento <\/a><\/li><li><a href=\"https:\/\/desarrollo.infobox.com.pe\/miempresacircular\/category\/centro-de-conocimiento\/informativo\/\" rel=\"category\" target=\"_self\"> Informativo <\/a><\/li><\/ul><\/div>\n\t\t\t\t\t<div class=\"wprpsp-post-date\">\n\t\t\t\t\t\t\t\t\t\t\t\t26\/11\/2023\t\t\t<\/div>\n\t\t\t\t\t<div class=\"wprpsp-post-content\">\n\t\t\t\t<div>El programa ProInn\u00f3vate administra y otorga fondos de co financiamiento para proyectos de innovaci\u00f3n y...<\/div>\n\t\t\t\t\t\t\t\t\t<a class=\"wprpsp-read-more-btn\" href=\"https:\/\/desarrollo.infobox.com.pe\/miempresacircular\/2023\/11\/26\/financiamiento-para-proyectos-de-innovacion-economia-circular-y-o-eficiencia-energetica\/\" target=\"_self\">Leer m\u00e1s<\/a>\n\t\t\t\t\t\t\t<\/div>\n\t\t\t<\/div>\n<\/div>\n<div class=\"wprpsp-post-slides\">\n\t<div class=\"wprpsp-post-grid-content \">\n\t\t\t\t\t<div class=\"wprpsp-post-image-wrap wprpsp-post-image-bg\" style=\"\">\n\t\t\t\t<a href=\"https:\/\/desarrollo.infobox.com.pe\/miempresacircular\/2023\/11\/26\/eficiencia-energetica-y-economia-circular-en-la-industria-del-cuero-y-calzado\/\" target=\"_self\">\n\t\t\t\t\t<img decoding=\"async\" class=\"wprpsp-post-img\"  src=\"https:\/\/desarrollo.infobox.com.pe\/miempresacircular\/wp-content\/uploads\/2023\/11\/Eficiencia_Energetica_EC.png\" alt=\"Eficiencia energ\u00e9tica y econom\u00eda circular en la industria del cuero y calzado\" \/>\n\t\t\t\t<\/a>\n\t\t\t<\/div>\n\t\t\t\t\t<h2 class=\"wprpsp-post-title\">\n\t\t\t\t<a href=\"https:\/\/desarrollo.infobox.com.pe\/miempresacircular\/2023\/11\/26\/eficiencia-energetica-y-economia-circular-en-la-industria-del-cuero-y-calzado\/\" target=\"_self\">Eficiencia energ\u00e9tica y econom\u00eda circular en la industria del cuero y calzado<\/a>\n\t\t\t<\/h2>\n\t\t\t\t\t<div class=\"wprpsp-post-cats-wrap\"><ul class=\"post-categories wprpsp-post-categories\"><li><a href=\"https:\/\/desarrollo.infobox.com.pe\/miempresacircular\/category\/calzado\/\" rel=\"category\" target=\"_self\"> Cuero y calzado <\/a><\/li><li><a href=\"https:\/\/desarrollo.infobox.com.pe\/miempresacircular\/category\/eficiencia\/\" rel=\"category\" target=\"_self\"> Eficiencia <\/a><\/li><li><a href=\"https:\/\/desarrollo.infobox.com.pe\/miempresacircular\/category\/centro-de-conocimiento\/informativo\/\" rel=\"category\" target=\"_self\"> Informativo <\/a><\/li><\/ul><\/div>\n\t\t\t\t\t<div class=\"wprpsp-post-date\">\n\t\t\t\t\t\t\t\t\t\t\t\t26\/11\/2023\t\t\t<\/div>\n\t\t\t\t\t<div class=\"wprpsp-post-content\">\n\t\t\t\t<div>El Centro de Innovaci\u00f3n Productiva y Transferencia Tecnol\u00f3gica del Cuero, Calzado e Industrias Conexas (CITEccal)...<\/div>\n\t\t\t\t\t\t\t\t\t<a class=\"wprpsp-read-more-btn\" href=\"https:\/\/desarrollo.infobox.com.pe\/miempresacircular\/2023\/11\/26\/eficiencia-energetica-y-economia-circular-en-la-industria-del-cuero-y-calzado\/\" target=\"_self\">Leer m\u00e1s<\/a>\n\t\t\t\t\t\t\t<\/div>\n\t\t\t<\/div>\n<\/div>\n<div class=\"wprpsp-post-slides\">\n\t<div class=\"wprpsp-post-grid-content \">\n\t\t\t\t\t<div class=\"wprpsp-post-image-wrap wprpsp-post-image-bg\" style=\"\">\n\t\t\t\t<a href=\"https:\/\/desarrollo.infobox.com.pe\/miempresacircular\/2023\/11\/26\/certificacion-iscc-eu-procedimientos-eficientes-para-disminuir-impactos-ambientales\/\" target=\"_self\">\n\t\t\t\t\t<img decoding=\"async\" class=\"wprpsp-post-img\"  src=\"https:\/\/desarrollo.infobox.com.pe\/miempresacircular\/wp-content\/uploads\/2023\/11\/Certificacion-ISCC-UE.png\" alt=\"Certificaci\u00f3n ISCC EU: eficiencia para disminuir impactos ambientales\" \/>\n\t\t\t\t<\/a>\n\t\t\t<\/div>\n\t\t\t\t\t<h2 class=\"wprpsp-post-title\">\n\t\t\t\t<a href=\"https:\/\/desarrollo.infobox.com.pe\/miempresacircular\/2023\/11\/26\/certificacion-iscc-eu-procedimientos-eficientes-para-disminuir-impactos-ambientales\/\" target=\"_self\">Certificaci\u00f3n ISCC EU: eficiencia para disminuir impactos ambientales<\/a>\n\t\t\t<\/h2>\n\t\t\t\t\t<div class=\"wprpsp-post-cats-wrap\"><ul class=\"post-categories wprpsp-post-categories\"><li><a href=\"https:\/\/desarrollo.infobox.com.pe\/miempresacircular\/category\/agroindustria\/\" rel=\"category\" target=\"_self\"> Agroindustria <\/a><\/li><li><a href=\"https:\/\/desarrollo.infobox.com.pe\/miempresacircular\/category\/centro-de-conocimiento\/informativo\/\" rel=\"category\" target=\"_self\"> Informativo <\/a><\/li><\/ul><\/div>\n\t\t\t\t\t<div class=\"wprpsp-post-date\">\n\t\t\t\t\t\t\t\t\t\t\t\t26\/11\/2023\t\t\t<\/div>\n\t\t\t\t\t<div class=\"wprpsp-post-content\">\n\t\t\t\t<div>La certificaci\u00f3n ISCC EU certifica los procedimientos como eficientes para el control y disminuci\u00f3n de...<\/div>\n\t\t\t\t\t\t\t\t\t<a class=\"wprpsp-read-more-btn\" href=\"https:\/\/desarrollo.infobox.com.pe\/miempresacircular\/2023\/11\/26\/certificacion-iscc-eu-procedimientos-eficientes-para-disminuir-impactos-ambientales\/\" target=\"_self\">Leer m\u00e1s<\/a>\n\t\t\t\t\t\t\t<\/div>\n\t\t\t<\/div>\n<\/div>\n<div class=\"wprpsp-post-slides\">\n\t<div class=\"wprpsp-post-grid-content \">\n\t\t\t\t\t<div class=\"wprpsp-post-image-wrap wprpsp-post-image-bg\" style=\"\">\n\t\t\t\t<a href=\"https:\/\/desarrollo.infobox.com.pe\/miempresacircular\/2023\/11\/26\/primera-empresa-peruana-en-medir-su-huella-de-carbono\/\" target=\"_self\">\n\t\t\t\t\t<img decoding=\"async\" class=\"wprpsp-post-img\"  src=\"https:\/\/desarrollo.infobox.com.pe\/miempresacircular\/wp-content\/uploads\/2023\/11\/Empresa_Huella_de_carbono.png\" alt=\"Primera empresa peruana en medir su huella de carbono\" \/>\n\t\t\t\t<\/a>\n\t\t\t<\/div>\n\t\t\t\t\t<h2 class=\"wprpsp-post-title\">\n\t\t\t\t<a href=\"https:\/\/desarrollo.infobox.com.pe\/miempresacircular\/2023\/11\/26\/primera-empresa-peruana-en-medir-su-huella-de-carbono\/\" target=\"_self\">Primera empresa peruana en medir su huella de carbono<\/a>\n\t\t\t<\/h2>\n\t\t\t\t\t<div class=\"wprpsp-post-cats-wrap\"><ul class=\"post-categories wprpsp-post-categories\"><li><a href=\"https:\/\/desarrollo.infobox.com.pe\/miempresacircular\/category\/calzado\/\" rel=\"category\" target=\"_self\"> Cuero y calzado <\/a><\/li><li><a href=\"https:\/\/desarrollo.infobox.com.pe\/miempresacircular\/category\/centro-de-conocimiento\/informativo\/\" rel=\"category\" target=\"_self\"> Informativo <\/a><\/li><\/ul><\/div>\n\t\t\t\t\t<div class=\"wprpsp-post-date\">\n\t\t\t\t\t\t\t\t\t\t\t\t26\/11\/2023\t\t\t<\/div>\n\t\t\t\t\t<div class=\"wprpsp-post-content\">\n\t\t\t\t<div>La empresa Industrial Manrique S.A. es la primera empresa peruana en medir su huella de...<\/div>\n\t\t\t\t\t\t\t\t\t<a class=\"wprpsp-read-more-btn\" href=\"https:\/\/desarrollo.infobox.com.pe\/miempresacircular\/2023\/11\/26\/primera-empresa-peruana-en-medir-su-huella-de-carbono\/\" target=\"_self\">Leer m\u00e1s<\/a>\n\t\t\t\t\t\t\t<\/div>\n\t\t\t<\/div>\n<\/div>\n<div class=\"wprpsp-post-slides\">\n\t<div class=\"wprpsp-post-grid-content \">\n\t\t\t\t\t<div class=\"wprpsp-post-image-wrap wprpsp-post-image-bg\" style=\"\">\n\t\t\t\t<a href=\"https:\/\/desarrollo.infobox.com.pe\/miempresacircular\/2023\/11\/26\/reduccion-del-impacto-al-ambiente-generado-por-la-industria-del-cuero-y-calzado\/\" target=\"_self\">\n\t\t\t\t\t<img decoding=\"async\" class=\"wprpsp-post-img\"  src=\"https:\/\/desarrollo.infobox.com.pe\/miempresacircular\/wp-content\/uploads\/2023\/11\/Citeccal_Cuero_Calzado.png\" alt=\"Reducci\u00f3n del impacto al ambiente generado por la industria del cuero y calzado\" \/>\n\t\t\t\t<\/a>\n\t\t\t<\/div>\n\t\t\t\t\t<h2 class=\"wprpsp-post-title\">\n\t\t\t\t<a href=\"https:\/\/desarrollo.infobox.com.pe\/miempresacircular\/2023\/11\/26\/reduccion-del-impacto-al-ambiente-generado-por-la-industria-del-cuero-y-calzado\/\" target=\"_self\">Reducci\u00f3n del impacto al ambiente generado por la industria del cuero y calzado<\/a>\n\t\t\t<\/h2>\n\t\t\t\t\t<div class=\"wprpsp-post-cats-wrap\"><ul class=\"post-categories wprpsp-post-categories\"><li><a href=\"https:\/\/desarrollo.infobox.com.pe\/miempresacircular\/category\/calzado\/\" rel=\"category\" target=\"_self\"> Cuero y calzado <\/a><\/li><li><a href=\"https:\/\/desarrollo.infobox.com.pe\/miempresacircular\/category\/centro-de-conocimiento\/informativo\/\" rel=\"category\" target=\"_self\"> Informativo <\/a><\/li><\/ul><\/div>\n\t\t\t\t\t<div class=\"wprpsp-post-date\">\n\t\t\t\t\t\t\t\t\t\t\t\t26\/11\/2023\t\t\t<\/div>\n\t\t\t\t\t<div class=\"wprpsp-post-content\">\n\t\t\t\t<div>La industria del cuero y calzado de la regi\u00f3n La Libertad busca adoptar nuevas pr\u00e1cticas...<\/div>\n\t\t\t\t\t\t\t\t\t<a class=\"wprpsp-read-more-btn\" href=\"https:\/\/desarrollo.infobox.com.pe\/miempresacircular\/2023\/11\/26\/reduccion-del-impacto-al-ambiente-generado-por-la-industria-del-cuero-y-calzado\/\" target=\"_self\">Leer m\u00e1s<\/a>\n\t\t\t\t\t\t\t<\/div>\n\t\t\t<\/div>\n<\/div>\n<div class=\"wprpsp-post-slides\">\n\t<div class=\"wprpsp-post-grid-content \">\n\t\t\t\t\t<div class=\"wprpsp-post-image-wrap wprpsp-post-image-bg\" style=\"\">\n\t\t\t\t<a href=\"https:\/\/desarrollo.infobox.com.pe\/miempresacircular\/2023\/09\/23\/reutilizar-repensar-los-envases\/\" target=\"_self\">\n\t\t\t\t\t<img decoding=\"async\" class=\"wprpsp-post-img\"  src=\"https:\/\/desarrollo.infobox.com.pe\/miempresacircular\/wp-content\/uploads\/2023\/09\/Captura-de-pantalla-2023-11-01-a-las-22.02.49.png\" alt=\"Reutilizar: repensar los envases\" \/>\n\t\t\t\t<\/a>\n\t\t\t<\/div>\n\t\t\t\t\t<h2 class=\"wprpsp-post-title\">\n\t\t\t\t<a href=\"https:\/\/desarrollo.infobox.com.pe\/miempresacircular\/2023\/09\/23\/reutilizar-repensar-los-envases\/\" target=\"_self\">Reutilizar: repensar los envases<\/a>\n\t\t\t<\/h2>\n\t\t\t\t\t<div class=\"wprpsp-post-cats-wrap\"><ul class=\"post-categories wprpsp-post-categories\"><li><a href=\"https:\/\/desarrollo.infobox.com.pe\/miempresacircular\/category\/centro-de-conocimiento\/informativo\/\" rel=\"category\" target=\"_self\"> Informativo <\/a><\/li><li><a href=\"https:\/\/desarrollo.infobox.com.pe\/miempresacircular\/category\/reutilizar\/\" rel=\"category\" target=\"_self\"> Reutilizar <\/a><\/li><\/ul><\/div>\n\t\t\t\t\t<div class=\"wprpsp-post-date\">\n\t\t\t\t\t\t\t\t\t\t\t\t23\/09\/2023\t\t\t<\/div>\n\t\t\t\t\t<div class=\"wprpsp-post-content\">\n\t\t\t\t<div>Este nuevo lanzamiento del equipo de New Plastics Economy proporciona un marco para entender la...<\/div>\n\t\t\t\t\t\t\t\t\t<a class=\"wprpsp-read-more-btn\" href=\"https:\/\/desarrollo.infobox.com.pe\/miempresacircular\/2023\/09\/23\/reutilizar-repensar-los-envases\/\" target=\"_self\">Leer m\u00e1s<\/a>\n\t\t\t\t\t\t\t<\/div>\n\t\t\t<\/div>\n<\/div>\n<div class=\"wprpsp-post-slides\">\n\t<div class=\"wprpsp-post-grid-content \">\n\t\t\t\t\t<div class=\"wprpsp-post-image-wrap wprpsp-post-image-bg\" style=\"\">\n\t\t\t\t<a href=\"https:\/\/desarrollo.infobox.com.pe\/miempresacircular\/2023\/09\/23\/politicas-sobre-medio-ambiente-y-eficiencia-de-los-recursos\/\" target=\"_self\">\n\t\t\t\t\t<img decoding=\"async\" class=\"wprpsp-post-img\"  src=\"https:\/\/desarrollo.infobox.com.pe\/miempresacircular\/wp-content\/uploads\/2023\/09\/Captura-de-pantalla-2023-09-26-a-las-15.39.27.png\" alt=\"Reuse and repair in a Circular Economy\" \/>\n\t\t\t\t<\/a>\n\t\t\t<\/div>\n\t\t\t\t\t<h2 class=\"wprpsp-post-title\">\n\t\t\t\t<a href=\"https:\/\/desarrollo.infobox.com.pe\/miempresacircular\/2023\/09\/23\/politicas-sobre-medio-ambiente-y-eficiencia-de-los-recursos\/\" target=\"_self\">Reuse and repair in a Circular Economy<\/a>\n\t\t\t<\/h2>\n\t\t\t\t\t<div class=\"wprpsp-post-cats-wrap\"><ul class=\"post-categories wprpsp-post-categories\"><li><a href=\"https:\/\/desarrollo.infobox.com.pe\/miempresacircular\/category\/centro-de-conocimiento\/informativo\/\" rel=\"category\" target=\"_self\"> Informativo <\/a><\/li><li><a href=\"https:\/\/desarrollo.infobox.com.pe\/miempresacircular\/category\/mantener-reparar\/\" rel=\"category\" target=\"_self\"> Mantener y reparar <\/a><\/li><\/ul><\/div>\n\t\t\t\t\t<div class=\"wprpsp-post-date\">\n\t\t\t\t\t\t\t\t\t\t\t\t23\/09\/2023\t\t\t<\/div>\n\t\t\t\t\t<div class=\"wprpsp-post-content\">\n\t\t\t\t<div>El presente resumen de pol\u00edticas ofrece una descripci\u00f3n general de las iniciativas de la UE...<\/div>\n\t\t\t\t\t\t\t\t\t<a class=\"wprpsp-read-more-btn\" href=\"https:\/\/desarrollo.infobox.com.pe\/miempresacircular\/2023\/09\/23\/politicas-sobre-medio-ambiente-y-eficiencia-de-los-recursos\/\" target=\"_self\">Leer m\u00e1s<\/a>\n\t\t\t\t\t\t\t<\/div>\n\t\t\t<\/div>\n<\/div>\n<div class=\"wprpsp-post-slides\">\n\t<div class=\"wprpsp-post-grid-content \">\n\t\t\t\t\t<div class=\"wprpsp-post-image-wrap wprpsp-post-image-bg\" style=\"\">\n\t\t\t\t<a href=\"https:\/\/leyrep.cl\/\" target=\"_self\">\n\t\t\t\t\t<img decoding=\"async\" class=\"wprpsp-post-img\"  src=\"https:\/\/desarrollo.infobox.com.pe\/miempresacircular\/wp-content\/uploads\/2023\/09\/Captura-de-pantalla-2023-11-01-a-las-21.21.44.png\" alt=\"\u00bfRequieres asesor\u00eda en la Ley REP?\" \/>\n\t\t\t\t<\/a>\n\t\t\t<\/div>\n\t\t\t\t\t<h2 class=\"wprpsp-post-title\">\n\t\t\t\t<a href=\"https:\/\/leyrep.cl\/\" target=\"_self\">\u00bfRequieres asesor\u00eda en la Ley REP?<\/a>\n\t\t\t<\/h2>\n\t\t\t\t\t<div class=\"wprpsp-post-cats-wrap\"><ul class=\"post-categories wprpsp-post-categories\"><li><a href=\"https:\/\/desarrollo.infobox.com.pe\/miempresacircular\/category\/centro-de-conocimiento\/informativo\/\" rel=\"category\" target=\"_self\"> Informativo <\/a><\/li><li><a href=\"https:\/\/desarrollo.infobox.com.pe\/miempresacircular\/category\/reciclar\/\" rel=\"category\" target=\"_self\"> Reciclar <\/a><\/li><\/ul><\/div>\n\t\t\t\t\t<div class=\"wprpsp-post-date\">\n\t\t\t\t\t\t\t\t\t\t\t\t23\/09\/2023\t\t\t<\/div>\n\t\t\t\t\t<div class=\"wprpsp-post-content\">\n\t\t\t\t<div>El sitio web del Ministerio del Medio Ambiente de Chile donde se p\u00fablica toda la...<\/div>\n\t\t\t\t\t\t\t\t\t<a class=\"wprpsp-read-more-btn\" href=\"https:\/\/leyrep.cl\/\" target=\"_self\">Leer m\u00e1s<\/a>\n\t\t\t\t\t\t\t<\/div>\n\t\t\t<\/div>\n<\/div>\n<div class=\"wprpsp-post-slides\">\n\t<div class=\"wprpsp-post-grid-content \">\n\t\t\t\t\t<div class=\"wprpsp-post-image-wrap wprpsp-post-image-bg\" style=\"\">\n\t\t\t\t<a href=\"https:\/\/desarrollo.infobox.com.pe\/miempresacircular\/2023\/09\/23\/los-residuos-de-envases-y-la-contaminacion\/\" target=\"_self\">\n\t\t\t\t\t<img decoding=\"async\" class=\"wprpsp-post-img\"  src=\"https:\/\/desarrollo.infobox.com.pe\/miempresacircular\/wp-content\/uploads\/2023\/09\/Captura-de-pantalla-2023-11-01-a-las-21.15.11.png\" alt=\"Los residuos de envases y la contaminaci\u00f3n\" \/>\n\t\t\t\t<\/a>\n\t\t\t<\/div>\n\t\t\t\t\t<h2 class=\"wprpsp-post-title\">\n\t\t\t\t<a href=\"https:\/\/desarrollo.infobox.com.pe\/miempresacircular\/2023\/09\/23\/los-residuos-de-envases-y-la-contaminacion\/\" target=\"_self\">Los residuos de envases y la contaminaci\u00f3n<\/a>\n\t\t\t<\/h2>\n\t\t\t\t\t<div class=\"wprpsp-post-cats-wrap\"><ul class=\"post-categories wprpsp-post-categories\"><li><a href=\"https:\/\/desarrollo.infobox.com.pe\/miempresacircular\/category\/centro-de-conocimiento\/informativo\/\" rel=\"category\" target=\"_self\"> Informativo <\/a><\/li><li><a href=\"https:\/\/desarrollo.infobox.com.pe\/miempresacircular\/category\/reciclar\/\" rel=\"category\" target=\"_self\"> Reciclar <\/a><\/li><\/ul><\/div>\n\t\t\t\t\t<div class=\"wprpsp-post-date\">\n\t\t\t\t\t\t\t\t\t\t\t\t23\/09\/2023\t\t\t<\/div>\n\t\t\t\t\t<div class=\"wprpsp-post-content\">\n\t\t\t\t<div>La Responsabilidad extendida al productor - REP requiere que todos los actores de la industria...<\/div>\n\t\t\t\t\t\t\t\t\t<a class=\"wprpsp-read-more-btn\" href=\"https:\/\/desarrollo.infobox.com.pe\/miempresacircular\/2023\/09\/23\/los-residuos-de-envases-y-la-contaminacion\/\" target=\"_self\">Leer m\u00e1s<\/a>\n\t\t\t\t\t\t\t<\/div>\n\t\t\t<\/div>\n<\/div>\n<div class=\"wprpsp-post-slides\">\n\t<div class=\"wprpsp-post-grid-content \">\n\t\t\t\t\t<div class=\"wprpsp-post-image-wrap wprpsp-post-image-bg\" style=\"\">\n\t\t\t\t<a href=\"https:\/\/desarrollo.infobox.com.pe\/miempresacircular\/2023\/09\/23\/web-de-promocion-zero-waste-europe\/\" target=\"_self\">\n\t\t\t\t\t<img decoding=\"async\" class=\"wprpsp-post-img\"  src=\"https:\/\/desarrollo.infobox.com.pe\/miempresacircular\/wp-content\/uploads\/2023\/09\/Captura-de-pantalla-2023-11-01-a-las-21.06.13.png\" alt=\"Sitio web de promoci\u00f3n: Zero Waste Europe\" \/>\n\t\t\t\t<\/a>\n\t\t\t<\/div>\n\t\t\t\t\t<h2 class=\"wprpsp-post-title\">\n\t\t\t\t<a href=\"https:\/\/desarrollo.infobox.com.pe\/miempresacircular\/2023\/09\/23\/web-de-promocion-zero-waste-europe\/\" target=\"_self\">Sitio web de promoci\u00f3n: Zero Waste Europe<\/a>\n\t\t\t<\/h2>\n\t\t\t\t\t<div class=\"wprpsp-post-cats-wrap\"><ul class=\"post-categories wprpsp-post-categories\"><li><a href=\"https:\/\/desarrollo.infobox.com.pe\/miempresacircular\/category\/centro-de-conocimiento\/informativo\/\" rel=\"category\" target=\"_self\"> Informativo <\/a><\/li><li><a href=\"https:\/\/desarrollo.infobox.com.pe\/miempresacircular\/category\/reciclar\/\" rel=\"category\" target=\"_self\"> Reciclar <\/a><\/li><li><a href=\"https:\/\/desarrollo.infobox.com.pe\/miempresacircular\/category\/segregar\/\" rel=\"category\" target=\"_self\"> Segregar <\/a><\/li><\/ul><\/div>\n\t\t\t\t\t<div class=\"wprpsp-post-date\">\n\t\t\t\t\t\t\t\t\t\t\t\t23\/09\/2023\t\t\t<\/div>\n\t\t\t\t\t<div class=\"wprpsp-post-content\">\n\t\t\t\t<div>Es la red europea de comunidades, l\u00edderes locales, expertos y agentes de cambio que trabajan...<\/div>\n\t\t\t\t\t\t\t\t\t<a class=\"wprpsp-read-more-btn\" href=\"https:\/\/desarrollo.infobox.com.pe\/miempresacircular\/2023\/09\/23\/web-de-promocion-zero-waste-europe\/\" target=\"_self\">Leer m\u00e1s<\/a>\n\t\t\t\t\t\t\t<\/div>\n\t\t\t<\/div>\n<\/div>\n<div class=\"wprpsp-post-slides\">\n\t<div class=\"wprpsp-post-grid-content \">\n\t\t\t\t\t<div class=\"wprpsp-post-image-wrap wprpsp-post-image-bg\" style=\"\">\n\t\t\t\t<a href=\"https:\/\/desarrollo.infobox.com.pe\/miempresacircular\/2023\/09\/23\/economia-circular-y-valorizacion-de-metal\/\" target=\"_self\">\n\t\t\t\t\t<img decoding=\"async\" class=\"wprpsp-post-img\"  src=\"https:\/\/desarrollo.infobox.com.pe\/miempresacircular\/wp-content\/uploads\/2023\/09\/Captura-de-pantalla-2023-11-01-a-las-20.44.54.png\" alt=\"Econom\u00eda circular y valorizaci\u00f3n de metales\" \/>\n\t\t\t\t<\/a>\n\t\t\t<\/div>\n\t\t\t\t\t<h2 class=\"wprpsp-post-title\">\n\t\t\t\t<a href=\"https:\/\/desarrollo.infobox.com.pe\/miempresacircular\/2023\/09\/23\/economia-circular-y-valorizacion-de-metal\/\" target=\"_self\">Econom\u00eda circular y valorizaci\u00f3n de metales<\/a>\n\t\t\t<\/h2>\n\t\t\t\t\t<div class=\"wprpsp-post-cats-wrap\"><ul class=\"post-categories wprpsp-post-categories\"><li><a href=\"https:\/\/desarrollo.infobox.com.pe\/miempresacircular\/category\/centro-de-conocimiento\/informativo\/\" rel=\"category\" target=\"_self\"> Informativo <\/a><\/li><li><a href=\"https:\/\/desarrollo.infobox.com.pe\/miempresacircular\/category\/reciclar\/\" rel=\"category\" target=\"_self\"> Reciclar <\/a><\/li><\/ul><\/div>\n\t\t\t\t\t<div class=\"wprpsp-post-date\">\n\t\t\t\t\t\t\t\t\t\t\t\t23\/09\/2023\t\t\t<\/div>\n\t\t\t\t\t<div class=\"wprpsp-post-content\">\n\t\t\t\t<div>Dentro de los residuos de aparatos el\u00e9ctricos y electr\u00f3nicos (RAEE) es posible encontrar componentes que...<\/div>\n\t\t\t\t\t\t\t\t\t<a class=\"wprpsp-read-more-btn\" href=\"https:\/\/desarrollo.infobox.com.pe\/miempresacircular\/2023\/09\/23\/economia-circular-y-valorizacion-de-metal\/\" target=\"_self\">Leer m\u00e1s<\/a>\n\t\t\t\t\t\t\t<\/div>\n\t\t\t<\/div>\n<\/div>\n<div class=\"wprpsp-post-slides\">\n\t<div class=\"wprpsp-post-grid-content \">\n\t\t\t\t\t<div class=\"wprpsp-post-image-wrap wprpsp-post-image-bg\" style=\"\">\n\t\t\t\t<a href=\"https:\/\/desarrollo.infobox.com.pe\/miempresacircular\/2023\/09\/23\/envases-flexibles\/\" target=\"_self\">\n\t\t\t\t\t<img decoding=\"async\" class=\"wprpsp-post-img\"  src=\"https:\/\/desarrollo.infobox.com.pe\/miempresacircular\/wp-content\/uploads\/2023\/09\/Captura-de-pantalla-2023-11-01-a-las-20.31.09.png\" alt=\"Envases flexibles\" \/>\n\t\t\t\t<\/a>\n\t\t\t<\/div>\n\t\t\t\t\t<h2 class=\"wprpsp-post-title\">\n\t\t\t\t<a href=\"https:\/\/desarrollo.infobox.com.pe\/miempresacircular\/2023\/09\/23\/envases-flexibles\/\" target=\"_self\">Envases flexibles<\/a>\n\t\t\t<\/h2>\n\t\t\t\t\t<div class=\"wprpsp-post-cats-wrap\"><ul class=\"post-categories wprpsp-post-categories\"><li><a href=\"https:\/\/desarrollo.infobox.com.pe\/miempresacircular\/category\/ecodiseno\/\" rel=\"category\" target=\"_self\"> Ecodise\u00f1o <\/a><\/li><li><a href=\"https:\/\/desarrollo.infobox.com.pe\/miempresacircular\/category\/centro-de-conocimiento\/informativo\/\" rel=\"category\" target=\"_self\"> Informativo <\/a><\/li><li><a href=\"https:\/\/desarrollo.infobox.com.pe\/miempresacircular\/category\/plastico\/\" rel=\"category\" target=\"_self\"> Pl\u00e1stico <\/a><\/li><\/ul><\/div>\n\t\t\t\t\t<div class=\"wprpsp-post-date\">\n\t\t\t\t\t\t\t\t\t\t\t\t23\/09\/2023\t\t\t<\/div>\n\t\t\t\t\t<div class=\"wprpsp-post-content\">\n\t\t\t\t<div>Los envases flexibles son la categor\u00eda de envases de pl\u00e1stico de m\u00e1s r\u00e1pido crecimiento.\u00a0Debido a...<\/div>\n\t\t\t\t\t\t\t\t\t<a class=\"wprpsp-read-more-btn\" href=\"https:\/\/desarrollo.infobox.com.pe\/miempresacircular\/2023\/09\/23\/envases-flexibles\/\" target=\"_self\">Leer m\u00e1s<\/a>\n\t\t\t\t\t\t\t<\/div>\n\t\t\t<\/div>\n<\/div>\n\t<\/div>\n<\/div>\n<\/div>\n\t\t<\/div><div id=\"panel-9235-1-1-3\" class=\"so-panel widget widget_text\" data-index=\"4\" >\t\t\t<div class=\"textwidget\"><h4 style=\"text-align: center; color: #164985;\">T\u00c9CNICO<\/h4>\n<div style=\"display: flex; justify-content: center; align-items: center; gap: 10px; margin: 0px 0 40px 0;\">\n<div style=\"width: 50px; height: 2px; background-color: rgba(22, 73, 133, 0.5);\"><\/div>\n<div style=\"width: 50px; height: 2px; background-color: rgba(22, 73, 133);\"><\/div>\n<div style=\"width: 50px; height: 2px; background-color: rgba(22, 73, 133, 0.5);\"><\/div>\n<\/div>\n<p style=\"text-align: right;\"><a style=\"color: #164985; text-decoration: none;\" href=\"\/miempresacircular\/category\/centro-de-conocimiento\/tecnico\/\">Ver m\u00e1s<\/a><\/p>\n<\/div>\n\t\t<\/div><div id=\"panel-9235-1-1-4\" class=\"so-panel widget widget_text\" data-index=\"5\" >\t\t\t<div class=\"textwidget\">\n<div class=\"wprpsp-carousel-pro-slider-wrp wprpsp-clearfix \" data-conf=\"{&quot;dots&quot;:&quot;false&quot;,&quot;arrows&quot;:&quot;true&quot;,&quot;autoplay&quot;:&quot;true&quot;,&quot;autoplay_interval&quot;:3000,&quot;speed&quot;:300,&quot;slides_to_show&quot;:4,&quot;slides_to_scroll&quot;:1,&quot;centermode&quot;:&quot;false&quot;,&quot;centerpadding&quot;:0,&quot;infinite&quot;:&quot;true&quot;,&quot;hover_pause&quot;:&quot;true&quot;,&quot;focus_pause&quot;:&quot;false&quot;,&quot;rtl&quot;:&quot;false&quot;,&quot;lazyload&quot;:&quot;&quot;}\">\n\t<div id=\"wprpsp-recent-post-carousel-2\" class=\"wprpsp-recent-post-carousel wprpsp-post-slider-init wprpsp-design-1 wprpsp-image-fit slides-to-show-4 wprpsp-clearfix\">\n<div class=\"wprpsp-post-slides\">\n\t<div class=\"wprpsp-post-grid-content \">\n\t\t\t\t\t<div class=\"wprpsp-post-image-wrap wprpsp-post-image-bg\" style=\"\">\n\t\t\t\t<a href=\"https:\/\/desarrollo.infobox.com.pe\/miempresacircular\/2024\/04\/02\/estudios-y-analisis-relacionados-a-economia-circular-en-la-industria-manufacturera\/\" target=\"_self\">\n\t\t\t\t\t<img decoding=\"async\" class=\"wprpsp-post-img\"  src=\"https:\/\/desarrollo.infobox.com.pe\/miempresacircular\/wp-content\/uploads\/2024\/04\/Imagen-pagina-web-3.png\" alt=\"Estudios y an\u00e1lisis relacionados a Econom\u00eda Circular en la Industria Manufacturera\" \/>\n\t\t\t\t<\/a>\n\t\t\t<\/div>\n\t\t\t\t\t<h2 class=\"wprpsp-post-title\">\n\t\t\t\t<a href=\"https:\/\/desarrollo.infobox.com.pe\/miempresacircular\/2024\/04\/02\/estudios-y-analisis-relacionados-a-economia-circular-en-la-industria-manufacturera\/\" target=\"_self\">Estudios y an\u00e1lisis relacionados a Econom\u00eda Circular en la Industria Manufacturera<\/a>\n\t\t\t<\/h2>\n\t\t\t\t\t<div class=\"wprpsp-post-cats-wrap\"><ul class=\"post-categories wprpsp-post-categories\"><li><a href=\"https:\/\/desarrollo.infobox.com.pe\/miempresacircular\/category\/centro-de-conocimiento\/\" rel=\"category\" target=\"_self\"> Centro de conocimiento <\/a><\/li><li><a href=\"https:\/\/desarrollo.infobox.com.pe\/miempresacircular\/category\/centro-de-conocimiento\/tecnico\/\" rel=\"category\" target=\"_self\"> T\u00e9cnico <\/a><\/li><\/ul><\/div>\n\t\t\t\t\t<div class=\"wprpsp-post-date\">\n\t\t\t\t\t\t\t\t\t\t\t\t02\/04\/2024\t\t\t<\/div>\n\t\t\t\t\t<div class=\"wprpsp-post-content\">\n\t\t\t\t<div>Estudios y An\u00e1lisis relacionados a Econom\u00eda Circular en la Industria Manufacturera por el Ministerio de...<\/div>\n\t\t\t\t\t\t\t\t\t<a class=\"wprpsp-read-more-btn\" href=\"https:\/\/desarrollo.infobox.com.pe\/miempresacircular\/2024\/04\/02\/estudios-y-analisis-relacionados-a-economia-circular-en-la-industria-manufacturera\/\" target=\"_self\">Leer m\u00e1s<\/a>\n\t\t\t\t\t\t\t<\/div>\n\t\t\t<\/div>\n<\/div>\n<div class=\"wprpsp-post-slides\">\n\t<div class=\"wprpsp-post-grid-content \">\n\t\t\t\t\t<div class=\"wprpsp-post-image-wrap wprpsp-post-image-bg\" style=\"\">\n\t\t\t\t<a href=\"https:\/\/desarrollo.infobox.com.pe\/miempresacircular\/2024\/04\/01\/desbloquear-la-revolucion-en-el-reuso-ampliando-el-uso-de-los-envases-retornables\/\" target=\"_self\">\n\t\t\t\t\t<img decoding=\"async\" class=\"wprpsp-post-img\"  src=\"https:\/\/desarrollo.infobox.com.pe\/miempresacircular\/wp-content\/uploads\/2024\/04\/Imagen-pagina-web-1-1-1.png\" alt=\"Desbloquear la revoluci\u00f3n en el re\u00faso: Ampliando el uso de los envases retornables\" \/>\n\t\t\t\t<\/a>\n\t\t\t<\/div>\n\t\t\t\t\t<h2 class=\"wprpsp-post-title\">\n\t\t\t\t<a href=\"https:\/\/desarrollo.infobox.com.pe\/miempresacircular\/2024\/04\/01\/desbloquear-la-revolucion-en-el-reuso-ampliando-el-uso-de-los-envases-retornables\/\" target=\"_self\">Desbloquear la revoluci\u00f3n en el re\u00faso: Ampliando el uso de los envases retornables<\/a>\n\t\t\t<\/h2>\n\t\t\t\t\t<div class=\"wprpsp-post-cats-wrap\"><ul class=\"post-categories wprpsp-post-categories\"><li><a href=\"https:\/\/desarrollo.infobox.com.pe\/miempresacircular\/category\/centro-de-conocimiento\/\" rel=\"category\" target=\"_self\"> Centro de conocimiento <\/a><\/li><li><a href=\"https:\/\/desarrollo.infobox.com.pe\/miempresacircular\/category\/centro-de-conocimiento\/tecnico\/\" rel=\"category\" target=\"_self\"> T\u00e9cnico <\/a><\/li><\/ul><\/div>\n\t\t\t\t\t<div class=\"wprpsp-post-date\">\n\t\t\t\t\t\t\t\t\t\t\t\t01\/04\/2024\t\t\t<\/div>\n\t\t\t\t\t<div class=\"wprpsp-post-content\">\n\t\t\t\t<div>Este estudio ofrece ideas y recomendaciones para dise\u00f1ar y ampliar la incorporaci\u00f3n de los envases...<\/div>\n\t\t\t\t\t\t\t\t\t<a class=\"wprpsp-read-more-btn\" href=\"https:\/\/desarrollo.infobox.com.pe\/miempresacircular\/2024\/04\/01\/desbloquear-la-revolucion-en-el-reuso-ampliando-el-uso-de-los-envases-retornables\/\" target=\"_self\">Leer m\u00e1s<\/a>\n\t\t\t\t\t\t\t<\/div>\n\t\t\t<\/div>\n<\/div>\n<div class=\"wprpsp-post-slides\">\n\t<div class=\"wprpsp-post-grid-content \">\n\t\t\t\t\t<div class=\"wprpsp-post-image-wrap wprpsp-post-image-bg\" style=\"\">\n\t\t\t\t<a href=\"https:\/\/desarrollo.infobox.com.pe\/miempresacircular\/2024\/04\/01\/el-gran-rediseno-de-los-alimentos-regenerando-la-naturaleza-con-la-economia-circular\/\" target=\"_self\">\n\t\t\t\t\t<img decoding=\"async\" class=\"wprpsp-post-img\"  src=\"https:\/\/desarrollo.infobox.com.pe\/miempresacircular\/wp-content\/uploads\/2024\/04\/Imagen-pagina-web-1.png\" alt=\"El gran redise\u00f1o de los alimentos. Regenerando la naturaleza con la econom\u00eda circular\" \/>\n\t\t\t\t<\/a>\n\t\t\t<\/div>\n\t\t\t\t\t<h2 class=\"wprpsp-post-title\">\n\t\t\t\t<a href=\"https:\/\/desarrollo.infobox.com.pe\/miempresacircular\/2024\/04\/01\/el-gran-rediseno-de-los-alimentos-regenerando-la-naturaleza-con-la-economia-circular\/\" target=\"_self\">El gran redise\u00f1o de los alimentos. Regenerando la naturaleza con la econom\u00eda circular<\/a>\n\t\t\t<\/h2>\n\t\t\t\t\t<div class=\"wprpsp-post-cats-wrap\"><ul class=\"post-categories wprpsp-post-categories\"><li><a href=\"https:\/\/desarrollo.infobox.com.pe\/miempresacircular\/category\/agroindustria\/\" rel=\"category\" target=\"_self\"> Agroindustria <\/a><\/li><li><a href=\"https:\/\/desarrollo.infobox.com.pe\/miempresacircular\/category\/centro-de-conocimiento\/\" rel=\"category\" target=\"_self\"> Centro de conocimiento <\/a><\/li><li><a href=\"https:\/\/desarrollo.infobox.com.pe\/miempresacircular\/category\/ecodiseno\/\" rel=\"category\" target=\"_self\"> Ecodise\u00f1o <\/a><\/li><li><a href=\"https:\/\/desarrollo.infobox.com.pe\/miempresacircular\/category\/centro-de-conocimiento\/tecnico\/\" rel=\"category\" target=\"_self\"> T\u00e9cnico <\/a><\/li><\/ul><\/div>\n\t\t\t\t\t<div class=\"wprpsp-post-date\">\n\t\t\t\t\t\t\t\t\t\t\t\t01\/04\/2024\t\t\t<\/div>\n\t\t\t\t\t<div class=\"wprpsp-post-content\">\n\t\t\t\t<div>Este estudio analiza el papel que pueden desempe\u00f1ar las empresas de bienes de consumo de...<\/div>\n\t\t\t\t\t\t\t\t\t<a class=\"wprpsp-read-more-btn\" href=\"https:\/\/desarrollo.infobox.com.pe\/miempresacircular\/2024\/04\/01\/el-gran-rediseno-de-los-alimentos-regenerando-la-naturaleza-con-la-economia-circular\/\" target=\"_self\">Leer m\u00e1s<\/a>\n\t\t\t\t\t\t\t<\/div>\n\t\t\t<\/div>\n<\/div>\n<div class=\"wprpsp-post-slides\">\n\t<div class=\"wprpsp-post-grid-content \">\n\t\t\t\t\t<div class=\"wprpsp-post-image-wrap wprpsp-post-image-bg\" style=\"\">\n\t\t\t\t<a href=\"https:\/\/desarrollo.infobox.com.pe\/miempresacircular\/2023\/09\/23\/el-sector-de-construccion-en-relacion-con-la-economia-circular-en-mexico\/\" target=\"_self\">\n\t\t\t\t\t<img decoding=\"async\" class=\"wprpsp-post-img\"  src=\"https:\/\/desarrollo.infobox.com.pe\/miempresacircular\/wp-content\/uploads\/2023\/09\/Captura-de-pantalla-2023-09-26-a-las-15.22.52.png\" alt=\"Econom\u00eda Circular en el sector construcci\u00f3n\" \/>\n\t\t\t\t<\/a>\n\t\t\t<\/div>\n\t\t\t\t\t<h2 class=\"wprpsp-post-title\">\n\t\t\t\t<a href=\"https:\/\/desarrollo.infobox.com.pe\/miempresacircular\/2023\/09\/23\/el-sector-de-construccion-en-relacion-con-la-economia-circular-en-mexico\/\" target=\"_self\">Econom\u00eda Circular en el sector construcci\u00f3n<\/a>\n\t\t\t<\/h2>\n\t\t\t\t\t<div class=\"wprpsp-post-cats-wrap\"><ul class=\"post-categories wprpsp-post-categories\"><li><a href=\"https:\/\/desarrollo.infobox.com.pe\/miempresacircular\/category\/segregar\/\" rel=\"category\" target=\"_self\"> Segregar <\/a><\/li><li><a href=\"https:\/\/desarrollo.infobox.com.pe\/miempresacircular\/category\/centro-de-conocimiento\/tecnico\/\" rel=\"category\" target=\"_self\"> T\u00e9cnico <\/a><\/li><\/ul><\/div>\n\t\t\t\t\t<div class=\"wprpsp-post-date\">\n\t\t\t\t\t\t\t\t\t\t\t\t23\/09\/2023\t\t\t<\/div>\n\t\t\t\t\t<div class=\"wprpsp-post-content\">\n\t\t\t\t<div>An\u00e1lisis de la situaci\u00f3n actual del sector de construcci\u00f3n y demolici\u00f3n en relaci\u00f3n con la...<\/div>\n\t\t\t\t\t\t\t\t\t<a class=\"wprpsp-read-more-btn\" href=\"https:\/\/desarrollo.infobox.com.pe\/miempresacircular\/2023\/09\/23\/el-sector-de-construccion-en-relacion-con-la-economia-circular-en-mexico\/\" target=\"_self\">Leer m\u00e1s<\/a>\n\t\t\t\t\t\t\t<\/div>\n\t\t\t<\/div>\n<\/div>\n<div class=\"wprpsp-post-slides\">\n\t<div class=\"wprpsp-post-grid-content \">\n\t\t\t\t\t<div class=\"wprpsp-post-image-wrap wprpsp-post-image-bg\" style=\"\">\n\t\t\t\t<a href=\"https:\/\/desarrollo.infobox.com.pe\/miempresacircular\/2023\/09\/23\/una-vision-general-del-sector-de-reparacion-de-europa\/\" target=\"_self\">\n\t\t\t\t\t<img decoding=\"async\" class=\"wprpsp-post-img\"  src=\"https:\/\/desarrollo.infobox.com.pe\/miempresacircular\/wp-content\/uploads\/2023\/09\/43_Una-vision-general-del-sector-de-reparacion-de-Europa.png\" alt=\"An overview of Europe\u2019s repair sector\" \/>\n\t\t\t\t<\/a>\n\t\t\t<\/div>\n\t\t\t\t\t<h2 class=\"wprpsp-post-title\">\n\t\t\t\t<a href=\"https:\/\/desarrollo.infobox.com.pe\/miempresacircular\/2023\/09\/23\/una-vision-general-del-sector-de-reparacion-de-europa\/\" target=\"_self\">An overview of Europe\u2019s repair sector<\/a>\n\t\t\t<\/h2>\n\t\t\t\t\t<div class=\"wprpsp-post-cats-wrap\"><ul class=\"post-categories wprpsp-post-categories\"><li><a href=\"https:\/\/desarrollo.infobox.com.pe\/miempresacircular\/category\/mantener-reparar\/\" rel=\"category\" target=\"_self\"> Mantener y reparar <\/a><\/li><li><a href=\"https:\/\/desarrollo.infobox.com.pe\/miempresacircular\/category\/centro-de-conocimiento\/tecnico\/\" rel=\"category\" target=\"_self\"> T\u00e9cnico <\/a><\/li><\/ul><\/div>\n\t\t\t\t\t<div class=\"wprpsp-post-date\">\n\t\t\t\t\t\t\t\t\t\t\t\t23\/09\/2023\t\t\t<\/div>\n\t\t\t\t\t<div class=\"wprpsp-post-content\">\n\t\t\t\t<div>El objetivo principal de este informe es consolidar y avanzar en el conocimiento existente y...<\/div>\n\t\t\t\t\t\t\t\t\t<a class=\"wprpsp-read-more-btn\" href=\"https:\/\/desarrollo.infobox.com.pe\/miempresacircular\/2023\/09\/23\/una-vision-general-del-sector-de-reparacion-de-europa\/\" target=\"_self\">Leer m\u00e1s<\/a>\n\t\t\t\t\t\t\t<\/div>\n\t\t\t<\/div>\n<\/div>\n<div class=\"wprpsp-post-slides\">\n\t<div class=\"wprpsp-post-grid-content \">\n\t\t\t\t\t<div class=\"wprpsp-post-image-wrap wprpsp-post-image-bg\" style=\"\">\n\t\t\t\t<a href=\"https:\/\/desarrollo.infobox.com.pe\/miempresacircular\/2023\/09\/23\/evaluacion-del-estado-de-la-economia-circular\/\" target=\"_self\">\n\t\t\t\t\t<img decoding=\"async\" class=\"wprpsp-post-img\"  src=\"https:\/\/desarrollo.infobox.com.pe\/miempresacircular\/wp-content\/uploads\/2023\/09\/Captura-de-pantalla-2023-11-01-a-las-19.42.07.png\" alt=\"Evaluaci\u00f3n del estado de la econom\u00eda circular\" \/>\n\t\t\t\t<\/a>\n\t\t\t<\/div>\n\t\t\t\t\t<h2 class=\"wprpsp-post-title\">\n\t\t\t\t<a href=\"https:\/\/desarrollo.infobox.com.pe\/miempresacircular\/2023\/09\/23\/evaluacion-del-estado-de-la-economia-circular\/\" target=\"_self\">Evaluaci\u00f3n del estado de la econom\u00eda circular<\/a>\n\t\t\t<\/h2>\n\t\t\t\t\t<div class=\"wprpsp-post-cats-wrap\"><ul class=\"post-categories wprpsp-post-categories\"><li><a href=\"https:\/\/desarrollo.infobox.com.pe\/miempresacircular\/category\/modelo-de-negocio\/\" rel=\"category\" target=\"_self\"> Modelo de negocio <\/a><\/li><li><a href=\"https:\/\/desarrollo.infobox.com.pe\/miempresacircular\/category\/centro-de-conocimiento\/tecnico\/\" rel=\"category\" target=\"_self\"> T\u00e9cnico <\/a><\/li><\/ul><\/div>\n\t\t\t\t\t<div class=\"wprpsp-post-date\">\n\t\t\t\t\t\t\t\t\t\t\t\t23\/09\/2023\t\t\t<\/div>\n\t\t\t\t\t<div class=\"wprpsp-post-content\">\n\t\t\t\t<div>El documento realiza una evaluaci\u00f3n de la econom\u00eda circular para cuatro pa\u00edses: Brasil, Chile, Uruguay...<\/div>\n\t\t\t\t\t\t\t\t\t<a class=\"wprpsp-read-more-btn\" href=\"https:\/\/desarrollo.infobox.com.pe\/miempresacircular\/2023\/09\/23\/evaluacion-del-estado-de-la-economia-circular\/\" target=\"_self\">Leer m\u00e1s<\/a>\n\t\t\t\t\t\t\t<\/div>\n\t\t\t<\/div>\n<\/div>\n<div class=\"wprpsp-post-slides\">\n\t<div class=\"wprpsp-post-grid-content \">\n\t\t\t\t\t<div class=\"wprpsp-post-image-wrap wprpsp-post-image-bg\" style=\"\">\n\t\t\t\t<a href=\"https:\/\/desarrollo.infobox.com.pe\/miempresacircular\/2023\/09\/23\/politica-de-economia-circular-en-mexico\/\" target=\"_self\">\n\t\t\t\t\t<img decoding=\"async\" class=\"wprpsp-post-img\"  src=\"https:\/\/desarrollo.infobox.com.pe\/miempresacircular\/wp-content\/uploads\/2023\/09\/Captura-de-pantalla-2023-11-01-a-las-19.38.05.png\" alt=\"Pol\u00edtica de econom\u00eda circular en M\u00e9xico\" \/>\n\t\t\t\t<\/a>\n\t\t\t<\/div>\n\t\t\t\t\t<h2 class=\"wprpsp-post-title\">\n\t\t\t\t<a href=\"https:\/\/desarrollo.infobox.com.pe\/miempresacircular\/2023\/09\/23\/politica-de-economia-circular-en-mexico\/\" target=\"_self\">Pol\u00edtica de econom\u00eda circular en M\u00e9xico<\/a>\n\t\t\t<\/h2>\n\t\t\t\t\t<div class=\"wprpsp-post-cats-wrap\"><ul class=\"post-categories wprpsp-post-categories\"><li><a href=\"https:\/\/desarrollo.infobox.com.pe\/miempresacircular\/category\/modelo-de-negocio\/\" rel=\"category\" target=\"_self\"> Modelo de negocio <\/a><\/li><li><a href=\"https:\/\/desarrollo.infobox.com.pe\/miempresacircular\/category\/centro-de-conocimiento\/tecnico\/\" rel=\"category\" target=\"_self\"> T\u00e9cnico <\/a><\/li><\/ul><\/div>\n\t\t\t\t\t<div class=\"wprpsp-post-date\">\n\t\t\t\t\t\t\t\t\t\t\t\t23\/09\/2023\t\t\t<\/div>\n\t\t\t\t\t<div class=\"wprpsp-post-content\">\n\t\t\t\t<div>Como parte del trabajo realizado para el proyecto del CTCN \"Evaluaci\u00f3n del estado actual de...<\/div>\n\t\t\t\t\t\t\t\t\t<a class=\"wprpsp-read-more-btn\" href=\"https:\/\/desarrollo.infobox.com.pe\/miempresacircular\/2023\/09\/23\/politica-de-economia-circular-en-mexico\/\" target=\"_self\">Leer m\u00e1s<\/a>\n\t\t\t\t\t\t\t<\/div>\n\t\t\t<\/div>\n<\/div>\n<div class=\"wprpsp-post-slides\">\n\t<div class=\"wprpsp-post-grid-content \">\n\t\t\t\t\t<div class=\"wprpsp-post-image-wrap wprpsp-post-image-bg\" style=\"\">\n\t\t\t\t<a href=\"https:\/\/desarrollo.infobox.com.pe\/miempresacircular\/2023\/09\/22\/circularity-gap-toolkit\/\" target=\"_self\">\n\t\t\t\t\t<img decoding=\"async\" class=\"wprpsp-post-img\"  src=\"https:\/\/desarrollo.infobox.com.pe\/miempresacircular\/wp-content\/uploads\/2023\/09\/Captura-de-pantalla-2023-11-01-a-las-19.18.01.png\" alt=\"\u00abCircularity Gap Toolkit\u00bb\" \/>\n\t\t\t\t<\/a>\n\t\t\t<\/div>\n\t\t\t\t\t<h2 class=\"wprpsp-post-title\">\n\t\t\t\t<a href=\"https:\/\/desarrollo.infobox.com.pe\/miempresacircular\/2023\/09\/22\/circularity-gap-toolkit\/\" target=\"_self\">\u00abCircularity Gap Toolkit\u00bb<\/a>\n\t\t\t<\/h2>\n\t\t\t\t\t<div class=\"wprpsp-post-cats-wrap\"><ul class=\"post-categories wprpsp-post-categories\"><li><a href=\"https:\/\/desarrollo.infobox.com.pe\/miempresacircular\/category\/modelo-de-negocio\/\" rel=\"category\" target=\"_self\"> Modelo de negocio <\/a><\/li><li><a href=\"https:\/\/desarrollo.infobox.com.pe\/miempresacircular\/category\/centro-de-conocimiento\/tecnico\/\" rel=\"category\" target=\"_self\"> T\u00e9cnico <\/a><\/li><\/ul><\/div>\n\t\t\t\t\t<div class=\"wprpsp-post-date\">\n\t\t\t\t\t\t\t\t\t\t\t\t22\/09\/2023\t\t\t<\/div>\n\t\t\t\t\t<div class=\"wprpsp-post-content\">\n\t\t\t\t<div>Esta herramienta proporciona un marco para medir y evaluar la circularidad de una econom\u00eda, ayudando...<\/div>\n\t\t\t\t\t\t\t\t\t<a class=\"wprpsp-read-more-btn\" href=\"https:\/\/desarrollo.infobox.com.pe\/miempresacircular\/2023\/09\/22\/circularity-gap-toolkit\/\" target=\"_self\">Leer m\u00e1s<\/a>\n\t\t\t\t\t\t\t<\/div>\n\t\t\t<\/div>\n<\/div>\n<div class=\"wprpsp-post-slides\">\n\t<div class=\"wprpsp-post-grid-content \">\n\t\t\t\t\t<div class=\"wprpsp-post-image-wrap wprpsp-post-image-bg\" style=\"\">\n\t\t\t\t<a href=\"https:\/\/desarrollo.infobox.com.pe\/miempresacircular\/2023\/09\/22\/the-circularity-gap-report-2023\/\" target=\"_self\">\n\t\t\t\t\t<img decoding=\"async\" class=\"wprpsp-post-img\"  src=\"https:\/\/desarrollo.infobox.com.pe\/miempresacircular\/wp-content\/uploads\/2023\/09\/Captura-de-pantalla-2023-11-01-a-las-19.05.49.png\" alt=\"\u00abThe Circularity Gap Report\u00bb 2023\" \/>\n\t\t\t\t<\/a>\n\t\t\t<\/div>\n\t\t\t\t\t<h2 class=\"wprpsp-post-title\">\n\t\t\t\t<a href=\"https:\/\/desarrollo.infobox.com.pe\/miempresacircular\/2023\/09\/22\/the-circularity-gap-report-2023\/\" target=\"_self\">\u00abThe Circularity Gap Report\u00bb 2023<\/a>\n\t\t\t<\/h2>\n\t\t\t\t\t<div class=\"wprpsp-post-cats-wrap\"><ul class=\"post-categories wprpsp-post-categories\"><li><a href=\"https:\/\/desarrollo.infobox.com.pe\/miempresacircular\/category\/modelo-de-negocio\/\" rel=\"category\" target=\"_self\"> Modelo de negocio <\/a><\/li><li><a href=\"https:\/\/desarrollo.infobox.com.pe\/miempresacircular\/category\/centro-de-conocimiento\/tecnico\/\" rel=\"category\" target=\"_self\"> T\u00e9cnico <\/a><\/li><\/ul><\/div>\n\t\t\t\t\t<div class=\"wprpsp-post-date\">\n\t\t\t\t\t\t\t\t\t\t\t\t22\/09\/2023\t\t\t<\/div>\n\t\t\t\t\t<div class=\"wprpsp-post-content\">\n\t\t\t\t<div>Este informe anual eval\u00faa el progreso de la econom\u00eda circular en diferentes regiones y sectores,...<\/div>\n\t\t\t\t\t\t\t\t\t<a class=\"wprpsp-read-more-btn\" href=\"https:\/\/desarrollo.infobox.com.pe\/miempresacircular\/2023\/09\/22\/the-circularity-gap-report-2023\/\" target=\"_self\">Leer m\u00e1s<\/a>\n\t\t\t\t\t\t\t<\/div>\n\t\t\t<\/div>\n<\/div>\n<div class=\"wprpsp-post-slides\">\n\t<div class=\"wprpsp-post-grid-content \">\n\t\t\t\t\t<div class=\"wprpsp-post-image-wrap wprpsp-post-image-bg\" style=\"\">\n\t\t\t\t<a href=\"https:\/\/desarrollo.infobox.com.pe\/miempresacircular\/2023\/09\/22\/flujo-del-carton-para-bebidas\/\" target=\"_self\">\n\t\t\t\t\t<img decoding=\"async\" class=\"wprpsp-post-img\"  src=\"https:\/\/desarrollo.infobox.com.pe\/miempresacircular\/wp-content\/uploads\/2023\/09\/clay-banks-7d2tmcJWSRQ-unsplash-scaled.jpg\" alt=\"Flujo del cart\u00f3n para bebidas\" \/>\n\t\t\t\t<\/a>\n\t\t\t<\/div>\n\t\t\t\t\t<h2 class=\"wprpsp-post-title\">\n\t\t\t\t<a href=\"https:\/\/desarrollo.infobox.com.pe\/miempresacircular\/2023\/09\/22\/flujo-del-carton-para-bebidas\/\" target=\"_self\">Flujo del cart\u00f3n para bebidas<\/a>\n\t\t\t<\/h2>\n\t\t\t\t\t<div class=\"wprpsp-post-cats-wrap\"><ul class=\"post-categories wprpsp-post-categories\"><li><a href=\"https:\/\/desarrollo.infobox.com.pe\/miempresacircular\/category\/reutilizar\/\" rel=\"category\" target=\"_self\"> Reutilizar <\/a><\/li><li><a href=\"https:\/\/desarrollo.infobox.com.pe\/miempresacircular\/category\/centro-de-conocimiento\/tecnico\/\" rel=\"category\" target=\"_self\"> T\u00e9cnico <\/a><\/li><\/ul><\/div>\n\t\t\t\t\t<div class=\"wprpsp-post-date\">\n\t\t\t\t\t\t\t\t\t\t\t\t22\/09\/2023\t\t\t<\/div>\n\t\t\t\t\t<div class=\"wprpsp-post-content\">\n\t\t\t\t<div>\u00bfSab\u00edas que 8 721 toneladas de envases de cart\u00f3n para bebidas circularon en el mercado...<\/div>\n\t\t\t\t\t\t\t\t\t<a class=\"wprpsp-read-more-btn\" href=\"https:\/\/desarrollo.infobox.com.pe\/miempresacircular\/2023\/09\/22\/flujo-del-carton-para-bebidas\/\" target=\"_self\">Leer m\u00e1s<\/a>\n\t\t\t\t\t\t\t<\/div>\n\t\t\t<\/div>\n<\/div>\n<div class=\"wprpsp-post-slides\">\n\t<div class=\"wprpsp-post-grid-content \">\n\t\t\t\t\t<div class=\"wprpsp-post-image-wrap wprpsp-post-image-bg\" style=\"\">\n\t\t\t\t<a href=\"https:\/\/desarrollo.infobox.com.pe\/miempresacircular\/2023\/09\/22\/flujo-del-plastico\/\" target=\"_self\">\n\t\t\t\t\t<img decoding=\"async\" class=\"wprpsp-post-img\"  src=\"https:\/\/desarrollo.infobox.com.pe\/miempresacircular\/wp-content\/uploads\/2023\/09\/Captura-de-pantalla-2023-10-02-a-las-21.23.11.png\" alt=\"Flujo del pl\u00e1stico\" \/>\n\t\t\t\t<\/a>\n\t\t\t<\/div>\n\t\t\t\t\t<h2 class=\"wprpsp-post-title\">\n\t\t\t\t<a href=\"https:\/\/desarrollo.infobox.com.pe\/miempresacircular\/2023\/09\/22\/flujo-del-plastico\/\" target=\"_self\">Flujo del pl\u00e1stico<\/a>\n\t\t\t<\/h2>\n\t\t\t\t\t<div class=\"wprpsp-post-cats-wrap\"><ul class=\"post-categories wprpsp-post-categories\"><li><a href=\"https:\/\/desarrollo.infobox.com.pe\/miempresacircular\/category\/plastico\/\" rel=\"category\" target=\"_self\"> Pl\u00e1stico <\/a><\/li><li><a href=\"https:\/\/desarrollo.infobox.com.pe\/miempresacircular\/category\/reutilizar\/\" rel=\"category\" target=\"_self\"> Reutilizar <\/a><\/li><li><a href=\"https:\/\/desarrollo.infobox.com.pe\/miempresacircular\/category\/centro-de-conocimiento\/tecnico\/\" rel=\"category\" target=\"_self\"> T\u00e9cnico <\/a><\/li><\/ul><\/div>\n\t\t\t\t\t<div class=\"wprpsp-post-date\">\n\t\t\t\t\t\t\t\t\t\t\t\t22\/09\/2023\t\t\t<\/div>\n\t\t\t\t\t<div class=\"wprpsp-post-content\">\n\t\t\t\t<div>\u00bfSabes cu\u00e1nto pl\u00e1stico se recicla en el Per\u00fa y qu\u00e9 volumen circula?Realizamos un estudio para...<\/div>\n\t\t\t\t\t\t\t\t\t<a class=\"wprpsp-read-more-btn\" href=\"https:\/\/desarrollo.infobox.com.pe\/miempresacircular\/2023\/09\/22\/flujo-del-plastico\/\" target=\"_self\">Leer m\u00e1s<\/a>\n\t\t\t\t\t\t\t<\/div>\n\t\t\t<\/div>\n<\/div>\n<div class=\"wprpsp-post-slides\">\n\t<div class=\"wprpsp-post-grid-content \">\n\t\t\t\t\t<div class=\"wprpsp-post-image-wrap wprpsp-post-image-bg\" style=\"\">\n\t\t\t\t<a href=\"https:\/\/desarrollo.infobox.com.pe\/miempresacircular\/2023\/09\/22\/flujo-del-vidrio\/\" target=\"_self\">\n\t\t\t\t\t<img decoding=\"async\" class=\"wprpsp-post-img\"  src=\"https:\/\/desarrollo.infobox.com.pe\/miempresacircular\/wp-content\/uploads\/2023\/09\/Captura-de-pantalla-2023-10-02-a-las-21.15.32.png\" alt=\"Flujo del vidrio\" \/>\n\t\t\t\t<\/a>\n\t\t\t<\/div>\n\t\t\t\t\t<h2 class=\"wprpsp-post-title\">\n\t\t\t\t<a href=\"https:\/\/desarrollo.infobox.com.pe\/miempresacircular\/2023\/09\/22\/flujo-del-vidrio\/\" target=\"_self\">Flujo del vidrio<\/a>\n\t\t\t<\/h2>\n\t\t\t\t\t<div class=\"wprpsp-post-cats-wrap\"><ul class=\"post-categories wprpsp-post-categories\"><li><a href=\"https:\/\/desarrollo.infobox.com.pe\/miempresacircular\/category\/reutilizar\/\" rel=\"category\" target=\"_self\"> Reutilizar <\/a><\/li><li><a href=\"https:\/\/desarrollo.infobox.com.pe\/miempresacircular\/category\/centro-de-conocimiento\/tecnico\/\" rel=\"category\" target=\"_self\"> T\u00e9cnico <\/a><\/li><\/ul><\/div>\n\t\t\t\t\t<div class=\"wprpsp-post-date\">\n\t\t\t\t\t\t\t\t\t\t\t\t22\/09\/2023\t\t\t<\/div>\n\t\t\t\t\t<div class=\"wprpsp-post-content\">\n\t\t\t\t<div>\u00bfSab\u00edas que cada a\u00f1o se genera 633 mil toneladas de vidrio en el Per\u00fa?\u00a0Este estudio...<\/div>\n\t\t\t\t\t\t\t\t\t<a class=\"wprpsp-read-more-btn\" href=\"https:\/\/desarrollo.infobox.com.pe\/miempresacircular\/2023\/09\/22\/flujo-del-vidrio\/\" target=\"_self\">Leer m\u00e1s<\/a>\n\t\t\t\t\t\t\t<\/div>\n\t\t\t<\/div>\n<\/div>\n\t<\/div>\n<\/div>\n<\/div>\n\t\t<\/div><div id=\"panel-9235-1-1-5\" class=\"so-panel widget widget_text\" data-index=\"6\" >\t\t\t<div class=\"textwidget\"><h4 style=\"text-align: center; color: #164985;\">LEGAL<\/h4>\n<div style=\"display: flex; justify-content: center; align-items: center; gap: 10px; margin: 0px 0 40px 0;\">\n<div style=\"width: 50px; height: 2px; background-color: rgba(22, 73, 133, 0.5);\"><\/div>\n<div style=\"width: 50px; height: 2px; background-color: rgba(22, 73, 133);\"><\/div>\n<div style=\"width: 50px; height: 2px; background-color: rgba(22, 73, 133, 0.5);\"><\/div>\n<\/div>\n<p style=\"text-align: right;\"><a style=\"color: #164985; text-decoration: none;\" href=\"\/miempresacircular\/category\/centro-de-conocimiento\/legal\/\">Ver m\u00e1s<\/a><\/p>\n<\/div>\n\t\t<\/div><div id=\"panel-9235-1-1-6\" class=\"so-panel widget widget_text\" data-index=\"7\" >\t\t\t<div class=\"textwidget\">\n<div class=\"wprpsp-carousel-pro-slider-wrp wprpsp-clearfix \" data-conf=\"{&quot;dots&quot;:&quot;false&quot;,&quot;arrows&quot;:&quot;true&quot;,&quot;autoplay&quot;:&quot;true&quot;,&quot;autoplay_interval&quot;:3000,&quot;speed&quot;:300,&quot;slides_to_show&quot;:4,&quot;slides_to_scroll&quot;:1,&quot;centermode&quot;:&quot;false&quot;,&quot;centerpadding&quot;:0,&quot;infinite&quot;:&quot;true&quot;,&quot;hover_pause&quot;:&quot;true&quot;,&quot;focus_pause&quot;:&quot;false&quot;,&quot;rtl&quot;:&quot;false&quot;,&quot;lazyload&quot;:&quot;&quot;}\">\n\t<div id=\"wprpsp-recent-post-carousel-3\" class=\"wprpsp-recent-post-carousel wprpsp-post-slider-init wprpsp-design-1 wprpsp-image-fit slides-to-show-4 wprpsp-clearfix\">\n<div class=\"wprpsp-post-slides\">\n\t<div class=\"wprpsp-post-grid-content \">\n\t\t\t\t\t<div class=\"wprpsp-post-image-wrap wprpsp-post-image-bg\" style=\"\">\n\t\t\t\t<a href=\"https:\/\/desarrollo.infobox.com.pe\/miempresacircular\/2023\/09\/23\/marco-para-la-gestion-de-residuos-y-fomento-al-reciclaje\/\" target=\"_self\">\n\t\t\t\t\t<img decoding=\"async\" class=\"wprpsp-post-img\"  src=\"https:\/\/desarrollo.infobox.com.pe\/miempresacircular\/wp-content\/uploads\/2023\/09\/Captura-de-pantalla-2023-11-01-a-las-21.51.42.png\" alt=\"Gesti\u00f3n de residuos y fomento del reciclaje\" \/>\n\t\t\t\t<\/a>\n\t\t\t<\/div>\n\t\t\t\t\t<h2 class=\"wprpsp-post-title\">\n\t\t\t\t<a href=\"https:\/\/desarrollo.infobox.com.pe\/miempresacircular\/2023\/09\/23\/marco-para-la-gestion-de-residuos-y-fomento-al-reciclaje\/\" target=\"_self\">Gesti\u00f3n de residuos y fomento del reciclaje<\/a>\n\t\t\t<\/h2>\n\t\t\t\t\t<div class=\"wprpsp-post-cats-wrap\"><ul class=\"post-categories wprpsp-post-categories\"><li><a href=\"https:\/\/desarrollo.infobox.com.pe\/miempresacircular\/category\/centro-de-conocimiento\/legal\/\" rel=\"category\" target=\"_self\"> Legal <\/a><\/li><li><a href=\"https:\/\/desarrollo.infobox.com.pe\/miempresacircular\/category\/reciclar\/\" rel=\"category\" target=\"_self\"> Reciclar <\/a><\/li><\/ul><\/div>\n\t\t\t\t\t<div class=\"wprpsp-post-date\">\n\t\t\t\t\t\t\t\t\t\t\t\t23\/09\/2023\t\t\t<\/div>\n\t\t\t\t\t<div class=\"wprpsp-post-content\">\n\t\t\t\t<div>La presente ley tiene por objeto disminuir la generaci\u00f3n de residuos y fomentar su reutilizaci\u00f3n,...<\/div>\n\t\t\t\t\t\t\t\t\t<a class=\"wprpsp-read-more-btn\" href=\"https:\/\/desarrollo.infobox.com.pe\/miempresacircular\/2023\/09\/23\/marco-para-la-gestion-de-residuos-y-fomento-al-reciclaje\/\" target=\"_self\">Leer m\u00e1s<\/a>\n\t\t\t\t\t\t\t<\/div>\n\t\t\t<\/div>\n<\/div>\n<div class=\"wprpsp-post-slides\">\n\t<div class=\"wprpsp-post-grid-content \">\n\t\t\t\t\t<div class=\"wprpsp-post-image-wrap wprpsp-post-image-bg\" style=\"\">\n\t\t\t\t<a href=\"https:\/\/desarrollo.infobox.com.pe\/miempresacircular\/2023\/09\/23\/metas-de-recoleccion-y-valorizacion-de-envases-y-embalajes\/\" target=\"_self\">\n\t\t\t\t\t<img decoding=\"async\" class=\"wprpsp-post-img\"  src=\"https:\/\/desarrollo.infobox.com.pe\/miempresacircular\/wp-content\/uploads\/2023\/09\/Captura-de-pantalla-2023-11-01-a-las-21.50.15.png\" alt=\"Metas de recolecci\u00f3n y valorizaci\u00f3n de envases y embalajes\" \/>\n\t\t\t\t<\/a>\n\t\t\t<\/div>\n\t\t\t\t\t<h2 class=\"wprpsp-post-title\">\n\t\t\t\t<a href=\"https:\/\/desarrollo.infobox.com.pe\/miempresacircular\/2023\/09\/23\/metas-de-recoleccion-y-valorizacion-de-envases-y-embalajes\/\" target=\"_self\">Metas de recolecci\u00f3n y valorizaci\u00f3n de envases y embalajes<\/a>\n\t\t\t<\/h2>\n\t\t\t\t\t<div class=\"wprpsp-post-cats-wrap\"><ul class=\"post-categories wprpsp-post-categories\"><li><a href=\"https:\/\/desarrollo.infobox.com.pe\/miempresacircular\/category\/centro-de-conocimiento\/legal\/\" rel=\"category\" target=\"_self\"> Legal <\/a><\/li><li><a href=\"https:\/\/desarrollo.infobox.com.pe\/miempresacircular\/category\/segregar\/\" rel=\"category\" target=\"_self\"> Segregar <\/a><\/li><\/ul><\/div>\n\t\t\t\t\t<div class=\"wprpsp-post-date\">\n\t\t\t\t\t\t\t\t\t\t\t\t23\/09\/2023\t\t\t<\/div>\n\t\t\t\t\t<div class=\"wprpsp-post-content\">\n\t\t\t\t<div>El presente decreto tiene por objeto establecer metas de recolecci\u00f3n y valorizaci\u00f3n y otras obligaciones...<\/div>\n\t\t\t\t\t\t\t\t\t<a class=\"wprpsp-read-more-btn\" href=\"https:\/\/desarrollo.infobox.com.pe\/miempresacircular\/2023\/09\/23\/metas-de-recoleccion-y-valorizacion-de-envases-y-embalajes\/\" target=\"_self\">Leer m\u00e1s<\/a>\n\t\t\t\t\t\t\t<\/div>\n\t\t\t<\/div>\n<\/div>\n<div class=\"wprpsp-post-slides\">\n\t<div class=\"wprpsp-post-grid-content \">\n\t\t\t\t\t<div class=\"wprpsp-post-image-wrap wprpsp-post-image-bg\" style=\"\">\n\t\t\t\t<a href=\"https:\/\/desarrollo.infobox.com.pe\/miempresacircular\/2023\/09\/23\/estrategia-de-circularidad-en-independencia\/\" target=\"_self\">\n\t\t\t\t\t<img decoding=\"async\" class=\"wprpsp-post-img\"  src=\"https:\/\/desarrollo.infobox.com.pe\/miempresacircular\/wp-content\/uploads\/2023\/09\/Captura-de-pantalla-2023-11-01-a-las-20.19.38.png\" alt=\"Estrategia de circularidad en Independencia\" \/>\n\t\t\t\t<\/a>\n\t\t\t<\/div>\n\t\t\t\t\t<h2 class=\"wprpsp-post-title\">\n\t\t\t\t<a href=\"https:\/\/desarrollo.infobox.com.pe\/miempresacircular\/2023\/09\/23\/estrategia-de-circularidad-en-independencia\/\" target=\"_self\">Estrategia de circularidad en Independencia<\/a>\n\t\t\t<\/h2>\n\t\t\t\t\t<div class=\"wprpsp-post-cats-wrap\"><ul class=\"post-categories wprpsp-post-categories\"><li><a href=\"https:\/\/desarrollo.infobox.com.pe\/miempresacircular\/category\/centro-de-conocimiento\/legal\/\" rel=\"category\" target=\"_self\"> Legal <\/a><\/li><li><a href=\"https:\/\/desarrollo.infobox.com.pe\/miempresacircular\/category\/modelo-de-negocio\/\" rel=\"category\" target=\"_self\"> Modelo de negocio <\/a><\/li><\/ul><\/div>\n\t\t\t\t\t<div class=\"wprpsp-post-date\">\n\t\t\t\t\t\t\t\t\t\t\t\t23\/09\/2023\t\t\t<\/div>\n\t\t\t\t\t<div class=\"wprpsp-post-content\">\n\t\t\t\t<div>Este documento ha sido preparado en el marco del Proyecto \u201cIndependencia Sostenible y Resiliente: Aplicando...<\/div>\n\t\t\t\t\t\t\t\t\t<a class=\"wprpsp-read-more-btn\" href=\"https:\/\/desarrollo.infobox.com.pe\/miempresacircular\/2023\/09\/23\/estrategia-de-circularidad-en-independencia\/\" target=\"_self\">Leer m\u00e1s<\/a>\n\t\t\t\t\t\t\t<\/div>\n\t\t\t<\/div>\n<\/div>\n<div class=\"wprpsp-post-slides\">\n\t<div class=\"wprpsp-post-grid-content \">\n\t\t\t\t\t<div class=\"wprpsp-post-image-wrap wprpsp-post-image-bg\" style=\"\">\n\t\t\t\t<a href=\"https:\/\/desarrollo.infobox.com.pe\/miempresacircular\/2023\/09\/23\/chile-circular\/\" target=\"_self\">\n\t\t\t\t\t<img decoding=\"async\" class=\"wprpsp-post-img\"  src=\"https:\/\/desarrollo.infobox.com.pe\/miempresacircular\/wp-content\/uploads\/2023\/09\/Captura-de-pantalla-2023-11-01-a-las-20.09.48-e1698887683642.png\" alt=\"Chile Circular\" \/>\n\t\t\t\t<\/a>\n\t\t\t<\/div>\n\t\t\t\t\t<h2 class=\"wprpsp-post-title\">\n\t\t\t\t<a href=\"https:\/\/desarrollo.infobox.com.pe\/miempresacircular\/2023\/09\/23\/chile-circular\/\" target=\"_self\">Chile Circular<\/a>\n\t\t\t<\/h2>\n\t\t\t\t\t<div class=\"wprpsp-post-cats-wrap\"><ul class=\"post-categories wprpsp-post-categories\"><li><a href=\"https:\/\/desarrollo.infobox.com.pe\/miempresacircular\/category\/centro-de-conocimiento\/legal\/\" rel=\"category\" target=\"_self\"> Legal <\/a><\/li><li><a href=\"https:\/\/desarrollo.infobox.com.pe\/miempresacircular\/category\/modelo-de-negocio\/\" rel=\"category\" target=\"_self\"> Modelo de negocio <\/a><\/li><\/ul><\/div>\n\t\t\t\t\t<div class=\"wprpsp-post-date\">\n\t\t\t\t\t\t\t\t\t\t\t\t23\/09\/2023\t\t\t<\/div>\n\t\t\t\t\t<div class=\"wprpsp-post-content\">\n\t\t\t\t<div>P\u00e1gina web del Ministerio del Medio Ambiente de Chile donde se p\u00fablica toda la informaci\u00f3n...<\/div>\n\t\t\t\t\t\t\t\t\t<a class=\"wprpsp-read-more-btn\" href=\"https:\/\/desarrollo.infobox.com.pe\/miempresacircular\/2023\/09\/23\/chile-circular\/\" target=\"_self\">Leer m\u00e1s<\/a>\n\t\t\t\t\t\t\t<\/div>\n\t\t\t<\/div>\n<\/div>\n\t<\/div>\n<\/div>\n<\/div>\n\t\t<\/div><div id=\"panel-9235-1-1-7\" class=\"so-panel widget widget_text\" data-index=\"8\" >\t\t\t<div class=\"textwidget\"><h4 style=\"text-align: center; color: #164985;\">CASO DE APLICACI\u00d3N<\/h4>\n<div style=\"display: flex; justify-content: center; align-items: center; gap: 10px; margin: 0px 0 40px 0;\">\n<div style=\"width: 50px; height: 2px; background-color: rgba(22, 73, 133, 0.5);\"><\/div>\n<div style=\"width: 50px; height: 2px; background-color: rgba(22, 73, 133);\"><\/div>\n<div style=\"width: 50px; height: 2px; background-color: rgba(22, 73, 133, 0.5);\"><\/div>\n<\/div>\n<p style=\"text-align: right;\"><a style=\"color: #164985; text-decoration: none;\" href=\"\/miempresacircular\/category\/centro-de-conocimiento\/caso-de-aplicacion\/\">Ver m\u00e1s<\/a><\/p>\n<\/div>\n\t\t<\/div><div id=\"panel-9235-1-1-8\" class=\"so-panel widget widget_text\" data-index=\"9\" >\t\t\t<div class=\"textwidget\">\n<div class=\"wprpsp-carousel-pro-slider-wrp wprpsp-clearfix \" data-conf=\"{&quot;dots&quot;:&quot;false&quot;,&quot;arrows&quot;:&quot;true&quot;,&quot;autoplay&quot;:&quot;true&quot;,&quot;autoplay_interval&quot;:3000,&quot;speed&quot;:300,&quot;slides_to_show&quot;:4,&quot;slides_to_scroll&quot;:1,&quot;centermode&quot;:&quot;false&quot;,&quot;centerpadding&quot;:0,&quot;infinite&quot;:&quot;true&quot;,&quot;hover_pause&quot;:&quot;true&quot;,&quot;focus_pause&quot;:&quot;false&quot;,&quot;rtl&quot;:&quot;false&quot;,&quot;lazyload&quot;:&quot;&quot;}\">\n\t<div id=\"wprpsp-recent-post-carousel-4\" class=\"wprpsp-recent-post-carousel wprpsp-post-slider-init wprpsp-design-1 wprpsp-image-fit slides-to-show-4 wprpsp-clearfix\">\n<div class=\"wprpsp-post-slides\">\n\t<div class=\"wprpsp-post-grid-content \">\n\t\t\t\t\t<div class=\"wprpsp-post-image-wrap wprpsp-post-image-bg\" style=\"\">\n\t\t\t\t<a href=\"https:\/\/desarrollo.infobox.com.pe\/miempresacircular\/2023\/11\/26\/de-cascaras-de-huevo-a-sales-de-calcio-de-alto-valor-alimenticio-y-comercial\/\" target=\"_self\">\n\t\t\t\t\t<img decoding=\"async\" class=\"wprpsp-post-img\"  src=\"https:\/\/desarrollo.infobox.com.pe\/miempresacircular\/wp-content\/uploads\/2023\/11\/Huevo.png\" alt=\"De c\u00e1scaras de huevo a sales de calcio con valor alimenticio y comercial\" \/>\n\t\t\t\t<\/a>\n\t\t\t<\/div>\n\t\t\t\t\t<h2 class=\"wprpsp-post-title\">\n\t\t\t\t<a href=\"https:\/\/desarrollo.infobox.com.pe\/miempresacircular\/2023\/11\/26\/de-cascaras-de-huevo-a-sales-de-calcio-de-alto-valor-alimenticio-y-comercial\/\" target=\"_self\">De c\u00e1scaras de huevo a sales de calcio con valor alimenticio y comercial<\/a>\n\t\t\t<\/h2>\n\t\t\t\t\t<div class=\"wprpsp-post-cats-wrap\"><ul class=\"post-categories wprpsp-post-categories\"><li><a href=\"https:\/\/desarrollo.infobox.com.pe\/miempresacircular\/category\/agroindustria\/\" rel=\"category\" target=\"_self\"> Agroindustria <\/a><\/li><li><a href=\"https:\/\/desarrollo.infobox.com.pe\/miempresacircular\/category\/centro-de-conocimiento\/caso-de-aplicacion\/\" rel=\"category\" target=\"_self\"> Caso de aplicaci\u00f3n <\/a><\/li><li><a href=\"https:\/\/desarrollo.infobox.com.pe\/miempresacircular\/category\/reciclar\/\" rel=\"category\" target=\"_self\"> Reciclar <\/a><\/li><\/ul><\/div>\n\t\t\t\t\t<div class=\"wprpsp-post-date\">\n\t\t\t\t\t\t\t\t\t\t\t\t26\/11\/2023\t\t\t<\/div>\n\t\t\t\t\t<div class=\"wprpsp-post-content\">\n\t\t\t\t<div>Ovosur es una empresa que se dedica a la fabricaci\u00f3n de productos en base al...<\/div>\n\t\t\t\t\t\t\t\t\t<a class=\"wprpsp-read-more-btn\" href=\"https:\/\/desarrollo.infobox.com.pe\/miempresacircular\/2023\/11\/26\/de-cascaras-de-huevo-a-sales-de-calcio-de-alto-valor-alimenticio-y-comercial\/\" target=\"_self\">Leer m\u00e1s<\/a>\n\t\t\t\t\t\t\t<\/div>\n\t\t\t<\/div>\n<\/div>\n<div class=\"wprpsp-post-slides\">\n\t<div class=\"wprpsp-post-grid-content \">\n\t\t\t\t\t<div class=\"wprpsp-post-image-wrap wprpsp-post-image-bg\" style=\"\">\n\t\t\t\t<a href=\"https:\/\/desarrollo.infobox.com.pe\/miempresacircular\/2023\/11\/26\/residuos-organicos-producen-alimento-balanceado-para-animales\/\" target=\"_self\">\n\t\t\t\t\t<img decoding=\"async\" class=\"wprpsp-post-img\"  src=\"https:\/\/desarrollo.infobox.com.pe\/miempresacircular\/wp-content\/uploads\/2023\/11\/Sinba.png\" alt=\"Residuos org\u00e1nicos para alimento balanceado de animales\" \/>\n\t\t\t\t<\/a>\n\t\t\t<\/div>\n\t\t\t\t\t<h2 class=\"wprpsp-post-title\">\n\t\t\t\t<a href=\"https:\/\/desarrollo.infobox.com.pe\/miempresacircular\/2023\/11\/26\/residuos-organicos-producen-alimento-balanceado-para-animales\/\" target=\"_self\">Residuos org\u00e1nicos para alimento balanceado de animales<\/a>\n\t\t\t<\/h2>\n\t\t\t\t\t<div class=\"wprpsp-post-cats-wrap\"><ul class=\"post-categories wprpsp-post-categories\"><li><a href=\"https:\/\/desarrollo.infobox.com.pe\/miempresacircular\/category\/agroindustria\/\" rel=\"category\" target=\"_self\"> Agroindustria <\/a><\/li><li><a href=\"https:\/\/desarrollo.infobox.com.pe\/miempresacircular\/category\/centro-de-conocimiento\/caso-de-aplicacion\/\" rel=\"category\" target=\"_self\"> Caso de aplicaci\u00f3n <\/a><\/li><li><a href=\"https:\/\/desarrollo.infobox.com.pe\/miempresacircular\/category\/reciclar\/\" rel=\"category\" target=\"_self\"> Reciclar <\/a><\/li><\/ul><\/div>\n\t\t\t\t\t<div class=\"wprpsp-post-date\">\n\t\t\t\t\t\t\t\t\t\t\t\t26\/11\/2023\t\t\t<\/div>\n\t\t\t\t\t<div class=\"wprpsp-post-content\">\n\t\t\t\t<div>SINBA es una empresa peruana que tiene como prop\u00f3sito co crear un mundo sin basura,...<\/div>\n\t\t\t\t\t\t\t\t\t<a class=\"wprpsp-read-more-btn\" href=\"https:\/\/desarrollo.infobox.com.pe\/miempresacircular\/2023\/11\/26\/residuos-organicos-producen-alimento-balanceado-para-animales\/\" target=\"_self\">Leer m\u00e1s<\/a>\n\t\t\t\t\t\t\t<\/div>\n\t\t\t<\/div>\n<\/div>\n<div class=\"wprpsp-post-slides\">\n\t<div class=\"wprpsp-post-grid-content \">\n\t\t\t\t\t<div class=\"wprpsp-post-image-wrap wprpsp-post-image-bg\" style=\"\">\n\t\t\t\t<a href=\"https:\/\/desarrollo.infobox.com.pe\/miempresacircular\/2023\/11\/26\/linea-de-productos-sostenibles-denominada-be-green\/\" target=\"_self\">\n\t\t\t\t\t<img decoding=\"async\" class=\"wprpsp-post-img\"  src=\"https:\/\/desarrollo.infobox.com.pe\/miempresacircular\/wp-content\/uploads\/2023\/11\/Camones.png\" alt=\"L\u00ednea de productos sostenibles denominada \u00abBe Green\u00bb\" \/>\n\t\t\t\t<\/a>\n\t\t\t<\/div>\n\t\t\t\t\t<h2 class=\"wprpsp-post-title\">\n\t\t\t\t<a href=\"https:\/\/desarrollo.infobox.com.pe\/miempresacircular\/2023\/11\/26\/linea-de-productos-sostenibles-denominada-be-green\/\" target=\"_self\">L\u00ednea de productos sostenibles denominada \u00abBe Green\u00bb<\/a>\n\t\t\t<\/h2>\n\t\t\t\t\t<div class=\"wprpsp-post-cats-wrap\"><ul class=\"post-categories wprpsp-post-categories\"><li><a href=\"https:\/\/desarrollo.infobox.com.pe\/miempresacircular\/category\/centro-de-conocimiento\/caso-de-aplicacion\/\" rel=\"category\" target=\"_self\"> Caso de aplicaci\u00f3n <\/a><\/li><li><a href=\"https:\/\/desarrollo.infobox.com.pe\/miempresacircular\/category\/ecodiseno\/\" rel=\"category\" target=\"_self\"> Ecodise\u00f1o <\/a><\/li><li><a href=\"https:\/\/desarrollo.infobox.com.pe\/miempresacircular\/category\/modelo-de-negocio\/\" rel=\"category\" target=\"_self\"> Modelo de negocio <\/a><\/li><li><a href=\"https:\/\/desarrollo.infobox.com.pe\/miempresacircular\/category\/textil-confecciones\/\" rel=\"category\" target=\"_self\"> Textil Confecciones <\/a><\/li><\/ul><\/div>\n\t\t\t\t\t<div class=\"wprpsp-post-date\">\n\t\t\t\t\t\t\t\t\t\t\t\t26\/11\/2023\t\t\t<\/div>\n\t\t\t\t\t<div class=\"wprpsp-post-content\">\n\t\t\t\t<div>La l\u00ednea denominada Be Green\u00a0 de la empresa Textil Camones agrupa la familia de dise\u00f1o...<\/div>\n\t\t\t\t\t\t\t\t\t<a class=\"wprpsp-read-more-btn\" href=\"https:\/\/desarrollo.infobox.com.pe\/miempresacircular\/2023\/11\/26\/linea-de-productos-sostenibles-denominada-be-green\/\" target=\"_self\">Leer m\u00e1s<\/a>\n\t\t\t\t\t\t\t<\/div>\n\t\t\t<\/div>\n<\/div>\n<div class=\"wprpsp-post-slides\">\n\t<div class=\"wprpsp-post-grid-content \">\n\t\t\t\t\t<div class=\"wprpsp-post-image-wrap wprpsp-post-image-bg\" style=\"\">\n\t\t\t\t<a href=\"https:\/\/desarrollo.infobox.com.pe\/miempresacircular\/2023\/11\/26\/moda-sostenible-que-transforma-vida-de-mujeres-privadas-de-su-libertad\/\" target=\"_self\">\n\t\t\t\t\t<img decoding=\"async\" class=\"wprpsp-post-img\"  src=\"https:\/\/desarrollo.infobox.com.pe\/miempresacircular\/wp-content\/uploads\/2023\/11\/Metamorfosis.png\" alt=\"Moda sostenible que transforma vida de mujeres privadas de su libertad\" \/>\n\t\t\t\t<\/a>\n\t\t\t<\/div>\n\t\t\t\t\t<h2 class=\"wprpsp-post-title\">\n\t\t\t\t<a href=\"https:\/\/desarrollo.infobox.com.pe\/miempresacircular\/2023\/11\/26\/moda-sostenible-que-transforma-vida-de-mujeres-privadas-de-su-libertad\/\" target=\"_self\">Moda sostenible que transforma vida de mujeres privadas de su libertad<\/a>\n\t\t\t<\/h2>\n\t\t\t\t\t<div class=\"wprpsp-post-cats-wrap\"><ul class=\"post-categories wprpsp-post-categories\"><li><a href=\"https:\/\/desarrollo.infobox.com.pe\/miempresacircular\/category\/centro-de-conocimiento\/caso-de-aplicacion\/\" rel=\"category\" target=\"_self\"> Caso de aplicaci\u00f3n <\/a><\/li><li><a href=\"https:\/\/desarrollo.infobox.com.pe\/miempresacircular\/category\/reciclar\/\" rel=\"category\" target=\"_self\"> Reciclar <\/a><\/li><li><a href=\"https:\/\/desarrollo.infobox.com.pe\/miempresacircular\/category\/textil-confecciones\/\" rel=\"category\" target=\"_self\"> Textil Confecciones <\/a><\/li><\/ul><\/div>\n\t\t\t\t\t<div class=\"wprpsp-post-date\">\n\t\t\t\t\t\t\t\t\t\t\t\t26\/11\/2023\t\t\t<\/div>\n\t\t\t\t\t<div class=\"wprpsp-post-content\">\n\t\t\t\t<div>Metamorfosis es una marca de moda sostenible que tiene por consigna transformar la vida de...<\/div>\n\t\t\t\t\t\t\t\t\t<a class=\"wprpsp-read-more-btn\" href=\"https:\/\/desarrollo.infobox.com.pe\/miempresacircular\/2023\/11\/26\/moda-sostenible-que-transforma-vida-de-mujeres-privadas-de-su-libertad\/\" target=\"_self\">Leer m\u00e1s<\/a>\n\t\t\t\t\t\t\t<\/div>\n\t\t\t<\/div>\n<\/div>\n<div class=\"wprpsp-post-slides\">\n\t<div class=\"wprpsp-post-grid-content \">\n\t\t\t\t\t<div class=\"wprpsp-post-image-wrap wprpsp-post-image-bg\" style=\"\">\n\t\t\t\t<a href=\"https:\/\/desarrollo.infobox.com.pe\/miempresacircular\/2023\/11\/26\/muebles-con-enfoque-y-diseno-sostenible-y-gestion-responsable-de-bosques-amazonicos\/\" target=\"_self\">\n\t\t\t\t\t<img decoding=\"async\" class=\"wprpsp-post-img\"  src=\"https:\/\/desarrollo.infobox.com.pe\/miempresacircular\/wp-content\/uploads\/2023\/11\/Pajaro_loco.png\" alt=\"Muebles con enfoque y dise\u00f1o sostenibles\" \/>\n\t\t\t\t<\/a>\n\t\t\t<\/div>\n\t\t\t\t\t<h2 class=\"wprpsp-post-title\">\n\t\t\t\t<a href=\"https:\/\/desarrollo.infobox.com.pe\/miempresacircular\/2023\/11\/26\/muebles-con-enfoque-y-diseno-sostenible-y-gestion-responsable-de-bosques-amazonicos\/\" target=\"_self\">Muebles con enfoque y dise\u00f1o sostenibles<\/a>\n\t\t\t<\/h2>\n\t\t\t\t\t<div class=\"wprpsp-post-cats-wrap\"><ul class=\"post-categories wprpsp-post-categories\"><li><a href=\"https:\/\/desarrollo.infobox.com.pe\/miempresacircular\/category\/centro-de-conocimiento\/caso-de-aplicacion\/\" rel=\"category\" target=\"_self\"> Caso de aplicaci\u00f3n <\/a><\/li><li><a href=\"https:\/\/desarrollo.infobox.com.pe\/miempresacircular\/category\/mobiliario\/\" rel=\"category\" target=\"_self\"> Mobiliario <\/a><\/li><li><a href=\"https:\/\/desarrollo.infobox.com.pe\/miempresacircular\/category\/regenerar\/\" rel=\"category\" target=\"_self\"> Regenerar <\/a><\/li><\/ul><\/div>\n\t\t\t\t\t<div class=\"wprpsp-post-date\">\n\t\t\t\t\t\t\t\t\t\t\t\t26\/11\/2023\t\t\t<\/div>\n\t\t\t\t\t<div class=\"wprpsp-post-content\">\n\t\t\t\t<div>P\u00e1jaro loco es una empresa que se dedica a la fabricaci\u00f3n de muebles con un...<\/div>\n\t\t\t\t\t\t\t\t\t<a class=\"wprpsp-read-more-btn\" href=\"https:\/\/desarrollo.infobox.com.pe\/miempresacircular\/2023\/11\/26\/muebles-con-enfoque-y-diseno-sostenible-y-gestion-responsable-de-bosques-amazonicos\/\" target=\"_self\">Leer m\u00e1s<\/a>\n\t\t\t\t\t\t\t<\/div>\n\t\t\t<\/div>\n<\/div>\n<div class=\"wprpsp-post-slides\">\n\t<div class=\"wprpsp-post-grid-content \">\n\t\t\t\t\t<div class=\"wprpsp-post-image-wrap wprpsp-post-image-bg\" style=\"\">\n\t\t\t\t<a href=\"https:\/\/desarrollo.infobox.com.pe\/miempresacircular\/2023\/11\/26\/productos-de-madera-multifuncionales-que-alargan-su-tiempo-de-vida-util\/\" target=\"_self\">\n\t\t\t\t\t<img decoding=\"async\" class=\"wprpsp-post-img\"  src=\"https:\/\/desarrollo.infobox.com.pe\/miempresacircular\/wp-content\/uploads\/2023\/11\/Siembra.png\" alt=\"Productos de madera multifuncionales que alargan su tiempo de vida \u00fatil\" \/>\n\t\t\t\t<\/a>\n\t\t\t<\/div>\n\t\t\t\t\t<h2 class=\"wprpsp-post-title\">\n\t\t\t\t<a href=\"https:\/\/desarrollo.infobox.com.pe\/miempresacircular\/2023\/11\/26\/productos-de-madera-multifuncionales-que-alargan-su-tiempo-de-vida-util\/\" target=\"_self\">Productos de madera multifuncionales que alargan su tiempo de vida \u00fatil<\/a>\n\t\t\t<\/h2>\n\t\t\t\t\t<div class=\"wprpsp-post-cats-wrap\"><ul class=\"post-categories wprpsp-post-categories\"><li><a href=\"https:\/\/desarrollo.infobox.com.pe\/miempresacircular\/category\/centro-de-conocimiento\/caso-de-aplicacion\/\" rel=\"category\" target=\"_self\"> Caso de aplicaci\u00f3n <\/a><\/li><li><a href=\"https:\/\/desarrollo.infobox.com.pe\/miempresacircular\/category\/ecodiseno\/\" rel=\"category\" target=\"_self\"> Ecodise\u00f1o <\/a><\/li><li><a href=\"https:\/\/desarrollo.infobox.com.pe\/miempresacircular\/category\/mobiliario\/\" rel=\"category\" target=\"_self\"> Mobiliario <\/a><\/li><li><a href=\"https:\/\/desarrollo.infobox.com.pe\/miempresacircular\/category\/modelo-de-negocio\/\" rel=\"category\" target=\"_self\"> Modelo de negocio <\/a><\/li><\/ul><\/div>\n\t\t\t\t\t<div class=\"wprpsp-post-date\">\n\t\t\t\t\t\t\t\t\t\t\t\t26\/11\/2023\t\t\t<\/div>\n\t\t\t\t\t<div class=\"wprpsp-post-content\">\n\t\t\t\t<div>Siembra crea dise\u00f1os de productos de madera multifuncionales, lo cual permite alargar el tiempo de...<\/div>\n\t\t\t\t\t\t\t\t\t<a class=\"wprpsp-read-more-btn\" href=\"https:\/\/desarrollo.infobox.com.pe\/miempresacircular\/2023\/11\/26\/productos-de-madera-multifuncionales-que-alargan-su-tiempo-de-vida-util\/\" target=\"_self\">Leer m\u00e1s<\/a>\n\t\t\t\t\t\t\t<\/div>\n\t\t\t<\/div>\n<\/div>\n<div class=\"wprpsp-post-slides\">\n\t<div class=\"wprpsp-post-grid-content \">\n\t\t\t\t\t<div class=\"wprpsp-post-image-wrap wprpsp-post-image-bg\" style=\"\">\n\t\t\t\t<a href=\"https:\/\/desarrollo.infobox.com.pe\/miempresacircular\/2023\/11\/26\/construccion-de-equipamiento-de-interiores-a-partir-de-componentes-modulares\/\" target=\"_self\">\n\t\t\t\t\t<img decoding=\"async\" class=\"wprpsp-post-img\"  src=\"https:\/\/desarrollo.infobox.com.pe\/miempresacircular\/wp-content\/uploads\/2023\/11\/Equipamiento_interiores.png\" alt=\"Construcci\u00f3n de equipamiento de interiores a partir de modulares\" \/>\n\t\t\t\t<\/a>\n\t\t\t<\/div>\n\t\t\t\t\t<h2 class=\"wprpsp-post-title\">\n\t\t\t\t<a href=\"https:\/\/desarrollo.infobox.com.pe\/miempresacircular\/2023\/11\/26\/construccion-de-equipamiento-de-interiores-a-partir-de-componentes-modulares\/\" target=\"_self\">Construcci\u00f3n de equipamiento de interiores a partir de modulares<\/a>\n\t\t\t<\/h2>\n\t\t\t\t\t<div class=\"wprpsp-post-cats-wrap\"><ul class=\"post-categories wprpsp-post-categories\"><li><a href=\"https:\/\/desarrollo.infobox.com.pe\/miempresacircular\/category\/centro-de-conocimiento\/caso-de-aplicacion\/\" rel=\"category\" target=\"_self\"> Caso de aplicaci\u00f3n <\/a><\/li><li><a href=\"https:\/\/desarrollo.infobox.com.pe\/miempresacircular\/category\/ecodiseno\/\" rel=\"category\" target=\"_self\"> Ecodise\u00f1o <\/a><\/li><li><a href=\"https:\/\/desarrollo.infobox.com.pe\/miempresacircular\/category\/mobiliario\/\" rel=\"category\" target=\"_self\"> Mobiliario <\/a><\/li><\/ul><\/div>\n\t\t\t\t\t<div class=\"wprpsp-post-date\">\n\t\t\t\t\t\t\t\t\t\t\t\t26\/11\/2023\t\t\t<\/div>\n\t\t\t\t\t<div class=\"wprpsp-post-content\">\n\t\t\t\t<div>Matransa es una organizaci\u00f3n dedicada a la fabricaci\u00f3n de equipamiento de interiores comerciales y proyectos...<\/div>\n\t\t\t\t\t\t\t\t\t<a class=\"wprpsp-read-more-btn\" href=\"https:\/\/desarrollo.infobox.com.pe\/miempresacircular\/2023\/11\/26\/construccion-de-equipamiento-de-interiores-a-partir-de-componentes-modulares\/\" target=\"_self\">Leer m\u00e1s<\/a>\n\t\t\t\t\t\t\t<\/div>\n\t\t\t<\/div>\n<\/div>\n<div class=\"wprpsp-post-slides\">\n\t<div class=\"wprpsp-post-grid-content \">\n\t\t\t\t\t<div class=\"wprpsp-post-image-wrap wprpsp-post-image-bg\" style=\"\">\n\t\t\t\t<a href=\"https:\/\/desarrollo.infobox.com.pe\/miempresacircular\/2023\/11\/26\/bicicleta-de-madera-contrachapada-producto-ecologico-innovador-y-sostenible\/\" target=\"_self\">\n\t\t\t\t\t<img decoding=\"async\" class=\"wprpsp-post-img\"  src=\"https:\/\/desarrollo.infobox.com.pe\/miempresacircular\/wp-content\/uploads\/2023\/11\/Bicicleta_madera.png\" alt=\"Bicicleta de madera contrachapada: ecol\u00f3gica, innovadora y sostenible\" \/>\n\t\t\t\t<\/a>\n\t\t\t<\/div>\n\t\t\t\t\t<h2 class=\"wprpsp-post-title\">\n\t\t\t\t<a href=\"https:\/\/desarrollo.infobox.com.pe\/miempresacircular\/2023\/11\/26\/bicicleta-de-madera-contrachapada-producto-ecologico-innovador-y-sostenible\/\" target=\"_self\">Bicicleta de madera contrachapada: ecol\u00f3gica, innovadora y sostenible<\/a>\n\t\t\t<\/h2>\n\t\t\t\t\t<div class=\"wprpsp-post-cats-wrap\"><ul class=\"post-categories wprpsp-post-categories\"><li><a href=\"https:\/\/desarrollo.infobox.com.pe\/miempresacircular\/category\/centro-de-conocimiento\/caso-de-aplicacion\/\" rel=\"category\" target=\"_self\"> Caso de aplicaci\u00f3n <\/a><\/li><li><a href=\"https:\/\/desarrollo.infobox.com.pe\/miempresacircular\/category\/ecodiseno\/\" rel=\"category\" target=\"_self\"> Ecodise\u00f1o <\/a><\/li><li><a href=\"https:\/\/desarrollo.infobox.com.pe\/miempresacircular\/category\/mobiliario\/\" rel=\"category\" target=\"_self\"> Mobiliario <\/a><\/li><\/ul><\/div>\n\t\t\t\t\t<div class=\"wprpsp-post-date\">\n\t\t\t\t\t\t\t\t\t\t\t\t26\/11\/2023\t\t\t<\/div>\n\t\t\t\t\t<div class=\"wprpsp-post-content\">\n\t\t\t\t<div>La bicicleta de madera contrachapada es un producto ecol\u00f3gico, innovador y sostenible de la empresa...<\/div>\n\t\t\t\t\t\t\t\t\t<a class=\"wprpsp-read-more-btn\" href=\"https:\/\/desarrollo.infobox.com.pe\/miempresacircular\/2023\/11\/26\/bicicleta-de-madera-contrachapada-producto-ecologico-innovador-y-sostenible\/\" target=\"_self\">Leer m\u00e1s<\/a>\n\t\t\t\t\t\t\t<\/div>\n\t\t\t<\/div>\n<\/div>\n<div class=\"wprpsp-post-slides\">\n\t<div class=\"wprpsp-post-grid-content \">\n\t\t\t\t\t<div class=\"wprpsp-post-image-wrap wprpsp-post-image-bg\" style=\"\">\n\t\t\t\t<a href=\"https:\/\/desarrollo.infobox.com.pe\/miempresacircular\/2023\/11\/26\/centro-de-conocimiento-de-casos-de-exito-en-colombia\/\" target=\"_self\">\n\t\t\t\t\t<img decoding=\"async\" class=\"wprpsp-post-img\"  src=\"https:\/\/desarrollo.infobox.com.pe\/miempresacircular\/wp-content\/uploads\/2023\/11\/Casos_exito_Colombia.png\" alt=\"Centro de conocimiento de casos de \u00e9xito en Colombia\" \/>\n\t\t\t\t<\/a>\n\t\t\t<\/div>\n\t\t\t\t\t<h2 class=\"wprpsp-post-title\">\n\t\t\t\t<a href=\"https:\/\/desarrollo.infobox.com.pe\/miempresacircular\/2023\/11\/26\/centro-de-conocimiento-de-casos-de-exito-en-colombia\/\" target=\"_self\">Centro de conocimiento de casos de \u00e9xito en Colombia<\/a>\n\t\t\t<\/h2>\n\t\t\t\t\t<div class=\"wprpsp-post-cats-wrap\"><ul class=\"post-categories wprpsp-post-categories\"><li><a href=\"https:\/\/desarrollo.infobox.com.pe\/miempresacircular\/category\/agroindustria\/\" rel=\"category\" target=\"_self\"> Agroindustria <\/a><\/li><li><a href=\"https:\/\/desarrollo.infobox.com.pe\/miempresacircular\/category\/centro-de-conocimiento\/caso-de-aplicacion\/\" rel=\"category\" target=\"_self\"> Caso de aplicaci\u00f3n <\/a><\/li><li><a href=\"https:\/\/desarrollo.infobox.com.pe\/miempresacircular\/category\/calzado\/\" rel=\"category\" target=\"_self\"> Cuero y calzado <\/a><\/li><li><a href=\"https:\/\/desarrollo.infobox.com.pe\/miempresacircular\/category\/mobiliario\/\" rel=\"category\" target=\"_self\"> Mobiliario <\/a><\/li><li><a href=\"https:\/\/desarrollo.infobox.com.pe\/miempresacircular\/category\/plastico\/\" rel=\"category\" target=\"_self\"> Pl\u00e1stico <\/a><\/li><li><a href=\"https:\/\/desarrollo.infobox.com.pe\/miempresacircular\/category\/textil-confecciones\/\" rel=\"category\" target=\"_self\"> Textil Confecciones <\/a><\/li><\/ul><\/div>\n\t\t\t\t\t<div class=\"wprpsp-post-date\">\n\t\t\t\t\t\t\t\t\t\t\t\t26\/11\/2023\t\t\t<\/div>\n\t\t\t\t\t<div class=\"wprpsp-post-content\">\n\t\t\t\t<div>El Centro de conocimiento de casos de \u00e9xito RedES-CAR es un espacio para encontrar casos...<\/div>\n\t\t\t\t\t\t\t\t\t<a class=\"wprpsp-read-more-btn\" href=\"https:\/\/desarrollo.infobox.com.pe\/miempresacircular\/2023\/11\/26\/centro-de-conocimiento-de-casos-de-exito-en-colombia\/\" target=\"_self\">Leer m\u00e1s<\/a>\n\t\t\t\t\t\t\t<\/div>\n\t\t\t<\/div>\n<\/div>\n<div class=\"wprpsp-post-slides\">\n\t<div class=\"wprpsp-post-grid-content \">\n\t\t\t\t\t<div class=\"wprpsp-post-image-wrap wprpsp-post-image-bg\" style=\"\">\n\t\t\t\t<a href=\"https:\/\/desarrollo.infobox.com.pe\/miempresacircular\/2023\/09\/23\/whistles-taking-a-holistic-view-of-durability\/\" target=\"_self\">\n\t\t\t\t\t<img decoding=\"async\" class=\"wprpsp-post-img\"  src=\"https:\/\/desarrollo.infobox.com.pe\/miempresacircular\/wp-content\/uploads\/2023\/09\/45_Whistles-Taking-a-holistic-view-of-durability.jpg\" alt=\"Whistles: a holistic view of durability\" \/>\n\t\t\t\t<\/a>\n\t\t\t<\/div>\n\t\t\t\t\t<h2 class=\"wprpsp-post-title\">\n\t\t\t\t<a href=\"https:\/\/desarrollo.infobox.com.pe\/miempresacircular\/2023\/09\/23\/whistles-taking-a-holistic-view-of-durability\/\" target=\"_self\">Whistles: a holistic view of durability<\/a>\n\t\t\t<\/h2>\n\t\t\t\t\t<div class=\"wprpsp-post-cats-wrap\"><ul class=\"post-categories wprpsp-post-categories\"><li><a href=\"https:\/\/desarrollo.infobox.com.pe\/miempresacircular\/category\/centro-de-conocimiento\/caso-de-aplicacion\/\" rel=\"category\" target=\"_self\"> Caso de aplicaci\u00f3n <\/a><\/li><li><a href=\"https:\/\/desarrollo.infobox.com.pe\/miempresacircular\/category\/mantener-reparar\/\" rel=\"category\" target=\"_self\"> Mantener y reparar <\/a><\/li><\/ul><\/div>\n\t\t\t\t\t<div class=\"wprpsp-post-date\">\n\t\t\t\t\t\t\t\t\t\t\t\t23\/09\/2023\t\t\t<\/div>\n\t\t\t\t\t<div class=\"wprpsp-post-content\">\n\t\t\t\t<div>Whistles quer\u00eda abordar la durabilidad en diferentes aspectos de su negocio, habiendo identificado que hacer...<\/div>\n\t\t\t\t\t\t\t\t\t<a class=\"wprpsp-read-more-btn\" href=\"https:\/\/desarrollo.infobox.com.pe\/miempresacircular\/2023\/09\/23\/whistles-taking-a-holistic-view-of-durability\/\" target=\"_self\">Leer m\u00e1s<\/a>\n\t\t\t\t\t\t\t<\/div>\n\t\t\t<\/div>\n<\/div>\n<div class=\"wprpsp-post-slides\">\n\t<div class=\"wprpsp-post-grid-content \">\n\t\t\t\t\t<div class=\"wprpsp-post-image-wrap wprpsp-post-image-bg\" style=\"\">\n\t\t\t\t<a href=\"https:\/\/desarrollo.infobox.com.pe\/miempresacircular\/2023\/09\/23\/apple-certified-refurbished\/\" target=\"_self\">\n\t\t\t\t\t<img decoding=\"async\" class=\"wprpsp-post-img\"  src=\"https:\/\/desarrollo.infobox.com.pe\/miempresacircular\/wp-content\/uploads\/2023\/09\/38_Apple-Certified-Refurbished.jpg\" alt=\"Apple Certified Refurbished\" \/>\n\t\t\t\t<\/a>\n\t\t\t<\/div>\n\t\t\t\t\t<h2 class=\"wprpsp-post-title\">\n\t\t\t\t<a href=\"https:\/\/desarrollo.infobox.com.pe\/miempresacircular\/2023\/09\/23\/apple-certified-refurbished\/\" target=\"_self\">Apple Certified Refurbished<\/a>\n\t\t\t<\/h2>\n\t\t\t\t\t<div class=\"wprpsp-post-cats-wrap\"><ul class=\"post-categories wprpsp-post-categories\"><li><a href=\"https:\/\/desarrollo.infobox.com.pe\/miempresacircular\/category\/centro-de-conocimiento\/caso-de-aplicacion\/\" rel=\"category\" target=\"_self\"> Caso de aplicaci\u00f3n <\/a><\/li><li><a href=\"https:\/\/desarrollo.infobox.com.pe\/miempresacircular\/category\/mantener-reparar\/\" rel=\"category\" target=\"_self\"> Mantener y reparar <\/a><\/li><\/ul><\/div>\n\t\t\t\t\t<div class=\"wprpsp-post-date\">\n\t\t\t\t\t\t\t\t\t\t\t\t23\/09\/2023\t\t\t<\/div>\n\t\t\t\t\t<div class=\"wprpsp-post-content\">\n\t\t\t\t<div>Apple genera dispositivos reacondicionado con piezas de repuesto originales de Apple (seg\u00fan sea necesario) que...<\/div>\n\t\t\t\t\t\t\t\t\t<a class=\"wprpsp-read-more-btn\" href=\"https:\/\/desarrollo.infobox.com.pe\/miempresacircular\/2023\/09\/23\/apple-certified-refurbished\/\" target=\"_self\">Leer m\u00e1s<\/a>\n\t\t\t\t\t\t\t<\/div>\n\t\t\t<\/div>\n<\/div>\n<div class=\"wprpsp-post-slides\">\n\t<div class=\"wprpsp-post-grid-content \">\n\t\t\t\t\t<div class=\"wprpsp-post-image-wrap wprpsp-post-image-bg\" style=\"\">\n\t\t\t\t<a href=\"https:\/\/desarrollo.infobox.com.pe\/miempresacircular\/2023\/09\/23\/packaging-reutilizable-para-el-comercio-electronico\/\" target=\"_self\">\n\t\t\t\t\t<img decoding=\"async\" class=\"wprpsp-post-img\"  src=\"https:\/\/desarrollo.infobox.com.pe\/miempresacircular\/wp-content\/uploads\/2023\/09\/Captura-de-pantalla-2023-11-01-a-las-21.01.28.png\" alt=\"Packaging reutilizable para el comercio electr\u00f3nico\" \/>\n\t\t\t\t<\/a>\n\t\t\t<\/div>\n\t\t\t\t\t<h2 class=\"wprpsp-post-title\">\n\t\t\t\t<a href=\"https:\/\/desarrollo.infobox.com.pe\/miempresacircular\/2023\/09\/23\/packaging-reutilizable-para-el-comercio-electronico\/\" target=\"_self\">Packaging reutilizable para el comercio electr\u00f3nico<\/a>\n\t\t\t<\/h2>\n\t\t\t\t\t<div class=\"wprpsp-post-cats-wrap\"><ul class=\"post-categories wprpsp-post-categories\"><li><a href=\"https:\/\/desarrollo.infobox.com.pe\/miempresacircular\/category\/centro-de-conocimiento\/caso-de-aplicacion\/\" rel=\"category\" target=\"_self\"> Caso de aplicaci\u00f3n <\/a><\/li><li><a href=\"https:\/\/desarrollo.infobox.com.pe\/miempresacircular\/category\/reutilizar\/\" rel=\"category\" target=\"_self\"> Reutilizar <\/a><\/li><\/ul><\/div>\n\t\t\t\t\t<div class=\"wprpsp-post-date\">\n\t\t\t\t\t\t\t\t\t\t\t\t23\/09\/2023\t\t\t<\/div>\n\t\t\t\t\t<div class=\"wprpsp-post-content\">\n\t\t\t\t<div>Es una empresa nueva con sede en M\u00fanich que tiene como objetivo hacer que el...<\/div>\n\t\t\t\t\t\t\t\t\t<a class=\"wprpsp-read-more-btn\" href=\"https:\/\/desarrollo.infobox.com.pe\/miempresacircular\/2023\/09\/23\/packaging-reutilizable-para-el-comercio-electronico\/\" target=\"_self\">Leer m\u00e1s<\/a>\n\t\t\t\t\t\t\t<\/div>\n\t\t\t<\/div>\n<\/div>\n<div class=\"wprpsp-post-slides\">\n\t<div class=\"wprpsp-post-grid-content \">\n\t\t\t\t\t<div class=\"wprpsp-post-image-wrap wprpsp-post-image-bg\" style=\"\">\n\t\t\t\t<a href=\"https:\/\/desarrollo.infobox.com.pe\/miempresacircular\/2023\/09\/23\/gestion-de-residuos-plasticos-y-fugas\/\" target=\"_self\">\n\t\t\t\t\t<img decoding=\"async\" class=\"wprpsp-post-img\"  src=\"https:\/\/desarrollo.infobox.com.pe\/miempresacircular\/wp-content\/uploads\/2023\/09\/Captura-de-pantalla-2023-11-01-a-las-20.55.00.png\" alt=\"Gesti\u00f3n de residuos pl\u00e1sticos y fugas\" \/>\n\t\t\t\t<\/a>\n\t\t\t<\/div>\n\t\t\t\t\t<h2 class=\"wprpsp-post-title\">\n\t\t\t\t<a href=\"https:\/\/desarrollo.infobox.com.pe\/miempresacircular\/2023\/09\/23\/gestion-de-residuos-plasticos-y-fugas\/\" target=\"_self\">Gesti\u00f3n de residuos pl\u00e1sticos y fugas<\/a>\n\t\t\t<\/h2>\n\t\t\t\t\t<div class=\"wprpsp-post-cats-wrap\"><ul class=\"post-categories wprpsp-post-categories\"><li><a href=\"https:\/\/desarrollo.infobox.com.pe\/miempresacircular\/category\/centro-de-conocimiento\/caso-de-aplicacion\/\" rel=\"category\" target=\"_self\"> Caso de aplicaci\u00f3n <\/a><\/li><li><a href=\"https:\/\/desarrollo.infobox.com.pe\/miempresacircular\/category\/plastico\/\" rel=\"category\" target=\"_self\"> Pl\u00e1stico <\/a><\/li><li><a href=\"https:\/\/desarrollo.infobox.com.pe\/miempresacircular\/category\/reciclar\/\" rel=\"category\" target=\"_self\"> Reciclar <\/a><\/li><\/ul><\/div>\n\t\t\t\t\t<div class=\"wprpsp-post-date\">\n\t\t\t\t\t\t\t\t\t\t\t\t23\/09\/2023\t\t\t<\/div>\n\t\t\t\t\t<div class=\"wprpsp-post-content\">\n\t\t\t\t<div>Hasta el a\u00f1o 2017, se hab\u00edan producido en todo el mundo 8.3 mil millones de...<\/div>\n\t\t\t\t\t\t\t\t\t<a class=\"wprpsp-read-more-btn\" href=\"https:\/\/desarrollo.infobox.com.pe\/miempresacircular\/2023\/09\/23\/gestion-de-residuos-plasticos-y-fugas\/\" target=\"_self\">Leer m\u00e1s<\/a>\n\t\t\t\t\t\t\t<\/div>\n\t\t\t<\/div>\n<\/div>\n<div class=\"wprpsp-post-slides\">\n\t<div class=\"wprpsp-post-grid-content \">\n\t\t\t\t\t<div class=\"wprpsp-post-image-wrap wprpsp-post-image-bg\" style=\"\">\n\t\t\t\t<a href=\"https:\/\/desarrollo.infobox.com.pe\/miempresacircular\/2023\/09\/23\/plastic-packaging-and-fresh-produce\/\" target=\"_self\">\n\t\t\t\t\t<img decoding=\"async\" class=\"wprpsp-post-img\"  src=\"https:\/\/desarrollo.infobox.com.pe\/miempresacircular\/wp-content\/uploads\/2023\/09\/Captura-de-pantalla-2023-11-01-a-las-20.39.37.png\" alt=\"Plastic packaging and fresh produce\" \/>\n\t\t\t\t<\/a>\n\t\t\t<\/div>\n\t\t\t\t\t<h2 class=\"wprpsp-post-title\">\n\t\t\t\t<a href=\"https:\/\/desarrollo.infobox.com.pe\/miempresacircular\/2023\/09\/23\/plastic-packaging-and-fresh-produce\/\" target=\"_self\">Plastic packaging and fresh produce<\/a>\n\t\t\t<\/h2>\n\t\t\t\t\t<div class=\"wprpsp-post-cats-wrap\"><ul class=\"post-categories wprpsp-post-categories\"><li><a href=\"https:\/\/desarrollo.infobox.com.pe\/miempresacircular\/category\/agroindustria\/\" rel=\"category\" target=\"_self\"> Agroindustria <\/a><\/li><li><a href=\"https:\/\/desarrollo.infobox.com.pe\/miempresacircular\/category\/centro-de-conocimiento\/caso-de-aplicacion\/\" rel=\"category\" target=\"_self\"> Caso de aplicaci\u00f3n <\/a><\/li><li><a href=\"https:\/\/desarrollo.infobox.com.pe\/miempresacircular\/category\/ecodiseno\/\" rel=\"category\" target=\"_self\"> Ecodise\u00f1o <\/a><\/li><li><a href=\"https:\/\/desarrollo.infobox.com.pe\/miempresacircular\/category\/plastico\/\" rel=\"category\" target=\"_self\"> Pl\u00e1stico <\/a><\/li><\/ul><\/div>\n\t\t\t\t\t<div class=\"wprpsp-post-date\">\n\t\t\t\t\t\t\t\t\t\t\t\t23\/09\/2023\t\t\t<\/div>\n\t\t\t\t\t<div class=\"wprpsp-post-content\">\n\t\t\t\t<div>Este informe revisa la evidencia disponible de los efectos de los envases de pl\u00e1stico para...<\/div>\n\t\t\t\t\t\t\t\t\t<a class=\"wprpsp-read-more-btn\" href=\"https:\/\/desarrollo.infobox.com.pe\/miempresacircular\/2023\/09\/23\/plastic-packaging-and-fresh-produce\/\" target=\"_self\">Leer m\u00e1s<\/a>\n\t\t\t\t\t\t\t<\/div>\n\t\t\t<\/div>\n<\/div>\n<div class=\"wprpsp-post-slides\">\n\t<div class=\"wprpsp-post-grid-content \">\n\t\t\t\t\t<div class=\"wprpsp-post-image-wrap wprpsp-post-image-bg\" style=\"\">\n\t\t\t\t<a href=\"https:\/\/desarrollo.infobox.com.pe\/miempresacircular\/2023\/09\/23\/modelo-circular-en-ecuador\/\" target=\"_self\">\n\t\t\t\t\t<img decoding=\"async\" class=\"wprpsp-post-img\"  src=\"https:\/\/desarrollo.infobox.com.pe\/miempresacircular\/wp-content\/uploads\/2023\/09\/Captura-de-pantalla-2023-11-01-a-las-20.24.30.png\" alt=\"Modelo Circular en Ecuador\" \/>\n\t\t\t\t<\/a>\n\t\t\t<\/div>\n\t\t\t\t\t<h2 class=\"wprpsp-post-title\">\n\t\t\t\t<a href=\"https:\/\/desarrollo.infobox.com.pe\/miempresacircular\/2023\/09\/23\/modelo-circular-en-ecuador\/\" target=\"_self\">Modelo Circular en Ecuador<\/a>\n\t\t\t<\/h2>\n\t\t\t\t\t<div class=\"wprpsp-post-cats-wrap\"><ul class=\"post-categories wprpsp-post-categories\"><li><a href=\"https:\/\/desarrollo.infobox.com.pe\/miempresacircular\/category\/centro-de-conocimiento\/caso-de-aplicacion\/\" rel=\"category\" target=\"_self\"> Caso de aplicaci\u00f3n <\/a><\/li><li><a href=\"https:\/\/desarrollo.infobox.com.pe\/miempresacircular\/category\/modelo-de-negocio\/\" rel=\"category\" target=\"_self\"> Modelo de negocio <\/a><\/li><\/ul><\/div>\n\t\t\t\t\t<div class=\"wprpsp-post-date\">\n\t\t\t\t\t\t\t\t\t\t\t\t23\/09\/2023\t\t\t<\/div>\n\t\t\t\t\t<div class=\"wprpsp-post-content\">\n\t\t\t\t<div>La econom\u00eda circular se presenta como un modelo basado en la preservaci\u00f3n y mejora del...<\/div>\n\t\t\t\t\t\t\t\t\t<a class=\"wprpsp-read-more-btn\" href=\"https:\/\/desarrollo.infobox.com.pe\/miempresacircular\/2023\/09\/23\/modelo-circular-en-ecuador\/\" target=\"_self\">Leer m\u00e1s<\/a>\n\t\t\t\t\t\t\t<\/div>\n\t\t\t<\/div>\n<\/div>\n<div class=\"wprpsp-post-slides\">\n\t<div class=\"wprpsp-post-grid-content \">\n\t\t\t\t\t<div class=\"wprpsp-post-image-wrap wprpsp-post-image-bg\" style=\"\">\n\t\t\t\t<a href=\"https:\/\/desarrollo.infobox.com.pe\/miempresacircular\/2023\/09\/22\/gestion-circular-de-baterias\/\" target=\"_self\">\n\t\t\t\t\t<img decoding=\"async\" class=\"wprpsp-post-img\"  src=\"https:\/\/desarrollo.infobox.com.pe\/miempresacircular\/wp-content\/uploads\/2023\/09\/daniel-bestjumpstarterreview-com-ovGrEUgrkyE-unsplash-scaled.jpg\" alt=\"Gesti\u00f3n circular de bater\u00edas\" \/>\n\t\t\t\t<\/a>\n\t\t\t<\/div>\n\t\t\t\t\t<h2 class=\"wprpsp-post-title\">\n\t\t\t\t<a href=\"https:\/\/desarrollo.infobox.com.pe\/miempresacircular\/2023\/09\/22\/gestion-circular-de-baterias\/\" target=\"_self\">Gesti\u00f3n circular de bater\u00edas<\/a>\n\t\t\t<\/h2>\n\t\t\t\t\t<div class=\"wprpsp-post-cats-wrap\"><ul class=\"post-categories wprpsp-post-categories\"><li><a href=\"https:\/\/desarrollo.infobox.com.pe\/miempresacircular\/category\/centro-de-conocimiento\/caso-de-aplicacion\/\" rel=\"category\" target=\"_self\"> Caso de aplicaci\u00f3n <\/a><\/li><li><a href=\"https:\/\/desarrollo.infobox.com.pe\/miempresacircular\/category\/rescatar\/\" rel=\"category\" target=\"_self\"> Rescatar <\/a><\/li><li><a href=\"https:\/\/desarrollo.infobox.com.pe\/miempresacircular\/category\/reutilizar\/\" rel=\"category\" target=\"_self\"> Reutilizar <\/a><\/li><\/ul><\/div>\n\t\t\t\t\t<div class=\"wprpsp-post-date\">\n\t\t\t\t\t\t\t\t\t\t\t\t22\/09\/2023\t\t\t<\/div>\n\t\t\t\t\t<div class=\"wprpsp-post-content\">\n\t\t\t\t<div>En este documento se plantea el r\u00e1pido crecimiento del mercado de veh\u00edculos el\u00e9ctricos como un...<\/div>\n\t\t\t\t\t\t\t\t\t<a class=\"wprpsp-read-more-btn\" href=\"https:\/\/desarrollo.infobox.com.pe\/miempresacircular\/2023\/09\/22\/gestion-circular-de-baterias\/\" target=\"_self\">Leer m\u00e1s<\/a>\n\t\t\t\t\t\t\t<\/div>\n\t\t\t<\/div>\n<\/div>\n<div class=\"wprpsp-post-slides\">\n\t<div class=\"wprpsp-post-grid-content \">\n\t\t\t\t\t<div class=\"wprpsp-post-image-wrap wprpsp-post-image-bg\" style=\"\">\n\t\t\t\t<a href=\"https:\/\/desarrollo.infobox.com.pe\/miempresacircular\/2023\/09\/22\/etiqueta-medioambiental-digital\/\" target=\"_self\">\n\t\t\t\t\t<img decoding=\"async\" class=\"wprpsp-post-img\"  src=\"https:\/\/desarrollo.infobox.com.pe\/miempresacircular\/wp-content\/uploads\/2023\/09\/news-20220112-giunko-ead-scheda-prodotto.jpg\" alt=\"Etiqueta medioambiental digital\" \/>\n\t\t\t\t<\/a>\n\t\t\t<\/div>\n\t\t\t\t\t<h2 class=\"wprpsp-post-title\">\n\t\t\t\t<a href=\"https:\/\/desarrollo.infobox.com.pe\/miempresacircular\/2023\/09\/22\/etiqueta-medioambiental-digital\/\" target=\"_self\">Etiqueta medioambiental digital<\/a>\n\t\t\t<\/h2>\n\t\t\t\t\t<div class=\"wprpsp-post-cats-wrap\"><ul class=\"post-categories wprpsp-post-categories\"><li><a href=\"https:\/\/desarrollo.infobox.com.pe\/miempresacircular\/category\/centro-de-conocimiento\/caso-de-aplicacion\/\" rel=\"category\" target=\"_self\"> Caso de aplicaci\u00f3n <\/a><\/li><li><a href=\"https:\/\/desarrollo.infobox.com.pe\/miempresacircular\/category\/segregar\/\" rel=\"category\" target=\"_self\"> Segregar <\/a><\/li><\/ul><\/div>\n\t\t\t\t\t<div class=\"wprpsp-post-date\">\n\t\t\t\t\t\t\t\t\t\t\t\t22\/09\/2023\t\t\t<\/div>\n\t\t\t\t\t<div class=\"wprpsp-post-content\">\n\t\t\t\t<div>Es una etiqueta medioambiental digital que proporciona informaci\u00f3n sobre el embalaje del producto: sus componentes,...<\/div>\n\t\t\t\t\t\t\t\t\t<a class=\"wprpsp-read-more-btn\" href=\"https:\/\/desarrollo.infobox.com.pe\/miempresacircular\/2023\/09\/22\/etiqueta-medioambiental-digital\/\" target=\"_self\">Leer m\u00e1s<\/a>\n\t\t\t\t\t\t\t<\/div>\n\t\t\t<\/div>\n<\/div>\n\t<\/div>\n<\/div>\n<\/div>\n\t\t<\/div><div id=\"panel-9235-1-1-9\" class=\"so-panel widget widget_text\" data-index=\"10\" >\t\t\t<div class=\"textwidget\"><h4 style=\"text-align: center; color: #164985;\">COLABORATIVO \/ ALIANZAS<\/h4>\n<div style=\"display: flex; justify-content: center; align-items: center; gap: 10px; margin: 0px 0 40px 0;\">\n<div style=\"width: 50px; height: 2px; background-color: rgba(22, 73, 133, 0.5);\"><\/div>\n<div style=\"width: 50px; height: 2px; background-color: rgba(22, 73, 133);\"><\/div>\n<div style=\"width: 50px; height: 2px; background-color: rgba(22, 73, 133, 0.5);\"><\/div>\n<\/div>\n<p style=\"text-align: right;\"><a style=\"color: #164985; text-decoration: none;\" href=\"\/miempresacircular\/category\/centro-de-conocimiento\/colaborativo-alianzas\/\">Ver m\u00e1s<\/a><\/p>\n<\/div>\n\t\t<\/div><div id=\"panel-9235-1-1-10\" class=\"so-panel widget widget_text panel-last-child\" data-index=\"11\" >\t\t\t<div class=\"textwidget\">\n<div class=\"wprpsp-carousel-pro-slider-wrp wprpsp-clearfix \" data-conf=\"{&quot;dots&quot;:&quot;false&quot;,&quot;arrows&quot;:&quot;true&quot;,&quot;autoplay&quot;:&quot;true&quot;,&quot;autoplay_interval&quot;:3000,&quot;speed&quot;:300,&quot;slides_to_show&quot;:4,&quot;slides_to_scroll&quot;:1,&quot;centermode&quot;:&quot;false&quot;,&quot;centerpadding&quot;:0,&quot;infinite&quot;:&quot;true&quot;,&quot;hover_pause&quot;:&quot;true&quot;,&quot;focus_pause&quot;:&quot;false&quot;,&quot;rtl&quot;:&quot;false&quot;,&quot;lazyload&quot;:&quot;&quot;}\">\n\t<div id=\"wprpsp-recent-post-carousel-5\" class=\"wprpsp-recent-post-carousel wprpsp-post-slider-init wprpsp-design-1 wprpsp-image-fit slides-to-show-4 wprpsp-clearfix\">\n<div class=\"wprpsp-post-slides\">\n\t<div class=\"wprpsp-post-grid-content \">\n\t\t\t\t\t<div class=\"wprpsp-post-image-wrap wprpsp-post-image-bg\" style=\"\">\n\t\t\t\t<a href=\"https:\/\/desarrollo.infobox.com.pe\/miempresacircular\/2023\/11\/26\/hub-de-residuos-y-economia-circular-para-america-latina-y-el-caribe\/\" target=\"_self\">\n\t\t\t\t\t<img decoding=\"async\" class=\"wprpsp-post-img\"  src=\"https:\/\/desarrollo.infobox.com.pe\/miempresacircular\/wp-content\/uploads\/2023\/11\/Hub.png\" alt=\"Hub de residuos y econom\u00eda circular para Am\u00e9rica Latina y el Caribe\" \/>\n\t\t\t\t<\/a>\n\t\t\t<\/div>\n\t\t\t\t\t<h2 class=\"wprpsp-post-title\">\n\t\t\t\t<a href=\"https:\/\/desarrollo.infobox.com.pe\/miempresacircular\/2023\/11\/26\/hub-de-residuos-y-economia-circular-para-america-latina-y-el-caribe\/\" target=\"_self\">Hub de residuos y econom\u00eda circular para Am\u00e9rica Latina y el Caribe<\/a>\n\t\t\t<\/h2>\n\t\t\t\t\t<div class=\"wprpsp-post-cats-wrap\"><ul class=\"post-categories wprpsp-post-categories\"><li><a href=\"https:\/\/desarrollo.infobox.com.pe\/miempresacircular\/category\/centro-de-conocimiento\/colaborativo-alianzas\/\" rel=\"category\" target=\"_self\"> Colaborativo\/Alianzas <\/a><\/li><\/ul><\/div>\n\t\t\t\t\t<div class=\"wprpsp-post-date\">\n\t\t\t\t\t\t\t\t\t\t\t\t26\/11\/2023\t\t\t<\/div>\n\t\t\t\t\t<div class=\"wprpsp-post-content\">\n\t\t\t\t<div>Esta nueva plataforma virtual brindar\u00e1 datos y estad\u00edsticas sobre la gesti\u00f3n de residuos s\u00f3lidos y...<\/div>\n\t\t\t\t\t\t\t\t\t<a class=\"wprpsp-read-more-btn\" href=\"https:\/\/desarrollo.infobox.com.pe\/miempresacircular\/2023\/11\/26\/hub-de-residuos-y-economia-circular-para-america-latina-y-el-caribe\/\" target=\"_self\">Leer m\u00e1s<\/a>\n\t\t\t\t\t\t\t<\/div>\n\t\t\t<\/div>\n<\/div>\n<div class=\"wprpsp-post-slides\">\n\t<div class=\"wprpsp-post-grid-content \">\n\t\t\t\t\t<div class=\"wprpsp-post-image-wrap wprpsp-post-image-bg\" style=\"\">\n\t\t\t\t<a href=\"https:\/\/desarrollo.infobox.com.pe\/miempresacircular\/2023\/11\/26\/coalicion-de-economia-circular-de-america-latina-y-el-caribe\/\" target=\"_self\">\n\t\t\t\t\t<img decoding=\"async\" class=\"wprpsp-post-img\"  src=\"https:\/\/desarrollo.infobox.com.pe\/miempresacircular\/wp-content\/uploads\/2023\/11\/Coalicion.png\" alt=\"Coalici\u00f3n de Econom\u00eda Circular de Am\u00e9rica Latina y el Caribe\" \/>\n\t\t\t\t<\/a>\n\t\t\t<\/div>\n\t\t\t\t\t<h2 class=\"wprpsp-post-title\">\n\t\t\t\t<a href=\"https:\/\/desarrollo.infobox.com.pe\/miempresacircular\/2023\/11\/26\/coalicion-de-economia-circular-de-america-latina-y-el-caribe\/\" target=\"_self\">Coalici\u00f3n de Econom\u00eda Circular de Am\u00e9rica Latina y el Caribe<\/a>\n\t\t\t<\/h2>\n\t\t\t\t\t<div class=\"wprpsp-post-cats-wrap\"><ul class=\"post-categories wprpsp-post-categories\"><li><a href=\"https:\/\/desarrollo.infobox.com.pe\/miempresacircular\/category\/centro-de-conocimiento\/colaborativo-alianzas\/\" rel=\"category\" target=\"_self\"> Colaborativo\/Alianzas <\/a><\/li><\/ul><\/div>\n\t\t\t\t\t<div class=\"wprpsp-post-date\">\n\t\t\t\t\t\t\t\t\t\t\t\t26\/11\/2023\t\t\t<\/div>\n\t\t\t\t\t<div class=\"wprpsp-post-content\">\n\t\t\t\t<div>Este es el sitio web oficial de la Coalici\u00f3n de Econom\u00eda Circular de Am\u00e9rica Latina...<\/div>\n\t\t\t\t\t\t\t\t\t<a class=\"wprpsp-read-more-btn\" href=\"https:\/\/desarrollo.infobox.com.pe\/miempresacircular\/2023\/11\/26\/coalicion-de-economia-circular-de-america-latina-y-el-caribe\/\" target=\"_self\">Leer m\u00e1s<\/a>\n\t\t\t\t\t\t\t<\/div>\n\t\t\t<\/div>\n<\/div>\n<div class=\"wprpsp-post-slides\">\n\t<div class=\"wprpsp-post-grid-content \">\n\t\t\t\t\t<div class=\"wprpsp-post-image-wrap wprpsp-post-image-bg\" style=\"\">\n\t\t\t\t<a href=\"https:\/\/desarrollo.infobox.com.pe\/miempresacircular\/2023\/11\/26\/sistema-de-economia-circular-del-estado-de-queretaro\/\" target=\"_self\">\n\t\t\t\t\t<img decoding=\"async\" class=\"wprpsp-post-img\"  src=\"https:\/\/desarrollo.infobox.com.pe\/miempresacircular\/wp-content\/uploads\/2023\/11\/Sistema_EC.png\" alt=\"Sistema de Econom\u00eda Circular del Estado de Quer\u00e9taro\" \/>\n\t\t\t\t<\/a>\n\t\t\t<\/div>\n\t\t\t\t\t<h2 class=\"wprpsp-post-title\">\n\t\t\t\t<a href=\"https:\/\/desarrollo.infobox.com.pe\/miempresacircular\/2023\/11\/26\/sistema-de-economia-circular-del-estado-de-queretaro\/\" target=\"_self\">Sistema de Econom\u00eda Circular del Estado de Quer\u00e9taro<\/a>\n\t\t\t<\/h2>\n\t\t\t\t\t<div class=\"wprpsp-post-cats-wrap\"><ul class=\"post-categories wprpsp-post-categories\"><li><a href=\"https:\/\/desarrollo.infobox.com.pe\/miempresacircular\/category\/centro-de-conocimiento\/colaborativo-alianzas\/\" rel=\"category\" target=\"_self\"> Colaborativo\/Alianzas <\/a><\/li><li><a href=\"https:\/\/desarrollo.infobox.com.pe\/miempresacircular\/category\/ecodiseno\/\" rel=\"category\" target=\"_self\"> Ecodise\u00f1o <\/a><\/li><\/ul><\/div>\n\t\t\t\t\t<div class=\"wprpsp-post-date\">\n\t\t\t\t\t\t\t\t\t\t\t\t26\/11\/2023\t\t\t<\/div>\n\t\t\t\t\t<div class=\"wprpsp-post-content\">\n\t\t\t\t<div>El Sistema de Econom\u00eda Circular del Estado de Quer\u00e9taro busca transformar las instituciones y representantes...<\/div>\n\t\t\t\t\t\t\t\t\t<a class=\"wprpsp-read-more-btn\" href=\"https:\/\/desarrollo.infobox.com.pe\/miempresacircular\/2023\/11\/26\/sistema-de-economia-circular-del-estado-de-queretaro\/\" target=\"_self\">Leer m\u00e1s<\/a>\n\t\t\t\t\t\t\t<\/div>\n\t\t\t<\/div>\n<\/div>\n<div class=\"wprpsp-post-slides\">\n\t<div class=\"wprpsp-post-grid-content \">\n\t\t\t\t\t<div class=\"wprpsp-post-image-wrap wprpsp-post-image-bg\" style=\"\">\n\t\t\t\t<a href=\"https:\/\/desarrollo.infobox.com.pe\/miempresacircular\/2023\/11\/26\/aceleradora-de-innovacion-textil-mipymes-textiles-para-su-transicion-hacia-modelos-empresariales-sostenibles-y-circulares\/\" target=\"_self\">\n\t\t\t\t\t<img decoding=\"async\" class=\"wprpsp-post-img\"  src=\"https:\/\/desarrollo.infobox.com.pe\/miempresacircular\/wp-content\/uploads\/2023\/11\/Aceleradora_Innovacion_Textil.png\" alt=\"Aceleradora de Innovaci\u00f3n Textil: modelos empresariales sostenibles y circulares\" \/>\n\t\t\t\t<\/a>\n\t\t\t<\/div>\n\t\t\t\t\t<h2 class=\"wprpsp-post-title\">\n\t\t\t\t<a href=\"https:\/\/desarrollo.infobox.com.pe\/miempresacircular\/2023\/11\/26\/aceleradora-de-innovacion-textil-mipymes-textiles-para-su-transicion-hacia-modelos-empresariales-sostenibles-y-circulares\/\" target=\"_self\">Aceleradora de Innovaci\u00f3n Textil: modelos empresariales sostenibles y circulares<\/a>\n\t\t\t<\/h2>\n\t\t\t\t\t<div class=\"wprpsp-post-cats-wrap\"><ul class=\"post-categories wprpsp-post-categories\"><li><a href=\"https:\/\/desarrollo.infobox.com.pe\/miempresacircular\/category\/centro-de-conocimiento\/colaborativo-alianzas\/\" rel=\"category\" target=\"_self\"> Colaborativo\/Alianzas <\/a><\/li><li><a href=\"https:\/\/desarrollo.infobox.com.pe\/miempresacircular\/category\/textil-confecciones\/\" rel=\"category\" target=\"_self\"> Textil Confecciones <\/a><\/li><\/ul><\/div>\n\t\t\t\t\t<div class=\"wprpsp-post-date\">\n\t\t\t\t\t\t\t\t\t\t\t\t26\/11\/2023\t\t\t<\/div>\n\t\t\t\t\t<div class=\"wprpsp-post-content\">\n\t\t\t\t<div>En el marco del Componente 1 \"Innovaci\u00f3n y transici\u00f3n verde de las pymes\" del programa...<\/div>\n\t\t\t\t\t\t\t\t\t<a class=\"wprpsp-read-more-btn\" href=\"https:\/\/desarrollo.infobox.com.pe\/miempresacircular\/2023\/11\/26\/aceleradora-de-innovacion-textil-mipymes-textiles-para-su-transicion-hacia-modelos-empresariales-sostenibles-y-circulares\/\" target=\"_self\">Leer m\u00e1s<\/a>\n\t\t\t\t\t\t\t<\/div>\n\t\t\t<\/div>\n<\/div>\n<div class=\"wprpsp-post-slides\">\n\t<div class=\"wprpsp-post-grid-content \">\n\t\t\t\t\t<div class=\"wprpsp-post-image-wrap wprpsp-post-image-bg\" style=\"\">\n\t\t\t\t<a href=\"https:\/\/desarrollo.infobox.com.pe\/miempresacircular\/2023\/09\/23\/foodpack-circular\/\" target=\"_self\">\n\t\t\t\t\t<img decoding=\"async\" class=\"wprpsp-post-img\"  src=\"https:\/\/desarrollo.infobox.com.pe\/miempresacircular\/wp-content\/uploads\/2023\/09\/Captura-de-pantalla-2023-11-01-a-las-20.51.04.png\" alt=\"FoodPack CIRCULAR\" \/>\n\t\t\t\t<\/a>\n\t\t\t<\/div>\n\t\t\t\t\t<h2 class=\"wprpsp-post-title\">\n\t\t\t\t<a href=\"https:\/\/desarrollo.infobox.com.pe\/miempresacircular\/2023\/09\/23\/foodpack-circular\/\" target=\"_self\">FoodPack CIRCULAR<\/a>\n\t\t\t<\/h2>\n\t\t\t\t\t<div class=\"wprpsp-post-cats-wrap\"><ul class=\"post-categories wprpsp-post-categories\"><li><a href=\"https:\/\/desarrollo.infobox.com.pe\/miempresacircular\/category\/centro-de-conocimiento\/colaborativo-alianzas\/\" rel=\"category\" target=\"_self\"> Colaborativo\/Alianzas <\/a><\/li><li><a href=\"https:\/\/desarrollo.infobox.com.pe\/miempresacircular\/category\/reciclar\/\" rel=\"category\" target=\"_self\"> Reciclar <\/a><\/li><\/ul><\/div>\n\t\t\t\t\t<div class=\"wprpsp-post-date\">\n\t\t\t\t\t\t\t\t\t\t\t\t23\/09\/2023\t\t\t<\/div>\n\t\t\t\t\t<div class=\"wprpsp-post-content\">\n\t\t\t\t<div>CIRCULAR FoodPack es un consorcio de 15 empresas e institutos de investigaci\u00f3n europeos.\u00a0El proyecto tiene...<\/div>\n\t\t\t\t\t\t\t\t\t<a class=\"wprpsp-read-more-btn\" href=\"https:\/\/desarrollo.infobox.com.pe\/miempresacircular\/2023\/09\/23\/foodpack-circular\/\" target=\"_self\">Leer m\u00e1s<\/a>\n\t\t\t\t\t\t\t<\/div>\n\t\t\t<\/div>\n<\/div>\n<div class=\"wprpsp-post-slides\">\n\t<div class=\"wprpsp-post-grid-content \">\n\t\t\t\t\t<div class=\"wprpsp-post-image-wrap wprpsp-post-image-bg\" style=\"\">\n\t\t\t\t<a href=\"https:\/\/desarrollo.infobox.com.pe\/miempresacircular\/2023\/09\/23\/pacto-por-los-plasticos\/\" target=\"_self\">\n\t\t\t\t\t<img decoding=\"async\" class=\"wprpsp-post-img\"  src=\"https:\/\/desarrollo.infobox.com.pe\/miempresacircular\/wp-content\/uploads\/2023\/09\/Captura-de-pantalla-2023-11-01-a-las-20.35.41.png\" alt=\"Pacto por los pl\u00e1sticos\" \/>\n\t\t\t\t<\/a>\n\t\t\t<\/div>\n\t\t\t\t\t<h2 class=\"wprpsp-post-title\">\n\t\t\t\t<a href=\"https:\/\/desarrollo.infobox.com.pe\/miempresacircular\/2023\/09\/23\/pacto-por-los-plasticos\/\" target=\"_self\">Pacto por los pl\u00e1sticos<\/a>\n\t\t\t<\/h2>\n\t\t\t\t\t<div class=\"wprpsp-post-cats-wrap\"><ul class=\"post-categories wprpsp-post-categories\"><li><a href=\"https:\/\/desarrollo.infobox.com.pe\/miempresacircular\/category\/centro-de-conocimiento\/colaborativo-alianzas\/\" rel=\"category\" target=\"_self\"> Colaborativo\/Alianzas <\/a><\/li><li><a href=\"https:\/\/desarrollo.infobox.com.pe\/miempresacircular\/category\/modelo-de-negocio\/\" rel=\"category\" target=\"_self\"> Modelo de negocio <\/a><\/li><li><a href=\"https:\/\/desarrollo.infobox.com.pe\/miempresacircular\/category\/plastico\/\" rel=\"category\" target=\"_self\"> Pl\u00e1stico <\/a><\/li><\/ul><\/div>\n\t\t\t\t\t<div class=\"wprpsp-post-date\">\n\t\t\t\t\t\t\t\t\t\t\t\t23\/09\/2023\t\t\t<\/div>\n\t\t\t\t\t<div class=\"wprpsp-post-content\">\n\t\t\t\t<div>Plastics Pact Network de la Fundaci\u00f3n Ellen MacArthur conecta iniciativas nacionales y regionales de todo...<\/div>\n\t\t\t\t\t\t\t\t\t<a class=\"wprpsp-read-more-btn\" href=\"https:\/\/desarrollo.infobox.com.pe\/miempresacircular\/2023\/09\/23\/pacto-por-los-plasticos\/\" target=\"_self\">Leer m\u00e1s<\/a>\n\t\t\t\t\t\t\t<\/div>\n\t\t\t<\/div>\n<\/div>\n<div class=\"wprpsp-post-slides\">\n\t<div class=\"wprpsp-post-grid-content \">\n\t\t\t\t\t<div class=\"wprpsp-post-image-wrap wprpsp-post-image-bg\" style=\"\">\n\t\t\t\t<a href=\"https:\/\/desarrollo.infobox.com.pe\/miempresacircular\/2023\/09\/23\/pacto-peruano-por-una-economia-circular\/\" target=\"_self\">\n\t\t\t\t\t<img decoding=\"async\" class=\"wprpsp-post-img\"  src=\"https:\/\/desarrollo.infobox.com.pe\/miempresacircular\/wp-content\/uploads\/2023\/09\/Captura-de-pantalla-2023-11-01-a-las-20.05.21.png\" alt=\"Pacto Peruano por una Econom\u00eda Circular\" \/>\n\t\t\t\t<\/a>\n\t\t\t<\/div>\n\t\t\t\t\t<h2 class=\"wprpsp-post-title\">\n\t\t\t\t<a href=\"https:\/\/desarrollo.infobox.com.pe\/miempresacircular\/2023\/09\/23\/pacto-peruano-por-una-economia-circular\/\" target=\"_self\">Pacto Peruano por una Econom\u00eda Circular<\/a>\n\t\t\t<\/h2>\n\t\t\t\t\t<div class=\"wprpsp-post-cats-wrap\"><ul class=\"post-categories wprpsp-post-categories\"><li><a href=\"https:\/\/desarrollo.infobox.com.pe\/miempresacircular\/category\/centro-de-conocimiento\/colaborativo-alianzas\/\" rel=\"category\" target=\"_self\"> Colaborativo\/Alianzas <\/a><\/li><li><a href=\"https:\/\/desarrollo.infobox.com.pe\/miempresacircular\/category\/modelo-de-negocio\/\" rel=\"category\" target=\"_self\"> Modelo de negocio <\/a><\/li><\/ul><\/div>\n\t\t\t\t\t<div class=\"wprpsp-post-date\">\n\t\t\t\t\t\t\t\t\t\t\t\t23\/09\/2023\t\t\t<\/div>\n\t\t\t\t\t<div class=\"wprpsp-post-content\">\n\t\t\t\t<div>El \u201cPacto Peruano por una Econom\u00eda Circular\u201d es un instrumento de expresi\u00f3n de voluntades y...<\/div>\n\t\t\t\t\t\t\t\t\t<a class=\"wprpsp-read-more-btn\" href=\"https:\/\/desarrollo.infobox.com.pe\/miempresacircular\/2023\/09\/23\/pacto-peruano-por-una-economia-circular\/\" target=\"_self\">Leer m\u00e1s<\/a>\n\t\t\t\t\t\t\t<\/div>\n\t\t\t<\/div>\n<\/div>\n<div class=\"wprpsp-post-slides\">\n\t<div class=\"wprpsp-post-grid-content \">\n\t\t\t\t\t<div class=\"wprpsp-post-image-wrap wprpsp-post-image-bg\" style=\"\">\n\t\t\t\t<a href=\"https:\/\/desarrollo.infobox.com.pe\/miempresacircular\/2023\/09\/22\/the-circular-cities-program\/\" target=\"_self\">\n\t\t\t\t\t<img decoding=\"async\" class=\"wprpsp-post-img\"  src=\"https:\/\/desarrollo.infobox.com.pe\/miempresacircular\/wp-content\/uploads\/2023\/09\/Captura-de-pantalla-2023-11-01-a-las-19.23.04.png\" alt=\"\u00abThe Circular Cities Program\u00bb\" \/>\n\t\t\t\t<\/a>\n\t\t\t<\/div>\n\t\t\t\t\t<h2 class=\"wprpsp-post-title\">\n\t\t\t\t<a href=\"https:\/\/desarrollo.infobox.com.pe\/miempresacircular\/2023\/09\/22\/the-circular-cities-program\/\" target=\"_self\">\u00abThe Circular Cities Program\u00bb<\/a>\n\t\t\t<\/h2>\n\t\t\t\t\t<div class=\"wprpsp-post-cats-wrap\"><ul class=\"post-categories wprpsp-post-categories\"><li><a href=\"https:\/\/desarrollo.infobox.com.pe\/miempresacircular\/category\/centro-de-conocimiento\/colaborativo-alianzas\/\" rel=\"category\" target=\"_self\"> Colaborativo\/Alianzas <\/a><\/li><li><a href=\"https:\/\/desarrollo.infobox.com.pe\/miempresacircular\/category\/modelo-de-negocio\/\" rel=\"category\" target=\"_self\"> Modelo de negocio <\/a><\/li><\/ul><\/div>\n\t\t\t\t\t<div class=\"wprpsp-post-date\">\n\t\t\t\t\t\t\t\t\t\t\t\t22\/09\/2023\t\t\t<\/div>\n\t\t\t\t\t<div class=\"wprpsp-post-content\">\n\t\t\t\t<div>Circle Economy ha desarrollado un programa dedicado a impulsar la transici\u00f3n hacia ciudades circulares, y...<\/div>\n\t\t\t\t\t\t\t\t\t<a class=\"wprpsp-read-more-btn\" href=\"https:\/\/desarrollo.infobox.com.pe\/miempresacircular\/2023\/09\/22\/the-circular-cities-program\/\" target=\"_self\">Leer m\u00e1s<\/a>\n\t\t\t\t\t\t\t<\/div>\n\t\t\t<\/div>\n<\/div>\n\t<\/div>\n<\/div>\n<\/div>\n\t\t<\/div><\/div><div id=\"pgc-9235-1-2\"  class=\"panel-grid-cell panel-grid-cell-empty\" ><\/div><\/div><\/div>","protected":false},"excerpt":{"rendered":"<p>CENTRO DE CONOCIMIENTO Aprende, innova y transforma tu negocio Conecta con ideas, experiencias y soluciones para innovar con prop\u00f3sito Sum\u00e9rgete en esta biblioteca virtual. Aqu\u00ed encontrar\u00e1s una amplia gama de recursos, desde estudios de investigaci\u00f3n hasta casos pr\u00e1cticos, que te facilitar\u00e1 informaci\u00f3n actualizada y relevante sobre las \u00faltimas tendencias y mejores pr\u00e1cticas en circularidad. INFORMATIVO [&hellip;]<\/p>\n","protected":false},"author":1,"featured_media":0,"parent":0,"menu_order":0,"comment_status":"closed","ping_status":"closed","template":"","meta":{"footnotes":""},"tags":[],"class_list":["post-9235","page","type-page","status-publish","hentry"],"_links":{"self":[{"href":"https:\/\/desarrollo.infobox.com.pe\/miempresacircular\/wp-json\/wp\/v2\/pages\/9235","targetHints":{"allow":["GET"]}}],"collection":[{"href":"https:\/\/desarrollo.infobox.com.pe\/miempresacircular\/wp-json\/wp\/v2\/pages"}],"about":[{"href":"https:\/\/desarrollo.infobox.com.pe\/miempresacircular\/wp-json\/wp\/v2\/types\/page"}],"author":[{"embeddable":true,"href":"https:\/\/desarrollo.infobox.com.pe\/miempresacircular\/wp-json\/wp\/v2\/users\/1"}],"replies":[{"embeddable":true,"href":"https:\/\/desarrollo.infobox.com.pe\/miempresacircular\/wp-json\/wp\/v2\/comments?post=9235"}],"version-history":[{"count":17,"href":"https:\/\/desarrollo.infobox.com.pe\/miempresacircular\/wp-json\/wp\/v2\/pages\/9235\/revisions"}],"predecessor-version":[{"id":10463,"href":"https:\/\/desarrollo.infobox.com.pe\/miempresacircular\/wp-json\/wp\/v2\/pages\/9235\/revisions\/10463"}],"wp:attachment":[{"href":"https:\/\/desarrollo.infobox.com.pe\/miempresacircular\/wp-json\/wp\/v2\/media?parent=9235"}],"wp:term":[{"taxonomy":"post_tag","embeddable":true,"href":"https:\/\/desarrollo.infobox.com.pe\/miempresacircular\/wp-json\/wp\/v2\/tags?post=9235"}],"curies":[{"name":"wp","href":"https:\/\/api.w.org\/{rel}","templated":true}]}}